
{"id":4911,"date":"2022-06-30T08:54:29","date_gmt":"2022-06-30T06:54:29","guid":{"rendered":"https:\/\/visitslavoniabaranja.com\/vidi-i-dozivi\/kulen-akademia-egyedulallo-muveszeti-elmeny\/"},"modified":"2022-11-28T22:04:21","modified_gmt":"2022-11-28T21:04:21","slug":"kulen-akademia-egyedulallo-muveszeti-elmeny","status":"publish","type":"vidi-i-dozivi","link":"https:\/\/visitslavoniabaranja.com\/hu\/vidi-i-dozivi\/kulen-akademia-egyedulallo-muveszeti-elmeny\/","title":{"rendered":"Kulen akad\u00e9mia \u2013 egyed\u00fcl\u00e1ll\u00f3 m\u0171v\u00e9szeti \u00e9lm\u00e9ny"},"content":{"rendered":"\n<figure class=\"wp-block-image\"><img decoding=\"async\" src=\"https:\/\/visitslavoniabaranja.com\/wp-content\/uploads\/2022\/04\/Mario-Romulic-Drazen-Stojcic-4.jpg\" alt=\"\"\/><\/figure>\n\n<p>\u00d6n m\u0171v\u00e9szl\u00e9lek? Szereti, amikor minden \u00e9rz\u00e9kszerve egyetlen \u00e9lm\u00e9ny k\u00f6r\u00e9 \u00f6sszpontosul? Ha igen, akkor k\u00e9ts\u00e9gtelen, hogy a Kulen Akad\u00e9mia \u00d6nnek sz\u00f3l! Egy egyed\u00fcl\u00e1ll\u00f3 m\u0171v\u00e9szeti ir\u00e1nyzatr\u00f3l van sz\u00f3, amelyet, ha hisz\u00fcnk a t\u00f6rt\u00e9nelmi feljegyz\u00e9seknek, Szlav\u00f3nia-Baranya edzett \u00ednyencei m\u00e1r legal\u00e1bb \u00f6t \u00e9vsz\u00e1zada gyakorolnak. Vagyis a legend\u00e1s renesz\u00e1nsz mesterek, a flamand iskola, valamint az impresszionista \u00e9s modernista mozgalmak fiataljai el\u0151tt m\u00e1r a szlav\u00f3niai-baranyai kulen iskola felfedezte a m\u0171v\u00e9szi szineszt\u00e9zia titk\u00e1t, vagyis a minden emberi \u00e9rz\u00e9kszerv kombin\u00e1ci\u00f3j\u00e1t \u00f6tv\u00f6z\u0151 m\u0171v\u00e9szeti \u00e9lm\u00e9nyt!<\/p>\n\n<figure class=\"wp-block-image\"><img decoding=\"async\" src=\"https:\/\/visitslavoniabaranja.com\/wp-content\/uploads\/2022\/04\/NASLOVNA-Mario-Romulic-Drazen-Stojcic-2-1024x683.jpg\" alt=\"\" class=\"wp-image-6090\"\/><\/figure>\n\n<p>A kulen kompoz\u00edci\u00f3 titka mesterenk\u00e9nt v\u00e1ltozik, \u00e9s term\u00e9szetesen senki sem fogja k\u00f6z\u00fcl\u00fck a titk\u00e1t pap\u00edrra vetni. Azonban meglehet\u0151s bizonyoss\u00e1ggal kijelenthet\u0151, hogy a folyamat valahogy \u00edgy zajlik: a term\u00e9szetes sz\u00edn a helyi alapanyagokhoz hozz\u00e1adott els\u0151 oszt\u00e1ly\u00fa cs\u00edp\u0151s \u00e9s \u00e9des f\u0171szerpaprika ut\u00e1n j\u00f6het m\u00e9g egy adag s\u00f3, fokhagyma, amivel felejthetetlen \u00edz \u00e9rhet\u0151 el. Barany\u00e1ban pedig m\u00e9g feh\u00e9rborsot is adnak hozz\u00e1. A gondos \u00e9s t\u00fcrelmes sz\u00e1r\u00edt\u00e1s ut\u00e1n a kompoz\u00edci\u00f3 ut\u00e1nozhatatlan arom\u00e1s illatot \u00e9s g\u00f6r\u00f6ngy\u00f6ss\u00e9get kap az ujjak alatt. Ferd\u00e9n szelve, autentikusan, fat\u00e1lon t\u00e1lalva k\u00e9szen \u00e1ll az utols\u00f3 \u00e9rz\u00e9kszervi ingerre is \u2013 felaj\u00e1nlani a t\u00fcrelmetlen sz\u00e1jnak, mint a m\u0171alkot\u00e1s \u00f6r\u00f6mteli tisztel\u0151je sz\u00e1m\u00e1ra, ahonnan v\u00e9g\u00fcl csak r\u00f6viden, de tiszt\u00e1n sziv\u00e1rog ki egy &#8222;nyami&#8221;.<\/p>\n\n<figure class=\"wp-block-image\"><img decoding=\"async\" src=\"https:\/\/visitslavoniabaranja.com\/wp-content\/uploads\/2022\/04\/Mario-Romulic-Drazen-Stojcic-3-1024x683.jpg\" alt=\"\" class=\"wp-image-6088\"\/><\/figure>\n\n<p>B\u00e1r egy \u00fcgyetlen toll aligha tudja \u00e1tadni azt a sokr\u00e9t\u0171s\u00e9get, amely a m\u0171v\u00e9szi-gasztron\u00f3miai boldogs\u00e1g e r\u00f6vid, m\u00e1r-m\u00e1r dadaista felki\u00e1lt\u00e1sa m\u00f6g\u00f6tt megb\u00fajik, a kulen-akad\u00e9mia preszt\u00edzse sokat elmond arr\u00f3l, hogy m\u00e9g ma is &#8211; s\u0151t egyre t\u00f6bb &#8211; innen sz\u00e1rmaznak.a hazai \u00e9s k\u00fclf\u00f6ldi kulin\u00e1ris vil\u00e1g legkeresettebb alkot\u00e1sai. Mindazok sz\u00e1m\u00e1ra, akik k\u00f6zvetlen m\u0171v\u00e9szi \u00e9lm\u00e9nyre v\u00e1gynak, az akad\u00e9mia tagjai Szlav\u00f3nia \u00e9s Baranya szerte r\u00f6videbb-hosszabb kulen m\u0171v\u00e9sztelepeket szerveznek. Ne hagyja ki!<\/p>\n\n<figure class=\"wp-block-image\"><img decoding=\"async\" src=\"https:\/\/visitslavoniabaranja.com\/wp-content\/uploads\/2022\/04\/Mario-Romulic-Drazen-Stojcic-1-1024x683.jpg\" alt=\"\" class=\"wp-image-6091\"\/><\/figure>\n","protected":false},"excerpt":{"rendered":"<p>\u00d6n m\u0171v\u00e9szl\u00e9lek? Szereti, amikor minden \u00e9rz\u00e9kszerve egyetlen \u00e9lm\u00e9ny k\u00f6r\u00e9 \u00f6sszpontosul? Ha igen, akkor k\u00e9ts\u00e9gtelen, hogy a Kulen Akad\u00e9mia \u00d6nnek sz\u00f3l! Egy egyed\u00fcl\u00e1ll\u00f3 m\u0171v\u00e9szeti ir\u00e1nyzatr\u00f3l van sz\u00f3, amelyet, ha hisz\u00fcnk a t\u00f6rt\u00e9nelmi feljegyz\u00e9seknek, Szlav\u00f3nia-Baranya edzett \u00ednyencei m\u00e1r legal\u00e1bb \u00f6t \u00e9vsz\u00e1zada gyakorolnak. Vagyis a legend\u00e1s renesz\u00e1nsz mesterek, a flamand iskola, valamint az impresszionista \u00e9s modernista mozgalmak fiataljai [&hellip;]<\/p>\n","protected":false},"featured_media":1664,"template":"","categories":[140,366,365],"tags":[357,132,355],"class_list":["post-4911","vidi-i-dozivi","type-vidi-i-dozivi","status-publish","has-post-thumbnail","hentry","category-blog-hu","category-kultura-hu","category-nezd-meg-es-eld-at","tag-etel","tag-hus","tag-kulen-hu"],"acf":[],"yoast_head":"<!-- This site is optimized with the Yoast SEO plugin v25.0 - https:\/\/yoast.com\/wordpress\/plugins\/seo\/ -->\n<title>Kulen akad\u00e9mia \u2013 egyed\u00fcl\u00e1ll\u00f3 m\u0171v\u00e9szeti \u00e9lm\u00e9ny - Eszek-baranya megye turisztikai kozossege<\/title>\n<meta name=\"robots\" content=\"index, follow, max-snippet:-1, max-image-preview:large, max-video-preview:-1\" \/>\n<link rel=\"canonical\" href=\"https:\/\/visitslavoniabaranja.com\/vidi-i-dozivi\/kulen-akademija-jedinstven-dozivljaj-umjetnosti\/\" \/>\n<meta property=\"og:locale\" content=\"hu_HU\" \/>\n<meta property=\"og:type\" content=\"article\" \/>\n<meta property=\"og:title\" content=\"Kulen akad\u00e9mia \u2013 egyed\u00fcl\u00e1ll\u00f3 m\u0171v\u00e9szeti \u00e9lm\u00e9ny - Eszek-baranya megye turisztikai kozossege\" \/>\n<meta property=\"og:description\" content=\"\u00d6n m\u0171v\u00e9szl\u00e9lek? Szereti, amikor minden \u00e9rz\u00e9kszerve egyetlen \u00e9lm\u00e9ny k\u00f6r\u00e9 \u00f6sszpontosul? Ha igen, akkor k\u00e9ts\u00e9gtelen, hogy a Kulen Akad\u00e9mia \u00d6nnek sz\u00f3l! Egy egyed\u00fcl\u00e1ll\u00f3 m\u0171v\u00e9szeti ir\u00e1nyzatr\u00f3l van sz\u00f3, amelyet, ha hisz\u00fcnk a t\u00f6rt\u00e9nelmi feljegyz\u00e9seknek, Szlav\u00f3nia-Baranya edzett \u00ednyencei m\u00e1r legal\u00e1bb \u00f6t \u00e9vsz\u00e1zada gyakorolnak. Vagyis a legend\u00e1s renesz\u00e1nsz mesterek, a flamand iskola, valamint az impresszionista \u00e9s modernista mozgalmak fiataljai [&hellip;]\" \/>\n<meta property=\"og:url\" content=\"https:\/\/visitslavoniabaranja.com\/vidi-i-dozivi\/kulen-akademija-jedinstven-dozivljaj-umjetnosti\/\" \/>\n<meta property=\"og:site_name\" content=\"Eszek-baranya megye turisztikai kozossege\" \/>\n<meta property=\"article:modified_time\" content=\"2022-11-28T21:04:21+00:00\" \/>\n<meta property=\"og:image\" content=\"https:\/\/visitslavoniabaranja.com\/wp-content\/uploads\/2022\/06\/Bez-naslova-150-\u00d7-150-piks.-Objava-na-Facebooku-1048-\u00d7-250-piks.-1048-\u00d7-500-piks.-8.png\" \/>\n\t<meta property=\"og:image:width\" content=\"1048\" \/>\n\t<meta property=\"og:image:height\" content=\"500\" \/>\n\t<meta property=\"og:image:type\" content=\"image\/png\" \/>\n<meta name=\"twitter:card\" content=\"summary_large_image\" \/>\n<meta name=\"twitter:label1\" content=\"Becs\u00fclt olvas\u00e1si id\u0151\" \/>\n\t<meta name=\"twitter:data1\" content=\"2 perc\" \/>\n<script type=\"application\/ld+json\" class=\"yoast-schema-graph\">{\"@context\":\"https:\/\/schema.org\",\"@graph\":[{\"@type\":\"WebPage\",\"@id\":\"https:\/\/visitslavoniabaranja.com\/vidi-i-dozivi\/kulen-akademija-jedinstven-dozivljaj-umjetnosti\/\",\"url\":\"https:\/\/visitslavoniabaranja.com\/vidi-i-dozivi\/kulen-akademija-jedinstven-dozivljaj-umjetnosti\/\",\"name\":\"Kulen akad\u00e9mia \u2013 egyed\u00fcl\u00e1ll\u00f3 m\u0171v\u00e9szeti \u00e9lm\u00e9ny - Eszek-baranya megye turisztikai kozossege\",\"isPartOf\":{\"@id\":\"https:\/\/visitslavoniabaranja.com\/#website\"},\"primaryImageOfPage\":{\"@id\":\"https:\/\/visitslavoniabaranja.com\/vidi-i-dozivi\/kulen-akademija-jedinstven-dozivljaj-umjetnosti\/#primaryimage\"},\"image\":{\"@id\":\"https:\/\/visitslavoniabaranja.com\/vidi-i-dozivi\/kulen-akademija-jedinstven-dozivljaj-umjetnosti\/#primaryimage\"},\"thumbnailUrl\":\"https:\/\/visitslavoniabaranja.com\/wp-content\/uploads\/2022\/06\/Bez-naslova-150-\u00d7-150-piks.-Objava-na-Facebooku-1048-\u00d7-250-piks.-1048-\u00d7-500-piks.-8.png\",\"datePublished\":\"2022-06-30T06:54:29+00:00\",\"dateModified\":\"2022-11-28T21:04:21+00:00\",\"breadcrumb\":{\"@id\":\"https:\/\/visitslavoniabaranja.com\/vidi-i-dozivi\/kulen-akademija-jedinstven-dozivljaj-umjetnosti\/#breadcrumb\"},\"inLanguage\":\"hu\",\"potentialAction\":[{\"@type\":\"ReadAction\",\"target\":[\"https:\/\/visitslavoniabaranja.com\/vidi-i-dozivi\/kulen-akademija-jedinstven-dozivljaj-umjetnosti\/\"]}]},{\"@type\":\"ImageObject\",\"inLanguage\":\"hu\",\"@id\":\"https:\/\/visitslavoniabaranja.com\/vidi-i-dozivi\/kulen-akademija-jedinstven-dozivljaj-umjetnosti\/#primaryimage\",\"url\":\"https:\/\/visitslavoniabaranja.com\/wp-content\/uploads\/2022\/06\/Bez-naslova-150-\u00d7-150-piks.-Objava-na-Facebooku-1048-\u00d7-250-piks.-1048-\u00d7-500-piks.-8.png\",\"contentUrl\":\"https:\/\/visitslavoniabaranja.com\/wp-content\/uploads\/2022\/06\/Bez-naslova-150-\u00d7-150-piks.-Objava-na-Facebooku-1048-\u00d7-250-piks.-1048-\u00d7-500-piks.-8.png\",\"width\":1048,\"height\":500},{\"@type\":\"BreadcrumbList\",\"@id\":\"https:\/\/visitslavoniabaranja.com\/vidi-i-dozivi\/kulen-akademija-jedinstven-dozivljaj-umjetnosti\/#breadcrumb\",\"itemListElement\":[{\"@type\":\"ListItem\",\"position\":1,\"name\":\"Po\u010detna stranica\",\"item\":\"https:\/\/visitslavoniabaranja.com\/hu\/\"},{\"@type\":\"ListItem\",\"position\":2,\"name\":\"Kulen akad\u00e9mia \u2013 egyed\u00fcl\u00e1ll\u00f3 m\u0171v\u00e9szeti \u00e9lm\u00e9ny\"}]},{\"@type\":\"WebSite\",\"@id\":\"https:\/\/visitslavoniabaranja.com\/#website\",\"url\":\"https:\/\/visitslavoniabaranja.com\/\",\"name\":\"Eszek-baranya megye turisztikai kozossege\",\"description\":\"\",\"potentialAction\":[{\"@type\":\"SearchAction\",\"target\":{\"@type\":\"EntryPoint\",\"urlTemplate\":\"https:\/\/visitslavoniabaranja.com\/?s={search_term_string}\"},\"query-input\":{\"@type\":\"PropertyValueSpecification\",\"valueRequired\":true,\"valueName\":\"search_term_string\"}}],\"inLanguage\":\"hu\"}]}<\/script>\n<!-- \/ Yoast SEO plugin. -->","yoast_head_json":{"title":"Kulen akad\u00e9mia \u2013 egyed\u00fcl\u00e1ll\u00f3 m\u0171v\u00e9szeti \u00e9lm\u00e9ny - Eszek-baranya megye turisztikai kozossege","robots":{"index":"index","follow":"follow","max-snippet":"max-snippet:-1","max-image-preview":"max-image-preview:large","max-video-preview":"max-video-preview:-1"},"canonical":"https:\/\/visitslavoniabaranja.com\/vidi-i-dozivi\/kulen-akademija-jedinstven-dozivljaj-umjetnosti\/","og_locale":"hu_HU","og_type":"article","og_title":"Kulen akad\u00e9mia \u2013 egyed\u00fcl\u00e1ll\u00f3 m\u0171v\u00e9szeti \u00e9lm\u00e9ny - Eszek-baranya megye turisztikai kozossege","og_description":"\u00d6n m\u0171v\u00e9szl\u00e9lek? Szereti, amikor minden \u00e9rz\u00e9kszerve egyetlen \u00e9lm\u00e9ny k\u00f6r\u00e9 \u00f6sszpontosul? Ha igen, akkor k\u00e9ts\u00e9gtelen, hogy a Kulen Akad\u00e9mia \u00d6nnek sz\u00f3l! Egy egyed\u00fcl\u00e1ll\u00f3 m\u0171v\u00e9szeti ir\u00e1nyzatr\u00f3l van sz\u00f3, amelyet, ha hisz\u00fcnk a t\u00f6rt\u00e9nelmi feljegyz\u00e9seknek, Szlav\u00f3nia-Baranya edzett \u00ednyencei m\u00e1r legal\u00e1bb \u00f6t \u00e9vsz\u00e1zada gyakorolnak. Vagyis a legend\u00e1s renesz\u00e1nsz mesterek, a flamand iskola, valamint az impresszionista \u00e9s modernista mozgalmak fiataljai [&hellip;]","og_url":"https:\/\/visitslavoniabaranja.com\/vidi-i-dozivi\/kulen-akademija-jedinstven-dozivljaj-umjetnosti\/","og_site_name":"Eszek-baranya megye turisztikai kozossege","article_modified_time":"2022-11-28T21:04:21+00:00","og_image":[{"width":1048,"height":500,"url":"https:\/\/visitslavoniabaranja.com\/wp-content\/uploads\/2022\/06\/Bez-naslova-150-\u00d7-150-piks.-Objava-na-Facebooku-1048-\u00d7-250-piks.-1048-\u00d7-500-piks.-8.png","type":"image\/png"}],"twitter_card":"summary_large_image","twitter_misc":{"Becs\u00fclt olvas\u00e1si id\u0151":"2 perc"},"schema":{"@context":"https:\/\/schema.org","@graph":[{"@type":"WebPage","@id":"https:\/\/visitslavoniabaranja.com\/vidi-i-dozivi\/kulen-akademija-jedinstven-dozivljaj-umjetnosti\/","url":"https:\/\/visitslavoniabaranja.com\/vidi-i-dozivi\/kulen-akademija-jedinstven-dozivljaj-umjetnosti\/","name":"Kulen akad\u00e9mia \u2013 egyed\u00fcl\u00e1ll\u00f3 m\u0171v\u00e9szeti \u00e9lm\u00e9ny - Eszek-baranya megye turisztikai kozossege","isPartOf":{"@id":"https:\/\/visitslavoniabaranja.com\/#website"},"primaryImageOfPage":{"@id":"https:\/\/visitslavoniabaranja.com\/vidi-i-dozivi\/kulen-akademija-jedinstven-dozivljaj-umjetnosti\/#primaryimage"},"image":{"@id":"https:\/\/visitslavoniabaranja.com\/vidi-i-dozivi\/kulen-akademija-jedinstven-dozivljaj-umjetnosti\/#primaryimage"},"thumbnailUrl":"https:\/\/visitslavoniabaranja.com\/wp-content\/uploads\/2022\/06\/Bez-naslova-150-\u00d7-150-piks.-Objava-na-Facebooku-1048-\u00d7-250-piks.-1048-\u00d7-500-piks.-8.png","datePublished":"2022-06-30T06:54:29+00:00","dateModified":"2022-11-28T21:04:21+00:00","breadcrumb":{"@id":"https:\/\/visitslavoniabaranja.com\/vidi-i-dozivi\/kulen-akademija-jedinstven-dozivljaj-umjetnosti\/#breadcrumb"},"inLanguage":"hu","potentialAction":[{"@type":"ReadAction","target":["https:\/\/visitslavoniabaranja.com\/vidi-i-dozivi\/kulen-akademija-jedinstven-dozivljaj-umjetnosti\/"]}]},{"@type":"ImageObject","inLanguage":"hu","@id":"https:\/\/visitslavoniabaranja.com\/vidi-i-dozivi\/kulen-akademija-jedinstven-dozivljaj-umjetnosti\/#primaryimage","url":"https:\/\/visitslavoniabaranja.com\/wp-content\/uploads\/2022\/06\/Bez-naslova-150-\u00d7-150-piks.-Objava-na-Facebooku-1048-\u00d7-250-piks.-1048-\u00d7-500-piks.-8.png","contentUrl":"https:\/\/visitslavoniabaranja.com\/wp-content\/uploads\/2022\/06\/Bez-naslova-150-\u00d7-150-piks.-Objava-na-Facebooku-1048-\u00d7-250-piks.-1048-\u00d7-500-piks.-8.png","width":1048,"height":500},{"@type":"BreadcrumbList","@id":"https:\/\/visitslavoniabaranja.com\/vidi-i-dozivi\/kulen-akademija-jedinstven-dozivljaj-umjetnosti\/#breadcrumb","itemListElement":[{"@type":"ListItem","position":1,"name":"Po\u010detna stranica","item":"https:\/\/visitslavoniabaranja.com\/hu\/"},{"@type":"ListItem","position":2,"name":"Kulen akad\u00e9mia \u2013 egyed\u00fcl\u00e1ll\u00f3 m\u0171v\u00e9szeti \u00e9lm\u00e9ny"}]},{"@type":"WebSite","@id":"https:\/\/visitslavoniabaranja.com\/#website","url":"https:\/\/visitslavoniabaranja.com\/","name":"Eszek-baranya megye turisztikai kozossege","description":"","potentialAction":[{"@type":"SearchAction","target":{"@type":"EntryPoint","urlTemplate":"https:\/\/visitslavoniabaranja.com\/?s={search_term_string}"},"query-input":{"@type":"PropertyValueSpecification","valueRequired":true,"valueName":"search_term_string"}}],"inLanguage":"hu"}]}},"_links":{"self":[{"href":"https:\/\/visitslavoniabaranja.com\/hu\/wp-json\/wp\/v2\/vidi-i-dozivi\/4911","targetHints":{"allow":["GET"]}}],"collection":[{"href":"https:\/\/visitslavoniabaranja.com\/hu\/wp-json\/wp\/v2\/vidi-i-dozivi"}],"about":[{"href":"https:\/\/visitslavoniabaranja.com\/hu\/wp-json\/wp\/v2\/types\/vidi-i-dozivi"}],"wp:featuredmedia":[{"embeddable":true,"href":"https:\/\/visitslavoniabaranja.com\/hu\/wp-json\/wp\/v2\/media\/1664"}],"wp:attachment":[{"href":"https:\/\/visitslavoniabaranja.com\/hu\/wp-json\/wp\/v2\/media?parent=4911"}],"wp:term":[{"taxonomy":"category","embeddable":true,"href":"https:\/\/visitslavoniabaranja.com\/hu\/wp-json\/wp\/v2\/categories?post=4911"},{"taxonomy":"post_tag","embeddable":true,"href":"https:\/\/visitslavoniabaranja.com\/hu\/wp-json\/wp\/v2\/tags?post=4911"}],"curies":[{"name":"wp","href":"https:\/\/api.w.org\/{rel}","templated":true}]}}