
{"id":11761,"date":"2024-05-15T16:01:10","date_gmt":"2024-05-15T14:01:10","guid":{"rendered":"https:\/\/visitslavoniabaranja.com\/vidi-i-dozivi\/eszek-top-10-vagy-laza-allomasa-lassu-elet-eszeki-modra\/"},"modified":"2024-10-30T15:31:54","modified_gmt":"2024-10-30T14:31:54","slug":"eszek-top-10-vagy-laza-allomasa-lassu-elet-eszeki-modra","status":"publish","type":"vidi-i-dozivi","link":"https:\/\/visitslavoniabaranja.com\/hu\/vidi-i-dozivi\/eszek-top-10-vagy-laza-allomasa-lassu-elet-eszeki-modra\/","title":{"rendered":"Esz\u00e9k TOP 10 vagy Laza \u00e1llom\u00e1sa \u2013 &#8222;lass\u00fa \u00e9let&#8221; esz\u00e9ki m\u00f3dra"},"content":{"rendered":"\n<p>S\u00e9ta a barokk st\u00edlus\u00fa esz\u00e9ki er\u0151d falain bel\u00fcl , a kult\u00fara \u00e9lvezete az \u00f3kori Mursa nyomaival, gasztron\u00f3mia a legig\u00e9nyesebb \u00ednyenceknek is, pihen\u00e9s a park z\u00f6ld boltozatai alatt \u00e9s a beach b\u00e1rokban, l\u00e1bbal a dr\u00e1vai homokban&#8230; mindez \u00e9s m\u00e9g sok m\u00e1s v\u00e1r r\u00e1d a szlav\u00f3n f\u0151v\u00e1rosban, Esz\u00e9ken, ahol a &#8222;slowliving&#8221; kifejez\u00e9s, amely v\u00e1rosi sz\u00f3haszn\u00e1latban laza \u00e9letet jelent, tulajdonk\u00e9ppen a v\u00e1ros \u00e9letfiloz\u00f3fi\u00e1j\u00e1t \u00edrja le, melynek ritmus\u00e1t az al\u00e1bbi t\u00edz \u00e1llom\u00e1son k\u00f6nnyen felveheted:<\/p>\n\n<figure class=\"wp-block-image size-large\"><img loading=\"lazy\" decoding=\"async\" width=\"1024\" height=\"683\" src=\"https:\/\/visitslavoniabaranja.com\/wp-content\/uploads\/2024\/05\/Vjeran-Vidakovic-Osijek-Kip-sv-Trojstva-1024x683.jpg\" alt=\"\" class=\"wp-image-10112\" srcset=\"https:\/\/visitslavoniabaranja.com\/wp-content\/uploads\/2024\/05\/Vjeran-Vidakovic-Osijek-Kip-sv-Trojstva-1024x683.jpg 1024w, https:\/\/visitslavoniabaranja.com\/wp-content\/uploads\/2024\/05\/Vjeran-Vidakovic-Osijek-Kip-sv-Trojstva-440x293.jpg 440w, https:\/\/visitslavoniabaranja.com\/wp-content\/uploads\/2024\/05\/Vjeran-Vidakovic-Osijek-Kip-sv-Trojstva-768x512.jpg 768w, https:\/\/visitslavoniabaranja.com\/wp-content\/uploads\/2024\/05\/Vjeran-Vidakovic-Osijek-Kip-sv-Trojstva-1536x1024.jpg 1536w, https:\/\/visitslavoniabaranja.com\/wp-content\/uploads\/2024\/05\/Vjeran-Vidakovic-Osijek-Kip-sv-Trojstva-2048x1365.jpg 2048w\" sizes=\"auto, (max-width: 1024px) 100vw, 1024px\" \/><\/figure>\n\n<p><strong>1. \u0150fels\u00e9ge &#8211; az esz\u00e9ki er\u0151d (Tvr\u0111a)<\/strong><\/p>\n\n<p>Minden igazi (kul)turista a barokk v\u00e1rosr\u00e9szben, az er\u0151dben kezdi meg esz\u00e9ki kalandj\u00e1t. A 18. sz\u00e1zad elej\u00e9n az er\u0151teljes Habsburgok akarat\u00e1b\u00f3l emelt er\u0151d\u00f6t ma di\u00e1kok, k\u00f6z\u00e9piskol\u00e1sok \u00e9s sz\u00e1mos utaz\u00f3 uralja. A s\u00e9ta a k\u00f6zpontt\u00f3l, a Szenth\u00e1roms\u00e1g t\u00e9rt\u0151l indul, amelyet a pestis elleni k\u00fczdelem eml\u00e9km\u0171ve d\u00edsz\u00edt, valamint a barokk \u00e9p\u00edt\u00e9szet legszebb p\u00e9ld\u00e1i nemcsak Esz\u00e9ken, hanem Eur\u00f3pa ezen r\u00e9sz\u00e9n is. Egy r\u00f6vid sz\u00fcnet ut\u00e1n a Franjo Kuha\u010d utc\u00e1ban tal\u00e1lhat\u00f3 teraszok egyik\u00e9n, ahol a polg\u00e1rmester a 9. h\u00e1zsz\u00e1m\u00fa \u00e9p\u00fcletben \u00fcl, ir\u00e1ny a V\u00edzkapu, az er\u0151d egyetlen fennmaradt bej\u00e1rata. Ott elvar\u00e1zsol a csillag alak\u00fa falak maradv\u00e1nyai \u2013 n\u00e9ma tan\u00fabizonys\u00e1ga az er\u0151d egykori v\u00e9dekez\u0151 szerep\u00e9r\u0151l.      <\/p>\n\n<figure class=\"wp-block-image size-large\"><img loading=\"lazy\" decoding=\"async\" width=\"1024\" height=\"683\" src=\"https:\/\/visitslavoniabaranja.com\/wp-content\/uploads\/2024\/05\/Osijek-TOP-10-2-Vodena-vrata-TZ-OSijek-arhiva-1024x683.jpg\" alt=\"\" class=\"wp-image-10072\" srcset=\"https:\/\/visitslavoniabaranja.com\/wp-content\/uploads\/2024\/05\/Osijek-TOP-10-2-Vodena-vrata-TZ-OSijek-arhiva-1024x683.jpg 1024w, https:\/\/visitslavoniabaranja.com\/wp-content\/uploads\/2024\/05\/Osijek-TOP-10-2-Vodena-vrata-TZ-OSijek-arhiva-440x293.jpg 440w, https:\/\/visitslavoniabaranja.com\/wp-content\/uploads\/2024\/05\/Osijek-TOP-10-2-Vodena-vrata-TZ-OSijek-arhiva-768x512.jpg 768w, https:\/\/visitslavoniabaranja.com\/wp-content\/uploads\/2024\/05\/Osijek-TOP-10-2-Vodena-vrata-TZ-OSijek-arhiva-1536x1025.jpg 1536w, https:\/\/visitslavoniabaranja.com\/wp-content\/uploads\/2024\/05\/Osijek-TOP-10-2-Vodena-vrata-TZ-OSijek-arhiva.jpg 2000w\" sizes=\"auto, (max-width: 1024px) 100vw, 1024px\" \/><\/figure>\n\n<p><strong>2. Id\u0151utaz\u00e1s<\/strong><\/p>\n\n<p>Az er\u0151d k\u00f6nnyed\u00e9n csillap\u00edtja a tud\u00e1s \u00e9s a kultur\u00e1lis emelkedetts\u00e9g legnagyobb szomj\u00e1t is. Amellett, hogy egyfajta szabadt\u00e9ri m\u00fazeum, f\u0151ter\u00e9n a t\u00f6rt\u00e9nelmi \u00f6r\u00f6ks\u00e9g k\u00e9t fontos \u0151rz\u0151je tal\u00e1lhat\u00f3: a Szlav\u00f3niai M\u00fazeum \u00e9s a R\u00e9g\u00e9szeti M\u00fazeum. Engedjed meg, hogy v\u00e9gig vezessenek \u0151skori telep\u00fcl\u00e9seken, r\u00f3mai nyomokon \u00e9s mutass\u00e1k be esz\u00e9ki lakosok nem is olyan r\u00e9gi gener\u00e1ci\u00f3j\u00e1t. Egy kicsit m\u00e1s t\u00f6rt\u00e9nelem \u00e9rdek\u00e9ben mer\u00fclj bele a V\u00edzi Vil\u00e1gki\u00e1ll\u00edt\u00e1s rejtett m\u00e9lys\u00e9geibe, amely a V\u00edzkapu k\u00f6zel\u00e9ben tal\u00e1lhat\u00f3. Az egykori Pannon-tenger k\u00f6v\u00fcleteit is mag\u00e1ban foglal\u00f3 \u00e9rdekes gy\u0171jtem\u00e9ny mind\u00f6ssze h\u00e1rom sz\u00e1zal\u00e9k\u00e1t teszi ki a ki\u00e1ll\u00edt\u00e1s, amelyet egy lelkes rajong\u00f3 hobbib\u00f3l hozott l\u00e9tre.    <\/p>\n\n<figure class=\"wp-block-image size-large\"><img loading=\"lazy\" decoding=\"async\" width=\"1024\" height=\"683\" src=\"https:\/\/visitslavoniabaranja.com\/wp-content\/uploads\/2024\/05\/Osijek-TOP-10-3-park-Secesijski-zdenac-by-FotoArt-Topic-1024x683.jpg\" alt=\"\" class=\"wp-image-10076\" srcset=\"https:\/\/visitslavoniabaranja.com\/wp-content\/uploads\/2024\/05\/Osijek-TOP-10-3-park-Secesijski-zdenac-by-FotoArt-Topic-1024x683.jpg 1024w, https:\/\/visitslavoniabaranja.com\/wp-content\/uploads\/2024\/05\/Osijek-TOP-10-3-park-Secesijski-zdenac-by-FotoArt-Topic-440x293.jpg 440w, https:\/\/visitslavoniabaranja.com\/wp-content\/uploads\/2024\/05\/Osijek-TOP-10-3-park-Secesijski-zdenac-by-FotoArt-Topic-768x512.jpg 768w, https:\/\/visitslavoniabaranja.com\/wp-content\/uploads\/2024\/05\/Osijek-TOP-10-3-park-Secesijski-zdenac-by-FotoArt-Topic-1536x1024.jpg 1536w, https:\/\/visitslavoniabaranja.com\/wp-content\/uploads\/2024\/05\/Osijek-TOP-10-3-park-Secesijski-zdenac-by-FotoArt-Topic-2048x1365.jpg 2048w\" sizes=\"auto, (max-width: 1024px) 100vw, 1024px\" \/><\/figure>\n\n<p><strong>3. Zen a z\u00f6ld mennyorsz\u00e1gban<\/strong><\/p>\n\n<p>A k\u0151 \u00e9s a k\u00f6vezett utc\u00e1k ut\u00e1n, ir\u00e1ny a term\u00e9szet. Ha m\u00e1r azon csod\u00e1lkozol, hogy az esz\u00e9ki\u00e9k mennyire laz\u00e1k, a v\u00e1lasz tal\u00e1n a nyugalom \u00e9s a z\u00f6ld mennyorsz\u00e1g, valamint a v\u00e1rosi ny\u00fczsg\u00e9s ide\u00e1lis kombin\u00e1ci\u00f3j\u00e1ban rejt\u0151zhet. Ezt igazolja, az is, hogy t\u00f6bb park mint t\u00e9r l\u00e9tezik a v\u00e1rosban. A legnagyobb Tomislav kir\u00e1ly Park, ahol t\u00f6bb \u00e9vsz\u00e1zados lombkorona alatt sz\u00e1mos \u00f6sv\u00e9ny, pad \u00e9s k\u00e9t j\u00e1tsz\u00f3t\u00e9r rejt\u0151zik. K\u00f6zvetlen k\u00f6zel\u00e9ben tal\u00e1lhat\u00f3 IV. Petar Kre\u0161imir kir\u00e1ly romantikus parkja, kicsit t\u00e1volabb pedig Dr\u017eislav kir\u00e1ly parkja, melynek \u00e1rny\u00e9k\u00e1ban a nagy horv\u00e1t \u00edr\u00f3, Miroslav Krle\u017ea \u00e9rdekes eml\u00e9km\u0171ve \u00e9s a vil\u00e1g legr\u00e9gebbi sz\u0151l\u0151t\u0151k\u00e9je nyugszik.<\/p>\n\n<figure class=\"wp-block-image size-large\"><img loading=\"lazy\" decoding=\"async\" width=\"1024\" height=\"683\" src=\"https:\/\/visitslavoniabaranja.com\/wp-content\/uploads\/2024\/05\/Osijek-TOP-10-4-Secesija-by-FotoArt-Topic-1024x683.jpg\" alt=\"\" class=\"wp-image-10080\" srcset=\"https:\/\/visitslavoniabaranja.com\/wp-content\/uploads\/2024\/05\/Osijek-TOP-10-4-Secesija-by-FotoArt-Topic-1024x683.jpg 1024w, https:\/\/visitslavoniabaranja.com\/wp-content\/uploads\/2024\/05\/Osijek-TOP-10-4-Secesija-by-FotoArt-Topic-440x293.jpg 440w, https:\/\/visitslavoniabaranja.com\/wp-content\/uploads\/2024\/05\/Osijek-TOP-10-4-Secesija-by-FotoArt-Topic-768x512.jpg 768w, https:\/\/visitslavoniabaranja.com\/wp-content\/uploads\/2024\/05\/Osijek-TOP-10-4-Secesija-by-FotoArt-Topic-1536x1024.jpg 1536w, https:\/\/visitslavoniabaranja.com\/wp-content\/uploads\/2024\/05\/Osijek-TOP-10-4-Secesija-by-FotoArt-Topic-2048x1365.jpg 2048w\" sizes=\"auto, (max-width: 1024px) 100vw, 1024px\" \/><\/figure>\n\n<p><strong>4. Cs\u00e1b\u00edt\u00f3 szecesszi\u00f3 \u00e9s szabadk\u0151m\u0171vess\u00e9g<\/strong><\/p>\n\n<p>Az esz\u00e9ki er\u0151d l\u00e1tnival\u00f3inak megtekint\u00e9se \u00e9s a z\u00f6ld mennyorsz\u00e1gi s\u00e9t\u00e1ny ut\u00e1n el\u00e9rkezt\u00fcnk, merj\u00fck kijelenteni, a v\u00e1ros legszebb \u00e9s legh\u00edresebb utc\u00e1j\u00e1hoz, az eur\u00f3pai sug\u00e1r\u00fathoz. \u00c9szaki oldal\u00e1n megfigyelhet\u0151 a h\u00edres szecesszi\u00f3s \u00e9p\u00fcletsorozat, el\u0151kerttel a 20. sz\u00e1zad elej\u00e9r\u0151l. Kor\u00e1bbi tulajdonosai ismert esz\u00e9ki iparosok, \u00fcgyv\u00e9dek \u00e9s m\u00e1s tekint\u00e9lyes emberek voltak, akik b\u00e9csi \u00e9s pesti divatot k\u00f6vettek. A Sakuntala Park a szecesszi\u00f3s st\u00edlus gy\u00f6ngyszeme, az 1912-ben \u00e9p\u00fclt &#8222;Ur\u00e1nia&#8221; mozi \u00e9p\u00fclete el\u0151tt tal\u00e1lhat\u00f3, melynek vir\u00e1gos dombj\u00e1t a Mah\u0101bh\u0101rata \u0151si indiai eposz azonos nev\u0171 h\u0151sn\u0151je d\u00edsz\u00edti. A park bej\u00e1rat\u00e1n\u00e1l k\u00e9t szfinx fogad, \u00e9s ha feln\u00e9z\u00fcnk a mozi tetej\u00e9re, egy domborm\u0171vet \u00e9s egy harmadik szfinxet l\u00e1thatunk. Az Ur\u00e1nia mozi a szabadk\u0151m\u0171vesek sz\u00e9khelye volt, ma m\u00e1r a filmez\u00e9s \u00e9s sz\u00ednh\u00e1zi el\u0151ad\u00e1sok mellett a legfinomabb falatokat is k\u00edn\u00e1lja a &#8222;Lumiere&#8221; nev\u0171 \u00e9tteremben.      <\/p>\n\n<figure class=\"wp-block-image size-large\"><img loading=\"lazy\" decoding=\"async\" width=\"1024\" height=\"768\" src=\"https:\/\/visitslavoniabaranja.com\/wp-content\/uploads\/2024\/05\/Osijek-TOP-10-5-Osjecka-katedrala-by-Denis-Despot-1024x768.jpg\" alt=\"\" class=\"wp-image-10084\" srcset=\"https:\/\/visitslavoniabaranja.com\/wp-content\/uploads\/2024\/05\/Osijek-TOP-10-5-Osjecka-katedrala-by-Denis-Despot-1024x768.jpg 1024w, https:\/\/visitslavoniabaranja.com\/wp-content\/uploads\/2024\/05\/Osijek-TOP-10-5-Osjecka-katedrala-by-Denis-Despot-440x330.jpg 440w, https:\/\/visitslavoniabaranja.com\/wp-content\/uploads\/2024\/05\/Osijek-TOP-10-5-Osjecka-katedrala-by-Denis-Despot-768x576.jpg 768w, https:\/\/visitslavoniabaranja.com\/wp-content\/uploads\/2024\/05\/Osijek-TOP-10-5-Osjecka-katedrala-by-Denis-Despot-1536x1151.jpg 1536w, https:\/\/visitslavoniabaranja.com\/wp-content\/uploads\/2024\/05\/Osijek-TOP-10-5-Osjecka-katedrala-by-Denis-Despot-2048x1535.jpg 2048w\" sizes=\"auto, (max-width: 1024px) 100vw, 1024px\" \/><\/figure>\n\n<p><strong>5. Neog\u00f3tikus sz\u00e9ps\u00e9g<\/strong><\/p>\n\n<p>Neh\u00e9z k\u00f6z\u00f6ny\u00f6snek maradni Szent P\u00e9ter \u00e9s P\u00e1l, a v\u00e1ros v\u00e9d\u0151szentj\u00e9nek impoz\u00e1ns temploma el\u0151tt. A 90 m\u00e9ter magas neog\u00f3tikus sz\u00e9ps\u00e9g az orsz\u00e1g m\u00e1sodik legmagasabb temploma. Val\u00f3ban leny\u0171g\u00f6z\u0151, mind\u00f6ssze n\u00e9gy \u00e9v alatt \u00e9p\u00fclt (1894-1898), \u00e9s k\u00f6r\u00fclbel\u00fcl h\u00e1rom \u00e9s f\u00e9l milli\u00f3 v\u00f6r\u00f6s t\u00e9gl\u00e1b\u00f3l \u00e1ll. Belseje m\u00e9g f\u00e9ny\u0171z\u0151bb. M\u00e9gpedig a nagy horv\u00e1t fest\u0151, Mirko Ra\u010dki festette. \u00c9s ne agg\u00f3dj \u2013 a bej\u00e1ratn\u00e1l l\u00e9v\u0151 sz\u00f6k\u0151kutak \u00e9s griffek seg\u00edts\u00e9g\u00e9vel ingyen megtekintheted.     <\/p>\n\n<figure class=\"wp-block-image size-large\"><img loading=\"lazy\" decoding=\"async\" width=\"1024\" height=\"614\" src=\"https:\/\/visitslavoniabaranja.com\/wp-content\/uploads\/2024\/05\/Osijek-TOP-10-6-Kompa-skela-TZ-OSijek-arhiva-1024x614.jpg\" alt=\"\" class=\"wp-image-10088\" srcset=\"https:\/\/visitslavoniabaranja.com\/wp-content\/uploads\/2024\/05\/Osijek-TOP-10-6-Kompa-skela-TZ-OSijek-arhiva-1024x614.jpg 1024w, https:\/\/visitslavoniabaranja.com\/wp-content\/uploads\/2024\/05\/Osijek-TOP-10-6-Kompa-skela-TZ-OSijek-arhiva-440x264.jpg 440w, https:\/\/visitslavoniabaranja.com\/wp-content\/uploads\/2024\/05\/Osijek-TOP-10-6-Kompa-skela-TZ-OSijek-arhiva-768x461.jpg 768w, https:\/\/visitslavoniabaranja.com\/wp-content\/uploads\/2024\/05\/Osijek-TOP-10-6-Kompa-skela-TZ-OSijek-arhiva-1536x922.jpg 1536w, https:\/\/visitslavoniabaranja.com\/wp-content\/uploads\/2024\/05\/Osijek-TOP-10-6-Kompa-skela-TZ-OSijek-arhiva.jpg 2000w\" sizes=\"auto, (max-width: 1024px) 100vw, 1024px\" \/><\/figure>\n\n<p><strong>6. T\u00f6rt\u00e9netek az \u00e1llatvil\u00e1gb\u00f3l<\/strong><\/p>\n\n<p>Esz\u00e9k k\u00f6zponti ter\u00e9t\u0151l a templom alatt egy utca a Dr\u00e1va foly\u00f3ig vezet. Nyugatra s\u00e9t\u00e1lva a Dr\u00e1v\u00e1n tal\u00e1lhat\u00f3 \u00e9rdekes v\u00edzimalom m\u00e1solata fel\u00e9, a t\u00e1volb\u00f3l oroszl\u00e1nb\u0151g\u00e9st lehet majd hallani. Hamarosan egy ingyenes \u00f6ko-komp k\u00f6sz\u00f6nt, amely a fels\u0151 v\u00e1rosb\u00f3l a Dr\u00e1va bal partj\u00e1ra \u00e9s Horv\u00e1torsz\u00e1g legnagyobb \u00e1llatkertj\u00e9be viszi. T\u00f6bb mint 80 faj \u00e9l ebben a 11 hekt\u00e1ros nagy \u00e1llatvil\u00e1gban. \u00c9rdekess\u00e9g, hogy az esz\u00e9kiek sz\u00edvesen vesznek r\u00e9szt a fiatal \u00e1llatok elnevez\u00e9s\u00e9ben. A kert l\u00e1togat\u00e1sa igazi csal\u00e1di kalandot biztos\u00edt!     <\/p>\n\n<figure class=\"wp-block-image size-large\"><img loading=\"lazy\" decoding=\"async\" width=\"1024\" height=\"683\" src=\"https:\/\/visitslavoniabaranja.com\/wp-content\/uploads\/2024\/05\/Osijek-TOP-10-7-Promenada-by-Denis-Despot-1024x683.jpg\" alt=\"\" class=\"wp-image-10092\" srcset=\"https:\/\/visitslavoniabaranja.com\/wp-content\/uploads\/2024\/05\/Osijek-TOP-10-7-Promenada-by-Denis-Despot-1024x683.jpg 1024w, https:\/\/visitslavoniabaranja.com\/wp-content\/uploads\/2024\/05\/Osijek-TOP-10-7-Promenada-by-Denis-Despot-440x293.jpg 440w, https:\/\/visitslavoniabaranja.com\/wp-content\/uploads\/2024\/05\/Osijek-TOP-10-7-Promenada-by-Denis-Despot-768x512.jpg 768w, https:\/\/visitslavoniabaranja.com\/wp-content\/uploads\/2024\/05\/Osijek-TOP-10-7-Promenada-by-Denis-Despot-1536x1024.jpg 1536w, https:\/\/visitslavoniabaranja.com\/wp-content\/uploads\/2024\/05\/Osijek-TOP-10-7-Promenada-by-Denis-Despot-2048x1365.jpg 2048w\" sizes=\"auto, (max-width: 1024px) 100vw, 1024px\" \/><\/figure>\n\n<p><strong>7. Carpe diem<\/strong><\/p>\n\n<p>Horv\u00e1torsz\u00e1g leghosszabb foly\u00f3 melletti s\u00e9t\u00e1nya, a Dr\u00e1va menti s\u00e9t\u00e1ny, ide\u00e1lis hely ahol a Fels\u0151v\u00e1rost\u00f3l az Als\u00f3v\u00e1rosig s\u00e9t\u00e1lni, ker\u00e9kp\u00e1rozni, futni vagy ak\u00e1r laz\u00edtani \u00e9s \u00e9lvezni lehet a legszebb kil\u00e1t\u00e1st Esz\u00e9ken. B\u00e9relj v\u00e1rosi ker\u00e9kp\u00e1rt \u00e9s ismerd meg Esz\u00e9k bal \u00e9s jobb partj\u00e1t, amelyet a v\u00e1ros egyik legh\u00edresebb jelk\u00e9pe, a Gyalogos h\u00edd k\u00f6ti \u00f6ssze. A kikapcsol\u00f3d\u00e1s ut\u00e1n k\u00e9nyeztesd magad a v\u00e1s\u00e1rl\u00e1ssal a &#8222;Mall&#8221; Osijek vagy a &#8222;Portanova&#8221; bev\u00e1s\u00e1rl\u00f3k\u00f6zpontban, ahol egy &#8222;Cinestar&#8221; mozi \u00e9s egy tekep\u00e1lya is a v\u00e1s\u00e1rl\u00f3k rendelkez\u00e9s\u00fckre \u00e1ll. A v\u00e1rosk\u00f6zpontban is vannak sz\u00f3rakoz\u00e1si lehet\u0151s\u00e9get, ahol az ikonos &#8222;Ur\u00e1nia&#8221; mozi, az izgalmas &#8222;Escape room&#8221; \u00e9s sz\u00e1mos k\u00e1v\u00e9z\u00f3, butik, \u00e9tterem \u00e9s aj\u00e1nd\u00e9kbolt tal\u00e1lhat\u00f3.   <\/p>\n\n<figure class=\"wp-block-image size-large\"><img loading=\"lazy\" decoding=\"async\" width=\"1024\" height=\"683\" src=\"https:\/\/visitslavoniabaranja.com\/wp-content\/uploads\/2024\/05\/Osijek-TOP-10-8-kuhinja-smud-na-zaru-by-Denis-Despot-1024x683.jpg\" alt=\"\" class=\"wp-image-10096\" srcset=\"https:\/\/visitslavoniabaranja.com\/wp-content\/uploads\/2024\/05\/Osijek-TOP-10-8-kuhinja-smud-na-zaru-by-Denis-Despot-1024x683.jpg 1024w, https:\/\/visitslavoniabaranja.com\/wp-content\/uploads\/2024\/05\/Osijek-TOP-10-8-kuhinja-smud-na-zaru-by-Denis-Despot-440x294.jpg 440w, https:\/\/visitslavoniabaranja.com\/wp-content\/uploads\/2024\/05\/Osijek-TOP-10-8-kuhinja-smud-na-zaru-by-Denis-Despot-768x512.jpg 768w, https:\/\/visitslavoniabaranja.com\/wp-content\/uploads\/2024\/05\/Osijek-TOP-10-8-kuhinja-smud-na-zaru-by-Denis-Despot-1536x1025.jpg 1536w, https:\/\/visitslavoniabaranja.com\/wp-content\/uploads\/2024\/05\/Osijek-TOP-10-8-kuhinja-smud-na-zaru-by-Denis-Despot-2048x1366.jpg 2048w\" sizes=\"auto, (max-width: 1024px) 100vw, 1024px\" \/><\/figure>\n\n<p><strong>8. A f\u00e9rfi sz\u00edv\u00e9hez a gyomr\u00e1n kereszt\u00fcl vezet az \u00fat<\/strong><\/p>\n\n<p>A helyiek tudj\u00e1k, hogy a szerelem leggyorsabban a gyomron megy \u00e1t. A hagyom\u00e1nyos szlav\u00f3n-baranyai \u00e9telekt\u0151l, mint a hal \u00e9s a paprika, a nemzetk\u00f6zi \u00ednyencs\u00e9gekig a trendi \u00e9ttermekben mindenki tal\u00e1lhat kedv\u00e9re val\u00f3t. A Michelin Guide-b\u00f3l v\u00e1lasztott &#8222;Waldinger&#8221; \u00e9tteremben k\u00f3stolj meg \u00e9teleket a szezon\u00e1lis \u00e9tlapb\u00f3l, k\u00f3stold meg a halspecialit\u00e1sokat a Dr\u00e1va menti &#8222;Kompa&#8221; \u00e9tteremben vagy a &#8222;Projekt 9&#8221; \u00e9tterem-haj\u00f3n. A bal parton, l\u00e1togass el a rusztikus s \u00e9s n\u00e9pszer\u0171 &#8222;Kod Baranjca&#8221; cs\u00e1rd\u00e1ba vagy fedezd fel a Sun\u010dana utc\u00e1ban l\u00e9v\u0151 &#8222;Lulu&#8221; \u00e9tterem f\u00fazi\u00f3s konyh\u00e1j\u00e1t. Fontos az \u00e9telek \u00e9s a term\u00e9keny vid\u00e9ki pr\u00e9mium borok p\u00e1ros\u00edt\u00e1sa, \u00e9s ha haza szeretn\u00e9l vinni egy palackot, menj a Vinita borboltba. A k\u00f6zelben a f\u0151 esz\u00e9ki piac igazi finoms\u00e1gokat rejt a teljes r\u00e9gi\u00f3b\u00f3l.     <\/p>\n\n<figure class=\"wp-block-image size-large\"><img loading=\"lazy\" decoding=\"async\" width=\"1024\" height=\"682\" src=\"https:\/\/visitslavoniabaranja.com\/wp-content\/uploads\/2024\/05\/Osijek-TOP-10-9-Tvrda-nocu-by-Denis-Despot-1024x682.jpg\" alt=\"\" class=\"wp-image-10100\" srcset=\"https:\/\/visitslavoniabaranja.com\/wp-content\/uploads\/2024\/05\/Osijek-TOP-10-9-Tvrda-nocu-by-Denis-Despot-1024x682.jpg 1024w, https:\/\/visitslavoniabaranja.com\/wp-content\/uploads\/2024\/05\/Osijek-TOP-10-9-Tvrda-nocu-by-Denis-Despot-440x293.jpg 440w, https:\/\/visitslavoniabaranja.com\/wp-content\/uploads\/2024\/05\/Osijek-TOP-10-9-Tvrda-nocu-by-Denis-Despot-768x511.jpg 768w, https:\/\/visitslavoniabaranja.com\/wp-content\/uploads\/2024\/05\/Osijek-TOP-10-9-Tvrda-nocu-by-Denis-Despot-1536x1023.jpg 1536w, https:\/\/visitslavoniabaranja.com\/wp-content\/uploads\/2024\/05\/Osijek-TOP-10-9-Tvrda-nocu-by-Denis-Despot-2048x1364.jpg 2048w\" sizes=\"auto, (max-width: 1024px) 100vw, 1024px\" \/><\/figure>\n\n<p><strong>9. \u00c9jszakai \u00e9let<\/strong><\/p>\n\n<p>Amikor megk\u00e9rdezik, hov\u00e1 menjen ki sz\u00f3rakozni Esz\u00e9ken, mindenki ugyanazt fogja mondani: az esz\u00e9ki er\u0151dbe (Tvrdj\u00e1ba). S\u00f6r\u00f6z\u0151k, mint a &#8222;Beertija&#8221; \u00e9s &#8222;Beckers&#8221;, k\u00e1v\u00e9z\u00f3k \u00e9s \u00e9jszakai klubok, mint a &#8222;Merlon&#8221; \u00e9s a &#8222;Bulart 1887&#8221;, \u00e9s sok m\u00e1s hely k\u00fcl\u00f6nb\u00f6z\u0151 zenei reperto\u00e1rokkal sz\u00f3rakoztatj\u00e1k a vend\u00e9geket. Ne hagyd ki a lehet\u0151s\u00e9get, hogy megk\u00f3stoljad a helyi s\u00f6rf\u0151z\u0151 mesterek, &#8222;Beckers&#8221; kiv\u00e1l\u00f3 k\u00e9zm\u0171ves s\u00f6reit, valamint a legend\u00e1s esz\u00e9ki s\u00f6rt, amely a vid\u00e9k s\u00f6rhagyom\u00e1ny\u00e1nak szimb\u00f3luma. Ha a ny\u00e1ri h\u00f3napokban j\u00e1rsz Esz\u00e9ken, a Copacabana strandon tapasztalhatsz egy esti partit \u00e9s esetleg egy \u00e9jszakai \u00fasz\u00e1st.   <\/p>\n\n<figure class=\"wp-block-image size-large\"><img loading=\"lazy\" decoding=\"async\" width=\"1024\" height=\"683\" src=\"https:\/\/visitslavoniabaranja.com\/wp-content\/uploads\/2024\/05\/Osijek-TOP-10-10-biseri-Denis-Despot-1024x683.jpg\" alt=\"\" class=\"wp-image-10104\" srcset=\"https:\/\/visitslavoniabaranja.com\/wp-content\/uploads\/2024\/05\/Osijek-TOP-10-10-biseri-Denis-Despot-1024x683.jpg 1024w, https:\/\/visitslavoniabaranja.com\/wp-content\/uploads\/2024\/05\/Osijek-TOP-10-10-biseri-Denis-Despot-440x293.jpg 440w, https:\/\/visitslavoniabaranja.com\/wp-content\/uploads\/2024\/05\/Osijek-TOP-10-10-biseri-Denis-Despot-768x512.jpg 768w, https:\/\/visitslavoniabaranja.com\/wp-content\/uploads\/2024\/05\/Osijek-TOP-10-10-biseri-Denis-Despot-1536x1024.jpg 1536w, https:\/\/visitslavoniabaranja.com\/wp-content\/uploads\/2024\/05\/Osijek-TOP-10-10-biseri-Denis-Despot-2048x1365.jpg 2048w\" sizes=\"auto, (max-width: 1024px) 100vw, 1024px\" \/><\/figure>\n\n<p><strong>10. Nem annyira rejtett gy\u00f6ngyszem<\/strong><\/p>\n\n<p>Ha minden felsorolt nem lenne el\u00e9g sz\u00e1modra, Esz\u00e9k t\u00f6bb nem annyira rejtett gy\u00f6ngyszemet k\u00edn\u00e1l a szabad \u00e9g alatt. A v\u00e1ros b\u00fcszk\u00e9n bemutatja azokat a szimb\u00f3lumokat, amelyek nem hivatalosak, de m\u00e9gis fontosak. Az egyik \u00fajabb szimb\u00f3lum a Piros fity\u00f3 &#8211; a Vukovarska \u00e9s Trpimir utak keresztez\u0151d\u00e9s\u00e9ben tal\u00e1lhat\u00f3 install\u00e1ci\u00f3, amely a Honv\u00e9d\u0151 h\u00e1bor\u00fa egy val\u00f3s esem\u00e9nye el\u0151tt tiszteleg. Ekkor az egyik b\u00e1tor esz\u00e9ki ember tiltakoz\u00e1sa jel\u00e9\u00fcl meg\u00e1ll\u00edtotta a kis fity\u00f3t egy ellens\u00e9ges tank el\u0151tt, \u00e9s \u00edgy vonult be a t\u00f6rt\u00e9nelembe. A v\u00e1ros k\u00f6zpontj\u00e1ban, a Szabad t\u00e9ren keresd meg August Cesarec \u00edr\u00f3, a Gyalogl\u00f3 ikonszer\u0171 szobr\u00e1t, amelynek sziluettje a k\u00f6zeli gyalogos k\u00f6zleked\u00e9si l\u00e1mp\u00e1kat is d\u00edsz\u00edti. T\u00f6ltsd fel okostelefonodat, \u00e9s n\u00e9zd meg Pablo Picasso \u00e9s Franjo Kre\u017ema szoborel\u0151ad\u00e1sait, vagy l\u00e1togass el Oscar Nemon \u201eAnya \u00e9s gyermeke\u201d szobr\u00e1hoz a m\u00e1sodik vil\u00e1gh\u00e1bor\u00fa \u00e1ldozatainak eml\u00e9k\u00e9re.    <\/p>\n\n<p><em>Sz\u00f6veg\u00e9t \u00edrta: Veronika Zavr\u0161ki<\/em><\/p>\n","protected":false},"excerpt":{"rendered":"<p>S\u00e9ta a barokk st\u00edlus\u00fa esz\u00e9ki er\u0151d falain bel\u00fcl , a kult\u00fara \u00e9lvezete az \u00f3kori Mursa nyomaival, gasztron\u00f3mia a legig\u00e9nyesebb \u00ednyenceknek is, pihen\u00e9s a park z\u00f6ld boltozatai alatt \u00e9s a beach b\u00e1rokban, l\u00e1bbal a dr\u00e1vai homokban&#8230; mindez \u00e9s m\u00e9g sok m\u00e1s v\u00e1r r\u00e1d a szlav\u00f3n f\u0151v\u00e1rosban, Esz\u00e9ken, ahol a &#8222;slowliving&#8221; kifejez\u00e9s, amely v\u00e1rosi sz\u00f3haszn\u00e1latban laza \u00e9letet [&hellip;]<\/p>\n","protected":false},"featured_media":10068,"template":"","categories":[366,365,370,369],"tags":[348],"class_list":["post-11761","vidi-i-dozivi","type-vidi-i-dozivi","status-publish","has-post-thumbnail","hentry","category-kultura-hu","category-nezd-meg-es-eld-at","category-termeszet","category-tevekenysegek","tag-eszek"],"acf":[],"yoast_head":"<!-- This site is optimized with the Yoast SEO plugin v25.0 - https:\/\/yoast.com\/wordpress\/plugins\/seo\/ -->\n<title>Esz\u00e9k TOP 10 vagy Laza \u00e1llom\u00e1sa \u2013 &quot;lass\u00fa \u00e9let&quot; esz\u00e9ki m\u00f3dra - Eszek-baranya megye turisztikai kozossege<\/title>\n<meta name=\"robots\" content=\"index, follow, max-snippet:-1, max-image-preview:large, max-video-preview:-1\" \/>\n<link rel=\"canonical\" href=\"https:\/\/visitslavoniabaranja.com\/hu\/vidi-i-dozivi\/eszek-top-10-vagy-laza-allomasa-lassu-elet-eszeki-modra\/\" \/>\n<meta property=\"og:locale\" content=\"hu_HU\" \/>\n<meta property=\"og:type\" content=\"article\" \/>\n<meta property=\"og:title\" content=\"Esz\u00e9k TOP 10 vagy Laza \u00e1llom\u00e1sa \u2013 &quot;lass\u00fa \u00e9let&quot; esz\u00e9ki m\u00f3dra - Eszek-baranya megye turisztikai kozossege\" \/>\n<meta property=\"og:description\" content=\"S\u00e9ta a barokk st\u00edlus\u00fa esz\u00e9ki er\u0151d falain bel\u00fcl , a kult\u00fara \u00e9lvezete az \u00f3kori Mursa nyomaival, gasztron\u00f3mia a legig\u00e9nyesebb \u00ednyenceknek is, pihen\u00e9s a park z\u00f6ld boltozatai alatt \u00e9s a beach b\u00e1rokban, l\u00e1bbal a dr\u00e1vai homokban&#8230; mindez \u00e9s m\u00e9g sok m\u00e1s v\u00e1r r\u00e1d a szlav\u00f3n f\u0151v\u00e1rosban, Esz\u00e9ken, ahol a &#8222;slowliving&#8221; kifejez\u00e9s, amely v\u00e1rosi sz\u00f3haszn\u00e1latban laza \u00e9letet [&hellip;]\" \/>\n<meta property=\"og:url\" content=\"https:\/\/visitslavoniabaranja.com\/hu\/vidi-i-dozivi\/eszek-top-10-vagy-laza-allomasa-lassu-elet-eszeki-modra\/\" \/>\n<meta property=\"og:site_name\" content=\"Eszek-baranya megye turisztikai kozossege\" \/>\n<meta property=\"article:modified_time\" content=\"2024-10-30T14:31:54+00:00\" \/>\n<meta property=\"og:image\" content=\"https:\/\/visitslavoniabaranja.com\/wp-content\/uploads\/2024\/05\/Osijek-TOP-10-1-Tvrda-by-Denis-Despot.jpg\" \/>\n\t<meta property=\"og:image:width\" content=\"1280\" \/>\n\t<meta property=\"og:image:height\" content=\"853\" \/>\n\t<meta property=\"og:image:type\" content=\"image\/jpeg\" \/>\n<meta name=\"twitter:card\" content=\"summary_large_image\" \/>\n<meta name=\"twitter:label1\" content=\"Becs\u00fclt olvas\u00e1si id\u0151\" \/>\n\t<meta name=\"twitter:data1\" content=\"8 perc\" \/>\n<script type=\"application\/ld+json\" class=\"yoast-schema-graph\">{\"@context\":\"https:\/\/schema.org\",\"@graph\":[{\"@type\":\"WebPage\",\"@id\":\"https:\/\/visitslavoniabaranja.com\/hu\/vidi-i-dozivi\/eszek-top-10-vagy-laza-allomasa-lassu-elet-eszeki-modra\/\",\"url\":\"https:\/\/visitslavoniabaranja.com\/hu\/vidi-i-dozivi\/eszek-top-10-vagy-laza-allomasa-lassu-elet-eszeki-modra\/\",\"name\":\"Esz\u00e9k TOP 10 vagy Laza \u00e1llom\u00e1sa \u2013 \\\"lass\u00fa \u00e9let\\\" esz\u00e9ki m\u00f3dra - Eszek-baranya megye turisztikai kozossege\",\"isPartOf\":{\"@id\":\"https:\/\/visitslavoniabaranja.com\/#website\"},\"primaryImageOfPage\":{\"@id\":\"https:\/\/visitslavoniabaranja.com\/hu\/vidi-i-dozivi\/eszek-top-10-vagy-laza-allomasa-lassu-elet-eszeki-modra\/#primaryimage\"},\"image\":{\"@id\":\"https:\/\/visitslavoniabaranja.com\/hu\/vidi-i-dozivi\/eszek-top-10-vagy-laza-allomasa-lassu-elet-eszeki-modra\/#primaryimage\"},\"thumbnailUrl\":\"https:\/\/visitslavoniabaranja.com\/wp-content\/uploads\/2024\/05\/Osijek-TOP-10-1-Tvrda-by-Denis-Despot.jpg\",\"datePublished\":\"2024-05-15T14:01:10+00:00\",\"dateModified\":\"2024-10-30T14:31:54+00:00\",\"breadcrumb\":{\"@id\":\"https:\/\/visitslavoniabaranja.com\/hu\/vidi-i-dozivi\/eszek-top-10-vagy-laza-allomasa-lassu-elet-eszeki-modra\/#breadcrumb\"},\"inLanguage\":\"hu\",\"potentialAction\":[{\"@type\":\"ReadAction\",\"target\":[\"https:\/\/visitslavoniabaranja.com\/hu\/vidi-i-dozivi\/eszek-top-10-vagy-laza-allomasa-lassu-elet-eszeki-modra\/\"]}]},{\"@type\":\"ImageObject\",\"inLanguage\":\"hu\",\"@id\":\"https:\/\/visitslavoniabaranja.com\/hu\/vidi-i-dozivi\/eszek-top-10-vagy-laza-allomasa-lassu-elet-eszeki-modra\/#primaryimage\",\"url\":\"https:\/\/visitslavoniabaranja.com\/wp-content\/uploads\/2024\/05\/Osijek-TOP-10-1-Tvrda-by-Denis-Despot.jpg\",\"contentUrl\":\"https:\/\/visitslavoniabaranja.com\/wp-content\/uploads\/2024\/05\/Osijek-TOP-10-1-Tvrda-by-Denis-Despot.jpg\",\"width\":1280,\"height\":853},{\"@type\":\"BreadcrumbList\",\"@id\":\"https:\/\/visitslavoniabaranja.com\/hu\/vidi-i-dozivi\/eszek-top-10-vagy-laza-allomasa-lassu-elet-eszeki-modra\/#breadcrumb\",\"itemListElement\":[{\"@type\":\"ListItem\",\"position\":1,\"name\":\"Po\u010detna stranica\",\"item\":\"https:\/\/visitslavoniabaranja.com\/hu\/\"},{\"@type\":\"ListItem\",\"position\":2,\"name\":\"Esz\u00e9k TOP 10 vagy Laza \u00e1llom\u00e1sa \u2013 &#8220;lass\u00fa \u00e9let&#8221; esz\u00e9ki m\u00f3dra\"}]},{\"@type\":\"WebSite\",\"@id\":\"https:\/\/visitslavoniabaranja.com\/#website\",\"url\":\"https:\/\/visitslavoniabaranja.com\/\",\"name\":\"Eszek-baranya megye turisztikai kozossege\",\"description\":\"\",\"potentialAction\":[{\"@type\":\"SearchAction\",\"target\":{\"@type\":\"EntryPoint\",\"urlTemplate\":\"https:\/\/visitslavoniabaranja.com\/?s={search_term_string}\"},\"query-input\":{\"@type\":\"PropertyValueSpecification\",\"valueRequired\":true,\"valueName\":\"search_term_string\"}}],\"inLanguage\":\"hu\"}]}<\/script>\n<!-- \/ Yoast SEO plugin. -->","yoast_head_json":{"title":"Esz\u00e9k TOP 10 vagy Laza \u00e1llom\u00e1sa \u2013 \"lass\u00fa \u00e9let\" esz\u00e9ki m\u00f3dra - Eszek-baranya megye turisztikai kozossege","robots":{"index":"index","follow":"follow","max-snippet":"max-snippet:-1","max-image-preview":"max-image-preview:large","max-video-preview":"max-video-preview:-1"},"canonical":"https:\/\/visitslavoniabaranja.com\/hu\/vidi-i-dozivi\/eszek-top-10-vagy-laza-allomasa-lassu-elet-eszeki-modra\/","og_locale":"hu_HU","og_type":"article","og_title":"Esz\u00e9k TOP 10 vagy Laza \u00e1llom\u00e1sa \u2013 \"lass\u00fa \u00e9let\" esz\u00e9ki m\u00f3dra - Eszek-baranya megye turisztikai kozossege","og_description":"S\u00e9ta a barokk st\u00edlus\u00fa esz\u00e9ki er\u0151d falain bel\u00fcl , a kult\u00fara \u00e9lvezete az \u00f3kori Mursa nyomaival, gasztron\u00f3mia a legig\u00e9nyesebb \u00ednyenceknek is, pihen\u00e9s a park z\u00f6ld boltozatai alatt \u00e9s a beach b\u00e1rokban, l\u00e1bbal a dr\u00e1vai homokban&#8230; mindez \u00e9s m\u00e9g sok m\u00e1s v\u00e1r r\u00e1d a szlav\u00f3n f\u0151v\u00e1rosban, Esz\u00e9ken, ahol a &#8222;slowliving&#8221; kifejez\u00e9s, amely v\u00e1rosi sz\u00f3haszn\u00e1latban laza \u00e9letet [&hellip;]","og_url":"https:\/\/visitslavoniabaranja.com\/hu\/vidi-i-dozivi\/eszek-top-10-vagy-laza-allomasa-lassu-elet-eszeki-modra\/","og_site_name":"Eszek-baranya megye turisztikai kozossege","article_modified_time":"2024-10-30T14:31:54+00:00","og_image":[{"width":1280,"height":853,"url":"https:\/\/visitslavoniabaranja.com\/wp-content\/uploads\/2024\/05\/Osijek-TOP-10-1-Tvrda-by-Denis-Despot.jpg","type":"image\/jpeg"}],"twitter_card":"summary_large_image","twitter_misc":{"Becs\u00fclt olvas\u00e1si id\u0151":"8 perc"},"schema":{"@context":"https:\/\/schema.org","@graph":[{"@type":"WebPage","@id":"https:\/\/visitslavoniabaranja.com\/hu\/vidi-i-dozivi\/eszek-top-10-vagy-laza-allomasa-lassu-elet-eszeki-modra\/","url":"https:\/\/visitslavoniabaranja.com\/hu\/vidi-i-dozivi\/eszek-top-10-vagy-laza-allomasa-lassu-elet-eszeki-modra\/","name":"Esz\u00e9k TOP 10 vagy Laza \u00e1llom\u00e1sa \u2013 \"lass\u00fa \u00e9let\" esz\u00e9ki m\u00f3dra - Eszek-baranya megye turisztikai kozossege","isPartOf":{"@id":"https:\/\/visitslavoniabaranja.com\/#website"},"primaryImageOfPage":{"@id":"https:\/\/visitslavoniabaranja.com\/hu\/vidi-i-dozivi\/eszek-top-10-vagy-laza-allomasa-lassu-elet-eszeki-modra\/#primaryimage"},"image":{"@id":"https:\/\/visitslavoniabaranja.com\/hu\/vidi-i-dozivi\/eszek-top-10-vagy-laza-allomasa-lassu-elet-eszeki-modra\/#primaryimage"},"thumbnailUrl":"https:\/\/visitslavoniabaranja.com\/wp-content\/uploads\/2024\/05\/Osijek-TOP-10-1-Tvrda-by-Denis-Despot.jpg","datePublished":"2024-05-15T14:01:10+00:00","dateModified":"2024-10-30T14:31:54+00:00","breadcrumb":{"@id":"https:\/\/visitslavoniabaranja.com\/hu\/vidi-i-dozivi\/eszek-top-10-vagy-laza-allomasa-lassu-elet-eszeki-modra\/#breadcrumb"},"inLanguage":"hu","potentialAction":[{"@type":"ReadAction","target":["https:\/\/visitslavoniabaranja.com\/hu\/vidi-i-dozivi\/eszek-top-10-vagy-laza-allomasa-lassu-elet-eszeki-modra\/"]}]},{"@type":"ImageObject","inLanguage":"hu","@id":"https:\/\/visitslavoniabaranja.com\/hu\/vidi-i-dozivi\/eszek-top-10-vagy-laza-allomasa-lassu-elet-eszeki-modra\/#primaryimage","url":"https:\/\/visitslavoniabaranja.com\/wp-content\/uploads\/2024\/05\/Osijek-TOP-10-1-Tvrda-by-Denis-Despot.jpg","contentUrl":"https:\/\/visitslavoniabaranja.com\/wp-content\/uploads\/2024\/05\/Osijek-TOP-10-1-Tvrda-by-Denis-Despot.jpg","width":1280,"height":853},{"@type":"BreadcrumbList","@id":"https:\/\/visitslavoniabaranja.com\/hu\/vidi-i-dozivi\/eszek-top-10-vagy-laza-allomasa-lassu-elet-eszeki-modra\/#breadcrumb","itemListElement":[{"@type":"ListItem","position":1,"name":"Po\u010detna stranica","item":"https:\/\/visitslavoniabaranja.com\/hu\/"},{"@type":"ListItem","position":2,"name":"Esz\u00e9k TOP 10 vagy Laza \u00e1llom\u00e1sa \u2013 &#8220;lass\u00fa \u00e9let&#8221; esz\u00e9ki m\u00f3dra"}]},{"@type":"WebSite","@id":"https:\/\/visitslavoniabaranja.com\/#website","url":"https:\/\/visitslavoniabaranja.com\/","name":"Eszek-baranya megye turisztikai kozossege","description":"","potentialAction":[{"@type":"SearchAction","target":{"@type":"EntryPoint","urlTemplate":"https:\/\/visitslavoniabaranja.com\/?s={search_term_string}"},"query-input":{"@type":"PropertyValueSpecification","valueRequired":true,"valueName":"search_term_string"}}],"inLanguage":"hu"}]}},"_links":{"self":[{"href":"https:\/\/visitslavoniabaranja.com\/hu\/wp-json\/wp\/v2\/vidi-i-dozivi\/11761","targetHints":{"allow":["GET"]}}],"collection":[{"href":"https:\/\/visitslavoniabaranja.com\/hu\/wp-json\/wp\/v2\/vidi-i-dozivi"}],"about":[{"href":"https:\/\/visitslavoniabaranja.com\/hu\/wp-json\/wp\/v2\/types\/vidi-i-dozivi"}],"wp:featuredmedia":[{"embeddable":true,"href":"https:\/\/visitslavoniabaranja.com\/hu\/wp-json\/wp\/v2\/media\/10068"}],"wp:attachment":[{"href":"https:\/\/visitslavoniabaranja.com\/hu\/wp-json\/wp\/v2\/media?parent=11761"}],"wp:term":[{"taxonomy":"category","embeddable":true,"href":"https:\/\/visitslavoniabaranja.com\/hu\/wp-json\/wp\/v2\/categories?post=11761"},{"taxonomy":"post_tag","embeddable":true,"href":"https:\/\/visitslavoniabaranja.com\/hu\/wp-json\/wp\/v2\/tags?post=11761"}],"curies":[{"name":"wp","href":"https:\/\/api.w.org\/{rel}","templated":true}]}}