
{"id":4514,"date":"2022-07-08T10:14:56","date_gmt":"2022-07-08T08:14:56","guid":{"rendered":"https:\/\/visitslavoniabaranja.com\/okusi-destinaciju\/high-fajf-erica\/"},"modified":"2022-10-27T14:29:01","modified_gmt":"2022-10-27T12:29:01","slug":"high-fajf-erica","status":"publish","type":"okusi-destinaciju","link":"https:\/\/visitslavoniabaranja.com\/hu\/okusi-destinaciju\/high-fajf-erica\/","title":{"rendered":"High Fajf&#8230; erica"},"content":{"rendered":"\n<p>A feled\u00e9st\u0151l nagy neh\u00e9zs\u00e9gek \u00e1r\u00e1n megmentett szlav\u00f3niai-baranyai gasztron\u00f3mi\u00e1t ma m\u00e1r azok a j\u00f3sz\u00e1gfajt\u00e1k uralj\u00e1k, amelyek sz\u00e1z vagy m\u00e9g t\u00f6bb ideje m\u00e1r a helyi h\u00e1zt\u00e1jak v\u00e9djegyei voltak. <a href=\"https:\/\/visitslavoniabaranja.com\/?post_type=okusi-destinaciju&amp;p=1654\">Itt<\/a> olvashat b\u0151vebben a kiv\u00e1l\u00f3 fekete szlav\u00f3niai sert\u00e9sr\u0151l, helyi nev\u00e9n &#8222;fajferic\u00e1r\u00f3l&#8221;. Az al\u00e1bbi sorokb\u00f3l megtudhatja, hol tal\u00e1lhat \u00e9s k\u00f3stolhat ebb\u0151l a j\u00f3sz\u00e1gb\u00f3l k\u00e9sz\u00fclt h\u00fask\u00e9sz\u00edtm\u00e9nyeket \u00e9s egy\u00e9b finoms\u00e1gokat. Els\u0151 helyen kiemelhet\u0151 az Esz\u00e9kt\u0151l nem messze l\u00e9v\u0151 \u010depini <em>Terra Negra<\/em> country klub &#8222;Crna svinja&#8221; \u00e9tterme. A fekete sert\u00e9s valamivel t\u00f6bb mint egy \u00e9vsz\u00e1zaddal ezel\u0151tti sz\u00fclet\u00e9s\u00e9nek hely\u00e9n tal\u00e1lhat\u00f3 klub \u00e9s \u00e9tterem egyfajta <em>tisztelg\u00e9s<\/em> Szlav\u00f3nia \u00e9s Baranya agr\u00e1rt\u00f6rt\u00e9nete \u00e9s gasztron\u00f3mi\u00e1ja el\u0151tt. A f\u00e9ny\u0171z\u0151 k\u00f6rnyezetben sz\u00e1mos fekete sert\u00e9sb\u0151l k\u00e9sz\u00fclt k\u00fcl\u00f6nlegess\u00e9get, valamint \u00e9rdekes, t\u00f6bbnyire a kort\u00e1rs gasztron\u00f3mia ihlette h\u00fas\u00e9teleket k\u00f3stolhatunk meg.<\/p>\n\n<figure class=\"wp-block-image size-large\"><img loading=\"lazy\" decoding=\"async\" width=\"1024\" height=\"683\" src=\"https:\/\/visitslavoniabaranja.com\/wp-content\/uploads\/2022\/07\/5D3A8150-1-1024x683.jpg\" alt=\"\" class=\"wp-image-3170\" srcset=\"https:\/\/visitslavoniabaranja.com\/wp-content\/uploads\/2022\/07\/5D3A8150-1-1024x683.jpg 1024w, https:\/\/visitslavoniabaranja.com\/wp-content\/uploads\/2022\/07\/5D3A8150-1-440x293.jpg 440w, https:\/\/visitslavoniabaranja.com\/wp-content\/uploads\/2022\/07\/5D3A8150-1-768x512.jpg 768w, https:\/\/visitslavoniabaranja.com\/wp-content\/uploads\/2022\/07\/5D3A8150-1-1536x1024.jpg 1536w, https:\/\/visitslavoniabaranja.com\/wp-content\/uploads\/2022\/07\/5D3A8150-1-2048x1365.jpg 2048w\" sizes=\"auto, (max-width: 1024px) 100vw, 1024px\" \/><\/figure>\n\n<p>A fekete sert\u00e9s alap\u00fa \u00e9telekben kiemelkednek a m\u00e1r eml\u00edtett baranyai \u00e9ttermek, a &#8222;Baranjska ku\u0107a&#8221; \u00e9s a &#8222;Josi\u0107&#8221; is. A <em>Terra Negr\u00e1<\/em>hoz hasonl\u00f3 k\u00f6rnyezetben \u00e9s hangulatban k\u00f3stolhatja meg az esz\u00e9ki \u00e9tterm\u00e9ben \u00e9s <em>boroz\u00f3<\/em>ban, a &#8222;Lumiere&#8221;-ben, valamint a &#8222;Zimska luka&#8221;-ban, a Hotel Osijek \u00e9tterm\u00e9ben. Ha szeretn\u00e9 kipr\u00f3b\u00e1lni ezt a h\u00fask\u00e9sz\u00edtm\u00e9nyt sz\u00e1r\u00edtott form\u00e1ban, vagy ak\u00e1r az elk\u00e9sz\u00edt\u00e9s\u00e9ben is kipr\u00f3b\u00e1ln\u00e1 mag\u00e1t, mindenk\u00e9ppen l\u00e1togasson el a \u201e\u0110akova\u010dke delikatese\u201d-be, a fekete szlav\u00f3niai sert\u00e9sb\u0151l \u00e9s vadb\u00f3l k\u00e9sz\u00fclt term\u00e9kek boltj\u00e1ba. Btw, ne t\u00e9vessze meg a n\u00e9v \u2013 a sz\u00e1rmaz\u00e1s ugyan \u0111akov\u00f3i, de az \u00fczlet maga Esz\u00e9k sz\u00edv\u00e9ben tal\u00e1lhat\u00f3.<\/p>\n\n<figure class=\"wp-block-image size-large\"><img loading=\"lazy\" decoding=\"async\" width=\"1024\" height=\"683\" src=\"https:\/\/visitslavoniabaranja.com\/wp-content\/uploads\/2022\/07\/Restoran-Crna-svinja_arhiva-3-1024x683.jpg\" alt=\"\" class=\"wp-image-3173\" srcset=\"https:\/\/visitslavoniabaranja.com\/wp-content\/uploads\/2022\/07\/Restoran-Crna-svinja_arhiva-3-1024x683.jpg 1024w, https:\/\/visitslavoniabaranja.com\/wp-content\/uploads\/2022\/07\/Restoran-Crna-svinja_arhiva-3-440x293.jpg 440w, https:\/\/visitslavoniabaranja.com\/wp-content\/uploads\/2022\/07\/Restoran-Crna-svinja_arhiva-3-768x512.jpg 768w, https:\/\/visitslavoniabaranja.com\/wp-content\/uploads\/2022\/07\/Restoran-Crna-svinja_arhiva-3.jpg 1200w\" sizes=\"auto, (max-width: 1024px) 100vw, 1024px\" \/><\/figure>\n","protected":false},"excerpt":{"rendered":"<p>A feled\u00e9st\u0151l nagy neh\u00e9zs\u00e9gek \u00e1r\u00e1n megmentett szlav\u00f3niai-baranyai gasztron\u00f3mi\u00e1t ma m\u00e1r azok a j\u00f3sz\u00e1gfajt\u00e1k uralj\u00e1k, amelyek sz\u00e1z vagy m\u00e9g t\u00f6bb ideje m\u00e1r a helyi h\u00e1zt\u00e1jak v\u00e9djegyei voltak. Itt olvashat b\u0151vebben a kiv\u00e1l\u00f3 fekete szlav\u00f3niai sert\u00e9sr\u0151l, helyi nev\u00e9n &#8222;fajferic\u00e1r\u00f3l&#8221;. Az al\u00e1bbi sorokb\u00f3l megtudhatja, hol tal\u00e1lhat \u00e9s k\u00f3stolhat ebb\u0151l a j\u00f3sz\u00e1gb\u00f3l k\u00e9sz\u00fclt h\u00fask\u00e9sz\u00edtm\u00e9nyeket \u00e9s egy\u00e9b finoms\u00e1gokat. Els\u0151 helyen [&hellip;]<\/p>\n","protected":false},"featured_media":3536,"template":"","categories":[131,130,135],"tags":[354,132],"class_list":["post-4514","okusi-destinaciju","type-okusi-destinaciju","status-publish","has-post-thumbnail","hentry","category-gourmet-hu","category-okusi-destinaciju-hu","category-vasarolni-helyi","tag-fekete-szlavoniai-sertes","tag-hus"],"acf":[],"yoast_head":"<!-- This site is optimized with the Yoast SEO plugin v25.0 - https:\/\/yoast.com\/wordpress\/plugins\/seo\/ -->\n<title>High Fajf... erica - Eszek-baranya megye turisztikai kozossege<\/title>\n<meta name=\"robots\" content=\"index, follow, max-snippet:-1, max-image-preview:large, max-video-preview:-1\" \/>\n<link rel=\"canonical\" href=\"https:\/\/visitslavoniabaranja.com\/hu\/okusi-destinaciju\/high-fajf-erica\/\" \/>\n<meta property=\"og:locale\" content=\"hu_HU\" \/>\n<meta property=\"og:type\" content=\"article\" \/>\n<meta property=\"og:title\" content=\"High Fajf... erica - Eszek-baranya megye turisztikai kozossege\" \/>\n<meta property=\"og:description\" content=\"A feled\u00e9st\u0151l nagy neh\u00e9zs\u00e9gek \u00e1r\u00e1n megmentett szlav\u00f3niai-baranyai gasztron\u00f3mi\u00e1t ma m\u00e1r azok a j\u00f3sz\u00e1gfajt\u00e1k uralj\u00e1k, amelyek sz\u00e1z vagy m\u00e9g t\u00f6bb ideje m\u00e1r a helyi h\u00e1zt\u00e1jak v\u00e9djegyei voltak. Itt olvashat b\u0151vebben a kiv\u00e1l\u00f3 fekete szlav\u00f3niai sert\u00e9sr\u0151l, helyi nev\u00e9n &#8222;fajferic\u00e1r\u00f3l&#8221;. Az al\u00e1bbi sorokb\u00f3l megtudhatja, hol tal\u00e1lhat \u00e9s k\u00f3stolhat ebb\u0151l a j\u00f3sz\u00e1gb\u00f3l k\u00e9sz\u00fclt h\u00fask\u00e9sz\u00edtm\u00e9nyeket \u00e9s egy\u00e9b finoms\u00e1gokat. Els\u0151 helyen [&hellip;]\" \/>\n<meta property=\"og:url\" content=\"https:\/\/visitslavoniabaranja.com\/hu\/okusi-destinaciju\/high-fajf-erica\/\" \/>\n<meta property=\"og:site_name\" content=\"Eszek-baranya megye turisztikai kozossege\" \/>\n<meta property=\"article:modified_time\" content=\"2022-10-27T12:29:01+00:00\" \/>\n<meta property=\"og:image\" content=\"https:\/\/visitslavoniabaranja.com\/wp-content\/uploads\/2022\/07\/Bez-naslova-150-\u00d7-150-piks.-Objava-na-Facebooku-1048-\u00d7-250-piks.-1048-\u00d7-500-piks.-1000-\u00d7-500-piks.-4-9.png\" \/>\n\t<meta property=\"og:image:width\" content=\"1000\" \/>\n\t<meta property=\"og:image:height\" content=\"500\" \/>\n\t<meta property=\"og:image:type\" content=\"image\/png\" \/>\n<meta name=\"twitter:card\" content=\"summary_large_image\" \/>\n<meta name=\"twitter:label1\" content=\"Becs\u00fclt olvas\u00e1si id\u0151\" \/>\n\t<meta name=\"twitter:data1\" content=\"2 perc\" \/>\n<script type=\"application\/ld+json\" class=\"yoast-schema-graph\">{\"@context\":\"https:\/\/schema.org\",\"@graph\":[{\"@type\":\"WebPage\",\"@id\":\"https:\/\/visitslavoniabaranja.com\/hu\/okusi-destinaciju\/high-fajf-erica\/\",\"url\":\"https:\/\/visitslavoniabaranja.com\/hu\/okusi-destinaciju\/high-fajf-erica\/\",\"name\":\"High Fajf... erica - Eszek-baranya megye turisztikai kozossege\",\"isPartOf\":{\"@id\":\"https:\/\/visitslavoniabaranja.com\/#website\"},\"primaryImageOfPage\":{\"@id\":\"https:\/\/visitslavoniabaranja.com\/hu\/okusi-destinaciju\/high-fajf-erica\/#primaryimage\"},\"image\":{\"@id\":\"https:\/\/visitslavoniabaranja.com\/hu\/okusi-destinaciju\/high-fajf-erica\/#primaryimage\"},\"thumbnailUrl\":\"https:\/\/visitslavoniabaranja.com\/wp-content\/uploads\/2022\/07\/Bez-naslova-150-\u00d7-150-piks.-Objava-na-Facebooku-1048-\u00d7-250-piks.-1048-\u00d7-500-piks.-1000-\u00d7-500-piks.-4-9.png\",\"datePublished\":\"2022-07-08T08:14:56+00:00\",\"dateModified\":\"2022-10-27T12:29:01+00:00\",\"breadcrumb\":{\"@id\":\"https:\/\/visitslavoniabaranja.com\/hu\/okusi-destinaciju\/high-fajf-erica\/#breadcrumb\"},\"inLanguage\":\"hu\",\"potentialAction\":[{\"@type\":\"ReadAction\",\"target\":[\"https:\/\/visitslavoniabaranja.com\/hu\/okusi-destinaciju\/high-fajf-erica\/\"]}]},{\"@type\":\"ImageObject\",\"inLanguage\":\"hu\",\"@id\":\"https:\/\/visitslavoniabaranja.com\/hu\/okusi-destinaciju\/high-fajf-erica\/#primaryimage\",\"url\":\"https:\/\/visitslavoniabaranja.com\/wp-content\/uploads\/2022\/07\/Bez-naslova-150-\u00d7-150-piks.-Objava-na-Facebooku-1048-\u00d7-250-piks.-1048-\u00d7-500-piks.-1000-\u00d7-500-piks.-4-9.png\",\"contentUrl\":\"https:\/\/visitslavoniabaranja.com\/wp-content\/uploads\/2022\/07\/Bez-naslova-150-\u00d7-150-piks.-Objava-na-Facebooku-1048-\u00d7-250-piks.-1048-\u00d7-500-piks.-1000-\u00d7-500-piks.-4-9.png\",\"width\":1000,\"height\":500},{\"@type\":\"BreadcrumbList\",\"@id\":\"https:\/\/visitslavoniabaranja.com\/hu\/okusi-destinaciju\/high-fajf-erica\/#breadcrumb\",\"itemListElement\":[{\"@type\":\"ListItem\",\"position\":1,\"name\":\"Po\u010detna stranica\",\"item\":\"https:\/\/visitslavoniabaranja.com\/hu\/\"},{\"@type\":\"ListItem\",\"position\":2,\"name\":\"High Fajf&#8230; erica\"}]},{\"@type\":\"WebSite\",\"@id\":\"https:\/\/visitslavoniabaranja.com\/#website\",\"url\":\"https:\/\/visitslavoniabaranja.com\/\",\"name\":\"Eszek-baranya megye turisztikai kozossege\",\"description\":\"\",\"potentialAction\":[{\"@type\":\"SearchAction\",\"target\":{\"@type\":\"EntryPoint\",\"urlTemplate\":\"https:\/\/visitslavoniabaranja.com\/?s={search_term_string}\"},\"query-input\":{\"@type\":\"PropertyValueSpecification\",\"valueRequired\":true,\"valueName\":\"search_term_string\"}}],\"inLanguage\":\"hu\"}]}<\/script>\n<!-- \/ Yoast SEO plugin. -->","yoast_head_json":{"title":"High Fajf... erica - Eszek-baranya megye turisztikai kozossege","robots":{"index":"index","follow":"follow","max-snippet":"max-snippet:-1","max-image-preview":"max-image-preview:large","max-video-preview":"max-video-preview:-1"},"canonical":"https:\/\/visitslavoniabaranja.com\/hu\/okusi-destinaciju\/high-fajf-erica\/","og_locale":"hu_HU","og_type":"article","og_title":"High Fajf... erica - Eszek-baranya megye turisztikai kozossege","og_description":"A feled\u00e9st\u0151l nagy neh\u00e9zs\u00e9gek \u00e1r\u00e1n megmentett szlav\u00f3niai-baranyai gasztron\u00f3mi\u00e1t ma m\u00e1r azok a j\u00f3sz\u00e1gfajt\u00e1k uralj\u00e1k, amelyek sz\u00e1z vagy m\u00e9g t\u00f6bb ideje m\u00e1r a helyi h\u00e1zt\u00e1jak v\u00e9djegyei voltak. Itt olvashat b\u0151vebben a kiv\u00e1l\u00f3 fekete szlav\u00f3niai sert\u00e9sr\u0151l, helyi nev\u00e9n &#8222;fajferic\u00e1r\u00f3l&#8221;. Az al\u00e1bbi sorokb\u00f3l megtudhatja, hol tal\u00e1lhat \u00e9s k\u00f3stolhat ebb\u0151l a j\u00f3sz\u00e1gb\u00f3l k\u00e9sz\u00fclt h\u00fask\u00e9sz\u00edtm\u00e9nyeket \u00e9s egy\u00e9b finoms\u00e1gokat. Els\u0151 helyen [&hellip;]","og_url":"https:\/\/visitslavoniabaranja.com\/hu\/okusi-destinaciju\/high-fajf-erica\/","og_site_name":"Eszek-baranya megye turisztikai kozossege","article_modified_time":"2022-10-27T12:29:01+00:00","og_image":[{"width":1000,"height":500,"url":"https:\/\/visitslavoniabaranja.com\/wp-content\/uploads\/2022\/07\/Bez-naslova-150-\u00d7-150-piks.-Objava-na-Facebooku-1048-\u00d7-250-piks.-1048-\u00d7-500-piks.-1000-\u00d7-500-piks.-4-9.png","type":"image\/png"}],"twitter_card":"summary_large_image","twitter_misc":{"Becs\u00fclt olvas\u00e1si id\u0151":"2 perc"},"schema":{"@context":"https:\/\/schema.org","@graph":[{"@type":"WebPage","@id":"https:\/\/visitslavoniabaranja.com\/hu\/okusi-destinaciju\/high-fajf-erica\/","url":"https:\/\/visitslavoniabaranja.com\/hu\/okusi-destinaciju\/high-fajf-erica\/","name":"High Fajf... erica - Eszek-baranya megye turisztikai kozossege","isPartOf":{"@id":"https:\/\/visitslavoniabaranja.com\/#website"},"primaryImageOfPage":{"@id":"https:\/\/visitslavoniabaranja.com\/hu\/okusi-destinaciju\/high-fajf-erica\/#primaryimage"},"image":{"@id":"https:\/\/visitslavoniabaranja.com\/hu\/okusi-destinaciju\/high-fajf-erica\/#primaryimage"},"thumbnailUrl":"https:\/\/visitslavoniabaranja.com\/wp-content\/uploads\/2022\/07\/Bez-naslova-150-\u00d7-150-piks.-Objava-na-Facebooku-1048-\u00d7-250-piks.-1048-\u00d7-500-piks.-1000-\u00d7-500-piks.-4-9.png","datePublished":"2022-07-08T08:14:56+00:00","dateModified":"2022-10-27T12:29:01+00:00","breadcrumb":{"@id":"https:\/\/visitslavoniabaranja.com\/hu\/okusi-destinaciju\/high-fajf-erica\/#breadcrumb"},"inLanguage":"hu","potentialAction":[{"@type":"ReadAction","target":["https:\/\/visitslavoniabaranja.com\/hu\/okusi-destinaciju\/high-fajf-erica\/"]}]},{"@type":"ImageObject","inLanguage":"hu","@id":"https:\/\/visitslavoniabaranja.com\/hu\/okusi-destinaciju\/high-fajf-erica\/#primaryimage","url":"https:\/\/visitslavoniabaranja.com\/wp-content\/uploads\/2022\/07\/Bez-naslova-150-\u00d7-150-piks.-Objava-na-Facebooku-1048-\u00d7-250-piks.-1048-\u00d7-500-piks.-1000-\u00d7-500-piks.-4-9.png","contentUrl":"https:\/\/visitslavoniabaranja.com\/wp-content\/uploads\/2022\/07\/Bez-naslova-150-\u00d7-150-piks.-Objava-na-Facebooku-1048-\u00d7-250-piks.-1048-\u00d7-500-piks.-1000-\u00d7-500-piks.-4-9.png","width":1000,"height":500},{"@type":"BreadcrumbList","@id":"https:\/\/visitslavoniabaranja.com\/hu\/okusi-destinaciju\/high-fajf-erica\/#breadcrumb","itemListElement":[{"@type":"ListItem","position":1,"name":"Po\u010detna stranica","item":"https:\/\/visitslavoniabaranja.com\/hu\/"},{"@type":"ListItem","position":2,"name":"High Fajf&#8230; erica"}]},{"@type":"WebSite","@id":"https:\/\/visitslavoniabaranja.com\/#website","url":"https:\/\/visitslavoniabaranja.com\/","name":"Eszek-baranya megye turisztikai kozossege","description":"","potentialAction":[{"@type":"SearchAction","target":{"@type":"EntryPoint","urlTemplate":"https:\/\/visitslavoniabaranja.com\/?s={search_term_string}"},"query-input":{"@type":"PropertyValueSpecification","valueRequired":true,"valueName":"search_term_string"}}],"inLanguage":"hu"}]}},"_links":{"self":[{"href":"https:\/\/visitslavoniabaranja.com\/hu\/wp-json\/wp\/v2\/okusi-destinaciju\/4514","targetHints":{"allow":["GET"]}}],"collection":[{"href":"https:\/\/visitslavoniabaranja.com\/hu\/wp-json\/wp\/v2\/okusi-destinaciju"}],"about":[{"href":"https:\/\/visitslavoniabaranja.com\/hu\/wp-json\/wp\/v2\/types\/okusi-destinaciju"}],"wp:featuredmedia":[{"embeddable":true,"href":"https:\/\/visitslavoniabaranja.com\/hu\/wp-json\/wp\/v2\/media\/3536"}],"wp:attachment":[{"href":"https:\/\/visitslavoniabaranja.com\/hu\/wp-json\/wp\/v2\/media?parent=4514"}],"wp:term":[{"taxonomy":"category","embeddable":true,"href":"https:\/\/visitslavoniabaranja.com\/hu\/wp-json\/wp\/v2\/categories?post=4514"},{"taxonomy":"post_tag","embeddable":true,"href":"https:\/\/visitslavoniabaranja.com\/hu\/wp-json\/wp\/v2\/tags?post=4514"}],"curies":[{"name":"wp","href":"https:\/\/api.w.org\/{rel}","templated":true}]}}