
{"id":4504,"date":"2022-07-08T15:31:50","date_gmt":"2022-07-08T13:31:50","guid":{"rendered":"https:\/\/visitslavoniabaranja.com\/okusi-destinaciju\/a-bor-foldje\/"},"modified":"2022-10-25T10:03:13","modified_gmt":"2022-10-25T08:03:13","slug":"a-bor-foldje","status":"publish","type":"okusi-destinaciju","link":"https:\/\/visitslavoniabaranja.com\/hu\/okusi-destinaciju\/a-bor-foldje\/","title":{"rendered":"A bor f\u00f6ldje"},"content":{"rendered":"\n<figure class=\"wp-block-gallery has-nested-images columns-default is-cropped wp-block-gallery-1 is-layout-flex wp-block-gallery-is-layout-flex\">\n<figure class=\"wp-block-image size-large\"><img loading=\"lazy\" decoding=\"async\" width=\"1024\" height=\"678\" data-id=\"3335\" src=\"https:\/\/visitslavoniabaranja.com\/wp-content\/uploads\/2022\/07\/Nenad-Milic-18-min-1-1024x678.jpg\" alt=\"\" class=\"wp-image-3335\" srcset=\"https:\/\/visitslavoniabaranja.com\/wp-content\/uploads\/2022\/07\/Nenad-Milic-18-min-1-1024x678.jpg 1024w, https:\/\/visitslavoniabaranja.com\/wp-content\/uploads\/2022\/07\/Nenad-Milic-18-min-1-440x291.jpg 440w, https:\/\/visitslavoniabaranja.com\/wp-content\/uploads\/2022\/07\/Nenad-Milic-18-min-1-768x509.jpg 768w, https:\/\/visitslavoniabaranja.com\/wp-content\/uploads\/2022\/07\/Nenad-Milic-18-min-1-1536x1017.jpg 1536w, https:\/\/visitslavoniabaranja.com\/wp-content\/uploads\/2022\/07\/Nenad-Milic-18-min-1-2048x1357.jpg 2048w\" sizes=\"auto, (max-width: 1024px) 100vw, 1024px\" \/><\/figure>\n<\/figure>\n\n<p>B\u00e1r Szlav\u00f3nia \u00e9s Baranya f\u0151bb kultur\u00e1lis jellemz\u0151it sz\u00e1mba v\u00e9ve sokan eml\u00edtik a tambur\u00e1t, a b\u00fazat\u00e1bl\u00e1kat, a kulent \u00e9s a szalonn\u00e1t, de t\u00f6rt\u00e9nelmileg tekintve korban kiemelkedik egy, ami fel\u00fclm\u00falja ezeket. Ha nem vessz\u00fck figyelembe a szlav\u00f3niai erd\u0151ket, a sz\u0151l\u0151\u00fcltetv\u00e9nyek sz\u00e1m\u00edtanak t\u00e9rs\u00e9g\u00fcnk legr\u00e9gebbi \u00e9s legmaradand\u00f3bb (agr\u00e1r)kult\u00far\u00e1j\u00e1nak. Ezen a ter\u00fcleten a 3. sz\u00e1zad v\u00e9ge \u00e9s a r\u00f3mai id\u0151k \u00f3ta termesztenek sz\u0151l\u0151t. Az \u00e9vsz\u00e1zadok sor\u00e1n belesz\u00f6v\u0151d\u00f6tt nemcsak a termel\u00e9si hagyom\u00e1nyba, hanem a ter\u00fcletbe, a nyelvbe, a szok\u00e1sokba, \u00e9s \u00edgy term\u00e9szetesen az emberekbe is.<\/p>\n\n<p>Mindezek jellemzik a n\u00e9gy f\u0151 szlav\u00f3niai-baranyai pinc\u00e9szet megjelen\u00e9s\u00e9t \u00e9s hangulat\u00e1t, valamint az \u0151ket k\u00f6r\u00fclvev\u0151 sz\u0151l\u0151\u00fcltetv\u00e9nyeket. Sorrendben, illetve nyugatr\u00f3l keletre haladva ezek a megy\u00e9nkben tal\u00e1lhat\u00f3 feri\u010danci borvid\u00e9k, a \u0111akov\u00f3i borvid\u00e9k, a baranyai \u00e9s az erd\u0151di borvid\u00e9kek. T\u00f6rt\u00e9net\u00fck k\u00e9tsz\u00e1zt\u00f3l t\u00f6bb mint f\u00e9l \u00e9vezredes m\u00faltra ny\u00falik vissza, \u00edgy nem csak a kiv\u00e1l\u00f3 min\u0151s\u00e9g\u0171 ned\u0171, hanem \u00e9rt\u00e9kes tud\u00e1s, felejthetetlen t\u00f6rt\u00e9netek, valamint minden tisztess\u00e9ges Instagram-profilhoz kiv\u00e9teles pillanatk\u00e9pek kimer\u00edthetetlen forr\u00e1sak\u00e9nt is szolg\u00e1lnak.<\/p>\n\n<p>Miel\u0151tt \u00fatnak indulna, fedezzen fel <a href=\"https:\/\/visitslavoniabaranja.com\/okusi-destinaciju\/najbolje-vinarije\/\">itt<\/a> n\u00e9h\u00e1ny borral kapcsolatos \u00e9rdekess\u00e9get.<\/p>\n\n<figure class=\"wp-block-gallery has-nested-images columns-default is-cropped wp-block-gallery-2 is-layout-flex wp-block-gallery-is-layout-flex\">\n<figure class=\"wp-block-image size-large\"><img loading=\"lazy\" decoding=\"async\" width=\"1024\" height=\"683\" data-id=\"3332\" src=\"https:\/\/visitslavoniabaranja.com\/wp-content\/uploads\/2022\/07\/Zmajevac-wineyards-min-1-1024x683.jpg\" alt=\"\" class=\"wp-image-3332\" srcset=\"https:\/\/visitslavoniabaranja.com\/wp-content\/uploads\/2022\/07\/Zmajevac-wineyards-min-1-1024x683.jpg 1024w, https:\/\/visitslavoniabaranja.com\/wp-content\/uploads\/2022\/07\/Zmajevac-wineyards-min-1-440x293.jpg 440w, https:\/\/visitslavoniabaranja.com\/wp-content\/uploads\/2022\/07\/Zmajevac-wineyards-min-1-768x512.jpg 768w, https:\/\/visitslavoniabaranja.com\/wp-content\/uploads\/2022\/07\/Zmajevac-wineyards-min-1-1536x1024.jpg 1536w, https:\/\/visitslavoniabaranja.com\/wp-content\/uploads\/2022\/07\/Zmajevac-wineyards-min-1-2048x1365.jpg 2048w\" sizes=\"auto, (max-width: 1024px) 100vw, 1024px\" \/><\/figure>\n<\/figure>\n","protected":false},"excerpt":{"rendered":"<p>B\u00e1r Szlav\u00f3nia \u00e9s Baranya f\u0151bb kultur\u00e1lis jellemz\u0151it sz\u00e1mba v\u00e9ve sokan eml\u00edtik a tambur\u00e1t, a b\u00fazat\u00e1bl\u00e1kat, a kulent \u00e9s a szalonn\u00e1t, de t\u00f6rt\u00e9nelmileg tekintve korban kiemelkedik egy, ami fel\u00fclm\u00falja ezeket. Ha nem vessz\u00fck figyelembe a szlav\u00f3niai erd\u0151ket, a sz\u0151l\u0151\u00fcltetv\u00e9nyek sz\u00e1m\u00edtanak t\u00e9rs\u00e9g\u00fcnk legr\u00e9gebbi \u00e9s legmaradand\u00f3bb (agr\u00e1r)kult\u00far\u00e1j\u00e1nak. Ezen a ter\u00fcleten a 3. sz\u00e1zad v\u00e9ge \u00e9s a r\u00f3mai id\u0151k [&hellip;]<\/p>\n","protected":false},"featured_media":3325,"template":"","categories":[138,130],"tags":[144,350],"class_list":["post-4504","okusi-destinaciju","type-okusi-destinaciju","status-publish","has-post-thumbnail","hentry","category-italok","category-okusi-destinaciju-hu","tag-bor","tag-olaszrizling"],"acf":[],"yoast_head":"<!-- This site is optimized with the Yoast SEO plugin v25.0 - https:\/\/yoast.com\/wordpress\/plugins\/seo\/ -->\n<title>A bor f\u00f6ldje - Eszek-baranya megye turisztikai kozossege<\/title>\n<meta name=\"robots\" content=\"index, follow, max-snippet:-1, max-image-preview:large, max-video-preview:-1\" \/>\n<link rel=\"canonical\" href=\"https:\/\/visitslavoniabaranja.com\/hu\/okusi-destinaciju\/a-bor-foldje\/\" \/>\n<meta property=\"og:locale\" content=\"hu_HU\" \/>\n<meta property=\"og:type\" content=\"article\" \/>\n<meta property=\"og:title\" content=\"A bor f\u00f6ldje - Eszek-baranya megye turisztikai kozossege\" \/>\n<meta property=\"og:description\" content=\"B\u00e1r Szlav\u00f3nia \u00e9s Baranya f\u0151bb kultur\u00e1lis jellemz\u0151it sz\u00e1mba v\u00e9ve sokan eml\u00edtik a tambur\u00e1t, a b\u00fazat\u00e1bl\u00e1kat, a kulent \u00e9s a szalonn\u00e1t, de t\u00f6rt\u00e9nelmileg tekintve korban kiemelkedik egy, ami fel\u00fclm\u00falja ezeket. Ha nem vessz\u00fck figyelembe a szlav\u00f3niai erd\u0151ket, a sz\u0151l\u0151\u00fcltetv\u00e9nyek sz\u00e1m\u00edtanak t\u00e9rs\u00e9g\u00fcnk legr\u00e9gebbi \u00e9s legmaradand\u00f3bb (agr\u00e1r)kult\u00far\u00e1j\u00e1nak. Ezen a ter\u00fcleten a 3. sz\u00e1zad v\u00e9ge \u00e9s a r\u00f3mai id\u0151k [&hellip;]\" \/>\n<meta property=\"og:url\" content=\"https:\/\/visitslavoniabaranja.com\/hu\/okusi-destinaciju\/a-bor-foldje\/\" \/>\n<meta property=\"og:site_name\" content=\"Eszek-baranya megye turisztikai kozossege\" \/>\n<meta property=\"article:modified_time\" content=\"2022-10-25T08:03:13+00:00\" \/>\n<meta property=\"og:image\" content=\"https:\/\/visitslavoniabaranja.com\/wp-content\/uploads\/2022\/07\/Zmajevac-Denis-Despot-min.jpg\" \/>\n\t<meta property=\"og:image:width\" content=\"1280\" \/>\n\t<meta property=\"og:image:height\" content=\"853\" \/>\n\t<meta property=\"og:image:type\" content=\"image\/jpeg\" \/>\n<meta name=\"twitter:card\" content=\"summary_large_image\" \/>\n<meta name=\"twitter:label1\" content=\"Becs\u00fclt olvas\u00e1si id\u0151\" \/>\n\t<meta name=\"twitter:data1\" content=\"1 perc\" \/>\n<script type=\"application\/ld+json\" class=\"yoast-schema-graph\">{\"@context\":\"https:\/\/schema.org\",\"@graph\":[{\"@type\":\"WebPage\",\"@id\":\"https:\/\/visitslavoniabaranja.com\/hu\/okusi-destinaciju\/a-bor-foldje\/\",\"url\":\"https:\/\/visitslavoniabaranja.com\/hu\/okusi-destinaciju\/a-bor-foldje\/\",\"name\":\"A bor f\u00f6ldje - Eszek-baranya megye turisztikai kozossege\",\"isPartOf\":{\"@id\":\"https:\/\/visitslavoniabaranja.com\/#website\"},\"primaryImageOfPage\":{\"@id\":\"https:\/\/visitslavoniabaranja.com\/hu\/okusi-destinaciju\/a-bor-foldje\/#primaryimage\"},\"image\":{\"@id\":\"https:\/\/visitslavoniabaranja.com\/hu\/okusi-destinaciju\/a-bor-foldje\/#primaryimage\"},\"thumbnailUrl\":\"https:\/\/visitslavoniabaranja.com\/wp-content\/uploads\/2022\/07\/Zmajevac-Denis-Despot-min.jpg\",\"datePublished\":\"2022-07-08T13:31:50+00:00\",\"dateModified\":\"2022-10-25T08:03:13+00:00\",\"breadcrumb\":{\"@id\":\"https:\/\/visitslavoniabaranja.com\/hu\/okusi-destinaciju\/a-bor-foldje\/#breadcrumb\"},\"inLanguage\":\"hu\",\"potentialAction\":[{\"@type\":\"ReadAction\",\"target\":[\"https:\/\/visitslavoniabaranja.com\/hu\/okusi-destinaciju\/a-bor-foldje\/\"]}]},{\"@type\":\"ImageObject\",\"inLanguage\":\"hu\",\"@id\":\"https:\/\/visitslavoniabaranja.com\/hu\/okusi-destinaciju\/a-bor-foldje\/#primaryimage\",\"url\":\"https:\/\/visitslavoniabaranja.com\/wp-content\/uploads\/2022\/07\/Zmajevac-Denis-Despot-min.jpg\",\"contentUrl\":\"https:\/\/visitslavoniabaranja.com\/wp-content\/uploads\/2022\/07\/Zmajevac-Denis-Despot-min.jpg\",\"width\":1280,\"height\":853},{\"@type\":\"BreadcrumbList\",\"@id\":\"https:\/\/visitslavoniabaranja.com\/hu\/okusi-destinaciju\/a-bor-foldje\/#breadcrumb\",\"itemListElement\":[{\"@type\":\"ListItem\",\"position\":1,\"name\":\"Po\u010detna stranica\",\"item\":\"https:\/\/visitslavoniabaranja.com\/hu\/\"},{\"@type\":\"ListItem\",\"position\":2,\"name\":\"A bor f\u00f6ldje\"}]},{\"@type\":\"WebSite\",\"@id\":\"https:\/\/visitslavoniabaranja.com\/#website\",\"url\":\"https:\/\/visitslavoniabaranja.com\/\",\"name\":\"Eszek-baranya megye turisztikai kozossege\",\"description\":\"\",\"potentialAction\":[{\"@type\":\"SearchAction\",\"target\":{\"@type\":\"EntryPoint\",\"urlTemplate\":\"https:\/\/visitslavoniabaranja.com\/?s={search_term_string}\"},\"query-input\":{\"@type\":\"PropertyValueSpecification\",\"valueRequired\":true,\"valueName\":\"search_term_string\"}}],\"inLanguage\":\"hu\"}]}<\/script>\n<!-- \/ Yoast SEO plugin. -->","yoast_head_json":{"title":"A bor f\u00f6ldje - Eszek-baranya megye turisztikai kozossege","robots":{"index":"index","follow":"follow","max-snippet":"max-snippet:-1","max-image-preview":"max-image-preview:large","max-video-preview":"max-video-preview:-1"},"canonical":"https:\/\/visitslavoniabaranja.com\/hu\/okusi-destinaciju\/a-bor-foldje\/","og_locale":"hu_HU","og_type":"article","og_title":"A bor f\u00f6ldje - Eszek-baranya megye turisztikai kozossege","og_description":"B\u00e1r Szlav\u00f3nia \u00e9s Baranya f\u0151bb kultur\u00e1lis jellemz\u0151it sz\u00e1mba v\u00e9ve sokan eml\u00edtik a tambur\u00e1t, a b\u00fazat\u00e1bl\u00e1kat, a kulent \u00e9s a szalonn\u00e1t, de t\u00f6rt\u00e9nelmileg tekintve korban kiemelkedik egy, ami fel\u00fclm\u00falja ezeket. Ha nem vessz\u00fck figyelembe a szlav\u00f3niai erd\u0151ket, a sz\u0151l\u0151\u00fcltetv\u00e9nyek sz\u00e1m\u00edtanak t\u00e9rs\u00e9g\u00fcnk legr\u00e9gebbi \u00e9s legmaradand\u00f3bb (agr\u00e1r)kult\u00far\u00e1j\u00e1nak. Ezen a ter\u00fcleten a 3. sz\u00e1zad v\u00e9ge \u00e9s a r\u00f3mai id\u0151k [&hellip;]","og_url":"https:\/\/visitslavoniabaranja.com\/hu\/okusi-destinaciju\/a-bor-foldje\/","og_site_name":"Eszek-baranya megye turisztikai kozossege","article_modified_time":"2022-10-25T08:03:13+00:00","og_image":[{"width":1280,"height":853,"url":"https:\/\/visitslavoniabaranja.com\/wp-content\/uploads\/2022\/07\/Zmajevac-Denis-Despot-min.jpg","type":"image\/jpeg"}],"twitter_card":"summary_large_image","twitter_misc":{"Becs\u00fclt olvas\u00e1si id\u0151":"1 perc"},"schema":{"@context":"https:\/\/schema.org","@graph":[{"@type":"WebPage","@id":"https:\/\/visitslavoniabaranja.com\/hu\/okusi-destinaciju\/a-bor-foldje\/","url":"https:\/\/visitslavoniabaranja.com\/hu\/okusi-destinaciju\/a-bor-foldje\/","name":"A bor f\u00f6ldje - Eszek-baranya megye turisztikai kozossege","isPartOf":{"@id":"https:\/\/visitslavoniabaranja.com\/#website"},"primaryImageOfPage":{"@id":"https:\/\/visitslavoniabaranja.com\/hu\/okusi-destinaciju\/a-bor-foldje\/#primaryimage"},"image":{"@id":"https:\/\/visitslavoniabaranja.com\/hu\/okusi-destinaciju\/a-bor-foldje\/#primaryimage"},"thumbnailUrl":"https:\/\/visitslavoniabaranja.com\/wp-content\/uploads\/2022\/07\/Zmajevac-Denis-Despot-min.jpg","datePublished":"2022-07-08T13:31:50+00:00","dateModified":"2022-10-25T08:03:13+00:00","breadcrumb":{"@id":"https:\/\/visitslavoniabaranja.com\/hu\/okusi-destinaciju\/a-bor-foldje\/#breadcrumb"},"inLanguage":"hu","potentialAction":[{"@type":"ReadAction","target":["https:\/\/visitslavoniabaranja.com\/hu\/okusi-destinaciju\/a-bor-foldje\/"]}]},{"@type":"ImageObject","inLanguage":"hu","@id":"https:\/\/visitslavoniabaranja.com\/hu\/okusi-destinaciju\/a-bor-foldje\/#primaryimage","url":"https:\/\/visitslavoniabaranja.com\/wp-content\/uploads\/2022\/07\/Zmajevac-Denis-Despot-min.jpg","contentUrl":"https:\/\/visitslavoniabaranja.com\/wp-content\/uploads\/2022\/07\/Zmajevac-Denis-Despot-min.jpg","width":1280,"height":853},{"@type":"BreadcrumbList","@id":"https:\/\/visitslavoniabaranja.com\/hu\/okusi-destinaciju\/a-bor-foldje\/#breadcrumb","itemListElement":[{"@type":"ListItem","position":1,"name":"Po\u010detna stranica","item":"https:\/\/visitslavoniabaranja.com\/hu\/"},{"@type":"ListItem","position":2,"name":"A bor f\u00f6ldje"}]},{"@type":"WebSite","@id":"https:\/\/visitslavoniabaranja.com\/#website","url":"https:\/\/visitslavoniabaranja.com\/","name":"Eszek-baranya megye turisztikai kozossege","description":"","potentialAction":[{"@type":"SearchAction","target":{"@type":"EntryPoint","urlTemplate":"https:\/\/visitslavoniabaranja.com\/?s={search_term_string}"},"query-input":{"@type":"PropertyValueSpecification","valueRequired":true,"valueName":"search_term_string"}}],"inLanguage":"hu"}]}},"_links":{"self":[{"href":"https:\/\/visitslavoniabaranja.com\/hu\/wp-json\/wp\/v2\/okusi-destinaciju\/4504","targetHints":{"allow":["GET"]}}],"collection":[{"href":"https:\/\/visitslavoniabaranja.com\/hu\/wp-json\/wp\/v2\/okusi-destinaciju"}],"about":[{"href":"https:\/\/visitslavoniabaranja.com\/hu\/wp-json\/wp\/v2\/types\/okusi-destinaciju"}],"wp:featuredmedia":[{"embeddable":true,"href":"https:\/\/visitslavoniabaranja.com\/hu\/wp-json\/wp\/v2\/media\/3325"}],"wp:attachment":[{"href":"https:\/\/visitslavoniabaranja.com\/hu\/wp-json\/wp\/v2\/media?parent=4504"}],"wp:term":[{"taxonomy":"category","embeddable":true,"href":"https:\/\/visitslavoniabaranja.com\/hu\/wp-json\/wp\/v2\/categories?post=4504"},{"taxonomy":"post_tag","embeddable":true,"href":"https:\/\/visitslavoniabaranja.com\/hu\/wp-json\/wp\/v2\/tags?post=4504"}],"curies":[{"name":"wp","href":"https:\/\/api.w.org\/{rel}","templated":true}]}}