
{"id":8909,"date":"2026-01-27T12:34:09","date_gmt":"2026-01-27T11:34:09","guid":{"rendered":"https:\/\/visitslavoniabaranja.com\/event\/fasange-2024\/"},"modified":"2024-02-14T00:18:19","modified_gmt":"2024-02-13T23:18:19","slug":"fasange-2024","status":"expired","type":"event_listing","link":"https:\/\/visitslavoniabaranja.com\/hu\/event\/fasange-2024\/","title":{"rendered":"\u201eFa\u0161ange\u201d Farsangi Fesztiv\u00e1l Barany\u00e1ban"},"content":{"rendered":"<p>Najve\u0107e pokladno doga\u0111anje u Baranji i ove godine \u0107e okupiti baranjske\u00a0<em>lipe i stra\u0161ne\u00a0<\/em>bu\u0161e i gajda\u0161e.<\/p>\n<p>Program po\u010dinje 9. velja\u010de s otvaraju\u0107om konferencijom i panel diskusijom o polo\u017eaju gajdi i gajda\u0161a u Europi i Hrvatskoj u Muzeju Slavonije u Osijeku. Istoga dana me\u0111unarodna koalicija gajda\u0161a izvesti \u0107e gala koncertni program u crkvi svetih Petra i Pavla u Topolju i po\u010dastiti posjetitelje, uz ostalo, zvukovima hrvatskih, ma\u0111arskih, bugarskih, francuskih, \u0161kotskih i makedonskih gajdi.<\/p>\n<p>Vrhunac pokladnog programa je 10. velja\u010de kada baranjske bu\u0161e kre\u0107u u svoju povorku da istjeraju zimu i dozovu prolje\u0107e. Povorka kre\u0107e sa Trga Stipe \u0110urina u Dra\u017eu i kre\u0107e se ulicama Dra\u017ea i Gaji\u0107a. U Gaji\u0107u bu\u0161e i gajda\u0161i posje\u0107uju ku\u0107u pokojnoga baranjskog gajda\u0161a Marka Drventi\u0107a nakon \u010dega \u0107e bu\u0161e\u00a0<em>zapaljit ulice<\/em>.<\/p>\n<p>Istoga dana u ve\u010dernjim satima gajda\u0161i \u0107e odr\u017eati drugi koncertni program u Etnografskom muzeju u Moha\u010du (Ma\u0111arska), dok u Dubo\u0161evici po\u010dinje najlu\u0111i maskenbal ovih poklada uz Aura band.<\/p>\n<p>11. 2. \u0107emo se oprostiti od gajda\u0161a, a ve\u0107 sljede\u0107eg dana 12. velja\u010de bu\u0161e nastavljaju svoju ludu potjeru kako bi istjerali zimu i to u Topolju.<\/p>\n<p>13. velja\u010de dok bu\u0161e jo\u0161 uvijek budu zauzete u Topolju u Dra\u017eu i Gaji\u0107u kre\u0107e pokladna povorka jaha\u010da i zaprega. Program<em> Fa\u0161anga 2024.\u00a0<\/em>zavr\u0161ava uz paljenje ulica u Dra\u017eu na Trgu Stipe \u0110urina uz glazbu i grah za sve okupljene.<\/p>\n\n\n<figure class=\"wp-block-image size-large\"><img loading=\"lazy\" decoding=\"async\" width=\"1024\" height=\"724\" src=\"https:\/\/visitslavoniabaranja.com\/wp-content\/uploads\/event-manager-uploads\/event_banner\/2024\/01\/FASANGE-detaljni-program-copy-1024x724.jpg\" alt=\"\" class=\"wp-image-8894\" srcset=\"https:\/\/visitslavoniabaranja.com\/wp-content\/uploads\/event-manager-uploads\/event_banner\/2024\/01\/FASANGE-detaljni-program-copy-1024x724.jpg 1024w, https:\/\/visitslavoniabaranja.com\/wp-content\/uploads\/event-manager-uploads\/event_banner\/2024\/01\/FASANGE-detaljni-program-copy-440x311.jpg 440w, https:\/\/visitslavoniabaranja.com\/wp-content\/uploads\/event-manager-uploads\/event_banner\/2024\/01\/FASANGE-detaljni-program-copy-768x543.jpg 768w, https:\/\/visitslavoniabaranja.com\/wp-content\/uploads\/event-manager-uploads\/event_banner\/2024\/01\/FASANGE-detaljni-program-copy-1536x1086.jpg 1536w, https:\/\/visitslavoniabaranja.com\/wp-content\/uploads\/event-manager-uploads\/event_banner\/2024\/01\/FASANGE-detaljni-program-copy-2048x1448.jpg 2048w\" sizes=\"auto, (max-width: 1024px) 100vw, 1024px\" \/><\/figure>\n\n\n\n<p><strong><em>\u00c9rdekess\u00e9gek a \u201eBus\u00f3\u201d maszkokr\u00f3l<\/em><\/strong><\/p>\n\n\n\n<p><em>A Bus\u00f3 a horv\u00e1t \u00e9szak-adriai Zvon\u010darihoz (harangoz\u00f3khoz) hasonl\u00f3 hagyom\u00e1nyos \u201eborzalmas\u201d maszkok, az alpesi r\u00e9gi\u00f3kban pedig a Krampus maszkjai, amelyekt\u0151l nem igaz\u00e1n kell f\u00e9lni, mert egyetlen, \u00e9vsz\u00e1zados, feladat\u201d a t\u00e9li gonosz szellemek el\u0171z\u00e9se \u00e9s a h\u0151n \u00e1h\u00edtott tavasz megid\u00e9z\u00e9se! A Bu\u0161e a karnev\u00e1l idej\u00e9n Barany\u00e1ban is l\u00e1that\u00f3, helyi nev\u00e9n Fa\u0161ange, Magyarorsz\u00e1gon pedig az UNESCO szellemi \u00f6r\u00f6ks\u00e9gk\u00e9nt v\u00e9di \u0151ket. A 16. \u00e9s 17. sz\u00e1zadi magyar \u00e9s horv\u00e1t Duna-vid\u00e9k oszm\u00e1n h\u00f3d\u00edt\u00e1sai sor\u00e1n \u00fagy tartj\u00e1k, hogy a maszkos bu\u0161\u00e1rok sikeresen megf\u00e9leml\u00edtett\u00e9k \u00e9s menek\u00fcl\u00e9sre k\u00e9nyszer\u00edtett\u00e9k a t\u00f6r\u00f6k csapatokat, felszabad\u00edtva ezzel Barany\u00e1t.<\/em><\/p>\n\n\n\n<figure class=\"wp-block-image size-large\"><img loading=\"lazy\" decoding=\"async\" width=\"1024\" height=\"684\" src=\"https:\/\/visitslavoniabaranja.com\/wp-content\/uploads\/event-manager-uploads\/event_banner\/2023\/02\/Busari-3-Nenad-Milic-TZOBZ-web-1024x684.jpg\" alt=\"\" class=\"wp-image-6331\" srcset=\"https:\/\/visitslavoniabaranja.com\/wp-content\/uploads\/event-manager-uploads\/event_banner\/2023\/02\/Busari-3-Nenad-Milic-TZOBZ-web-1024x684.jpg 1024w, https:\/\/visitslavoniabaranja.com\/wp-content\/uploads\/event-manager-uploads\/event_banner\/2023\/02\/Busari-3-Nenad-Milic-TZOBZ-web-440x294.jpg 440w, https:\/\/visitslavoniabaranja.com\/wp-content\/uploads\/event-manager-uploads\/event_banner\/2023\/02\/Busari-3-Nenad-Milic-TZOBZ-web-768x513.jpg 768w, https:\/\/visitslavoniabaranja.com\/wp-content\/uploads\/event-manager-uploads\/event_banner\/2023\/02\/Busari-3-Nenad-Milic-TZOBZ-web-1536x1025.jpg 1536w, https:\/\/visitslavoniabaranja.com\/wp-content\/uploads\/event-manager-uploads\/event_banner\/2023\/02\/Busari-3-Nenad-Milic-TZOBZ-web.jpg 2000w\" sizes=\"auto, (max-width: 1024px) 100vw, 1024px\" \/><\/figure>\n\n\n\n<figure class=\"wp-block-embed is-type-video is-provider-youtube wp-block-embed-youtube wp-embed-aspect-16-9 wp-has-aspect-ratio\"><div class=\"wp-block-embed__wrapper\">\n<iframe loading=\"lazy\" title=\"Baranjske bu\u0161e\" width=\"500\" height=\"281\" src=\"https:\/\/www.youtube.com\/embed\/pTumy2A3td4?start=1&#038;feature=oembed\" frameborder=\"0\" allow=\"accelerometer; autoplay; clipboard-write; encrypted-media; gyroscope; picture-in-picture; web-share\" referrerpolicy=\"strict-origin-when-cross-origin\" allowfullscreen><\/iframe>\n<\/div><\/figure>\n","protected":false},"featured_media":17993,"template":"","meta":[],"event_listing_category":[162,168,163],"event_listing_type":[],"class_list":["post-8909","event_listing","type-event_listing","status-expired","has-post-thumbnail","hentry","event_listing_category-fesztival","event_listing_category-hagyomany","event_listing_category-zene"],"acf":[],"yoast_head":"<!-- This site is optimized with the Yoast SEO plugin v25.0 - https:\/\/yoast.com\/wordpress\/plugins\/seo\/ -->\n<title>\u201eFa\u0161ange\u201d Farsangi Fesztiv\u00e1l Barany\u00e1ban - Eszek-baranya megye turisztikai kozossege<\/title>\n<meta name=\"robots\" content=\"index, follow, max-snippet:-1, max-image-preview:large, max-video-preview:-1\" \/>\n<link rel=\"canonical\" href=\"https:\/\/visitslavoniabaranja.com\/hu\/event\/fasange-2024\/\" \/>\n<meta property=\"og:locale\" content=\"hu_HU\" \/>\n<meta property=\"og:type\" content=\"article\" \/>\n<meta property=\"og:title\" content=\"\u201eFa\u0161ange\u201d Farsangi Fesztiv\u00e1l Barany\u00e1ban - Eszek-baranya megye turisztikai kozossege\" \/>\n<meta property=\"og:description\" content=\"Najve\u0107e pokladno doga\u0111anje u Baranji i ove godine \u0107e okupiti baranjske\u00a0lipe i stra\u0161ne\u00a0bu\u0161e i gajda\u0161e. Program po\u010dinje 9. velja\u010de s otvaraju\u0107om konferencijom i panel diskusijom o polo\u017eaju gajdi i gajda\u0161a u Europi i Hrvatskoj u Muzeju Slavonije u Osijeku. Istoga dana me\u0111unarodna koalicija gajda\u0161a izvesti \u0107e gala koncertni program u crkvi svetih Petra i Pavla [&hellip;]\" \/>\n<meta property=\"og:url\" content=\"https:\/\/visitslavoniabaranja.com\/hu\/event\/fasange-2024\/\" \/>\n<meta property=\"og:site_name\" content=\"Eszek-baranya megye turisztikai kozossege\" \/>\n<meta property=\"og:image\" content=\"https:\/\/visitslavoniabaranja.com\/wp-content\/uploads\/2023\/02\/Buse-Fasange-2025.jpg\" \/>\n\t<meta property=\"og:image:width\" content=\"1920\" \/>\n\t<meta property=\"og:image:height\" content=\"1005\" \/>\n\t<meta property=\"og:image:type\" content=\"image\/jpeg\" \/>\n<meta name=\"twitter:card\" content=\"summary_large_image\" \/>\n<meta name=\"twitter:label1\" content=\"Becs\u00fclt olvas\u00e1si id\u0151\" \/>\n\t<meta name=\"twitter:data1\" content=\"2 perc\" \/>\n<script type=\"application\/ld+json\" class=\"yoast-schema-graph\">{\"@context\":\"https:\/\/schema.org\",\"@graph\":[{\"@type\":\"WebPage\",\"@id\":\"https:\/\/visitslavoniabaranja.com\/hu\/event\/fasange-2024\/\",\"url\":\"https:\/\/visitslavoniabaranja.com\/hu\/event\/fasange-2024\/\",\"name\":\"\u201eFa\u0161ange\u201d Farsangi Fesztiv\u00e1l Barany\u00e1ban - Eszek-baranya megye turisztikai kozossege\",\"isPartOf\":{\"@id\":\"https:\/\/visitslavoniabaranja.com\/#website\"},\"primaryImageOfPage\":{\"@id\":\"https:\/\/visitslavoniabaranja.com\/hu\/event\/fasange-2024\/#primaryimage\"},\"image\":{\"@id\":\"https:\/\/visitslavoniabaranja.com\/hu\/event\/fasange-2024\/#primaryimage\"},\"thumbnailUrl\":\"https:\/\/visitslavoniabaranja.com\/wp-content\/uploads\/2024\/01\/Fasange-Buse-Draz.jpg\",\"datePublished\":\"2026-01-27T11:34:09+00:00\",\"breadcrumb\":{\"@id\":\"https:\/\/visitslavoniabaranja.com\/hu\/event\/fasange-2024\/#breadcrumb\"},\"inLanguage\":\"hu\",\"potentialAction\":[{\"@type\":\"ReadAction\",\"target\":[\"https:\/\/visitslavoniabaranja.com\/hu\/event\/fasange-2024\/\"]}]},{\"@type\":\"ImageObject\",\"inLanguage\":\"hu\",\"@id\":\"https:\/\/visitslavoniabaranja.com\/hu\/event\/fasange-2024\/#primaryimage\",\"url\":\"https:\/\/visitslavoniabaranja.com\/wp-content\/uploads\/2024\/01\/Fasange-Buse-Draz.jpg\",\"contentUrl\":\"https:\/\/visitslavoniabaranja.com\/wp-content\/uploads\/2024\/01\/Fasange-Buse-Draz.jpg\",\"width\":826,\"height\":681},{\"@type\":\"BreadcrumbList\",\"@id\":\"https:\/\/visitslavoniabaranja.com\/hu\/event\/fasange-2024\/#breadcrumb\",\"itemListElement\":[{\"@type\":\"ListItem\",\"position\":1,\"name\":\"Po\u010detna stranica\",\"item\":\"https:\/\/visitslavoniabaranja.com\/hu\/\"},{\"@type\":\"ListItem\",\"position\":2,\"name\":\"\u201eFa\u0161ange\u201d Farsangi Fesztiv\u00e1l Barany\u00e1ban\"}]},{\"@type\":\"WebSite\",\"@id\":\"https:\/\/visitslavoniabaranja.com\/#website\",\"url\":\"https:\/\/visitslavoniabaranja.com\/\",\"name\":\"Eszek-baranya megye turisztikai kozossege\",\"description\":\"\",\"potentialAction\":[{\"@type\":\"SearchAction\",\"target\":{\"@type\":\"EntryPoint\",\"urlTemplate\":\"https:\/\/visitslavoniabaranja.com\/?s={search_term_string}\"},\"query-input\":{\"@type\":\"PropertyValueSpecification\",\"valueRequired\":true,\"valueName\":\"search_term_string\"}}],\"inLanguage\":\"hu\"}]}<\/script>\n<!-- \/ Yoast SEO plugin. -->","yoast_head_json":{"title":"\u201eFa\u0161ange\u201d Farsangi Fesztiv\u00e1l Barany\u00e1ban - Eszek-baranya megye turisztikai kozossege","robots":{"index":"index","follow":"follow","max-snippet":"max-snippet:-1","max-image-preview":"max-image-preview:large","max-video-preview":"max-video-preview:-1"},"canonical":"https:\/\/visitslavoniabaranja.com\/hu\/event\/fasange-2024\/","og_locale":"hu_HU","og_type":"article","og_title":"\u201eFa\u0161ange\u201d Farsangi Fesztiv\u00e1l Barany\u00e1ban - Eszek-baranya megye turisztikai kozossege","og_description":"Najve\u0107e pokladno doga\u0111anje u Baranji i ove godine \u0107e okupiti baranjske\u00a0lipe i stra\u0161ne\u00a0bu\u0161e i gajda\u0161e. Program po\u010dinje 9. velja\u010de s otvaraju\u0107om konferencijom i panel diskusijom o polo\u017eaju gajdi i gajda\u0161a u Europi i Hrvatskoj u Muzeju Slavonije u Osijeku. Istoga dana me\u0111unarodna koalicija gajda\u0161a izvesti \u0107e gala koncertni program u crkvi svetih Petra i Pavla [&hellip;]","og_url":"https:\/\/visitslavoniabaranja.com\/hu\/event\/fasange-2024\/","og_site_name":"Eszek-baranya megye turisztikai kozossege","og_image":[{"width":1920,"height":1005,"url":"https:\/\/visitslavoniabaranja.com\/wp-content\/uploads\/2023\/02\/Buse-Fasange-2025.jpg","type":"image\/jpeg"}],"twitter_card":"summary_large_image","twitter_misc":{"Becs\u00fclt olvas\u00e1si id\u0151":"2 perc"},"schema":{"@context":"https:\/\/schema.org","@graph":[{"@type":"WebPage","@id":"https:\/\/visitslavoniabaranja.com\/hu\/event\/fasange-2024\/","url":"https:\/\/visitslavoniabaranja.com\/hu\/event\/fasange-2024\/","name":"\u201eFa\u0161ange\u201d Farsangi Fesztiv\u00e1l Barany\u00e1ban - Eszek-baranya megye turisztikai kozossege","isPartOf":{"@id":"https:\/\/visitslavoniabaranja.com\/#website"},"primaryImageOfPage":{"@id":"https:\/\/visitslavoniabaranja.com\/hu\/event\/fasange-2024\/#primaryimage"},"image":{"@id":"https:\/\/visitslavoniabaranja.com\/hu\/event\/fasange-2024\/#primaryimage"},"thumbnailUrl":"https:\/\/visitslavoniabaranja.com\/wp-content\/uploads\/2024\/01\/Fasange-Buse-Draz.jpg","datePublished":"2026-01-27T11:34:09+00:00","breadcrumb":{"@id":"https:\/\/visitslavoniabaranja.com\/hu\/event\/fasange-2024\/#breadcrumb"},"inLanguage":"hu","potentialAction":[{"@type":"ReadAction","target":["https:\/\/visitslavoniabaranja.com\/hu\/event\/fasange-2024\/"]}]},{"@type":"ImageObject","inLanguage":"hu","@id":"https:\/\/visitslavoniabaranja.com\/hu\/event\/fasange-2024\/#primaryimage","url":"https:\/\/visitslavoniabaranja.com\/wp-content\/uploads\/2024\/01\/Fasange-Buse-Draz.jpg","contentUrl":"https:\/\/visitslavoniabaranja.com\/wp-content\/uploads\/2024\/01\/Fasange-Buse-Draz.jpg","width":826,"height":681},{"@type":"BreadcrumbList","@id":"https:\/\/visitslavoniabaranja.com\/hu\/event\/fasange-2024\/#breadcrumb","itemListElement":[{"@type":"ListItem","position":1,"name":"Po\u010detna stranica","item":"https:\/\/visitslavoniabaranja.com\/hu\/"},{"@type":"ListItem","position":2,"name":"\u201eFa\u0161ange\u201d Farsangi Fesztiv\u00e1l Barany\u00e1ban"}]},{"@type":"WebSite","@id":"https:\/\/visitslavoniabaranja.com\/#website","url":"https:\/\/visitslavoniabaranja.com\/","name":"Eszek-baranya megye turisztikai kozossege","description":"","potentialAction":[{"@type":"SearchAction","target":{"@type":"EntryPoint","urlTemplate":"https:\/\/visitslavoniabaranja.com\/?s={search_term_string}"},"query-input":{"@type":"PropertyValueSpecification","valueRequired":true,"valueName":"search_term_string"}}],"inLanguage":"hu"}]}},"_links":{"self":[{"href":"https:\/\/visitslavoniabaranja.com\/hu\/wp-json\/wp\/v2\/event_listing\/8909","targetHints":{"allow":["GET"]}}],"collection":[{"href":"https:\/\/visitslavoniabaranja.com\/hu\/wp-json\/wp\/v2\/event_listing"}],"about":[{"href":"https:\/\/visitslavoniabaranja.com\/hu\/wp-json\/wp\/v2\/types\/event_listing"}],"wp:featuredmedia":[{"embeddable":true,"href":"https:\/\/visitslavoniabaranja.com\/hu\/wp-json\/wp\/v2\/media\/17993"}],"wp:attachment":[{"href":"https:\/\/visitslavoniabaranja.com\/hu\/wp-json\/wp\/v2\/media?parent=8909"}],"wp:term":[{"taxonomy":"event_listing_category","embeddable":true,"href":"https:\/\/visitslavoniabaranja.com\/hu\/wp-json\/wp\/v2\/event_listing_category?post=8909"},{"taxonomy":"event_listing_type","embeddable":true,"href":"https:\/\/visitslavoniabaranja.com\/hu\/wp-json\/wp\/v2\/event_listing_type?post=8909"}],"curies":[{"name":"wp","href":"https:\/\/api.w.org\/{rel}","templated":true}]}}