
{"id":15075,"date":"2025-06-25T11:31:57","date_gmt":"2025-06-25T09:31:57","guid":{"rendered":"https:\/\/visitslavoniabaranja.com\/?post_type=event_listing&#038;p=15075"},"modified":"2025-08-31T00:18:53","modified_gmt":"2025-08-30T22:18:53","slug":"osjecko-ljeto-kulture-3","status":"expired","type":"event_listing","link":"https:\/\/visitslavoniabaranja.com\/hu\/event\/osjecko-ljeto-kulture-3\/","title":{"rendered":"Esz\u00e9ki Kult\u00fara Nyara"},"content":{"rendered":"<p><strong>Az Esz\u00e9ki Kult\u00fara Nyara, <\/strong>Szlav\u00f3nia \u00e9s Baranya legnagyobb rendezv\u00e9nye, id\u00e9n is a Szent P\u00e9ter \u00e9s P\u00e1l, Esz\u00e9k v\u00e1ros v\u00e9d\u0151szentjeinek \u00fcnnep\u00e9n, <strong>j\u00fanius 29-\u00e9n kezd\u0151d\u00f6tt \u00e9s augusztus 30-ig tart.\u00a0<\/strong><\/p>\n<p>T\u00f6bb mint 50 program v\u00e1r r\u00e1nk a k\u00e9t ny\u00e1ri h\u00f3napban. A kezdetet \u00e9s a v\u00e9g\u00e9t zene k\u00eds\u00e9ri, a programokat pedig a szabad \u00e9g alatt tartj\u00e1k Esz\u00e9k k\u00fcl\u00f6nb\u00f6z\u0151 helysz\u00ednein \u00e9s a Franjo Kre\u017ema Kultur\u00e1lis k\u00f6zpont term\u00e9ben, amelyekre ingyenes jegyeket sz\u00fcks\u00e9ges \u00e1tvenni, m\u00edg minden m\u00e1s programra a bel\u00e9p\u00e9s ingyenes.\u00a0<\/p>\n<p><strong><em>ESZ\u00c9KI KULT\u00daRA NYARA &#8211;<\/em> PROGRAM<\/strong><\/p>\n<p><em><strong>AUGUSZTUS<\/strong><\/em><\/p>\n<p><strong>P\u00e9ntek, 1.8.<\/strong> \/19.00 \u00f3ra\/Gal\u00e9ria a Kultur\u00e1lis K\u00f6zpontban<\/p>\n<p>\u00d6n\u00e1ll\u00f3 ki\u00e1ll\u00edt\u00e1s DOMAGOJ SU\u0160AC: LandESCAPE \/ki\u00e1ll\u00edt\u00e1s megnyit\u00f3<\/p>\n<p><strong>Szombat, 2.8.<\/strong> \/19.00 \u00f3ra\/ Sakuntala park<\/p>\n<p>IRODALMI ESTEK: MILJENKO GAMBIRA\u017dA: Djeca bijesa \/k\u00f6nyvbemutat\u00f3 \u00e9s tal\u00e1lkoz\u00e1s a szerz\u0151vel<\/p>\n<p><strong>Szombat, 2.8.<\/strong> \/ 21.00 \u00f3ra\/ A Kultur\u00e1lis K\u00f6zpont tet\u0151terasza<\/p>\n<p>RAJ \/ El Paradiso (Olaszorsz\u00e1g, 2023.) \/filmvet\u00edt\u00e9s<\/p>\n<p><strong>Szombat, 2.8.<\/strong> \/19.00 \u00f3ra\/ Sakuntala park<\/p>\n<p>IRODALMI ESTEK: MILJENKO GAMBIRA\u017dA: Djeca bijesa \/k\u00f6nyvbemutat\u00f3 \u00e9s tal\u00e1lkoz\u00e1s a szerz\u0151vel<\/p>\n<p><strong>Kedd, 5.8.<\/strong> \/21.00 \u00f3ra\/ Als\u00f3-Dr\u00e1va partja<\/p>\n<p>BRODOSPLIT V\u00c1ROSI \u00c9NEKKAR (Split) \/ koncert<\/p>\n<p><strong>Cs\u00fct\u00f6rt\u00f6k, 7.8.<\/strong> \/21.00 \u00f3ra\/ A Kultur\u00e1lis K\u00f6zpont tet\u0151terasza<\/p>\n<p>LYUK \/ Il buco ( Olaszorsz\u00e1g, 2021.) \/filmvet\u00edt\u00e9s\/ 93\u2032<\/p>\n<p><strong>Szombat, 9.8.<\/strong> \/ 11.00 \u00f3ra\/ Kultur\u00e1lis K\u00f6zpont Esz\u00e9k<\/p>\n<p>OLJKI\u0106: Tim bajke: GYERMEKMES\u00c9K<\/p>\n<p><strong>Szombat, 9.8.<\/strong> \/ 21.00 \u00f3ra\/ A Kultur\u00e1lis K\u00f6zpont tet\u0151terasza<\/p>\n<p>V\u00d6R\u00d6S \u00c9G \/ Roter Himmel (N\u00e9metorsz\u00e1g, 2023.)<\/p>\n<p><strong>Szombat 16.8.<\/strong> \/11.00 \u00f3ra\/ Kultur\u00e1lis K\u00f6zpont Esz\u00e9k<\/p>\n<p>OLJKI\u0106: Tim bajke: Buta k\u00edv\u00e1ns\u00e1gok \/ gyermekmes\u00e9k \/ El\u0151ad\u00f3k: Mateja Tustanovski \u00e9s Silvio \u0160vast<\/p>\n<p><strong>Szombat, 16.8.<\/strong> \/21.00 \u00f3ra\/A Kultur\u00e1lis K\u00f6zpont tet\u0151terasza<\/p>\n<p>RADIK\u00c1LISAN \/ Radical (Mekszik\u00f3, 2023.)<\/p>\n<p><strong>Szerda, 20.8.<\/strong> \/19.00 \u00f3ra\/ Gal\u00e9ria a Kultur\u00e1lis K\u00f6zpontban<\/p>\n<p>\u00d6n\u00e1ll\u00f3 ki\u00e1ll\u00edt\u00e1s MIRON MILI\u0106: A T\u00c9R \u00c9S A SZABADS\u00c1G TEKINTET\u00c9BEN \/ ki\u00e1ll\u00edt\u00e1s megnyit\u00f3<\/p>\n<p><strong>Cs\u00fct\u00f6rt\u00f6k, 21.8.<\/strong> \/20.00 \u00f3ra\/Szlav\u00f3nia M\u00fazeum udvara<\/p>\n<p>IL POMO D\u2019ORO &amp; RAFFAELE LA RAGIONE, mandolin \/ koncert\/ Zefira Valova \u00e9s Lucia Giraudo, heged\u0171\/ Giulio D\u2019Alessio, br\u00e1csa \/ Ludovico Minasi, csell\u00f3 \/ Jonathan Alvarez, nagyb\u0151g\u0151\/ Guillaume Haldenwang, csemball\u00f3<\/p>\n<p><strong>Szombat, 23.8.<\/strong> \/11.00 \u00f3ra\/ Kultur\u00e1lis K\u00f6zpont &#8211; Kis terem<\/p>\n<p>OLJKI\u0106: KAO PAS I MA\u010cKA ( Cat and dog, 2024.) \/j\u00e1t\u00e9kfilm\/ 86\u2032 SZINKRONIZ\u00c1LT<\/p>\n<p><strong>Szombat, 23.8.<\/strong> \/ 19.00 \u00f3ra\/ Urania mozi<\/p>\n<p>LEKCIJE MOGA TATE \/ezs\u00e9ki film bemutat\u00f3ja\/ Rendez\u0151: DALIJA DOZET<\/p>\n<p><strong>Szombat, 23.8. \/ 21.00 \u00f3ra<\/strong> \/ Plat\u00f3 a Kultur\u00e1lis K\u00f6zpont el\u0151tt<\/p>\n<p>SA\u00cfD CHALABAN ( Marokk\u00f3\/Magyarorsz\u00e1g) \/koncert<\/p>\n<p><strong>Kedd, 26.8.<\/strong> \/ 19.00 \u00f3ra \/ Sakuntala park<\/p>\n<p>Irodalmi estek: JULIJANA MATANOVI\u0106 \/besz\u00e9lget\u00e9sek a szerz\u0151vel\/ A Planta\u017ea szervezet &#8222;Kult\u00fara az aszfalton&#8221; n\u00e9v\u0171 projekt keretein bel\u00fcl<\/p>\n<p><strong>Kedd, 26.8.<\/strong> \/20.00 \u00f3ra\/ A Kultur\u00e1lis K\u00f6zpont tet\u0151terasza<\/p>\n<p>KORZET \/ Corsage (Ausztria, 2022.) \/filmvet\u00edt\u00e9s<\/p>\n<p><strong>Szombat, 30.8.<\/strong> \/ 11.00 \u00f3ra\/ Kultur\u00e1lis K\u00f6zpont &#8211; Kis terem<\/p>\n<p>OLJKI\u0106: 10 \u00c9LET \/rajzfilm\/ (Nagy Brit\u00e1nnia, 2024.)\/ 87\u2032 SZINKRONIZ\u00c1LT<\/p>\n<p><strong>Szombat, 30.8.<\/strong> \/20.00 \u00f3ra\/ A Kultur\u00e1lis K\u00f6zpont tet\u0151terasza<\/p>\n<p>20.000 FAJTA M\u00c9HECSKE\/ 20.000 especies de abejas (Spanyolorsz\u00e1g, 2023.) \/filmvet\u00edt\u00e9s<\/p>\n<p><strong>Szombat,30.8.<\/strong> \/20.00 \u00f3ra\/ Vatroslav Lisinski t\u00e9r (\u00d3v\u00e1ros)<\/p>\n<p>ESZ\u00c9KI KULTURA NYARA Z\u00c1R\u00d3ESEM\u00c9NYE: Carl Orff: CARMINA BURANA \/ balett el\u0151ad\u00e1s \u00e9s koncert\/ ETOILE Balett Egyes\u00fclet \/ GABRIELA HR\u017dENJAK, szopr\u00e1n \/ LADISLAV VRGO\u010c, tenor\/ DAVOR NEKJAK, bariton \/ IVAN GORAN KOVA\u010cI\u0106 akad\u00e9miai zenekar\/ IVAN \u0160\u0106EPANOVI\u0106 karmester\/ \u00dct\u0151hangszeres Egyes\u00fclet SUDAR PERCUSSION<\/p>\n<p>Tov\u00e1bbi inform\u00e1ci\u00f3 a programr\u00f3l \u00e9s az id\u0151j\u00e1r\u00e1si viszonyok miatti esetleges v\u00e1ltoz\u00e1sok:<\/p>\n<ul>\n<li>Kultur\u00e1lis K\u00f6zpont Esz\u00e9k, <a href=\"https:\/\/kulturni-centar.hr\/\" target=\"_blank\" rel=\"noopener\">www.kulturni-centar.hr<\/a><\/li>\n<li>Esz\u00e9kI Kult\u00fara Nyara Facebook oldala, <a href=\"https:\/\/www.facebook.com\/oljkosijek\" target=\"_blank\" rel=\"noopener\">www.facebook.com\/oljkosijek<\/a><\/li>\n<\/ul>\n\n\n<p><\/p>\n","protected":false},"featured_media":15072,"template":"","meta":[],"event_listing_category":[162,482,165,163],"event_listing_type":[],"class_list":["post-15075","event_listing","type-event_listing","status-expired","has-post-thumbnail","hentry","event_listing_category-fesztival","event_listing_category-kazaliste-hu","event_listing_category-kiallitas","event_listing_category-zene"],"acf":[],"yoast_head":"<!-- This site is optimized with the Yoast SEO plugin v25.0 - https:\/\/yoast.com\/wordpress\/plugins\/seo\/ -->\n<title>Esz\u00e9ki Kult\u00fara Nyara - Eszek-baranya megye turisztikai kozossege<\/title>\n<meta name=\"robots\" content=\"index, follow, max-snippet:-1, max-image-preview:large, max-video-preview:-1\" \/>\n<link rel=\"canonical\" href=\"https:\/\/visitslavoniabaranja.com\/event\/osjecko-ljeto-kulture-3\/\" \/>\n<meta property=\"og:locale\" content=\"hu_HU\" \/>\n<meta property=\"og:type\" content=\"article\" \/>\n<meta property=\"og:title\" content=\"Esz\u00e9ki Kult\u00fara Nyara - Eszek-baranya megye turisztikai kozossege\" \/>\n<meta property=\"og:description\" content=\"Az Esz\u00e9ki Kult\u00fara Nyara, Szlav\u00f3nia \u00e9s Baranya legnagyobb rendezv\u00e9nye, id\u00e9n is a Szent P\u00e9ter \u00e9s P\u00e1l, Esz\u00e9k v\u00e1ros v\u00e9d\u0151szentjeinek \u00fcnnep\u00e9n, j\u00fanius 29-\u00e9n kezd\u0151d\u00f6tt \u00e9s augusztus 30-ig tart.\u00a0 T\u00f6bb mint 50 program v\u00e1r r\u00e1nk a k\u00e9t ny\u00e1ri h\u00f3napban. A kezdetet \u00e9s a v\u00e9g\u00e9t zene k\u00eds\u00e9ri, a programokat pedig a szabad \u00e9g alatt tartj\u00e1k Esz\u00e9k k\u00fcl\u00f6nb\u00f6z\u0151 helysz\u00ednein [&hellip;]\" \/>\n<meta property=\"og:url\" content=\"https:\/\/visitslavoniabaranja.com\/event\/osjecko-ljeto-kulture-3\/\" \/>\n<meta property=\"og:site_name\" content=\"Eszek-baranya megye turisztikai kozossege\" \/>\n<meta property=\"article:modified_time\" content=\"2025-08-30T22:18:53+00:00\" \/>\n<meta property=\"og:image\" content=\"https:\/\/visitslavoniabaranja.com\/wp-content\/uploads\/event-manager-uploads\/event_banner\/2025\/06\/OLJK-naslovna.jpg\" \/>\n\t<meta property=\"og:image:width\" content=\"1080\" \/>\n\t<meta property=\"og:image:height\" content=\"1080\" \/>\n\t<meta property=\"og:image:type\" content=\"image\/jpeg\" \/>\n<meta name=\"twitter:card\" content=\"summary_large_image\" \/>\n<meta name=\"twitter:label1\" content=\"Becs\u00fclt olvas\u00e1si id\u0151\" \/>\n\t<meta name=\"twitter:data1\" content=\"3 perc\" \/>\n<script type=\"application\/ld+json\" class=\"yoast-schema-graph\">{\"@context\":\"https:\/\/schema.org\",\"@graph\":[{\"@type\":\"WebPage\",\"@id\":\"https:\/\/visitslavoniabaranja.com\/event\/osjecko-ljeto-kulture-3\/\",\"url\":\"https:\/\/visitslavoniabaranja.com\/event\/osjecko-ljeto-kulture-3\/\",\"name\":\"Esz\u00e9ki Kult\u00fara Nyara - Eszek-baranya megye turisztikai kozossege\",\"isPartOf\":{\"@id\":\"https:\/\/visitslavoniabaranja.com\/#website\"},\"primaryImageOfPage\":{\"@id\":\"https:\/\/visitslavoniabaranja.com\/event\/osjecko-ljeto-kulture-3\/#primaryimage\"},\"image\":{\"@id\":\"https:\/\/visitslavoniabaranja.com\/event\/osjecko-ljeto-kulture-3\/#primaryimage\"},\"thumbnailUrl\":\"https:\/\/visitslavoniabaranja.com\/wp-content\/uploads\/event-manager-uploads\/event_banner\/2025\/06\/OLJK-naslovna.jpg\",\"datePublished\":\"2025-06-25T09:31:57+00:00\",\"dateModified\":\"2025-08-30T22:18:53+00:00\",\"breadcrumb\":{\"@id\":\"https:\/\/visitslavoniabaranja.com\/event\/osjecko-ljeto-kulture-3\/#breadcrumb\"},\"inLanguage\":\"hu\",\"potentialAction\":[{\"@type\":\"ReadAction\",\"target\":[\"https:\/\/visitslavoniabaranja.com\/event\/osjecko-ljeto-kulture-3\/\"]}]},{\"@type\":\"ImageObject\",\"inLanguage\":\"hu\",\"@id\":\"https:\/\/visitslavoniabaranja.com\/event\/osjecko-ljeto-kulture-3\/#primaryimage\",\"url\":\"https:\/\/visitslavoniabaranja.com\/wp-content\/uploads\/event-manager-uploads\/event_banner\/2025\/06\/OLJK-naslovna.jpg\",\"contentUrl\":\"https:\/\/visitslavoniabaranja.com\/wp-content\/uploads\/event-manager-uploads\/event_banner\/2025\/06\/OLJK-naslovna.jpg\",\"width\":1080,\"height\":1080},{\"@type\":\"BreadcrumbList\",\"@id\":\"https:\/\/visitslavoniabaranja.com\/event\/osjecko-ljeto-kulture-3\/#breadcrumb\",\"itemListElement\":[{\"@type\":\"ListItem\",\"position\":1,\"name\":\"Po\u010detna stranica\",\"item\":\"https:\/\/visitslavoniabaranja.com\/hu\/\"},{\"@type\":\"ListItem\",\"position\":2,\"name\":\"Esz\u00e9ki Kult\u00fara Nyara\"}]},{\"@type\":\"WebSite\",\"@id\":\"https:\/\/visitslavoniabaranja.com\/#website\",\"url\":\"https:\/\/visitslavoniabaranja.com\/\",\"name\":\"Eszek-baranya megye turisztikai kozossege\",\"description\":\"\",\"potentialAction\":[{\"@type\":\"SearchAction\",\"target\":{\"@type\":\"EntryPoint\",\"urlTemplate\":\"https:\/\/visitslavoniabaranja.com\/?s={search_term_string}\"},\"query-input\":{\"@type\":\"PropertyValueSpecification\",\"valueRequired\":true,\"valueName\":\"search_term_string\"}}],\"inLanguage\":\"hu\"}]}<\/script>\n<!-- \/ Yoast SEO plugin. -->","yoast_head_json":{"title":"Esz\u00e9ki Kult\u00fara Nyara - Eszek-baranya megye turisztikai kozossege","robots":{"index":"index","follow":"follow","max-snippet":"max-snippet:-1","max-image-preview":"max-image-preview:large","max-video-preview":"max-video-preview:-1"},"canonical":"https:\/\/visitslavoniabaranja.com\/event\/osjecko-ljeto-kulture-3\/","og_locale":"hu_HU","og_type":"article","og_title":"Esz\u00e9ki Kult\u00fara Nyara - Eszek-baranya megye turisztikai kozossege","og_description":"Az Esz\u00e9ki Kult\u00fara Nyara, Szlav\u00f3nia \u00e9s Baranya legnagyobb rendezv\u00e9nye, id\u00e9n is a Szent P\u00e9ter \u00e9s P\u00e1l, Esz\u00e9k v\u00e1ros v\u00e9d\u0151szentjeinek \u00fcnnep\u00e9n, j\u00fanius 29-\u00e9n kezd\u0151d\u00f6tt \u00e9s augusztus 30-ig tart.\u00a0 T\u00f6bb mint 50 program v\u00e1r r\u00e1nk a k\u00e9t ny\u00e1ri h\u00f3napban. A kezdetet \u00e9s a v\u00e9g\u00e9t zene k\u00eds\u00e9ri, a programokat pedig a szabad \u00e9g alatt tartj\u00e1k Esz\u00e9k k\u00fcl\u00f6nb\u00f6z\u0151 helysz\u00ednein [&hellip;]","og_url":"https:\/\/visitslavoniabaranja.com\/event\/osjecko-ljeto-kulture-3\/","og_site_name":"Eszek-baranya megye turisztikai kozossege","article_modified_time":"2025-08-30T22:18:53+00:00","og_image":[{"width":1080,"height":1080,"url":"https:\/\/visitslavoniabaranja.com\/wp-content\/uploads\/event-manager-uploads\/event_banner\/2025\/06\/OLJK-naslovna.jpg","type":"image\/jpeg"}],"twitter_card":"summary_large_image","twitter_misc":{"Becs\u00fclt olvas\u00e1si id\u0151":"3 perc"},"schema":{"@context":"https:\/\/schema.org","@graph":[{"@type":"WebPage","@id":"https:\/\/visitslavoniabaranja.com\/event\/osjecko-ljeto-kulture-3\/","url":"https:\/\/visitslavoniabaranja.com\/event\/osjecko-ljeto-kulture-3\/","name":"Esz\u00e9ki Kult\u00fara Nyara - Eszek-baranya megye turisztikai kozossege","isPartOf":{"@id":"https:\/\/visitslavoniabaranja.com\/#website"},"primaryImageOfPage":{"@id":"https:\/\/visitslavoniabaranja.com\/event\/osjecko-ljeto-kulture-3\/#primaryimage"},"image":{"@id":"https:\/\/visitslavoniabaranja.com\/event\/osjecko-ljeto-kulture-3\/#primaryimage"},"thumbnailUrl":"https:\/\/visitslavoniabaranja.com\/wp-content\/uploads\/event-manager-uploads\/event_banner\/2025\/06\/OLJK-naslovna.jpg","datePublished":"2025-06-25T09:31:57+00:00","dateModified":"2025-08-30T22:18:53+00:00","breadcrumb":{"@id":"https:\/\/visitslavoniabaranja.com\/event\/osjecko-ljeto-kulture-3\/#breadcrumb"},"inLanguage":"hu","potentialAction":[{"@type":"ReadAction","target":["https:\/\/visitslavoniabaranja.com\/event\/osjecko-ljeto-kulture-3\/"]}]},{"@type":"ImageObject","inLanguage":"hu","@id":"https:\/\/visitslavoniabaranja.com\/event\/osjecko-ljeto-kulture-3\/#primaryimage","url":"https:\/\/visitslavoniabaranja.com\/wp-content\/uploads\/event-manager-uploads\/event_banner\/2025\/06\/OLJK-naslovna.jpg","contentUrl":"https:\/\/visitslavoniabaranja.com\/wp-content\/uploads\/event-manager-uploads\/event_banner\/2025\/06\/OLJK-naslovna.jpg","width":1080,"height":1080},{"@type":"BreadcrumbList","@id":"https:\/\/visitslavoniabaranja.com\/event\/osjecko-ljeto-kulture-3\/#breadcrumb","itemListElement":[{"@type":"ListItem","position":1,"name":"Po\u010detna stranica","item":"https:\/\/visitslavoniabaranja.com\/hu\/"},{"@type":"ListItem","position":2,"name":"Esz\u00e9ki Kult\u00fara Nyara"}]},{"@type":"WebSite","@id":"https:\/\/visitslavoniabaranja.com\/#website","url":"https:\/\/visitslavoniabaranja.com\/","name":"Eszek-baranya megye turisztikai kozossege","description":"","potentialAction":[{"@type":"SearchAction","target":{"@type":"EntryPoint","urlTemplate":"https:\/\/visitslavoniabaranja.com\/?s={search_term_string}"},"query-input":{"@type":"PropertyValueSpecification","valueRequired":true,"valueName":"search_term_string"}}],"inLanguage":"hu"}]}},"_links":{"self":[{"href":"https:\/\/visitslavoniabaranja.com\/hu\/wp-json\/wp\/v2\/event_listing\/15075","targetHints":{"allow":["GET"]}}],"collection":[{"href":"https:\/\/visitslavoniabaranja.com\/hu\/wp-json\/wp\/v2\/event_listing"}],"about":[{"href":"https:\/\/visitslavoniabaranja.com\/hu\/wp-json\/wp\/v2\/types\/event_listing"}],"wp:featuredmedia":[{"embeddable":true,"href":"https:\/\/visitslavoniabaranja.com\/hu\/wp-json\/wp\/v2\/media\/15072"}],"wp:attachment":[{"href":"https:\/\/visitslavoniabaranja.com\/hu\/wp-json\/wp\/v2\/media?parent=15075"}],"wp:term":[{"taxonomy":"event_listing_category","embeddable":true,"href":"https:\/\/visitslavoniabaranja.com\/hu\/wp-json\/wp\/v2\/event_listing_category?post=15075"},{"taxonomy":"event_listing_type","embeddable":true,"href":"https:\/\/visitslavoniabaranja.com\/hu\/wp-json\/wp\/v2\/event_listing_type?post=15075"}],"curies":[{"name":"wp","href":"https:\/\/api.w.org\/{rel}","templated":true}]}}