
{"id":14551,"date":"2026-04-27T15:14:10","date_gmt":"2026-04-27T13:14:10","guid":{"rendered":"https:\/\/visitslavoniabaranja.com\/?post_type=event_listing&#038;p=14551"},"modified":"2025-07-06T00:20:50","modified_gmt":"2025-07-05T22:20:50","slug":"vinski-mjesec-osjecko-baranjske-zupanije-dobro-dosli-u-europsku-regiju-vina","status":"expired","type":"event_listing","link":"https:\/\/visitslavoniabaranja.com\/hu\/event\/vinski-mjesec-osjecko-baranjske-zupanije-dobro-dosli-u-europsku-regiju-vina\/","title":{"rendered":"Esz\u00e9k-Baranya megye borh\u00f3napja &#8211; \u00dcdv\u00f6z\u00f6lj\u00fck eur\u00f3pai borvid\u00e9k\u00e9n!"},"content":{"rendered":"<p>Az idei <strong>&#8222;Borh\u00f3nap&#8221;<\/strong> Esz\u00e9k-Baranya megy\u00e9ben <strong>2025. m\u00e1jus 10-t\u0151l j\u00falius <\/strong><strong>5-ig <\/strong>tart!<\/p>\n<p>2025 febru\u00e1rj\u00e1ban az Eur\u00f3pai Borv\u00e1rosok H\u00e1l\u00f3zata (RECEVIN) Esz\u00e9k-Baranya megy\u00e9nek adom\u00e1nyozta a <strong>European Dionisio City &#8211; Eur\u00f3pai Borvid\u00e9k<\/strong> rangos c\u00edmet, ezzel egy \u00e9rdekes, dinamikus \u00e9s k\u00fcl\u00f6n\u00f6sen borral teli \u00e9v kezdet\u00e9t jelezve e bork\u00f6zpont &#8211; a Bor Anyja &#8211; sz\u00e1m\u00e1ra.\u00a0<\/p>\n<p>Kedvez\u0151 f\u00f6ldrajzi elhelyezked\u00e9s\u00e9nek \u00e9s \u00e9ghajlati viszonyainak k\u00f6sz\u00f6nhet\u0151en Szlav\u00f3nia \u00e9s Baranya kiv\u00e9telesen term\u00e9keny talaj sz\u00e1mos borfajta sz\u00e1m\u00e1ra. A megye n\u00e9gy borvid\u00e9ke \u2013 <strong>Baranya, Erd\u0151d, Diakov\u00e1r \u00e9s Feri\u010danci<\/strong> \u2013 k\u00fcl\u00f6n\u00f6sen \u00e9rt\u00e9kes kincs, ahol a feh\u00e9r fajt\u00e1k, mint p\u00e9ld\u00e1ul a <em>Gra\u0161evina<\/em>, kiemelkednek. A halversenyek \u00e9s rost\u00e9lyoz\u00e1sok kedvence, tulajdons\u00e1gait gyorsan felismerik, \u00e9s m\u00e9g a legnagyobb szkeptikusokat is k\u00f6nnyed\u00e9n leny\u0171g\u00f6zi. N\u00e9h\u00e1ny m\u00e1s r\u00e9gi, szinte elfeledett fajta, mint p\u00e9ld\u00e1ul a kadarka, renesz\u00e1nsz\u00e1t \u00e9li. Izgalmas id\u0151szak ez ennek az aranyl\u00f3 vid\u00e9knek, \u00e9s biztosak vagyunk benne, hogy a legjobb m\u00e9g csak most j\u00f6n. \u00a0<\/p>\n<p><strong>A hedonist\u00e1k \u00e9s kezd\u0151k sz\u00e1m\u00e1ra<\/strong><\/p>\n<p>Az idei <strong>Vinski Esz\u00e9k-Baranya megye borh\u00f3napja 2025. m\u00e1jus 10-t\u0151l j\u00falius 5-ig tart. <\/strong>Mag\u00e1ba foglalja a m\u00e1r ismert \u00e9s kedvelt rendezv\u00e9nyeket, de \u00fajdons\u00e1gok is vannak, minden hedonista \u00e9s kezd\u0151 \u00edzl\u00e9se szerint.<\/p>\n<p>Valp\u00f3 v\u00e1ros, <strong>m\u00e1jus 10-\u00e9n<\/strong> a jubileumi <strong>6. Sajt \u00e9s borfesztiv\u00e1l<\/strong> h\u00e1zigazd\u00e1ja, amely a Prandau-Normann barokk kast\u00e9ly udvar\u00e1ban lesz megtartva. A rendezv\u00e9ny a helyi termel\u0151ket hozza \u00f6ssze, gazdag gasztron\u00f3miai k\u00edn\u00e1lat \u00e9s zenei program v\u00e1r majd a vend\u00e9gekre- <a href=\"https:\/\/www.facebook.com\/visitvalpovo\" target=\"_blank\" rel=\"noopener\">www.facebook.com\/visitvalpovo<\/a>.<\/p>\n<p>Az akt\u00edv pihen\u00e9s \u00e9s a kiv\u00e1l\u00f3 min\u0151s\u00e9g\u0171 borok kedvel\u0151inek nem szabad kihagynod a <strong>m\u00e1jus 17-i Esz\u00e9ki Wine &amp; Walk-ot<\/strong>, amely egy sz\u00ednes s\u00e9t\u00e1t k\u00edn\u00e1l Esz\u00e9ken, t\u00f6bb bork\u00f3stol\u00e1ssal v\u00e1logatott helysz\u00edneken. A r\u00e9sztvev\u0151k a v\u00e1ros gazdag t\u00f6rt\u00e9nelm\u00e9vel ismerkedhetnek meg, mik\u00f6zben min\u0151s\u00e9gi borokat k\u00f3stolhatnak &#8211; <a href=\"https:\/\/www.facebook.com\/TZ.Osijek\" target=\"_blank\" rel=\"noopener\">www.facebook.com\/TZ.Osijek<\/a>.<\/p>\n<p><strong>M\u00e1jus 24-\u00e9n, majd j\u00falius 4-\u00e9n \u00e9s 5-\u00e9n Esz\u00e9k<\/strong> a kult\u00fara \u00e9s a bor\u00e1szat k\u00f6zpontj\u00e1v\u00e1 v\u00e1lik a <strong>Bor \u00e9s M\u0171v\u00e9szet Estje<\/strong> keret\u00e9ben. Ez az esem\u00e9ny helyi m\u0171v\u00e9szek ki\u00e1ll\u00edt\u00e1sait bork\u00f3stol\u00f3kkal \u00f6tv\u00f6zi, egyedi hangulatot teremtve, amely a kreativit\u00e1st \u00e9s a hagyom\u00e1nyokat \u00fcnnepli\u00a0&#8211; <a href=\"https:\/\/www.facebook.com\/Vino.Umjetnost\" target=\"_blank\" rel=\"noopener\">www.facebook.com\/Vino.Umjetnost<\/a>.<\/p>\n<p><strong>M\u00e1jus 30-\u00e1n \u00e9s 31-\u00e9n<\/strong> a bor f\u0151v\u00e1rosa <strong>V\u00f6r\u00f6smart<\/strong> (Zmajevac) lesz, amely m\u00e1r j\u00f3l ismert \u00e9s j\u00f3 h\u00e1zigazd\u00e1ja a <strong>Vinatlonnak<\/strong>, amely a rangos Duna Bajnok d\u00edjat is oda\u00edt\u00e9li. A r\u00e9sztvev\u0151k kipr\u00f3b\u00e1lhatj\u00e1k a borhoz csatlakoz\u00f3 j\u00e1t\u00e9koat \u00e9s r\u00e9szt vehetnek k\u00fcl\u00f6nf\u00e9le workshopokon, majd helyi borok k\u00f3stol\u00f3j\u00e1val \u00e9s nagyszer\u0171 zenei hangulatban lazulhatnak, a baranyai szurdok \u00e9s g\u00e1tor gy\u00f6ny\u00f6r\u0171 k\u00f6rnyezet\u00e9ben- <a href=\"https:\/\/www.facebook.com\/vinatlon\" target=\"_blank\" rel=\"noopener\">www.facebook.com\/vinatlon<\/a>.<\/p>\n<p><strong>J\u00fanius 6-\u00e1n Bor \u00e9s tamburica<\/strong> v\u00e1r r\u00e1nk az Izs\u00e9p \u00e9s Hercegm\u00e1rok k\u00f6z\u00f6tti fasorban. Ott a hagyom\u00e1nyos zene \u00f6sszhangban van a bor\u00e1szati \u200b\u200b\u00e9lvezetekkel, \u00edgy igazi \u00e9lm\u00e9nyben lehet r\u00e9sz\u00fcnk a pincekult\u00far\u00e1ban. A tamburazenekarok el\u0151ad\u00e1sai mellett a l\u00e1togat\u00f3k helyi bor\u00e1szok borait k\u00f3stolhatj\u00e1k meg \u00e9s \u00e9lvezhetik a helyi specialit\u00e1sokat &#8211; <a href=\"https:\/\/www.facebook.com\/profile.php?id=100012287833020\" target=\"_blank\" rel=\"noopener\">FB Baranjski be\u0107arac<\/a>.<\/p>\n<p><strong>Hercegsz\u00f6ll\u0151s j\u00falius 7-\u00e9n Baranja Wine &amp; Walk <\/strong>h\u00e1zigazd\u00e1ja lesz<strong>. Ez a s\u00e9ta egyed\u00fcl\u00e1ll\u00f3 lehet\u0151s\u00e9get k\u00edn\u00e1l a Baranya-hegys\u00e9g term\u00e9szeti sz\u00e9ps\u00e9geinek \u00e9s gazdag bork\u00edn\u00e1lat\u00e1nak felfedez\u00e9s\u00e9re. A r\u00e9sztvev\u0151k gy\u00f6ny\u00f6r\u0171 kil\u00e1t\u00e1sban gy\u00f6ny\u00f6rk\u00f6dhetnek, \u00e9s helyi borokat k\u00f3stolhatnak meg ott, ahol a legfinomabb cseppek sz\u00e1rmaznak<\/strong>\u00a0&#8211; <a href=\"https:\/\/www.facebook.com\/turisticka.baranje\" target=\"_blank\" rel=\"noopener\">www.facebook.com\/turisticka.baranje<\/a>.<\/p>\n<p><strong>A diakov\u00e1ri borvid\u00e9k j\u00fanius 20-\u00e1n \u00e9s 21-\u00e9n a Ny\u00edlt Pince Napok <\/strong>keret\u00e9ben v\u00e1rnak minket<strong>. <\/strong>A Mandi\u0107evac \u00e9s a Trnava bor\u00e1szok megnyitj\u00e1k pincekapuikat, lehet\u0151v\u00e9 t\u00e9ve a l\u00e1togat\u00f3k sz\u00e1mukra, hogy els\u0151 k\u00e9zb\u0151l tapasztalj\u00e1k meg a bork\u00e9sz\u00edt\u00e9si folyamatot \u00e9s megk\u00f3stolj\u00e1k a legfinomabb cseppeket\u00a0&#8211; <a href=\"https:\/\/www.facebook.com\/VisitDjakovo\" target=\"_blank\" rel=\"noopener\">www.facebook.com\/VisitDjakovo<\/a>.<\/p>\n<p>Ezen rendezv\u00e9ny mellett, <strong>j\u00fanius 21-\u00e9n Trnav\u00e1ban<\/strong> rendezik meg a <strong>38. Bonavit\u00e1t<\/strong>, amely a r\u00e9gi\u00f3 sz\u0151l\u00e9szet\u00e9nek \u00e9s bor\u00e1szat\u00e1nak hossz\u00fa hagyom\u00e1nyait \u00fcnnepli. A l\u00e1togat\u00f3k k\u00f3stol\u00f3kon, zenei programokon \u00e9s gazdag gasztron\u00f3miai k\u00edn\u00e1latban vehetnek r\u00e9szt\u00a0&#8211; <a href=\"https:\/\/www.facebook.com\/VisitDjakovo\" target=\"_blank\" rel=\"noopener\">www.facebook.com\/VisitDjakovo<\/a>.<\/p>\n<p>Tudjuk, \u00e9s szeretn\u00e9nk, ha a Borh\u00f3nap tov\u00e1bb tartana h\u00e1rom h\u00f3napn\u00e1l, de ez m\u00e9g nem minden. <strong>Szeptemberben<\/strong> m\u00e1r zajlik a <a href=\"https:\/\/www.facebook.com\/WineBikeTourErdut\" target=\"_blank\" rel=\"noopener\"><strong>Wine &amp; Bike Tour Erdut<\/strong><\/a>, <a href=\"https:\/\/www.facebook.com\/vinskimaraton\" target=\"_blank\" rel=\"noopener\"><strong>Vinski Bor maraton u Zmajevcu<\/strong><\/a> \u00e9s a <a href=\"https:\/\/www.facebook.com\/festivalfrankovke\" target=\"_blank\" rel=\"noopener\"><strong>Festival frankovke u Feri\u010dancima<\/strong><\/a>. <strong>Okt\u00f3berben<\/strong> a <strong>Vino.grad a <a href=\"http:\/\/headoneastcroatia.com\/\" target=\"_blank\" rel=\"noopener\">HeadOnEast <\/a><\/strong>fesztiv\u00e1l keretein bel\u00fcl v\u00e1r r\u00e1nk, valamint a\u00a0<a href=\"https:\/\/www.facebook.com\/zlatni.wineend\" target=\"_blank\" rel=\"noopener\"><strong>Zlatni Wineend<\/strong><\/a><\/p>\n<p>Ezek az esem\u00e9nyek csup\u00e1n egy r\u00e9sz\u00e9t k\u00e9pezik gazdag bork\u00edn\u00e1latunknak. Szeretettel megh\u00edvunk benneteket, hogy csatlakozzatok hozz\u00e1nk, \u00e9s \u00fcnnepelj\u00e9tek vel\u00fcnk ezt a borszezont, felfedezve a r\u00e9gi\u00f3 minden var\u00e1zs\u00e1t.\u00a0<\/p>\n<p><em><strong>Tov\u00e1bbi inform\u00e1ci\u00f3t<\/strong> \u00e9s inspir\u00e1ci\u00f3t tal\u00e1lhatsz szlav\u00f3niai \u00e9s baranyai bort\u00far\u00e1j\u00e1hoz weboldalunkon, ahol minden esem\u00e9nyt egy helyen k\u00f6vethetsz: <a href=\"https:\/\/visitslavoniabaranja.com\/hu\/event\/kozelgo-esemenyek\/\" target=\"_blank\" rel=\"noopener\">www.visitslavoniabaranja.com\/event\/dogadanja-koja-nam-slijede<\/a><\/em><\/p>\n\n\n<figure class=\"wp-block-image size-large\"><img loading=\"lazy\" decoding=\"async\" width=\"819\" height=\"1024\" src=\"https:\/\/visitslavoniabaranja.com\/wp-content\/uploads\/2025\/05\/TZOBZ_VinskiMjesecOBZ_0428_Post_1080x1350-819x1024.png\" alt=\"\" class=\"wp-image-14553\" srcset=\"https:\/\/visitslavoniabaranja.com\/wp-content\/uploads\/2025\/05\/TZOBZ_VinskiMjesecOBZ_0428_Post_1080x1350-819x1024.png 819w, https:\/\/visitslavoniabaranja.com\/wp-content\/uploads\/2025\/05\/TZOBZ_VinskiMjesecOBZ_0428_Post_1080x1350-352x440.png 352w, https:\/\/visitslavoniabaranja.com\/wp-content\/uploads\/2025\/05\/TZOBZ_VinskiMjesecOBZ_0428_Post_1080x1350-768x960.png 768w, https:\/\/visitslavoniabaranja.com\/wp-content\/uploads\/2025\/05\/TZOBZ_VinskiMjesecOBZ_0428_Post_1080x1350.png 1080w\" sizes=\"auto, (max-width: 819px) 100vw, 819px\" \/><\/figure>\n","protected":false},"featured_media":19203,"template":"","meta":[],"event_listing_category":[169,164,162,168,165,474,167,166,163],"event_listing_type":[],"class_list":["post-14551","event_listing","type-event_listing","status-expired","has-post-thumbnail","hentry","event_listing_category-becsuletes","event_listing_category-etel-es-ital","event_listing_category-fesztival","event_listing_category-hagyomany","event_listing_category-kiallitas","event_listing_category-outdoors-hu","event_listing_category-pihenes","event_listing_category-tarlatvezetes","event_listing_category-zene"],"acf":[],"yoast_head":"<!-- This site is optimized with the Yoast SEO plugin v25.0 - https:\/\/yoast.com\/wordpress\/plugins\/seo\/ -->\n<title>Esz\u00e9k-Baranya megye borh\u00f3napja - \u00dcdv\u00f6z\u00f6lj\u00fck eur\u00f3pai borvid\u00e9k\u00e9n! - Eszek-baranya megye turisztikai kozossege<\/title>\n<meta name=\"robots\" content=\"index, follow, max-snippet:-1, max-image-preview:large, max-video-preview:-1\" \/>\n<link rel=\"canonical\" href=\"https:\/\/visitslavoniabaranja.com\/event\/vinski-mjesec-osjecko-baranjske-zupanije-dobro-dosli-u-europsku-regiju-vina\/\" \/>\n<meta property=\"og:locale\" content=\"hu_HU\" \/>\n<meta property=\"og:type\" content=\"article\" \/>\n<meta property=\"og:title\" content=\"Esz\u00e9k-Baranya megye borh\u00f3napja - \u00dcdv\u00f6z\u00f6lj\u00fck eur\u00f3pai borvid\u00e9k\u00e9n! - Eszek-baranya megye turisztikai kozossege\" \/>\n<meta property=\"og:description\" content=\"Az idei &#8222;Borh\u00f3nap&#8221; Esz\u00e9k-Baranya megy\u00e9ben 2025. m\u00e1jus 10-t\u0151l j\u00falius 5-ig tart! 2025 febru\u00e1rj\u00e1ban az Eur\u00f3pai Borv\u00e1rosok H\u00e1l\u00f3zata (RECEVIN) Esz\u00e9k-Baranya megy\u00e9nek adom\u00e1nyozta a European Dionisio City &#8211; Eur\u00f3pai Borvid\u00e9k rangos c\u00edmet, ezzel egy \u00e9rdekes, dinamikus \u00e9s k\u00fcl\u00f6n\u00f6sen borral teli \u00e9v kezdet\u00e9t jelezve e bork\u00f6zpont &#8211; a Bor Anyja &#8211; sz\u00e1m\u00e1ra.\u00a0 Kedvez\u0151 f\u00f6ldrajzi elhelyezked\u00e9s\u00e9nek \u00e9s \u00e9ghajlati viszonyainak [&hellip;]\" \/>\n<meta property=\"og:url\" content=\"https:\/\/visitslavoniabaranja.com\/event\/vinski-mjesec-osjecko-baranjske-zupanije-dobro-dosli-u-europsku-regiju-vina\/\" \/>\n<meta property=\"og:site_name\" content=\"Eszek-baranya megye turisztikai kozossege\" \/>\n<meta property=\"og:image\" content=\"https:\/\/visitslavoniabaranja.com\/wp-content\/uploads\/event-manager-uploads\/event_banner\/2025\/05\/TZOBZ_VinskiMjesecOBZ_0428_FBEventCover_1920x1005.png\" \/>\n\t<meta property=\"og:image:width\" content=\"1920\" \/>\n\t<meta property=\"og:image:height\" content=\"1005\" \/>\n\t<meta property=\"og:image:type\" content=\"image\/png\" \/>\n<meta name=\"twitter:card\" content=\"summary_large_image\" \/>\n<meta name=\"twitter:label1\" content=\"Becs\u00fclt olvas\u00e1si id\u0151\" \/>\n\t<meta name=\"twitter:data1\" content=\"5 perc\" \/>\n<script type=\"application\/ld+json\" class=\"yoast-schema-graph\">{\"@context\":\"https:\/\/schema.org\",\"@graph\":[{\"@type\":\"WebPage\",\"@id\":\"https:\/\/visitslavoniabaranja.com\/event\/vinski-mjesec-osjecko-baranjske-zupanije-dobro-dosli-u-europsku-regiju-vina\/\",\"url\":\"https:\/\/visitslavoniabaranja.com\/event\/vinski-mjesec-osjecko-baranjske-zupanije-dobro-dosli-u-europsku-regiju-vina\/\",\"name\":\"Esz\u00e9k-Baranya megye borh\u00f3napja - \u00dcdv\u00f6z\u00f6lj\u00fck eur\u00f3pai borvid\u00e9k\u00e9n! - Eszek-baranya megye turisztikai kozossege\",\"isPartOf\":{\"@id\":\"https:\/\/visitslavoniabaranja.com\/#website\"},\"primaryImageOfPage\":{\"@id\":\"https:\/\/visitslavoniabaranja.com\/event\/vinski-mjesec-osjecko-baranjske-zupanije-dobro-dosli-u-europsku-regiju-vina\/#primaryimage\"},\"image\":{\"@id\":\"https:\/\/visitslavoniabaranja.com\/event\/vinski-mjesec-osjecko-baranjske-zupanije-dobro-dosli-u-europsku-regiju-vina\/#primaryimage\"},\"thumbnailUrl\":\"https:\/\/visitslavoniabaranja.com\/wp-content\/uploads\/2025\/05\/TZOBZ_VinskiMjesecOBZ_Social_Cover.png\",\"datePublished\":\"2026-04-27T13:14:10+00:00\",\"breadcrumb\":{\"@id\":\"https:\/\/visitslavoniabaranja.com\/event\/vinski-mjesec-osjecko-baranjske-zupanije-dobro-dosli-u-europsku-regiju-vina\/#breadcrumb\"},\"inLanguage\":\"hu\",\"potentialAction\":[{\"@type\":\"ReadAction\",\"target\":[\"https:\/\/visitslavoniabaranja.com\/event\/vinski-mjesec-osjecko-baranjske-zupanije-dobro-dosli-u-europsku-regiju-vina\/\"]}]},{\"@type\":\"ImageObject\",\"inLanguage\":\"hu\",\"@id\":\"https:\/\/visitslavoniabaranja.com\/event\/vinski-mjesec-osjecko-baranjske-zupanije-dobro-dosli-u-europsku-regiju-vina\/#primaryimage\",\"url\":\"https:\/\/visitslavoniabaranja.com\/wp-content\/uploads\/2025\/05\/TZOBZ_VinskiMjesecOBZ_Social_Cover.png\",\"contentUrl\":\"https:\/\/visitslavoniabaranja.com\/wp-content\/uploads\/2025\/05\/TZOBZ_VinskiMjesecOBZ_Social_Cover.png\",\"width\":1920,\"height\":1005},{\"@type\":\"BreadcrumbList\",\"@id\":\"https:\/\/visitslavoniabaranja.com\/event\/vinski-mjesec-osjecko-baranjske-zupanije-dobro-dosli-u-europsku-regiju-vina\/#breadcrumb\",\"itemListElement\":[{\"@type\":\"ListItem\",\"position\":1,\"name\":\"Po\u010detna stranica\",\"item\":\"https:\/\/visitslavoniabaranja.com\/hu\/\"},{\"@type\":\"ListItem\",\"position\":2,\"name\":\"Esz\u00e9k-Baranya megye borh\u00f3napja &#8211; \u00dcdv\u00f6z\u00f6lj\u00fck eur\u00f3pai borvid\u00e9k\u00e9n!\"}]},{\"@type\":\"WebSite\",\"@id\":\"https:\/\/visitslavoniabaranja.com\/#website\",\"url\":\"https:\/\/visitslavoniabaranja.com\/\",\"name\":\"Eszek-baranya megye turisztikai kozossege\",\"description\":\"\",\"potentialAction\":[{\"@type\":\"SearchAction\",\"target\":{\"@type\":\"EntryPoint\",\"urlTemplate\":\"https:\/\/visitslavoniabaranja.com\/?s={search_term_string}\"},\"query-input\":{\"@type\":\"PropertyValueSpecification\",\"valueRequired\":true,\"valueName\":\"search_term_string\"}}],\"inLanguage\":\"hu\"}]}<\/script>\n<!-- \/ Yoast SEO plugin. -->","yoast_head_json":{"title":"Esz\u00e9k-Baranya megye borh\u00f3napja - \u00dcdv\u00f6z\u00f6lj\u00fck eur\u00f3pai borvid\u00e9k\u00e9n! - Eszek-baranya megye turisztikai kozossege","robots":{"index":"index","follow":"follow","max-snippet":"max-snippet:-1","max-image-preview":"max-image-preview:large","max-video-preview":"max-video-preview:-1"},"canonical":"https:\/\/visitslavoniabaranja.com\/event\/vinski-mjesec-osjecko-baranjske-zupanije-dobro-dosli-u-europsku-regiju-vina\/","og_locale":"hu_HU","og_type":"article","og_title":"Esz\u00e9k-Baranya megye borh\u00f3napja - \u00dcdv\u00f6z\u00f6lj\u00fck eur\u00f3pai borvid\u00e9k\u00e9n! - Eszek-baranya megye turisztikai kozossege","og_description":"Az idei &#8222;Borh\u00f3nap&#8221; Esz\u00e9k-Baranya megy\u00e9ben 2025. m\u00e1jus 10-t\u0151l j\u00falius 5-ig tart! 2025 febru\u00e1rj\u00e1ban az Eur\u00f3pai Borv\u00e1rosok H\u00e1l\u00f3zata (RECEVIN) Esz\u00e9k-Baranya megy\u00e9nek adom\u00e1nyozta a European Dionisio City &#8211; Eur\u00f3pai Borvid\u00e9k rangos c\u00edmet, ezzel egy \u00e9rdekes, dinamikus \u00e9s k\u00fcl\u00f6n\u00f6sen borral teli \u00e9v kezdet\u00e9t jelezve e bork\u00f6zpont &#8211; a Bor Anyja &#8211; sz\u00e1m\u00e1ra.\u00a0 Kedvez\u0151 f\u00f6ldrajzi elhelyezked\u00e9s\u00e9nek \u00e9s \u00e9ghajlati viszonyainak [&hellip;]","og_url":"https:\/\/visitslavoniabaranja.com\/event\/vinski-mjesec-osjecko-baranjske-zupanije-dobro-dosli-u-europsku-regiju-vina\/","og_site_name":"Eszek-baranya megye turisztikai kozossege","og_image":[{"width":1920,"height":1005,"url":"https:\/\/visitslavoniabaranja.com\/wp-content\/uploads\/event-manager-uploads\/event_banner\/2025\/05\/TZOBZ_VinskiMjesecOBZ_0428_FBEventCover_1920x1005.png","type":"image\/png"}],"twitter_card":"summary_large_image","twitter_misc":{"Becs\u00fclt olvas\u00e1si id\u0151":"5 perc"},"schema":{"@context":"https:\/\/schema.org","@graph":[{"@type":"WebPage","@id":"https:\/\/visitslavoniabaranja.com\/event\/vinski-mjesec-osjecko-baranjske-zupanije-dobro-dosli-u-europsku-regiju-vina\/","url":"https:\/\/visitslavoniabaranja.com\/event\/vinski-mjesec-osjecko-baranjske-zupanije-dobro-dosli-u-europsku-regiju-vina\/","name":"Esz\u00e9k-Baranya megye borh\u00f3napja - \u00dcdv\u00f6z\u00f6lj\u00fck eur\u00f3pai borvid\u00e9k\u00e9n! - Eszek-baranya megye turisztikai kozossege","isPartOf":{"@id":"https:\/\/visitslavoniabaranja.com\/#website"},"primaryImageOfPage":{"@id":"https:\/\/visitslavoniabaranja.com\/event\/vinski-mjesec-osjecko-baranjske-zupanije-dobro-dosli-u-europsku-regiju-vina\/#primaryimage"},"image":{"@id":"https:\/\/visitslavoniabaranja.com\/event\/vinski-mjesec-osjecko-baranjske-zupanije-dobro-dosli-u-europsku-regiju-vina\/#primaryimage"},"thumbnailUrl":"https:\/\/visitslavoniabaranja.com\/wp-content\/uploads\/2025\/05\/TZOBZ_VinskiMjesecOBZ_Social_Cover.png","datePublished":"2026-04-27T13:14:10+00:00","breadcrumb":{"@id":"https:\/\/visitslavoniabaranja.com\/event\/vinski-mjesec-osjecko-baranjske-zupanije-dobro-dosli-u-europsku-regiju-vina\/#breadcrumb"},"inLanguage":"hu","potentialAction":[{"@type":"ReadAction","target":["https:\/\/visitslavoniabaranja.com\/event\/vinski-mjesec-osjecko-baranjske-zupanije-dobro-dosli-u-europsku-regiju-vina\/"]}]},{"@type":"ImageObject","inLanguage":"hu","@id":"https:\/\/visitslavoniabaranja.com\/event\/vinski-mjesec-osjecko-baranjske-zupanije-dobro-dosli-u-europsku-regiju-vina\/#primaryimage","url":"https:\/\/visitslavoniabaranja.com\/wp-content\/uploads\/2025\/05\/TZOBZ_VinskiMjesecOBZ_Social_Cover.png","contentUrl":"https:\/\/visitslavoniabaranja.com\/wp-content\/uploads\/2025\/05\/TZOBZ_VinskiMjesecOBZ_Social_Cover.png","width":1920,"height":1005},{"@type":"BreadcrumbList","@id":"https:\/\/visitslavoniabaranja.com\/event\/vinski-mjesec-osjecko-baranjske-zupanije-dobro-dosli-u-europsku-regiju-vina\/#breadcrumb","itemListElement":[{"@type":"ListItem","position":1,"name":"Po\u010detna stranica","item":"https:\/\/visitslavoniabaranja.com\/hu\/"},{"@type":"ListItem","position":2,"name":"Esz\u00e9k-Baranya megye borh\u00f3napja &#8211; \u00dcdv\u00f6z\u00f6lj\u00fck eur\u00f3pai borvid\u00e9k\u00e9n!"}]},{"@type":"WebSite","@id":"https:\/\/visitslavoniabaranja.com\/#website","url":"https:\/\/visitslavoniabaranja.com\/","name":"Eszek-baranya megye turisztikai kozossege","description":"","potentialAction":[{"@type":"SearchAction","target":{"@type":"EntryPoint","urlTemplate":"https:\/\/visitslavoniabaranja.com\/?s={search_term_string}"},"query-input":{"@type":"PropertyValueSpecification","valueRequired":true,"valueName":"search_term_string"}}],"inLanguage":"hu"}]}},"_links":{"self":[{"href":"https:\/\/visitslavoniabaranja.com\/hu\/wp-json\/wp\/v2\/event_listing\/14551","targetHints":{"allow":["GET"]}}],"collection":[{"href":"https:\/\/visitslavoniabaranja.com\/hu\/wp-json\/wp\/v2\/event_listing"}],"about":[{"href":"https:\/\/visitslavoniabaranja.com\/hu\/wp-json\/wp\/v2\/types\/event_listing"}],"wp:featuredmedia":[{"embeddable":true,"href":"https:\/\/visitslavoniabaranja.com\/hu\/wp-json\/wp\/v2\/media\/19203"}],"wp:attachment":[{"href":"https:\/\/visitslavoniabaranja.com\/hu\/wp-json\/wp\/v2\/media?parent=14551"}],"wp:term":[{"taxonomy":"event_listing_category","embeddable":true,"href":"https:\/\/visitslavoniabaranja.com\/hu\/wp-json\/wp\/v2\/event_listing_category?post=14551"},{"taxonomy":"event_listing_type","embeddable":true,"href":"https:\/\/visitslavoniabaranja.com\/hu\/wp-json\/wp\/v2\/event_listing_type?post=14551"}],"curies":[{"name":"wp","href":"https:\/\/api.w.org\/{rel}","templated":true}]}}