
{"id":14313,"date":"2026-03-13T09:30:37","date_gmt":"2026-03-13T08:30:37","guid":{"rendered":"https:\/\/visitslavoniabaranja.com\/event\/headoneast-festival-2024-osijek\/"},"modified":"2025-10-06T00:18:10","modified_gmt":"2025-10-05T22:18:10","slug":"headoneast-festival-2024-osijek","status":"expired","type":"event_listing","link":"https:\/\/visitslavoniabaranja.com\/hu\/event\/headoneast-festival-2024-osijek\/","title":{"rendered":"HeadOnEast fesztiv\u00e1l, Esz\u00e9k"},"content":{"rendered":"<p><strong>L\u00e1togass el Kelet-Horv\u00e1torsz\u00e1gba, \u00e9s \u00e9lvezd az \u00edzeket, a zen\u00e9t \u00e9s a hangulatot!<\/strong><\/p>\n<p><a href=\"https:\/\/headoneastcroatia.com\/program\/\" target=\"_blank\" rel=\"noopener\"><strong>A HeadOnEast<\/strong><\/a> fesztiv\u00e1l <strong>2025. okt\u00f3ber 2-t\u00f3l 5-ig<\/strong> tart az esz\u00e9ki barokk \u00d3v\u00e1rosban (<strong>Tvr\u0111a)<\/strong>. L\u00e1togass el, \u00e9s \u00e9lj \u00e1t egy h\u00e9tv\u00e9g\u00e9t a zene, a m\u0171v\u00e9szet, a szlav\u00f3n konyha \u00edzeinek \u00e9s az utcai \u00e9telek vil\u00e1g\u00e1ban.<\/p>\n<p><strong>A HeadOnEast progamok <\/strong>id\u00e1ig tartalmazt\u00e1k a k\u00f6vetkez\u0151t: <em>Vino.grad<\/em> &#8211; Szlav\u00f3nia, Baranya \u00e9s Dun\u00e1nt\u00fali legjobb borok k\u00edn\u00e1lata, <em>Beercuz<\/em> h\u00e1zi \u00e9s <em>craft<\/em> s\u00f6r\u00f6k a k\u00f6rny\u00e9kr\u0151l, a legfinomabb szlav\u00f3n p\u00e1link\u00e1k, <em>StreetFood<\/em> z\u00f3na, F\u00e9nyh\u00e1zak &#8211; f\u00e9nyvet\u00edt\u00e9sek az er\u0151d homlokzatain, <em>In da Sofa<\/em> &#8211; pop-up zenei lounge-bar, <em>Art livada<\/em> m\u0171v\u00e9szeti szerkezetekkel, gyerek kreat\u00edvit\u00e1s \u00e9s m\u0171helyek, <em>HeadOnKviz<\/em> &#8211; kedvenc pub-kv\u00edzek nyitott helyeken, <em>Zona vinila<\/em> zene vissza vezet benn\u00fcnket a <em>rock and roll<\/em> arany kor\u00e1ba, \u00fagy mint a\u00a0 <em>Osje\u010dki glazboplov<\/em>, <em>Essekiraonicu<\/em> m\u0171v\u00e9szeti m\u0171helyekkel, ki\u00e1ll\u00edt\u00e1sokkal, vezetett t\u00far\u00e1kkal \u00e9s vonz\u00f3 h\u00edres zen\u00e9szek \u00e9s DJ-ek fell\u00e9p\u00e9s\u00e9vel.<\/p>\n<p><strong>Tov\u00e1bbi inform\u00e1ci\u00f3: <\/strong><a href=\"https:\/\/headoneastcroatia.com\/\" target=\"_blank\" rel=\"noopener\">www.headoneastcroatia.com<\/a><\/p>\n\n\n<figure class=\"wp-block-image size-full\"><img loading=\"lazy\" decoding=\"async\" width=\"1024\" height=\"537\" src=\"https:\/\/visitslavoniabaranja.com\/wp-content\/uploads\/event-manager-uploads\/event_banner\/2024\/07\/HeadOnEast-osnovni-vizual.jpg\" alt=\"\" class=\"wp-image-10952\" srcset=\"https:\/\/visitslavoniabaranja.com\/wp-content\/uploads\/event-manager-uploads\/event_banner\/2024\/07\/HeadOnEast-osnovni-vizual.jpg 1024w, https:\/\/visitslavoniabaranja.com\/wp-content\/uploads\/event-manager-uploads\/event_banner\/2024\/07\/HeadOnEast-osnovni-vizual-440x231.jpg 440w, https:\/\/visitslavoniabaranja.com\/wp-content\/uploads\/event-manager-uploads\/event_banner\/2024\/07\/HeadOnEast-osnovni-vizual-768x403.jpg 768w\" sizes=\"auto, (max-width: 1024px) 100vw, 1024px\" \/><\/figure>\n\n\n\n<figure class=\"wp-block-image size-large\"><img loading=\"lazy\" decoding=\"async\" width=\"1024\" height=\"682\" src=\"https:\/\/visitslavoniabaranja.com\/wp-content\/uploads\/2024\/07\/HeadOnEast-Tvrda-1024x682.jpg\" alt=\"\" class=\"wp-image-10973\" srcset=\"https:\/\/visitslavoniabaranja.com\/wp-content\/uploads\/2024\/07\/HeadOnEast-Tvrda-1024x682.jpg 1024w, https:\/\/visitslavoniabaranja.com\/wp-content\/uploads\/2024\/07\/HeadOnEast-Tvrda-440x293.jpg 440w, https:\/\/visitslavoniabaranja.com\/wp-content\/uploads\/2024\/07\/HeadOnEast-Tvrda-768x512.jpg 768w, https:\/\/visitslavoniabaranja.com\/wp-content\/uploads\/2024\/07\/HeadOnEast-Tvrda-1536x1024.jpg 1536w, https:\/\/visitslavoniabaranja.com\/wp-content\/uploads\/2024\/07\/HeadOnEast-Tvrda.jpg 2000w\" sizes=\"auto, (max-width: 1024px) 100vw, 1024px\" \/><\/figure>\n\n\n\n<p><em>Doga\u0111aj organiziraju Turisti\u010dka zajednica Osje\u010dko-baranjske \u017eupanije i Osje\u010dko-baranjska \u017eupanija uz brojne partnere &#8211; Grad Osijek, Turisti\u010dka zajednica grada Osijeka, Kreativna agencija Adverta i drugi vrijedni partneri<\/em><\/p>\n","protected":false},"featured_media":10955,"template":"","meta":[],"event_listing_category":[169,164,162,165,474,166,163],"event_listing_type":[],"class_list":["post-14313","event_listing","type-event_listing","status-expired","has-post-thumbnail","hentry","event_listing_category-becsuletes","event_listing_category-etel-es-ital","event_listing_category-fesztival","event_listing_category-kiallitas","event_listing_category-outdoors-hu","event_listing_category-tarlatvezetes","event_listing_category-zene"],"acf":[],"yoast_head":"<!-- This site is optimized with the Yoast SEO plugin v25.0 - https:\/\/yoast.com\/wordpress\/plugins\/seo\/ -->\n<title>HeadOnEast fesztiv\u00e1l, Esz\u00e9k - Eszek-baranya megye turisztikai kozossege<\/title>\n<meta name=\"robots\" content=\"index, follow, max-snippet:-1, max-image-preview:large, max-video-preview:-1\" \/>\n<link rel=\"canonical\" href=\"https:\/\/visitslavoniabaranja.com\/event\/headoneast-festival-2024-osijek\/\" \/>\n<meta property=\"og:locale\" content=\"hu_HU\" \/>\n<meta property=\"og:type\" content=\"article\" \/>\n<meta property=\"og:title\" content=\"HeadOnEast fesztiv\u00e1l, Esz\u00e9k - Eszek-baranya megye turisztikai kozossege\" \/>\n<meta property=\"og:description\" content=\"L\u00e1togass el Kelet-Horv\u00e1torsz\u00e1gba, \u00e9s \u00e9lvezd az \u00edzeket, a zen\u00e9t \u00e9s a hangulatot! A HeadOnEast fesztiv\u00e1l 2025. okt\u00f3ber 2-t\u00f3l 5-ig tart az esz\u00e9ki barokk \u00d3v\u00e1rosban (Tvr\u0111a). L\u00e1togass el, \u00e9s \u00e9lj \u00e1t egy h\u00e9tv\u00e9g\u00e9t a zene, a m\u0171v\u00e9szet, a szlav\u00f3n konyha \u00edzeinek \u00e9s az utcai \u00e9telek vil\u00e1g\u00e1ban. A HeadOnEast progamok id\u00e1ig tartalmazt\u00e1k a k\u00f6vetkez\u0151t: Vino.grad &#8211; Szlav\u00f3nia, [&hellip;]\" \/>\n<meta property=\"og:url\" content=\"https:\/\/visitslavoniabaranja.com\/event\/headoneast-festival-2024-osijek\/\" \/>\n<meta property=\"og:site_name\" content=\"Eszek-baranya megye turisztikai kozossege\" \/>\n<meta property=\"og:image\" content=\"https:\/\/visitslavoniabaranja.com\/wp-content\/uploads\/2024\/07\/HOE2025.jpg\" \/>\n\t<meta property=\"og:image:width\" content=\"1920\" \/>\n\t<meta property=\"og:image:height\" content=\"1005\" \/>\n\t<meta property=\"og:image:type\" content=\"image\/jpeg\" \/>\n<meta name=\"twitter:card\" content=\"summary_large_image\" \/>\n<meta name=\"twitter:label1\" content=\"Becs\u00fclt olvas\u00e1si id\u0151\" \/>\n\t<meta name=\"twitter:data1\" content=\"1 perc\" \/>\n<script type=\"application\/ld+json\" class=\"yoast-schema-graph\">{\"@context\":\"https:\/\/schema.org\",\"@graph\":[{\"@type\":\"WebPage\",\"@id\":\"https:\/\/visitslavoniabaranja.com\/event\/headoneast-festival-2024-osijek\/\",\"url\":\"https:\/\/visitslavoniabaranja.com\/event\/headoneast-festival-2024-osijek\/\",\"name\":\"HeadOnEast fesztiv\u00e1l, Esz\u00e9k - Eszek-baranya megye turisztikai kozossege\",\"isPartOf\":{\"@id\":\"https:\/\/visitslavoniabaranja.com\/#website\"},\"primaryImageOfPage\":{\"@id\":\"https:\/\/visitslavoniabaranja.com\/event\/headoneast-festival-2024-osijek\/#primaryimage\"},\"image\":{\"@id\":\"https:\/\/visitslavoniabaranja.com\/event\/headoneast-festival-2024-osijek\/#primaryimage\"},\"thumbnailUrl\":\"https:\/\/visitslavoniabaranja.com\/wp-content\/uploads\/event-manager-uploads\/event_banner\/2024\/07\/HeadOnEast-osnovni-vizual.jpg\",\"datePublished\":\"2026-03-13T08:30:37+00:00\",\"breadcrumb\":{\"@id\":\"https:\/\/visitslavoniabaranja.com\/event\/headoneast-festival-2024-osijek\/#breadcrumb\"},\"inLanguage\":\"hu\",\"potentialAction\":[{\"@type\":\"ReadAction\",\"target\":[\"https:\/\/visitslavoniabaranja.com\/event\/headoneast-festival-2024-osijek\/\"]}]},{\"@type\":\"ImageObject\",\"inLanguage\":\"hu\",\"@id\":\"https:\/\/visitslavoniabaranja.com\/event\/headoneast-festival-2024-osijek\/#primaryimage\",\"url\":\"https:\/\/visitslavoniabaranja.com\/wp-content\/uploads\/event-manager-uploads\/event_banner\/2024\/07\/HeadOnEast-osnovni-vizual.jpg\",\"contentUrl\":\"https:\/\/visitslavoniabaranja.com\/wp-content\/uploads\/event-manager-uploads\/event_banner\/2024\/07\/HeadOnEast-osnovni-vizual.jpg\",\"width\":1024,\"height\":537},{\"@type\":\"BreadcrumbList\",\"@id\":\"https:\/\/visitslavoniabaranja.com\/event\/headoneast-festival-2024-osijek\/#breadcrumb\",\"itemListElement\":[{\"@type\":\"ListItem\",\"position\":1,\"name\":\"Po\u010detna stranica\",\"item\":\"https:\/\/visitslavoniabaranja.com\/hu\/\"},{\"@type\":\"ListItem\",\"position\":2,\"name\":\"HeadOnEast fesztiv\u00e1l, Esz\u00e9k\"}]},{\"@type\":\"WebSite\",\"@id\":\"https:\/\/visitslavoniabaranja.com\/#website\",\"url\":\"https:\/\/visitslavoniabaranja.com\/\",\"name\":\"Eszek-baranya megye turisztikai kozossege\",\"description\":\"\",\"potentialAction\":[{\"@type\":\"SearchAction\",\"target\":{\"@type\":\"EntryPoint\",\"urlTemplate\":\"https:\/\/visitslavoniabaranja.com\/?s={search_term_string}\"},\"query-input\":{\"@type\":\"PropertyValueSpecification\",\"valueRequired\":true,\"valueName\":\"search_term_string\"}}],\"inLanguage\":\"hu\"}]}<\/script>\n<!-- \/ Yoast SEO plugin. -->","yoast_head_json":{"title":"HeadOnEast fesztiv\u00e1l, Esz\u00e9k - Eszek-baranya megye turisztikai kozossege","robots":{"index":"index","follow":"follow","max-snippet":"max-snippet:-1","max-image-preview":"max-image-preview:large","max-video-preview":"max-video-preview:-1"},"canonical":"https:\/\/visitslavoniabaranja.com\/event\/headoneast-festival-2024-osijek\/","og_locale":"hu_HU","og_type":"article","og_title":"HeadOnEast fesztiv\u00e1l, Esz\u00e9k - Eszek-baranya megye turisztikai kozossege","og_description":"L\u00e1togass el Kelet-Horv\u00e1torsz\u00e1gba, \u00e9s \u00e9lvezd az \u00edzeket, a zen\u00e9t \u00e9s a hangulatot! A HeadOnEast fesztiv\u00e1l 2025. okt\u00f3ber 2-t\u00f3l 5-ig tart az esz\u00e9ki barokk \u00d3v\u00e1rosban (Tvr\u0111a). L\u00e1togass el, \u00e9s \u00e9lj \u00e1t egy h\u00e9tv\u00e9g\u00e9t a zene, a m\u0171v\u00e9szet, a szlav\u00f3n konyha \u00edzeinek \u00e9s az utcai \u00e9telek vil\u00e1g\u00e1ban. A HeadOnEast progamok id\u00e1ig tartalmazt\u00e1k a k\u00f6vetkez\u0151t: Vino.grad &#8211; Szlav\u00f3nia, [&hellip;]","og_url":"https:\/\/visitslavoniabaranja.com\/event\/headoneast-festival-2024-osijek\/","og_site_name":"Eszek-baranya megye turisztikai kozossege","og_image":[{"width":1920,"height":1005,"url":"https:\/\/visitslavoniabaranja.com\/wp-content\/uploads\/2024\/07\/HOE2025.jpg","type":"image\/jpeg"}],"twitter_card":"summary_large_image","twitter_misc":{"Becs\u00fclt olvas\u00e1si id\u0151":"1 perc"},"schema":{"@context":"https:\/\/schema.org","@graph":[{"@type":"WebPage","@id":"https:\/\/visitslavoniabaranja.com\/event\/headoneast-festival-2024-osijek\/","url":"https:\/\/visitslavoniabaranja.com\/event\/headoneast-festival-2024-osijek\/","name":"HeadOnEast fesztiv\u00e1l, Esz\u00e9k - Eszek-baranya megye turisztikai kozossege","isPartOf":{"@id":"https:\/\/visitslavoniabaranja.com\/#website"},"primaryImageOfPage":{"@id":"https:\/\/visitslavoniabaranja.com\/event\/headoneast-festival-2024-osijek\/#primaryimage"},"image":{"@id":"https:\/\/visitslavoniabaranja.com\/event\/headoneast-festival-2024-osijek\/#primaryimage"},"thumbnailUrl":"https:\/\/visitslavoniabaranja.com\/wp-content\/uploads\/event-manager-uploads\/event_banner\/2024\/07\/HeadOnEast-osnovni-vizual.jpg","datePublished":"2026-03-13T08:30:37+00:00","breadcrumb":{"@id":"https:\/\/visitslavoniabaranja.com\/event\/headoneast-festival-2024-osijek\/#breadcrumb"},"inLanguage":"hu","potentialAction":[{"@type":"ReadAction","target":["https:\/\/visitslavoniabaranja.com\/event\/headoneast-festival-2024-osijek\/"]}]},{"@type":"ImageObject","inLanguage":"hu","@id":"https:\/\/visitslavoniabaranja.com\/event\/headoneast-festival-2024-osijek\/#primaryimage","url":"https:\/\/visitslavoniabaranja.com\/wp-content\/uploads\/event-manager-uploads\/event_banner\/2024\/07\/HeadOnEast-osnovni-vizual.jpg","contentUrl":"https:\/\/visitslavoniabaranja.com\/wp-content\/uploads\/event-manager-uploads\/event_banner\/2024\/07\/HeadOnEast-osnovni-vizual.jpg","width":1024,"height":537},{"@type":"BreadcrumbList","@id":"https:\/\/visitslavoniabaranja.com\/event\/headoneast-festival-2024-osijek\/#breadcrumb","itemListElement":[{"@type":"ListItem","position":1,"name":"Po\u010detna stranica","item":"https:\/\/visitslavoniabaranja.com\/hu\/"},{"@type":"ListItem","position":2,"name":"HeadOnEast fesztiv\u00e1l, Esz\u00e9k"}]},{"@type":"WebSite","@id":"https:\/\/visitslavoniabaranja.com\/#website","url":"https:\/\/visitslavoniabaranja.com\/","name":"Eszek-baranya megye turisztikai kozossege","description":"","potentialAction":[{"@type":"SearchAction","target":{"@type":"EntryPoint","urlTemplate":"https:\/\/visitslavoniabaranja.com\/?s={search_term_string}"},"query-input":{"@type":"PropertyValueSpecification","valueRequired":true,"valueName":"search_term_string"}}],"inLanguage":"hu"}]}},"_links":{"self":[{"href":"https:\/\/visitslavoniabaranja.com\/hu\/wp-json\/wp\/v2\/event_listing\/14313","targetHints":{"allow":["GET"]}}],"collection":[{"href":"https:\/\/visitslavoniabaranja.com\/hu\/wp-json\/wp\/v2\/event_listing"}],"about":[{"href":"https:\/\/visitslavoniabaranja.com\/hu\/wp-json\/wp\/v2\/types\/event_listing"}],"wp:featuredmedia":[{"embeddable":true,"href":"https:\/\/visitslavoniabaranja.com\/hu\/wp-json\/wp\/v2\/media\/10955"}],"wp:attachment":[{"href":"https:\/\/visitslavoniabaranja.com\/hu\/wp-json\/wp\/v2\/media?parent=14313"}],"wp:term":[{"taxonomy":"event_listing_category","embeddable":true,"href":"https:\/\/visitslavoniabaranja.com\/hu\/wp-json\/wp\/v2\/event_listing_category?post=14313"},{"taxonomy":"event_listing_type","embeddable":true,"href":"https:\/\/visitslavoniabaranja.com\/hu\/wp-json\/wp\/v2\/event_listing_type?post=14313"}],"curies":[{"name":"wp","href":"https:\/\/api.w.org\/{rel}","templated":true}]}}