
{"id":8908,"date":"2026-01-27T12:34:09","date_gmt":"2026-01-27T11:34:09","guid":{"rendered":"https:\/\/visitslavoniabaranja.com\/event\/fasange-2024\/"},"modified":"2024-02-14T00:18:19","modified_gmt":"2024-02-13T23:18:19","slug":"fasange-2024","status":"expired","type":"event_listing","link":"https:\/\/visitslavoniabaranja.com\/de\/event\/fasange-2024\/","title":{"rendered":"Karnevalsfest \u201eFa\u0161ange\u201c in der Baranja"},"content":{"rendered":"<p>Die gr\u00f6\u00dfte Karnevalsveranstaltung in der Baranja wird wieder einmal die \u201eSch\u00f6nen\u201c und \u201eBistigen\u201c Bu\u0161e (Lipe i Stra\u0161ne Bu\u0161e) sowie die besten Dudelsackspieler der Region zusammenbringen.<\/p>\n<p>Das Programm beginnt am 9. Februar mit einer Er\u00f6ffnungskonferenz und Podiumsdiskussion \u00fcber die Stellung von Dudels\u00e4cken und Dudelsackspielern in Europa und Kroatien im Museum von Slawonien in Osijek. Am selben Tag wird die internationale Koalition der Dudelsackspieler ein Galakonzertprogramm in der Kirche der Heiligen Peter und Paul in Topolje (Baranja) auff\u00fchren und die Besucher unter anderem mit Kl\u00e4ngen der Kroatischen, Ungarischen, Bulgarischen, Franz\u00f6sischen, Schottischer und Mazedonischer Dudelsack.<\/p>\n<p>Der H\u00f6hepunkt des Karnevalsprogramms ist am 10. Februar, wenn die Baranja \u201eBu\u0161e\u201c (Bushe) ihren Umzug starten, um den Winter zu vertreiben und den Fr\u00fchling herbeizurufen. Die Prozession beginnt am Stipe-\u0110urin-Platz in Dra\u017e und verl\u00e4uft durch die Stra\u00dfen Dra\u017e und Gaji\u0107. In Gaji\u0107 besuchen Pfeifer und maskierte Bu\u0161e-M\u00e4nner und -Frauen das Haus des verstorbenen Baranja-Pfeifers Marko Drventi\u0107, woraufhin Pfeifer \u201edie Stra\u00dfen in Brand stecken\u201c.<\/p>\n<p>Am selben Tag werden die Dudelsackspieler am Abend ein zweites Konzertprogramm im Ethnographischen Museum in Moh\u00e1cs (Baranya, Ungarn) veranstalten, w\u00e4hrend in Dubo\u0161evica der verr\u00fcckteste Maskenball dieses Karnevals mit der Band \u201eAura\u201c beginnt.<\/p>\n<p>Am 11. Februar verabschieden wir uns von den Dudelsackspielern und schon am n\u00e4chsten Tag, dem 12. Februar, setzen die maskierten Bu\u0161e ihre verr\u00fcckte Jagd nach der Vertreibung des Winters in Topolje fort.<\/p>\n<p>Am 13. Februar, w\u00e4hrend die Bu\u0161e in Topolje noch besch\u00e4ftigt sind, beginnt in Dra\u017e und Gaji\u0107 der Karnevalsumzug mit Reitern und Pferdekutschen. Das \u201eFa\u0161ange\u201c-Programm 2024 endet mit dem \u201eBrennen und Blitzen\u201c der Stra\u00dfen in Dra\u017e auf dem Stipe-\u0110urin-Platz mit Musik und Bohnengulasch f\u00fcr alle Teilnehmer und G\u00e4ste.<\/p>\n\n\n<figure class=\"wp-block-image size-large\"><img loading=\"lazy\" decoding=\"async\" width=\"1024\" height=\"724\" src=\"https:\/\/visitslavoniabaranja.com\/wp-content\/uploads\/event-manager-uploads\/event_banner\/2024\/01\/FASANGE-detaljni-program-copy-1024x724.jpg\" alt=\"\" class=\"wp-image-8894\" srcset=\"https:\/\/visitslavoniabaranja.com\/wp-content\/uploads\/event-manager-uploads\/event_banner\/2024\/01\/FASANGE-detaljni-program-copy-1024x724.jpg 1024w, https:\/\/visitslavoniabaranja.com\/wp-content\/uploads\/event-manager-uploads\/event_banner\/2024\/01\/FASANGE-detaljni-program-copy-440x311.jpg 440w, https:\/\/visitslavoniabaranja.com\/wp-content\/uploads\/event-manager-uploads\/event_banner\/2024\/01\/FASANGE-detaljni-program-copy-768x543.jpg 768w, https:\/\/visitslavoniabaranja.com\/wp-content\/uploads\/event-manager-uploads\/event_banner\/2024\/01\/FASANGE-detaljni-program-copy-1536x1086.jpg 1536w, https:\/\/visitslavoniabaranja.com\/wp-content\/uploads\/event-manager-uploads\/event_banner\/2024\/01\/FASANGE-detaljni-program-copy-2048x1448.jpg 2048w\" sizes=\"auto, (max-width: 1024px) 100vw, 1024px\" \/><\/figure>\n\n\n\n<p><strong><em>Wissenswertes \u00fcber \u201eBu\u0161a\u201c-Masken<\/em><\/strong><\/p>\n\n\n\n<p><em>Bu\u0161a (Busha) sind traditionelle \u201eschreckliche\u201c Masken, \u00e4hnlich den Zvon\u010dari (Glockenl\u00e4utern) in der kroatischen Nordadria und den Krampusmasken in den Alpenregionen, vor denen man eigentlich keine Angst haben muss, denn ihre einzigen, jahrhundertealten \u201e Aufgabe\u201c ist es, die b\u00f6sen Wintergeister zu vertreiben und den ersehnten Fr\u00fchling herbeizurufen! Bu\u0161e sind auch zur Karnevalszeit in der Baranja zu sehen, lokal Fa\u0161ange genannt, und in Ungarn sind sie von der UNESCO als immaterielles Kulturerbe gesch\u00fctzt. Es wird angenommen, dass es w\u00e4hrend der osmanischen Eroberungen des ungarischen und kroatischen Donauraums im 16. und 17. Jahrhundert die maskierten Bu\u0161ars waren, die die t\u00fcrkischen Truppen erfolgreich einsch\u00fcchterten, sie zur Flucht zwangen und so die Baranja befreiten.<\/em><\/p>\n\n\n\n<figure class=\"wp-block-image size-large\"><img loading=\"lazy\" decoding=\"async\" width=\"1024\" height=\"684\" src=\"https:\/\/visitslavoniabaranja.com\/wp-content\/uploads\/event-manager-uploads\/event_banner\/2023\/02\/Busari-3-Nenad-Milic-TZOBZ-web-1024x684.jpg\" alt=\"\" class=\"wp-image-6330\" srcset=\"https:\/\/visitslavoniabaranja.com\/wp-content\/uploads\/event-manager-uploads\/event_banner\/2023\/02\/Busari-3-Nenad-Milic-TZOBZ-web-1024x684.jpg 1024w, https:\/\/visitslavoniabaranja.com\/wp-content\/uploads\/event-manager-uploads\/event_banner\/2023\/02\/Busari-3-Nenad-Milic-TZOBZ-web-440x294.jpg 440w, https:\/\/visitslavoniabaranja.com\/wp-content\/uploads\/event-manager-uploads\/event_banner\/2023\/02\/Busari-3-Nenad-Milic-TZOBZ-web-768x513.jpg 768w, https:\/\/visitslavoniabaranja.com\/wp-content\/uploads\/event-manager-uploads\/event_banner\/2023\/02\/Busari-3-Nenad-Milic-TZOBZ-web-1536x1025.jpg 1536w, https:\/\/visitslavoniabaranja.com\/wp-content\/uploads\/event-manager-uploads\/event_banner\/2023\/02\/Busari-3-Nenad-Milic-TZOBZ-web.jpg 2000w\" sizes=\"auto, (max-width: 1024px) 100vw, 1024px\" \/><\/figure>\n\n\n\n<figure class=\"wp-block-embed is-type-video is-provider-youtube wp-block-embed-youtube wp-embed-aspect-16-9 wp-has-aspect-ratio\"><div class=\"wp-block-embed__wrapper\">\n<iframe loading=\"lazy\" title=\"Baranjske bu\u0161e\" width=\"500\" height=\"281\" src=\"https:\/\/www.youtube.com\/embed\/pTumy2A3td4?start=1&#038;feature=oembed\" frameborder=\"0\" allow=\"accelerometer; autoplay; clipboard-write; encrypted-media; gyroscope; picture-in-picture; web-share\" referrerpolicy=\"strict-origin-when-cross-origin\" allowfullscreen><\/iframe>\n<\/div><\/figure>\n","protected":false},"featured_media":17992,"template":"","meta":[],"event_listing_category":[385,386,392],"event_listing_type":[],"class_list":["post-8908","event_listing","type-event_listing","status-expired","has-post-thumbnail","hentry","event_listing_category-festival-de","event_listing_category-musik","event_listing_category-tradition-de"],"acf":[],"yoast_head":"<!-- This site is optimized with the Yoast SEO plugin v25.0 - https:\/\/yoast.com\/wordpress\/plugins\/seo\/ -->\n<title>Karnevalsfest \u201eFa\u0161ange\u201c in der Baranja - Turisti\u010dka zajednica Osje\u010dko-baranjske \u017eupanije<\/title>\n<meta name=\"robots\" content=\"index, follow, max-snippet:-1, max-image-preview:large, max-video-preview:-1\" \/>\n<link rel=\"canonical\" href=\"https:\/\/visitslavoniabaranja.com\/event\/fasange-2024\/\" \/>\n<meta property=\"og:locale\" content=\"de_DE\" \/>\n<meta property=\"og:type\" content=\"article\" \/>\n<meta property=\"og:title\" content=\"Karnevalsfest \u201eFa\u0161ange\u201c in der Baranja - Turisti\u010dka zajednica Osje\u010dko-baranjske \u017eupanije\" \/>\n<meta property=\"og:description\" content=\"Die gr\u00f6\u00dfte Karnevalsveranstaltung in der Baranja wird wieder einmal die \u201eSch\u00f6nen\u201c und \u201eBistigen\u201c Bu\u0161e (Lipe i Stra\u0161ne Bu\u0161e) sowie die besten Dudelsackspieler der Region zusammenbringen. Das Programm beginnt am 9. Februar mit einer Er\u00f6ffnungskonferenz und Podiumsdiskussion \u00fcber die Stellung von Dudels\u00e4cken und Dudelsackspielern in Europa und Kroatien im Museum von Slawonien in Osijek. Am selben [&hellip;]\" \/>\n<meta property=\"og:url\" content=\"https:\/\/visitslavoniabaranja.com\/event\/fasange-2024\/\" \/>\n<meta property=\"og:site_name\" content=\"Turisti\u010dka zajednica Osje\u010dko-baranjske \u017eupanije\" \/>\n<meta property=\"og:image\" content=\"https:\/\/visitslavoniabaranja.com\/wp-content\/uploads\/2023\/02\/Buse-Fasange-2025.jpg\" \/>\n\t<meta property=\"og:image:width\" content=\"1920\" \/>\n\t<meta property=\"og:image:height\" content=\"1005\" \/>\n\t<meta property=\"og:image:type\" content=\"image\/jpeg\" \/>\n<meta name=\"twitter:card\" content=\"summary_large_image\" \/>\n<meta name=\"twitter:label1\" content=\"Gesch\u00e4tzte Lesezeit\" \/>\n\t<meta name=\"twitter:data1\" content=\"2\u00a0Minuten\" \/>\n<script type=\"application\/ld+json\" class=\"yoast-schema-graph\">{\"@context\":\"https:\/\/schema.org\",\"@graph\":[{\"@type\":\"WebPage\",\"@id\":\"https:\/\/visitslavoniabaranja.com\/event\/fasange-2024\/\",\"url\":\"https:\/\/visitslavoniabaranja.com\/event\/fasange-2024\/\",\"name\":\"Karnevalsfest \u201eFa\u0161ange\u201c in der Baranja - Turisti\u010dka zajednica Osje\u010dko-baranjske \u017eupanije\",\"isPartOf\":{\"@id\":\"https:\/\/visitslavoniabaranja.com\/#website\"},\"primaryImageOfPage\":{\"@id\":\"https:\/\/visitslavoniabaranja.com\/event\/fasange-2024\/#primaryimage\"},\"image\":{\"@id\":\"https:\/\/visitslavoniabaranja.com\/event\/fasange-2024\/#primaryimage\"},\"thumbnailUrl\":\"https:\/\/visitslavoniabaranja.com\/wp-content\/uploads\/2024\/01\/Fasange-Buse-Draz.jpg\",\"datePublished\":\"2026-01-27T11:34:09+00:00\",\"breadcrumb\":{\"@id\":\"https:\/\/visitslavoniabaranja.com\/event\/fasange-2024\/#breadcrumb\"},\"inLanguage\":\"de\",\"potentialAction\":[{\"@type\":\"ReadAction\",\"target\":[\"https:\/\/visitslavoniabaranja.com\/event\/fasange-2024\/\"]}]},{\"@type\":\"ImageObject\",\"inLanguage\":\"de\",\"@id\":\"https:\/\/visitslavoniabaranja.com\/event\/fasange-2024\/#primaryimage\",\"url\":\"https:\/\/visitslavoniabaranja.com\/wp-content\/uploads\/2024\/01\/Fasange-Buse-Draz.jpg\",\"contentUrl\":\"https:\/\/visitslavoniabaranja.com\/wp-content\/uploads\/2024\/01\/Fasange-Buse-Draz.jpg\",\"width\":826,\"height\":681},{\"@type\":\"BreadcrumbList\",\"@id\":\"https:\/\/visitslavoniabaranja.com\/event\/fasange-2024\/#breadcrumb\",\"itemListElement\":[{\"@type\":\"ListItem\",\"position\":1,\"name\":\"Po\u010detna stranica\",\"item\":\"https:\/\/visitslavoniabaranja.com\/de\/\"},{\"@type\":\"ListItem\",\"position\":2,\"name\":\"Karnevalsfest \u201eFa\u0161ange\u201c in der Baranja\"}]},{\"@type\":\"WebSite\",\"@id\":\"https:\/\/visitslavoniabaranja.com\/#website\",\"url\":\"https:\/\/visitslavoniabaranja.com\/\",\"name\":\"Turisti\u010dka zajednica Osje\u010dko-baranjske \u017eupanije\",\"description\":\"\",\"potentialAction\":[{\"@type\":\"SearchAction\",\"target\":{\"@type\":\"EntryPoint\",\"urlTemplate\":\"https:\/\/visitslavoniabaranja.com\/?s={search_term_string}\"},\"query-input\":{\"@type\":\"PropertyValueSpecification\",\"valueRequired\":true,\"valueName\":\"search_term_string\"}}],\"inLanguage\":\"de\"}]}<\/script>\n<!-- \/ Yoast SEO plugin. -->","yoast_head_json":{"title":"Karnevalsfest \u201eFa\u0161ange\u201c in der Baranja - Turisti\u010dka zajednica Osje\u010dko-baranjske \u017eupanije","robots":{"index":"index","follow":"follow","max-snippet":"max-snippet:-1","max-image-preview":"max-image-preview:large","max-video-preview":"max-video-preview:-1"},"canonical":"https:\/\/visitslavoniabaranja.com\/event\/fasange-2024\/","og_locale":"de_DE","og_type":"article","og_title":"Karnevalsfest \u201eFa\u0161ange\u201c in der Baranja - Turisti\u010dka zajednica Osje\u010dko-baranjske \u017eupanije","og_description":"Die gr\u00f6\u00dfte Karnevalsveranstaltung in der Baranja wird wieder einmal die \u201eSch\u00f6nen\u201c und \u201eBistigen\u201c Bu\u0161e (Lipe i Stra\u0161ne Bu\u0161e) sowie die besten Dudelsackspieler der Region zusammenbringen. Das Programm beginnt am 9. Februar mit einer Er\u00f6ffnungskonferenz und Podiumsdiskussion \u00fcber die Stellung von Dudels\u00e4cken und Dudelsackspielern in Europa und Kroatien im Museum von Slawonien in Osijek. Am selben [&hellip;]","og_url":"https:\/\/visitslavoniabaranja.com\/event\/fasange-2024\/","og_site_name":"Turisti\u010dka zajednica Osje\u010dko-baranjske \u017eupanije","og_image":[{"width":1920,"height":1005,"url":"https:\/\/visitslavoniabaranja.com\/wp-content\/uploads\/2023\/02\/Buse-Fasange-2025.jpg","type":"image\/jpeg"}],"twitter_card":"summary_large_image","twitter_misc":{"Gesch\u00e4tzte Lesezeit":"2\u00a0Minuten"},"schema":{"@context":"https:\/\/schema.org","@graph":[{"@type":"WebPage","@id":"https:\/\/visitslavoniabaranja.com\/event\/fasange-2024\/","url":"https:\/\/visitslavoniabaranja.com\/event\/fasange-2024\/","name":"Karnevalsfest \u201eFa\u0161ange\u201c in der Baranja - Turisti\u010dka zajednica Osje\u010dko-baranjske \u017eupanije","isPartOf":{"@id":"https:\/\/visitslavoniabaranja.com\/#website"},"primaryImageOfPage":{"@id":"https:\/\/visitslavoniabaranja.com\/event\/fasange-2024\/#primaryimage"},"image":{"@id":"https:\/\/visitslavoniabaranja.com\/event\/fasange-2024\/#primaryimage"},"thumbnailUrl":"https:\/\/visitslavoniabaranja.com\/wp-content\/uploads\/2024\/01\/Fasange-Buse-Draz.jpg","datePublished":"2026-01-27T11:34:09+00:00","breadcrumb":{"@id":"https:\/\/visitslavoniabaranja.com\/event\/fasange-2024\/#breadcrumb"},"inLanguage":"de","potentialAction":[{"@type":"ReadAction","target":["https:\/\/visitslavoniabaranja.com\/event\/fasange-2024\/"]}]},{"@type":"ImageObject","inLanguage":"de","@id":"https:\/\/visitslavoniabaranja.com\/event\/fasange-2024\/#primaryimage","url":"https:\/\/visitslavoniabaranja.com\/wp-content\/uploads\/2024\/01\/Fasange-Buse-Draz.jpg","contentUrl":"https:\/\/visitslavoniabaranja.com\/wp-content\/uploads\/2024\/01\/Fasange-Buse-Draz.jpg","width":826,"height":681},{"@type":"BreadcrumbList","@id":"https:\/\/visitslavoniabaranja.com\/event\/fasange-2024\/#breadcrumb","itemListElement":[{"@type":"ListItem","position":1,"name":"Po\u010detna stranica","item":"https:\/\/visitslavoniabaranja.com\/de\/"},{"@type":"ListItem","position":2,"name":"Karnevalsfest \u201eFa\u0161ange\u201c in der Baranja"}]},{"@type":"WebSite","@id":"https:\/\/visitslavoniabaranja.com\/#website","url":"https:\/\/visitslavoniabaranja.com\/","name":"Turisti\u010dka zajednica Osje\u010dko-baranjske \u017eupanije","description":"","potentialAction":[{"@type":"SearchAction","target":{"@type":"EntryPoint","urlTemplate":"https:\/\/visitslavoniabaranja.com\/?s={search_term_string}"},"query-input":{"@type":"PropertyValueSpecification","valueRequired":true,"valueName":"search_term_string"}}],"inLanguage":"de"}]}},"_links":{"self":[{"href":"https:\/\/visitslavoniabaranja.com\/de\/wp-json\/wp\/v2\/event_listing\/8908","targetHints":{"allow":["GET"]}}],"collection":[{"href":"https:\/\/visitslavoniabaranja.com\/de\/wp-json\/wp\/v2\/event_listing"}],"about":[{"href":"https:\/\/visitslavoniabaranja.com\/de\/wp-json\/wp\/v2\/types\/event_listing"}],"wp:featuredmedia":[{"embeddable":true,"href":"https:\/\/visitslavoniabaranja.com\/de\/wp-json\/wp\/v2\/media\/17992"}],"wp:attachment":[{"href":"https:\/\/visitslavoniabaranja.com\/de\/wp-json\/wp\/v2\/media?parent=8908"}],"wp:term":[{"taxonomy":"event_listing_category","embeddable":true,"href":"https:\/\/visitslavoniabaranja.com\/de\/wp-json\/wp\/v2\/event_listing_category?post=8908"},{"taxonomy":"event_listing_type","embeddable":true,"href":"https:\/\/visitslavoniabaranja.com\/de\/wp-json\/wp\/v2\/event_listing_type?post=8908"}],"curies":[{"name":"wp","href":"https:\/\/api.w.org\/{rel}","templated":true}]}}