
{"id":5841,"date":"2022-11-07T11:48:47","date_gmt":"2022-11-07T10:48:47","guid":{"rendered":"https:\/\/visitslavoniabaranja.com\/event\/izlozba-segestika-i-siscija-naselje-s-pocetka-povijesti\/"},"modified":"2023-12-06T11:00:21","modified_gmt":"2023-12-06T10:00:21","slug":"izlozba-segestika-i-siscija-naselje-s-pocetka-povijesti","status":"expired","type":"event_listing","link":"https:\/\/visitslavoniabaranja.com\/de\/event\/izlozba-segestika-i-siscija-naselje-s-pocetka-povijesti\/","title":{"rendered":"Izlo\u017eba: Segestika i Siscija &#8211; naselje s po\u010detka povijesti"},"content":{"rendered":"<p>Segestika i Siscija &#8211; naselje s po\u010detka povijesti<\/p>\n<p>Kako se malo bron\u010danodobno naselje, nastalo krajem drugog tisu\u0107lje\u0107a prije Krista neposredno prije u\u0161\u0107a rijeke Kupe u Savu, preobrazilo u jedan od najva\u017enijih \u017eeljeznodobnih centara u me\u0111urije\u010dju Save i Drave, a koje je u anti\u010dkim pisanim izvorima zabilje\u017eeno pod imenima Segestika i Siscija?<\/p>\n<p>Odgovor na to pitanje ponudit \u0107e izlo\u017eba&nbsp;Segestika i Siscija \u2013 naselje s po\u010detka povijesti&nbsp;koja \u0107e \u0161iroj javnosti predstaviti nastanak, razvoj i kulturnu dinamiku ovog iznimnog naselja, svakodnevni \u017eivot njegovih stanovnika, njihovu no\u0161nju i ratni\u010dku opremu, prehranu, kao i gospodarske i trgova\u010dke aktivnosti te duhovni \u017eivot.<\/p>\n<p>Predmeti koji se \u010duvaju u zbirkama Arheolo\u0161kog muzeja u Zagrebu i Gradskog muzeja Sisak, popra\u0107eni rezultatima suvremenih arheolo\u0161kih istra\u017eivanja, omogu\u0107ili su uvid u kontinuirani razvoj sisa\u010dkog pretpovijesnog&nbsp;&nbsp;naselja tijekom cijelog prvog tisu\u0107lje\u0107a prije Krista, sve do 35. godine pr. Kr. Tada ovo naselje, smje\u0161teno na strate\u0161kom polo\u017eaju klju\u010dnom za daljnji prodor u Panoniju, osvajaju rimske legije predvo\u0111ene Oktavijanom, budu\u0107im carem Augustom, i ono postaje va\u017eno vojno upori\u0161te, a kasnije i slavni rimski grad Siscija.<\/p>\n<p>Ova \u0107e izlo\u017eba predstaviti dvjestotinjak arheolo\u0161kih predmeta, ali i brojne ilustracije, rekonstrukcije i audiovizualne materijale kojima \u0107e se poku\u0161ati do\u010darati \u017eivot stanovnika Segestike i Siscije.<\/p>\n<p>&nbsp;<\/p>\n<p>Autor izlo\u017ebe:&nbsp;Ivan Drni\u0107, Arheolo\u0161ki muzej u Zagrebu<\/p>\n<p>Organizacija izlo\u017ebe: Arheolo\u0161ki muzej Osijek<\/p>\n\n<figure class=\"wp-block-image size-full\"><img loading=\"lazy\" decoding=\"async\" width=\"716\" height=\"914\" src=\"https:\/\/visitslavoniabaranja.com\/wp-content\/uploads\/2022\/11\/image003.png\" alt=\"\" class=\"wp-image-5759\" srcset=\"https:\/\/visitslavoniabaranja.com\/wp-content\/uploads\/2022\/11\/image003.png 716w, https:\/\/visitslavoniabaranja.com\/wp-content\/uploads\/2022\/11\/image003-345x440.png 345w\" sizes=\"auto, (max-width: 716px) 100vw, 716px\" \/><\/figure>\n","protected":false},"featured_media":5754,"template":"","meta":[],"event_listing_category":[388],"event_listing_type":[],"class_list":["post-5841","event_listing","type-event_listing","status-expired","has-post-thumbnail","hentry","event_listing_category-ausstellung"],"acf":[],"yoast_head":"<!-- This site is optimized with the Yoast SEO plugin v25.0 - https:\/\/yoast.com\/wordpress\/plugins\/seo\/ -->\n<title>Izlo\u017eba: Segestika i Siscija - naselje s po\u010detka povijesti - Turisti\u010dka zajednica Osje\u010dko-baranjske \u017eupanije<\/title>\n<meta name=\"robots\" content=\"index, follow, max-snippet:-1, max-image-preview:large, max-video-preview:-1\" \/>\n<link rel=\"canonical\" href=\"https:\/\/visitslavoniabaranja.com\/event\/izlozba-segestika-i-siscija-naselje-s-pocetka-povijesti-2\/\" \/>\n<meta property=\"og:locale\" content=\"de_DE\" \/>\n<meta property=\"og:type\" content=\"article\" \/>\n<meta property=\"og:title\" content=\"Izlo\u017eba: Segestika i Siscija - naselje s po\u010detka povijesti - Turisti\u010dka zajednica Osje\u010dko-baranjske \u017eupanije\" \/>\n<meta property=\"og:description\" content=\"Segestika i Siscija &#8211; naselje s po\u010detka povijesti Kako se malo bron\u010danodobno naselje, nastalo krajem drugog tisu\u0107lje\u0107a prije Krista neposredno prije u\u0161\u0107a rijeke Kupe u Savu, preobrazilo u jedan od najva\u017enijih \u017eeljeznodobnih centara u me\u0111urije\u010dju Save i Drave, a koje je u anti\u010dkim pisanim izvorima zabilje\u017eeno pod imenima Segestika i Siscija? Odgovor na to pitanje [&hellip;]\" \/>\n<meta property=\"og:url\" content=\"https:\/\/visitslavoniabaranja.com\/event\/izlozba-segestika-i-siscija-naselje-s-pocetka-povijesti-2\/\" \/>\n<meta property=\"og:site_name\" content=\"Turisti\u010dka zajednica Osje\u010dko-baranjske \u017eupanije\" \/>\n<meta property=\"article:modified_time\" content=\"2023-12-06T10:00:21+00:00\" \/>\n<meta property=\"og:image\" content=\"https:\/\/visitslavoniabaranja.com\/wp-content\/uploads\/event-manager-uploads\/event_banner\/2022\/11\/SS_osijek_mail_pozivnica-1-1.jpg\" \/>\n\t<meta property=\"og:image:width\" content=\"640\" \/>\n\t<meta property=\"og:image:height\" content=\"810\" \/>\n\t<meta property=\"og:image:type\" content=\"image\/jpeg\" \/>\n<meta name=\"twitter:card\" content=\"summary_large_image\" \/>\n<meta name=\"twitter:label1\" content=\"Gesch\u00e4tzte Lesezeit\" \/>\n\t<meta name=\"twitter:data1\" content=\"1\u00a0Minute\" \/>\n<script type=\"application\/ld+json\" class=\"yoast-schema-graph\">{\"@context\":\"https:\/\/schema.org\",\"@graph\":[{\"@type\":\"WebPage\",\"@id\":\"https:\/\/visitslavoniabaranja.com\/event\/izlozba-segestika-i-siscija-naselje-s-pocetka-povijesti-2\/\",\"url\":\"https:\/\/visitslavoniabaranja.com\/event\/izlozba-segestika-i-siscija-naselje-s-pocetka-povijesti-2\/\",\"name\":\"Izlo\u017eba: Segestika i Siscija - naselje s po\u010detka povijesti - Turisti\u010dka zajednica Osje\u010dko-baranjske \u017eupanije\",\"isPartOf\":{\"@id\":\"https:\/\/visitslavoniabaranja.com\/#website\"},\"primaryImageOfPage\":{\"@id\":\"https:\/\/visitslavoniabaranja.com\/event\/izlozba-segestika-i-siscija-naselje-s-pocetka-povijesti-2\/#primaryimage\"},\"image\":{\"@id\":\"https:\/\/visitslavoniabaranja.com\/event\/izlozba-segestika-i-siscija-naselje-s-pocetka-povijesti-2\/#primaryimage\"},\"thumbnailUrl\":\"https:\/\/visitslavoniabaranja.com\/wp-content\/uploads\/event-manager-uploads\/event_banner\/2022\/11\/SS_osijek_mail_pozivnica-1-1.jpg\",\"datePublished\":\"2022-11-07T10:48:47+00:00\",\"dateModified\":\"2023-12-06T10:00:21+00:00\",\"breadcrumb\":{\"@id\":\"https:\/\/visitslavoniabaranja.com\/event\/izlozba-segestika-i-siscija-naselje-s-pocetka-povijesti-2\/#breadcrumb\"},\"inLanguage\":\"de\",\"potentialAction\":[{\"@type\":\"ReadAction\",\"target\":[\"https:\/\/visitslavoniabaranja.com\/event\/izlozba-segestika-i-siscija-naselje-s-pocetka-povijesti-2\/\"]}]},{\"@type\":\"ImageObject\",\"inLanguage\":\"de\",\"@id\":\"https:\/\/visitslavoniabaranja.com\/event\/izlozba-segestika-i-siscija-naselje-s-pocetka-povijesti-2\/#primaryimage\",\"url\":\"https:\/\/visitslavoniabaranja.com\/wp-content\/uploads\/event-manager-uploads\/event_banner\/2022\/11\/SS_osijek_mail_pozivnica-1-1.jpg\",\"contentUrl\":\"https:\/\/visitslavoniabaranja.com\/wp-content\/uploads\/event-manager-uploads\/event_banner\/2022\/11\/SS_osijek_mail_pozivnica-1-1.jpg\",\"width\":640,\"height\":810},{\"@type\":\"BreadcrumbList\",\"@id\":\"https:\/\/visitslavoniabaranja.com\/event\/izlozba-segestika-i-siscija-naselje-s-pocetka-povijesti-2\/#breadcrumb\",\"itemListElement\":[{\"@type\":\"ListItem\",\"position\":1,\"name\":\"Po\u010detna stranica\",\"item\":\"https:\/\/visitslavoniabaranja.com\/de\/\"},{\"@type\":\"ListItem\",\"position\":2,\"name\":\"Izlo\u017eba: Segestika i Siscija &#8211; naselje s po\u010detka povijesti\"}]},{\"@type\":\"WebSite\",\"@id\":\"https:\/\/visitslavoniabaranja.com\/#website\",\"url\":\"https:\/\/visitslavoniabaranja.com\/\",\"name\":\"Turisti\u010dka zajednica Osje\u010dko-baranjske \u017eupanije\",\"description\":\"\",\"potentialAction\":[{\"@type\":\"SearchAction\",\"target\":{\"@type\":\"EntryPoint\",\"urlTemplate\":\"https:\/\/visitslavoniabaranja.com\/?s={search_term_string}\"},\"query-input\":{\"@type\":\"PropertyValueSpecification\",\"valueRequired\":true,\"valueName\":\"search_term_string\"}}],\"inLanguage\":\"de\"}]}<\/script>\n<!-- \/ Yoast SEO plugin. -->","yoast_head_json":{"title":"Izlo\u017eba: Segestika i Siscija - naselje s po\u010detka povijesti - Turisti\u010dka zajednica Osje\u010dko-baranjske \u017eupanije","robots":{"index":"index","follow":"follow","max-snippet":"max-snippet:-1","max-image-preview":"max-image-preview:large","max-video-preview":"max-video-preview:-1"},"canonical":"https:\/\/visitslavoniabaranja.com\/event\/izlozba-segestika-i-siscija-naselje-s-pocetka-povijesti-2\/","og_locale":"de_DE","og_type":"article","og_title":"Izlo\u017eba: Segestika i Siscija - naselje s po\u010detka povijesti - Turisti\u010dka zajednica Osje\u010dko-baranjske \u017eupanije","og_description":"Segestika i Siscija &#8211; naselje s po\u010detka povijesti Kako se malo bron\u010danodobno naselje, nastalo krajem drugog tisu\u0107lje\u0107a prije Krista neposredno prije u\u0161\u0107a rijeke Kupe u Savu, preobrazilo u jedan od najva\u017enijih \u017eeljeznodobnih centara u me\u0111urije\u010dju Save i Drave, a koje je u anti\u010dkim pisanim izvorima zabilje\u017eeno pod imenima Segestika i Siscija? Odgovor na to pitanje [&hellip;]","og_url":"https:\/\/visitslavoniabaranja.com\/event\/izlozba-segestika-i-siscija-naselje-s-pocetka-povijesti-2\/","og_site_name":"Turisti\u010dka zajednica Osje\u010dko-baranjske \u017eupanije","article_modified_time":"2023-12-06T10:00:21+00:00","og_image":[{"width":640,"height":810,"url":"https:\/\/visitslavoniabaranja.com\/wp-content\/uploads\/event-manager-uploads\/event_banner\/2022\/11\/SS_osijek_mail_pozivnica-1-1.jpg","type":"image\/jpeg"}],"twitter_card":"summary_large_image","twitter_misc":{"Gesch\u00e4tzte Lesezeit":"1\u00a0Minute"},"schema":{"@context":"https:\/\/schema.org","@graph":[{"@type":"WebPage","@id":"https:\/\/visitslavoniabaranja.com\/event\/izlozba-segestika-i-siscija-naselje-s-pocetka-povijesti-2\/","url":"https:\/\/visitslavoniabaranja.com\/event\/izlozba-segestika-i-siscija-naselje-s-pocetka-povijesti-2\/","name":"Izlo\u017eba: Segestika i Siscija - naselje s po\u010detka povijesti - Turisti\u010dka zajednica Osje\u010dko-baranjske \u017eupanije","isPartOf":{"@id":"https:\/\/visitslavoniabaranja.com\/#website"},"primaryImageOfPage":{"@id":"https:\/\/visitslavoniabaranja.com\/event\/izlozba-segestika-i-siscija-naselje-s-pocetka-povijesti-2\/#primaryimage"},"image":{"@id":"https:\/\/visitslavoniabaranja.com\/event\/izlozba-segestika-i-siscija-naselje-s-pocetka-povijesti-2\/#primaryimage"},"thumbnailUrl":"https:\/\/visitslavoniabaranja.com\/wp-content\/uploads\/event-manager-uploads\/event_banner\/2022\/11\/SS_osijek_mail_pozivnica-1-1.jpg","datePublished":"2022-11-07T10:48:47+00:00","dateModified":"2023-12-06T10:00:21+00:00","breadcrumb":{"@id":"https:\/\/visitslavoniabaranja.com\/event\/izlozba-segestika-i-siscija-naselje-s-pocetka-povijesti-2\/#breadcrumb"},"inLanguage":"de","potentialAction":[{"@type":"ReadAction","target":["https:\/\/visitslavoniabaranja.com\/event\/izlozba-segestika-i-siscija-naselje-s-pocetka-povijesti-2\/"]}]},{"@type":"ImageObject","inLanguage":"de","@id":"https:\/\/visitslavoniabaranja.com\/event\/izlozba-segestika-i-siscija-naselje-s-pocetka-povijesti-2\/#primaryimage","url":"https:\/\/visitslavoniabaranja.com\/wp-content\/uploads\/event-manager-uploads\/event_banner\/2022\/11\/SS_osijek_mail_pozivnica-1-1.jpg","contentUrl":"https:\/\/visitslavoniabaranja.com\/wp-content\/uploads\/event-manager-uploads\/event_banner\/2022\/11\/SS_osijek_mail_pozivnica-1-1.jpg","width":640,"height":810},{"@type":"BreadcrumbList","@id":"https:\/\/visitslavoniabaranja.com\/event\/izlozba-segestika-i-siscija-naselje-s-pocetka-povijesti-2\/#breadcrumb","itemListElement":[{"@type":"ListItem","position":1,"name":"Po\u010detna stranica","item":"https:\/\/visitslavoniabaranja.com\/de\/"},{"@type":"ListItem","position":2,"name":"Izlo\u017eba: Segestika i Siscija &#8211; naselje s po\u010detka povijesti"}]},{"@type":"WebSite","@id":"https:\/\/visitslavoniabaranja.com\/#website","url":"https:\/\/visitslavoniabaranja.com\/","name":"Turisti\u010dka zajednica Osje\u010dko-baranjske \u017eupanije","description":"","potentialAction":[{"@type":"SearchAction","target":{"@type":"EntryPoint","urlTemplate":"https:\/\/visitslavoniabaranja.com\/?s={search_term_string}"},"query-input":{"@type":"PropertyValueSpecification","valueRequired":true,"valueName":"search_term_string"}}],"inLanguage":"de"}]}},"_links":{"self":[{"href":"https:\/\/visitslavoniabaranja.com\/de\/wp-json\/wp\/v2\/event_listing\/5841","targetHints":{"allow":["GET"]}}],"collection":[{"href":"https:\/\/visitslavoniabaranja.com\/de\/wp-json\/wp\/v2\/event_listing"}],"about":[{"href":"https:\/\/visitslavoniabaranja.com\/de\/wp-json\/wp\/v2\/types\/event_listing"}],"wp:featuredmedia":[{"embeddable":true,"href":"https:\/\/visitslavoniabaranja.com\/de\/wp-json\/wp\/v2\/media\/5754"}],"wp:attachment":[{"href":"https:\/\/visitslavoniabaranja.com\/de\/wp-json\/wp\/v2\/media?parent=5841"}],"wp:term":[{"taxonomy":"event_listing_category","embeddable":true,"href":"https:\/\/visitslavoniabaranja.com\/de\/wp-json\/wp\/v2\/event_listing_category?post=5841"},{"taxonomy":"event_listing_type","embeddable":true,"href":"https:\/\/visitslavoniabaranja.com\/de\/wp-json\/wp\/v2\/event_listing_type?post=5841"}],"curies":[{"name":"wp","href":"https:\/\/api.w.org\/{rel}","templated":true}]}}