
{"id":15074,"date":"2025-06-25T11:31:57","date_gmt":"2025-06-25T09:31:57","guid":{"rendered":"https:\/\/visitslavoniabaranja.com\/?post_type=event_listing&#038;p=15074"},"modified":"2025-08-31T00:18:53","modified_gmt":"2025-08-30T22:18:53","slug":"osjecko-ljeto-kulture-3","status":"expired","type":"event_listing","link":"https:\/\/visitslavoniabaranja.com\/de\/event\/osjecko-ljeto-kulture-3\/","title":{"rendered":"Osijeker Kultursommer"},"content":{"rendered":"<p><strong>Der Osijeker Kultursommer<\/strong> (Osje\u010dko Ljeto Kulture), die gr\u00f6\u00dfte Kulturveranstaltung in Slawonien und Baranja, beginnt dieses Jahr wieder am Fest der Heiligen Peter und Paul, den Schutzheiligen der Stadt <strong>Osijek<\/strong>, am <strong>29. Juni und dauert bis zum 30. August<\/strong>.<\/p>\n<p>Musik, Theater, Literatur, Film, Ausstellungen sowie ein Kinderprogramm pr\u00e4gen den Sommer.<\/p>\n<p>Mehr als 50 Programme erwarten uns in den beiden Sommermonaten. Musikalischer Auftakt und musikalischer Abschluss pr\u00e4gen die Programme. Die Veranstaltungen finden unter freiem Himmel an verschiedenen Orten in Osijek und im Franjo Kre\u017ema-Konzertsaal des Kulturzentrums statt. F\u00fcr die Veranstaltung sind Freikarten erforderlich. Der Eintritt zu allen anderen Programmen ist frei.<\/p>\n<p><strong>OSIJEKER KULTURSOMMER PROGRAMM 29.6.\u201330.8.2025.<\/strong><\/p>\n<p><em><strong>JUNE<\/strong><\/em><\/p>\n<p><strong>Sunday, 29.6.<\/strong> \/7:00 PM\/ Gallery of the Cultural Center<\/p>\n<p>IVAN KLISURI\u0106: POINTS IN MOTION \u2013 GRAPHIC DESIGN 2000 \u2013 2024 \/ exhibition opening<\/p>\n<p><strong>Sunday, June 29th<\/strong> \/9:00 PM\/ Vatroslav Lisinski Square<\/p>\n<p>OPENING CEREMONY OF THE 25TH OSIJEK SUMMER OF CULTURE with the Chamber Orchestra CAMERISTI DELLA SCALA (Milan) \/ GIULIA BOLCATO soprano \/ FABRIZIO MELONI, clarinet<\/p>\n<p><em><strong>JULY<\/strong><\/em><\/p>\n<p><strong>Wednesday, July 2nd<\/strong> \/6:00 PM\/ Museum of Slavonia<\/p>\n<p>Guided tour for citizens through the exhibition \u201cAtlantis. Small Worlds\u201d. You will be guided through the exhibition by: Katarina Dim\u0161i\u0107, curator<\/p>\n<p><strong>Thursday, July 3rd<\/strong> \/8:00 PM\/ Museum of Slavonia<\/p>\n<p>Andreja \u0160imi\u010di\u0107 and Mario Zbiljski: The Golden Age of Tambura Music or How Tambura Players Entertained Osijek in the 1920s and 1930s \/ Lecture<\/p>\n<p><strong>Friday, 4.7.<\/strong> \/9:00 PM\/ Roof Terrace of the Osijek Cultural Center<\/p>\n<p>GOOD CHILDREN \/Osijek premiere of the film and a conversation with the author&#8217;s team\/ Director: Filip Peruzovi\u0107 \/ Cast: Nina Violi\u0107 and Filip \u0160ovagovi\u0107<\/p>\n<p><strong>Saturday, 5.7.<\/strong> \/12:00 PM\/ Franjo Kre\u017ema Concert Hall<\/p>\n<p>OPENING OF OLJKI\u0106: CONDUCTORS, a concert performance for children<\/p>\n<p><strong>Saturday, 5.7.<\/strong> \/6:30 PM\/ Archaeological Museum of Osijek<\/p>\n<p>INTERNATIONAL PICTURE BOOK FESTIVAL &#8222;GUARDIANS OF STORY&#8220;: STAR TRAVELERS \/opening of the exhibition of illustrations and installations<\/p>\n<p><strong>Sunday, 6.7.<\/strong> \/7:00 PM\/ Sakuntala Park<\/p>\n<p>LITERARY EVENINGS: TENA \u0160TIVI\u010cI\u0106 \/talk with the author<\/p>\n<p><strong>Sunday, July 6th<\/strong> \/9:00 PM\/ Osijek Cultural Center Roof Terrace<\/p>\n<p>ALONE IN REYKJAVIK \/ Einvera (Iceland, 2023) \/film screening<\/p>\n<p><strong>Monday, July 7th<\/strong> \/8:00 PM\/ Franjo Kre\u017ema Hall<\/p>\n<p>Bertolt Brecht: THE PETTY TOWN&#8217;S FESTIVAL \/play \/Director: Franka Perkovi\u0107 \/Production: Virovitica Theatre<\/p>\n<p><strong>Wednesday, July 9th<\/strong> \/8:00 PM\/ Franjo Kre\u017ema Hall<\/p>\n<p>MASKS \/play \/Author, director and performer: Dra\u017een \u0160ivak \/Co-production: Grupa Theatre, Dubrovnik Summer Festival, Exit Theatre and Scena Ribnjak<\/p>\n<p><strong>Thursday, July 10th<\/strong> \/7:00 PM\/ Museum of Slavonia<\/p>\n<p>SANJA VIDOVI\u0106 AND KSENIJA KATALINI\u0106: EXHIBITION ABOUT EXHIBITION \/exhibition opening<\/p>\n<p><strong>Thursday, July 10th<\/strong> \/9:00 PM\/ Franjo Kre\u017ema Hall<\/p>\n<p>A capella Choir KING\u2019S SINGERS (Great Britain) \/concert<\/p>\n<p><strong>Saturday, July 12th<\/strong> \/11:00 AM and 6:00 PM\/ Franjo Kre\u017ema Hall<\/p>\n<p>OLJKI\u0106: GREAT HAPPINESS \/interactive drama and music performance for children\/ Production: Cultural Center of Novi Sad and Cameristi Academica<\/p>\n<p><strong>Saturday, July 12th<\/strong> \/9:00 PM\/ Courtyard of the Faculty of Food Technology<\/p>\n<p>DRAGON \/performance \/ premiere \/ Director: Dra\u017een Feren\u010dina \/ Croatian National Theatre in Osijek and Children&#8217;s Theatre, Branko Mihaljevi\u0107 in Osijek<\/p>\n<p><strong>Sunday, 13.7.<\/strong> \/9:00 PM\/ Courtyard of the Faculty of Food Technology<\/p>\n<p>DRAGON \/performance\/ Director: Dra\u017een Feren\u010dina \/ Croatian National Theatre in Osijek and Children&#8217;s Theatre, Branko Mihaljevi\u0107 in Osijek<\/p>\n<p><strong>Sunday, 13.7.<\/strong> \/9:00 PM\/ Plateau in front of the Osijek Cultural Centre<\/p>\n<p>Percussion Collision: OXYGENE \/ multimedia project \u2013 concert to the music of Jean Michel Jarre<\/p>\n<p><strong>Tuesday, 15.7.<\/strong> \/9:00 PM\/Roof terrace of the Osijek Cultural Centre<\/p>\n<p>LOVE LIFE \/ Love life (Japan, 2022) \/film screening<\/p>\n<p><strong>Wednesday, 16.7.<\/strong> \/9:00 PM\/Plato in front of the Osijek Cultural Center<\/p>\n<p>ALMA SOLAR (France) \/ concert<\/p>\n<p><strong>Friday, 17.7.<\/strong> \/7:00 PM\/Exhibition space-Kapucinska 36<\/p>\n<p>Ivan Gundi\u0107: Still Life\/exhibition opening\/In collaboration with the Museum of Fine Arts Osijek<\/p>\n<p><strong>Saturday, 19.7.<\/strong> \/11:00 AM\/ Small Hall of the Osijek Cultural Center<\/p>\n<p>OLJKI\u0106: Fox &amp; Hare Save the Forest \/ animated film \/ Netherlands | Belgium, 2024. \/ 76\u2032 DUBBED<\/p>\n<p><strong>Saturday, 19.7.<\/strong> \/9:00 PM\/ Roof Terrace of the Osijek Cultural Center<\/p>\n<p>GASTRO FILM FESTIVAL \/ In collaboration with the Mursa Video Club<\/p>\n<p><strong>Thursday, 24.7.<\/strong> \/9:00 PM\/ Roof Terrace of the Osijek Cultural Center<\/p>\n<p>SUMMER ROUND \/ short films with a taste of summer<\/p>\n<p><strong>Friday, 25.7.<\/strong> \/7:00 PM \/ Sakunatala Park<\/p>\n<p>LITERARY EVENINGS: Summer meeting with the author: ROBERT ME\u0110URE\u010cAN<\/p>\n<p><strong>Friday, 25.7.<\/strong> \/9:00 PM\/Courtyard of the Museum of Slavonia<\/p>\n<p>DUO GA\u0160PAROVI\u0106 \/ concert on historical pianos\/ LJUBOMIR GA\u0160PAROVI\u0106, piano \/ DANIJEL GA\u0160PAROVI\u0106, piano<\/p>\n<p><strong>Saturday, July 26th<\/strong> \/11:00 AM\/ Small Hall of the Osijek Cultural Center<\/p>\n<p>OLJKI\u0106: THE INVENTOR \/ Inventor (France, 2023) \/ animated film \/ 97\u2032 DUBBED<\/p>\n<p><strong>Saturday, July 26th<\/strong> \/9:00 PM\/ Roof terrace of the Osijek Cultural Center<\/p>\n<p>RIMINI (Austria, France, 2022) \/ film screening<\/p>\n<p><strong>Sunday, July 27th<\/strong> \/8:00 PM\/ Franjo Kre\u017ema Hall<\/p>\n<p>Exit Theatre: REALISTS \/play\/Director: Matko Ragu\u017e\/ Text: Jure Karas\/ Cast: Domagoj Ivankovi\u0107, Nika Ivan\u010di\u0107, Nikola Nedi\u0107, Rok Juri\u010di\u0107, Fabijan Komljenovi\u0107<\/p>\n<p><strong>Monday, 28.7.<\/strong> \/9:00 PM\/ Roof terrace of the Osijek Cultural Centre<\/p>\n<p>Ahmed Buri\u0107: WALTZERS FROM TRANSLAITANIA \/ concert<\/p>\n<p><strong>Thursday, 31.7.<\/strong> \/8:00 PM\/ Franjo Kre\u017ema Hall<\/p>\n<p>Exit Theatre: ARMAGEDDONS \/play\/Text and direction: Sanja Milardovi\u0107 \/ Cast: Judita Frankovi\u0107 Brdar, Sanja Milardovi\u0107 and Ivan Simon<\/p>\n<p><strong><em>AUGUST<\/em><\/strong><\/p>\n<p><strong>Friday, 1.8.<\/strong> \/7:00 PM\/Cultular Center Gallery<\/p>\n<p>Solo exhibiton DOMAGOJ SU\u0160AC: LandESCAPE \/opening<\/p>\n<p><strong>Saturday, 2.8.<\/strong> \/7:00 PM\/ Sakuntala Park<\/p>\n<p>OLJK LITERARY EVENINGS: MILJENKO GAMBIRAZA: Children of Rage \/book presentation and meeting with the author<\/p>\n<p><strong>Saturday, 2.8.<\/strong> \/9:00 PM\/ Roof terrace of the Osijek Cultural Center<\/p>\n<p>PARADISE \/ El Paradiso (Italy, 2023) \/film screening<\/p>\n<p><strong>Tuesday, 5.8.<\/strong> \/9:00 PM\/ Lower Town (Donji Grad) Drava Embankment<\/p>\n<p>BRODOSPLIT CITY CHOIR (Split) \/ concert<\/p>\n<p><strong>Thursday, 7.8.<\/strong> \/9:00 PM\/ Rooftop Terrace of the Osijek Cultural Center<\/p>\n<p>RUPA \/ Il buco (Italy, 2021) \/film screening\/ 93\u2032<\/p>\n<p><strong>Saturday, 9.8.<\/strong> \/ 11:00 AM\/ Osijek Cultural Center<\/p>\n<p>OLJKI\u0106: Fairy Tale Team: STORYTELLING FOR CHILDREN<\/p>\n<p><strong>Saturday, 9.8.<\/strong> \/ 9:00 PM\/ Rooftop Terrace of the Osijek Cultural Center<\/p>\n<p>CRVENO NEBO \/ Roter Himmel (Germany, 2023)<\/p>\n<p><strong>Saturday, 16.8.<\/strong> \/11:00 AM\/ Osijek Cultural Center<\/p>\n<p>OLJKI\u0106: Fairy Tale Team: Foolish Wishes \/ storytelling for children \/ Performed by: Mateja Tustanovski and Silvio \u0160vast<\/p>\n<p><strong>Saturday, 16.8.<\/strong> \/9:00 PM\/ Rooftop Terrace of the Osijek Cultural Center<\/p>\n<p>RADICAL \/ Radical (Mexico, 2023)<\/p>\n<p><strong>Wednesday, 20.8.<\/strong> \/7:00 PM\/ Gallery of the Cultural Center<\/p>\n<p>Solo exhibition MIRON MILI\u0106: IN THE SCALE OF SPACE AND FREEDOM \/ exhibition opening<\/p>\n<p><strong>Thursday, 21.8.<\/strong> \/8:00 PM\/Courtyard of the Museum of Slavonia<\/p>\n<p>IL POMO D\u2019ORO &amp; RAFFAELE LA RAGIONE, mandolin \/ concert\/ Zefira Valova and Lucia Giraudo, violin \/ Giulio D\u2019Alessio, viola \/ Ludovico Minasi, cello \/ Jonathan Alvarez, double bass \/ Guillaume Haldenwang, harpsichord<\/p>\n<p><strong>Saturday, 23.8.<\/strong> \/11:00 AM\/ Small hall of the Cultural Center Osijek<\/p>\n<p>OLJKI\u0106: LIKE A DOG AND A MA\u010cKA (Cat and dog, 2024) \/feature film\/ 86\u2032 SYNCHRONIZED<\/p>\n<p><strong>Saturday, 23.8.<\/strong> \/ 7:00 PM\/ Urania Cinema<\/p>\n<p>MY FATHER&#8217;S LESSONS \/Osijek premiere of the film\/ Director: DALIJA DOZET<\/p>\n<p><strong>Saturday, 23.8.<\/strong> \/ 9:00 PM \/ Plateau in front of the Osijek Cultural Center<\/p>\n<p>SA\u00cfD CHALABAN (Morocco\/Hungary) \/concert<\/p>\n<p><strong>Tuesday, 26.8.<\/strong> \/ 7:00 PM \/ Sakuntala Park<\/p>\n<p>OLJK Literary Evenings: JULIJANA MATANOVI\u0106 \/talk with the author\/\/Program as part of the Culture on the Asphalt project of the Planta\u017ea Association<\/p>\n<p><strong>Tuesday, 26.8.<\/strong> \/8:00 PM\/ Roof terrace of the Osijek Cultural Center<\/p>\n<p>KORZET \/ Corsage (Austria, 2022) \/film screening<\/p>\n<p><strong>Saturday, 30.8.<\/strong> \/ 11:00 AM\/ Small Hall of the Osijek Cultural Center<\/p>\n<p>OLJKI\u0106: 10 LIVES \/animated film\/ (Great Britain, 2024)\/ 87\u2032 DUBBED<\/p>\n<p><strong>Saturday, 30.8.<\/strong> \/8:00 PM\/ Roof terrace of the Osijek Cultural Center<\/p>\n<p>20,000 TYPES OF BEES\/ 20,000 especies de abejas (Spain, 2023) \/film screening<\/p>\n<p><strong>Saturday, 30.8.<\/strong> \/8:00 PM\/ Trg Vatroslava Lisinski square<\/p>\n<p>CLOSING OF THE OSIJEK SUMMER OF CULTURE: Carl Orff: CARMINA BURANA \/ ballet performance and concert\/ Ballet Ensemble ETOILE \/ GABRIELA HR\u017dENJAK, soprano \/ LADISLAV VRGO\u010c, tenor\/ DAVOR NEKJAK, baritone \/ Academic Choir IVAN GORAN KOVA\u010cI\u0106 \/ IVAN \u0160\u0106EPANOVI\u0106 conductor\/ Percussion Ensemble SUDAR PERCUSSION<\/p>\n<p>Weitere Informationen zum Programm und m\u00f6glichen wetterbedingten \u00c4nderungen:<\/p>\n<ul>\n<li>Kulturzentrum Osijek, <a href=\"https:\/\/kulturni-centar.hr\/\" target=\"_blank\" rel=\"noopener\">www.kulturni-centar.hr<\/a><\/li>\n<li>Facebook-Seite Osijek-Kultursommer (Osje\u010dko ljeto kulture), <a href=\"https:\/\/www.facebook.com\/oljkosijek\" target=\"_blank\" rel=\"noopener\">www.facebook.com\/oljkosijek<\/a><\/li>\n<\/ul>\n","protected":false},"featured_media":15071,"template":"","meta":[],"event_listing_category":[388,385,478,386],"event_listing_type":[],"class_list":["post-15074","event_listing","type-event_listing","status-expired","has-post-thumbnail","hentry","event_listing_category-ausstellung","event_listing_category-festival-de","event_listing_category-kazaliste-de","event_listing_category-musik"],"acf":[],"yoast_head":"<!-- This site is optimized with the Yoast SEO plugin v25.0 - https:\/\/yoast.com\/wordpress\/plugins\/seo\/ -->\n<title>Osijeker Kultursommer - Turisti\u010dka zajednica Osje\u010dko-baranjske \u017eupanije<\/title>\n<meta name=\"robots\" content=\"index, follow, max-snippet:-1, max-image-preview:large, max-video-preview:-1\" \/>\n<link rel=\"canonical\" href=\"https:\/\/visitslavoniabaranja.com\/event\/osjecko-ljeto-kulture-3\/\" \/>\n<meta property=\"og:locale\" content=\"de_DE\" \/>\n<meta property=\"og:type\" content=\"article\" \/>\n<meta property=\"og:title\" content=\"Osijeker Kultursommer - Turisti\u010dka zajednica Osje\u010dko-baranjske \u017eupanije\" \/>\n<meta property=\"og:description\" content=\"Der Osijeker Kultursommer (Osje\u010dko Ljeto Kulture), die gr\u00f6\u00dfte Kulturveranstaltung in Slawonien und Baranja, beginnt dieses Jahr wieder am Fest der Heiligen Peter und Paul, den Schutzheiligen der Stadt Osijek, am 29. Juni und dauert bis zum 30. August. Musik, Theater, Literatur, Film, Ausstellungen sowie ein Kinderprogramm pr\u00e4gen den Sommer. Mehr als 50 Programme erwarten uns [&hellip;]\" \/>\n<meta property=\"og:url\" content=\"https:\/\/visitslavoniabaranja.com\/event\/osjecko-ljeto-kulture-3\/\" \/>\n<meta property=\"og:site_name\" content=\"Turisti\u010dka zajednica Osje\u010dko-baranjske \u017eupanije\" \/>\n<meta property=\"article:modified_time\" content=\"2025-08-30T22:18:53+00:00\" \/>\n<meta property=\"og:image\" content=\"https:\/\/visitslavoniabaranja.com\/wp-content\/uploads\/event-manager-uploads\/event_banner\/2025\/06\/OLJK-naslovna.jpg\" \/>\n\t<meta property=\"og:image:width\" content=\"1080\" \/>\n\t<meta property=\"og:image:height\" content=\"1080\" \/>\n\t<meta property=\"og:image:type\" content=\"image\/jpeg\" \/>\n<meta name=\"twitter:card\" content=\"summary_large_image\" \/>\n<meta name=\"twitter:label1\" content=\"Gesch\u00e4tzte Lesezeit\" \/>\n\t<meta name=\"twitter:data1\" content=\"6\u00a0Minuten\" \/>\n<script type=\"application\/ld+json\" class=\"yoast-schema-graph\">{\"@context\":\"https:\/\/schema.org\",\"@graph\":[{\"@type\":\"WebPage\",\"@id\":\"https:\/\/visitslavoniabaranja.com\/event\/osjecko-ljeto-kulture-3\/\",\"url\":\"https:\/\/visitslavoniabaranja.com\/event\/osjecko-ljeto-kulture-3\/\",\"name\":\"Osijeker Kultursommer - Turisti\u010dka zajednica Osje\u010dko-baranjske \u017eupanije\",\"isPartOf\":{\"@id\":\"https:\/\/visitslavoniabaranja.com\/#website\"},\"primaryImageOfPage\":{\"@id\":\"https:\/\/visitslavoniabaranja.com\/event\/osjecko-ljeto-kulture-3\/#primaryimage\"},\"image\":{\"@id\":\"https:\/\/visitslavoniabaranja.com\/event\/osjecko-ljeto-kulture-3\/#primaryimage\"},\"thumbnailUrl\":\"https:\/\/visitslavoniabaranja.com\/wp-content\/uploads\/event-manager-uploads\/event_banner\/2025\/06\/OLJK-naslovna.jpg\",\"datePublished\":\"2025-06-25T09:31:57+00:00\",\"dateModified\":\"2025-08-30T22:18:53+00:00\",\"breadcrumb\":{\"@id\":\"https:\/\/visitslavoniabaranja.com\/event\/osjecko-ljeto-kulture-3\/#breadcrumb\"},\"inLanguage\":\"de\",\"potentialAction\":[{\"@type\":\"ReadAction\",\"target\":[\"https:\/\/visitslavoniabaranja.com\/event\/osjecko-ljeto-kulture-3\/\"]}]},{\"@type\":\"ImageObject\",\"inLanguage\":\"de\",\"@id\":\"https:\/\/visitslavoniabaranja.com\/event\/osjecko-ljeto-kulture-3\/#primaryimage\",\"url\":\"https:\/\/visitslavoniabaranja.com\/wp-content\/uploads\/event-manager-uploads\/event_banner\/2025\/06\/OLJK-naslovna.jpg\",\"contentUrl\":\"https:\/\/visitslavoniabaranja.com\/wp-content\/uploads\/event-manager-uploads\/event_banner\/2025\/06\/OLJK-naslovna.jpg\",\"width\":1080,\"height\":1080},{\"@type\":\"BreadcrumbList\",\"@id\":\"https:\/\/visitslavoniabaranja.com\/event\/osjecko-ljeto-kulture-3\/#breadcrumb\",\"itemListElement\":[{\"@type\":\"ListItem\",\"position\":1,\"name\":\"Po\u010detna stranica\",\"item\":\"https:\/\/visitslavoniabaranja.com\/de\/\"},{\"@type\":\"ListItem\",\"position\":2,\"name\":\"Osijeker Kultursommer\"}]},{\"@type\":\"WebSite\",\"@id\":\"https:\/\/visitslavoniabaranja.com\/#website\",\"url\":\"https:\/\/visitslavoniabaranja.com\/\",\"name\":\"Turisti\u010dka zajednica Osje\u010dko-baranjske \u017eupanije\",\"description\":\"\",\"potentialAction\":[{\"@type\":\"SearchAction\",\"target\":{\"@type\":\"EntryPoint\",\"urlTemplate\":\"https:\/\/visitslavoniabaranja.com\/?s={search_term_string}\"},\"query-input\":{\"@type\":\"PropertyValueSpecification\",\"valueRequired\":true,\"valueName\":\"search_term_string\"}}],\"inLanguage\":\"de\"}]}<\/script>\n<!-- \/ Yoast SEO plugin. -->","yoast_head_json":{"title":"Osijeker Kultursommer - Turisti\u010dka zajednica Osje\u010dko-baranjske \u017eupanije","robots":{"index":"index","follow":"follow","max-snippet":"max-snippet:-1","max-image-preview":"max-image-preview:large","max-video-preview":"max-video-preview:-1"},"canonical":"https:\/\/visitslavoniabaranja.com\/event\/osjecko-ljeto-kulture-3\/","og_locale":"de_DE","og_type":"article","og_title":"Osijeker Kultursommer - Turisti\u010dka zajednica Osje\u010dko-baranjske \u017eupanije","og_description":"Der Osijeker Kultursommer (Osje\u010dko Ljeto Kulture), die gr\u00f6\u00dfte Kulturveranstaltung in Slawonien und Baranja, beginnt dieses Jahr wieder am Fest der Heiligen Peter und Paul, den Schutzheiligen der Stadt Osijek, am 29. Juni und dauert bis zum 30. August. Musik, Theater, Literatur, Film, Ausstellungen sowie ein Kinderprogramm pr\u00e4gen den Sommer. Mehr als 50 Programme erwarten uns [&hellip;]","og_url":"https:\/\/visitslavoniabaranja.com\/event\/osjecko-ljeto-kulture-3\/","og_site_name":"Turisti\u010dka zajednica Osje\u010dko-baranjske \u017eupanije","article_modified_time":"2025-08-30T22:18:53+00:00","og_image":[{"width":1080,"height":1080,"url":"https:\/\/visitslavoniabaranja.com\/wp-content\/uploads\/event-manager-uploads\/event_banner\/2025\/06\/OLJK-naslovna.jpg","type":"image\/jpeg"}],"twitter_card":"summary_large_image","twitter_misc":{"Gesch\u00e4tzte Lesezeit":"6\u00a0Minuten"},"schema":{"@context":"https:\/\/schema.org","@graph":[{"@type":"WebPage","@id":"https:\/\/visitslavoniabaranja.com\/event\/osjecko-ljeto-kulture-3\/","url":"https:\/\/visitslavoniabaranja.com\/event\/osjecko-ljeto-kulture-3\/","name":"Osijeker Kultursommer - Turisti\u010dka zajednica Osje\u010dko-baranjske \u017eupanije","isPartOf":{"@id":"https:\/\/visitslavoniabaranja.com\/#website"},"primaryImageOfPage":{"@id":"https:\/\/visitslavoniabaranja.com\/event\/osjecko-ljeto-kulture-3\/#primaryimage"},"image":{"@id":"https:\/\/visitslavoniabaranja.com\/event\/osjecko-ljeto-kulture-3\/#primaryimage"},"thumbnailUrl":"https:\/\/visitslavoniabaranja.com\/wp-content\/uploads\/event-manager-uploads\/event_banner\/2025\/06\/OLJK-naslovna.jpg","datePublished":"2025-06-25T09:31:57+00:00","dateModified":"2025-08-30T22:18:53+00:00","breadcrumb":{"@id":"https:\/\/visitslavoniabaranja.com\/event\/osjecko-ljeto-kulture-3\/#breadcrumb"},"inLanguage":"de","potentialAction":[{"@type":"ReadAction","target":["https:\/\/visitslavoniabaranja.com\/event\/osjecko-ljeto-kulture-3\/"]}]},{"@type":"ImageObject","inLanguage":"de","@id":"https:\/\/visitslavoniabaranja.com\/event\/osjecko-ljeto-kulture-3\/#primaryimage","url":"https:\/\/visitslavoniabaranja.com\/wp-content\/uploads\/event-manager-uploads\/event_banner\/2025\/06\/OLJK-naslovna.jpg","contentUrl":"https:\/\/visitslavoniabaranja.com\/wp-content\/uploads\/event-manager-uploads\/event_banner\/2025\/06\/OLJK-naslovna.jpg","width":1080,"height":1080},{"@type":"BreadcrumbList","@id":"https:\/\/visitslavoniabaranja.com\/event\/osjecko-ljeto-kulture-3\/#breadcrumb","itemListElement":[{"@type":"ListItem","position":1,"name":"Po\u010detna stranica","item":"https:\/\/visitslavoniabaranja.com\/de\/"},{"@type":"ListItem","position":2,"name":"Osijeker Kultursommer"}]},{"@type":"WebSite","@id":"https:\/\/visitslavoniabaranja.com\/#website","url":"https:\/\/visitslavoniabaranja.com\/","name":"Turisti\u010dka zajednica Osje\u010dko-baranjske \u017eupanije","description":"","potentialAction":[{"@type":"SearchAction","target":{"@type":"EntryPoint","urlTemplate":"https:\/\/visitslavoniabaranja.com\/?s={search_term_string}"},"query-input":{"@type":"PropertyValueSpecification","valueRequired":true,"valueName":"search_term_string"}}],"inLanguage":"de"}]}},"_links":{"self":[{"href":"https:\/\/visitslavoniabaranja.com\/de\/wp-json\/wp\/v2\/event_listing\/15074","targetHints":{"allow":["GET"]}}],"collection":[{"href":"https:\/\/visitslavoniabaranja.com\/de\/wp-json\/wp\/v2\/event_listing"}],"about":[{"href":"https:\/\/visitslavoniabaranja.com\/de\/wp-json\/wp\/v2\/types\/event_listing"}],"wp:featuredmedia":[{"embeddable":true,"href":"https:\/\/visitslavoniabaranja.com\/de\/wp-json\/wp\/v2\/media\/15071"}],"wp:attachment":[{"href":"https:\/\/visitslavoniabaranja.com\/de\/wp-json\/wp\/v2\/media?parent=15074"}],"wp:term":[{"taxonomy":"event_listing_category","embeddable":true,"href":"https:\/\/visitslavoniabaranja.com\/de\/wp-json\/wp\/v2\/event_listing_category?post=15074"},{"taxonomy":"event_listing_type","embeddable":true,"href":"https:\/\/visitslavoniabaranja.com\/de\/wp-json\/wp\/v2\/event_listing_type?post=15074"}],"curies":[{"name":"wp","href":"https:\/\/api.w.org\/{rel}","templated":true}]}}