
{"id":13951,"date":"2026-04-01T15:48:18","date_gmt":"2026-04-01T13:48:18","guid":{"rendered":"https:\/\/visitslavoniabaranja.com\/event\/festival-cvijeca-i-drveca-u-osijeku\/"},"modified":"2025-04-28T00:17:51","modified_gmt":"2025-04-27T22:17:51","slug":"festival-cvijeca-i-drveca-u-osijeku","status":"expired","type":"event_listing","link":"https:\/\/visitslavoniabaranja.com\/de\/event\/festival-cvijeca-i-drveca-u-osijeku\/","title":{"rendered":"Festival cvije\u0107a i drve\u0107a, Osijek"},"content":{"rendered":"<p>Das <strong>8. Blumen- und Baumfestival<\/strong>, das vom <strong>25. bis 27. April 2025<\/strong> im K\u00f6nig-Dr\u017eislav-Park stattfindet, bietet ein reichhaltiges Programm rund um Natur, Nachhaltigkeit und Zusammengeh\u00f6rigkeit. Ziel ist es, das Bewusstsein f\u00fcr die Bedeutung von Pflanzen und das Zusammenleben mit der Natur zu st\u00e4rken. Besucher k\u00f6nnen an einer Reihe von Aktivit\u00e4ten f\u00fcr alle Generationen teilnehmen.<\/p>\n<p>Blumenliebhaber finden eine gro\u00dfe Auswahl an Setzlingen, Blumen und Zierpflanzen, k\u00f6nnen sich von erfahrenen G\u00e4rtnern beraten lassen und lernen, wie sie Pflanzen im eigenen Haus oder Garten pflegen k\u00f6nnen. Doch nicht nur der Verkauf steht im Mittelpunkt des Festivals \u2013 besonderer Wert wird auf Bildung und Kreativit\u00e4t gelegt.<\/p>\n<p>F\u00fcr die j\u00fcngsten Besucher gibt es unterhaltsame und lehrreiche Workshops, in denen sie spielerisch und kreativ etwas \u00fcber Gartenarbeit, Recycling und Naturschutz lernen. F\u00fcr eine stimmungsvolle Atmosph\u00e4re sorgen au\u00dferdem Auftritte junger Musiker und T\u00e4nzer, die das Festival zu einem wahren Fr\u00fchlingsfest machen.<\/p>\n<p>Weitere Informationen:<span style=\"font-size: revert;color: initial\">\u00a0<\/span><a style=\"font-size: revert\" href=\"https:\/\/www.tzosijek.hr\/stranica.php?id=1442\" target=\"_blank\" rel=\"noopener\">www.tzosijek.hr<\/a><\/p>\n","protected":false},"featured_media":19100,"template":"","meta":[],"event_listing_category":[385,391,386,392],"event_listing_type":[],"class_list":["post-13951","event_listing","type-event_listing","status-expired","has-post-thumbnail","hentry","event_listing_category-festival-de","event_listing_category-messe","event_listing_category-musik","event_listing_category-tradition-de"],"acf":[],"yoast_head":"<!-- This site is optimized with the Yoast SEO plugin v25.0 - https:\/\/yoast.com\/wordpress\/plugins\/seo\/ -->\n<title>Festival cvije\u0107a i drve\u0107a, Osijek - Turisti\u010dka zajednica Osje\u010dko-baranjske \u017eupanije<\/title>\n<meta name=\"robots\" content=\"index, follow, max-snippet:-1, max-image-preview:large, max-video-preview:-1\" \/>\n<link rel=\"canonical\" href=\"https:\/\/visitslavoniabaranja.com\/event\/festival-cvijeca-i-drveca-u-osijeku\/\" \/>\n<meta property=\"og:locale\" content=\"de_DE\" \/>\n<meta property=\"og:type\" content=\"article\" \/>\n<meta property=\"og:title\" content=\"Festival cvije\u0107a i drve\u0107a, Osijek - Turisti\u010dka zajednica Osje\u010dko-baranjske \u017eupanije\" \/>\n<meta property=\"og:description\" content=\"Das 8. Blumen- und Baumfestival, das vom 25. bis 27. April 2025 im K\u00f6nig-Dr\u017eislav-Park stattfindet, bietet ein reichhaltiges Programm rund um Natur, Nachhaltigkeit und Zusammengeh\u00f6rigkeit. Ziel ist es, das Bewusstsein f\u00fcr die Bedeutung von Pflanzen und das Zusammenleben mit der Natur zu st\u00e4rken. Besucher k\u00f6nnen an einer Reihe von Aktivit\u00e4ten f\u00fcr alle Generationen teilnehmen. Blumenliebhaber [&hellip;]\" \/>\n<meta property=\"og:url\" content=\"https:\/\/visitslavoniabaranja.com\/event\/festival-cvijeca-i-drveca-u-osijeku\/\" \/>\n<meta property=\"og:site_name\" content=\"Turisti\u010dka zajednica Osje\u010dko-baranjske \u017eupanije\" \/>\n<meta property=\"og:image\" content=\"https:\/\/visitslavoniabaranja.com\/wp-content\/uploads\/2025\/04\/festivalcvijecanovo.jpg\" \/>\n\t<meta property=\"og:image:width\" content=\"800\" \/>\n\t<meta property=\"og:image:height\" content=\"600\" \/>\n\t<meta property=\"og:image:type\" content=\"image\/jpeg\" \/>\n<meta name=\"twitter:card\" content=\"summary_large_image\" \/>\n<meta name=\"twitter:label1\" content=\"Gesch\u00e4tzte Lesezeit\" \/>\n\t<meta name=\"twitter:data1\" content=\"1\u00a0Minute\" \/>\n<script type=\"application\/ld+json\" class=\"yoast-schema-graph\">{\"@context\":\"https:\/\/schema.org\",\"@graph\":[{\"@type\":\"WebPage\",\"@id\":\"https:\/\/visitslavoniabaranja.com\/event\/festival-cvijeca-i-drveca-u-osijeku\/\",\"url\":\"https:\/\/visitslavoniabaranja.com\/event\/festival-cvijeca-i-drveca-u-osijeku\/\",\"name\":\"Festival cvije\u0107a i drve\u0107a, Osijek - Turisti\u010dka zajednica Osje\u010dko-baranjske \u017eupanije\",\"isPartOf\":{\"@id\":\"https:\/\/visitslavoniabaranja.com\/#website\"},\"primaryImageOfPage\":{\"@id\":\"https:\/\/visitslavoniabaranja.com\/event\/festival-cvijeca-i-drveca-u-osijeku\/#primaryimage\"},\"image\":{\"@id\":\"https:\/\/visitslavoniabaranja.com\/event\/festival-cvijeca-i-drveca-u-osijeku\/#primaryimage\"},\"thumbnailUrl\":\"https:\/\/visitslavoniabaranja.com\/wp-content\/uploads\/2026\/04\/TZOS_FestivalCvijeca26-Osijek.jpg\",\"datePublished\":\"2026-04-01T13:48:18+00:00\",\"breadcrumb\":{\"@id\":\"https:\/\/visitslavoniabaranja.com\/event\/festival-cvijeca-i-drveca-u-osijeku\/#breadcrumb\"},\"inLanguage\":\"de\",\"potentialAction\":[{\"@type\":\"ReadAction\",\"target\":[\"https:\/\/visitslavoniabaranja.com\/event\/festival-cvijeca-i-drveca-u-osijeku\/\"]}]},{\"@type\":\"ImageObject\",\"inLanguage\":\"de\",\"@id\":\"https:\/\/visitslavoniabaranja.com\/event\/festival-cvijeca-i-drveca-u-osijeku\/#primaryimage\",\"url\":\"https:\/\/visitslavoniabaranja.com\/wp-content\/uploads\/2026\/04\/TZOS_FestivalCvijeca26-Osijek.jpg\",\"contentUrl\":\"https:\/\/visitslavoniabaranja.com\/wp-content\/uploads\/2026\/04\/TZOS_FestivalCvijeca26-Osijek.jpg\",\"width\":800,\"height\":600},{\"@type\":\"BreadcrumbList\",\"@id\":\"https:\/\/visitslavoniabaranja.com\/event\/festival-cvijeca-i-drveca-u-osijeku\/#breadcrumb\",\"itemListElement\":[{\"@type\":\"ListItem\",\"position\":1,\"name\":\"Po\u010detna stranica\",\"item\":\"https:\/\/visitslavoniabaranja.com\/de\/\"},{\"@type\":\"ListItem\",\"position\":2,\"name\":\"Festival cvije\u0107a i drve\u0107a, Osijek\"}]},{\"@type\":\"WebSite\",\"@id\":\"https:\/\/visitslavoniabaranja.com\/#website\",\"url\":\"https:\/\/visitslavoniabaranja.com\/\",\"name\":\"Turisti\u010dka zajednica Osje\u010dko-baranjske \u017eupanije\",\"description\":\"\",\"potentialAction\":[{\"@type\":\"SearchAction\",\"target\":{\"@type\":\"EntryPoint\",\"urlTemplate\":\"https:\/\/visitslavoniabaranja.com\/?s={search_term_string}\"},\"query-input\":{\"@type\":\"PropertyValueSpecification\",\"valueRequired\":true,\"valueName\":\"search_term_string\"}}],\"inLanguage\":\"de\"}]}<\/script>\n<!-- \/ Yoast SEO plugin. -->","yoast_head_json":{"title":"Festival cvije\u0107a i drve\u0107a, Osijek - Turisti\u010dka zajednica Osje\u010dko-baranjske \u017eupanije","robots":{"index":"index","follow":"follow","max-snippet":"max-snippet:-1","max-image-preview":"max-image-preview:large","max-video-preview":"max-video-preview:-1"},"canonical":"https:\/\/visitslavoniabaranja.com\/event\/festival-cvijeca-i-drveca-u-osijeku\/","og_locale":"de_DE","og_type":"article","og_title":"Festival cvije\u0107a i drve\u0107a, Osijek - Turisti\u010dka zajednica Osje\u010dko-baranjske \u017eupanije","og_description":"Das 8. Blumen- und Baumfestival, das vom 25. bis 27. April 2025 im K\u00f6nig-Dr\u017eislav-Park stattfindet, bietet ein reichhaltiges Programm rund um Natur, Nachhaltigkeit und Zusammengeh\u00f6rigkeit. Ziel ist es, das Bewusstsein f\u00fcr die Bedeutung von Pflanzen und das Zusammenleben mit der Natur zu st\u00e4rken. Besucher k\u00f6nnen an einer Reihe von Aktivit\u00e4ten f\u00fcr alle Generationen teilnehmen. Blumenliebhaber [&hellip;]","og_url":"https:\/\/visitslavoniabaranja.com\/event\/festival-cvijeca-i-drveca-u-osijeku\/","og_site_name":"Turisti\u010dka zajednica Osje\u010dko-baranjske \u017eupanije","og_image":[{"width":800,"height":600,"url":"https:\/\/visitslavoniabaranja.com\/wp-content\/uploads\/2025\/04\/festivalcvijecanovo.jpg","type":"image\/jpeg"}],"twitter_card":"summary_large_image","twitter_misc":{"Gesch\u00e4tzte Lesezeit":"1\u00a0Minute"},"schema":{"@context":"https:\/\/schema.org","@graph":[{"@type":"WebPage","@id":"https:\/\/visitslavoniabaranja.com\/event\/festival-cvijeca-i-drveca-u-osijeku\/","url":"https:\/\/visitslavoniabaranja.com\/event\/festival-cvijeca-i-drveca-u-osijeku\/","name":"Festival cvije\u0107a i drve\u0107a, Osijek - Turisti\u010dka zajednica Osje\u010dko-baranjske \u017eupanije","isPartOf":{"@id":"https:\/\/visitslavoniabaranja.com\/#website"},"primaryImageOfPage":{"@id":"https:\/\/visitslavoniabaranja.com\/event\/festival-cvijeca-i-drveca-u-osijeku\/#primaryimage"},"image":{"@id":"https:\/\/visitslavoniabaranja.com\/event\/festival-cvijeca-i-drveca-u-osijeku\/#primaryimage"},"thumbnailUrl":"https:\/\/visitslavoniabaranja.com\/wp-content\/uploads\/2026\/04\/TZOS_FestivalCvijeca26-Osijek.jpg","datePublished":"2026-04-01T13:48:18+00:00","breadcrumb":{"@id":"https:\/\/visitslavoniabaranja.com\/event\/festival-cvijeca-i-drveca-u-osijeku\/#breadcrumb"},"inLanguage":"de","potentialAction":[{"@type":"ReadAction","target":["https:\/\/visitslavoniabaranja.com\/event\/festival-cvijeca-i-drveca-u-osijeku\/"]}]},{"@type":"ImageObject","inLanguage":"de","@id":"https:\/\/visitslavoniabaranja.com\/event\/festival-cvijeca-i-drveca-u-osijeku\/#primaryimage","url":"https:\/\/visitslavoniabaranja.com\/wp-content\/uploads\/2026\/04\/TZOS_FestivalCvijeca26-Osijek.jpg","contentUrl":"https:\/\/visitslavoniabaranja.com\/wp-content\/uploads\/2026\/04\/TZOS_FestivalCvijeca26-Osijek.jpg","width":800,"height":600},{"@type":"BreadcrumbList","@id":"https:\/\/visitslavoniabaranja.com\/event\/festival-cvijeca-i-drveca-u-osijeku\/#breadcrumb","itemListElement":[{"@type":"ListItem","position":1,"name":"Po\u010detna stranica","item":"https:\/\/visitslavoniabaranja.com\/de\/"},{"@type":"ListItem","position":2,"name":"Festival cvije\u0107a i drve\u0107a, Osijek"}]},{"@type":"WebSite","@id":"https:\/\/visitslavoniabaranja.com\/#website","url":"https:\/\/visitslavoniabaranja.com\/","name":"Turisti\u010dka zajednica Osje\u010dko-baranjske \u017eupanije","description":"","potentialAction":[{"@type":"SearchAction","target":{"@type":"EntryPoint","urlTemplate":"https:\/\/visitslavoniabaranja.com\/?s={search_term_string}"},"query-input":{"@type":"PropertyValueSpecification","valueRequired":true,"valueName":"search_term_string"}}],"inLanguage":"de"}]}},"_links":{"self":[{"href":"https:\/\/visitslavoniabaranja.com\/de\/wp-json\/wp\/v2\/event_listing\/13951","targetHints":{"allow":["GET"]}}],"collection":[{"href":"https:\/\/visitslavoniabaranja.com\/de\/wp-json\/wp\/v2\/event_listing"}],"about":[{"href":"https:\/\/visitslavoniabaranja.com\/de\/wp-json\/wp\/v2\/types\/event_listing"}],"wp:featuredmedia":[{"embeddable":true,"href":"https:\/\/visitslavoniabaranja.com\/de\/wp-json\/wp\/v2\/media\/19100"}],"wp:attachment":[{"href":"https:\/\/visitslavoniabaranja.com\/de\/wp-json\/wp\/v2\/media?parent=13951"}],"wp:term":[{"taxonomy":"event_listing_category","embeddable":true,"href":"https:\/\/visitslavoniabaranja.com\/de\/wp-json\/wp\/v2\/event_listing_category?post=13951"},{"taxonomy":"event_listing_type","embeddable":true,"href":"https:\/\/visitslavoniabaranja.com\/de\/wp-json\/wp\/v2\/event_listing_type?post=13951"}],"curies":[{"name":"wp","href":"https:\/\/api.w.org\/{rel}","templated":true}]}}