
{"id":11171,"date":"2026-01-27T11:54:52","date_gmt":"2026-01-27T10:54:52","guid":{"rendered":"https:\/\/visitslavoniabaranja.com\/event\/dogadanja-koja-nam-slijede\/"},"modified":"2026-04-13T12:04:54","modified_gmt":"2026-04-13T10:04:54","slug":"dogadanja-koja-nam-slijede","status":"expired","type":"event_listing","link":"https:\/\/visitslavoniabaranja.com\/de\/event\/dogadanja-koja-nam-slijede\/","title":{"rendered":"Kommende Veranstaltungen\u2026"},"content":{"rendered":"<p>Wenn Sie sich fragen, wann die beste Reisezeit f\u00fcr Slawonien und Baranja ist oder genauer gesagt, wann die beliebtesten Veranstaltungen stattfinden, mag die Antwort allgemein erscheinen, ist aber genau richtig: Sie sind immer willkommen!<\/p>\n<p>Das ganze Jahr \u00fcber gibt es viele Veranstaltungen f\u00fcr jeden. Egal, ob Sie ein Liebhaber slawonischer Traditionen sind oder urbane Kl\u00e4nge, Kultur- und Theaterveranstaltungen bevorzugen, ob Sie Natur, Sport und Erholung suchen oder die lokale Gastronomie lieben und sich als Weinkenner (oder zumindest Liebhaber) f\u00fchlen, in der Liste der Veranstaltungen in den kommenden Monaten finden Sie viele Gr\u00fcnde, die Gespanschaft Osijek-Baranja zu besuchen!<\/p>\n<p>Um herauszufinden, welche Veranstaltung Sie besuchen m\u00f6chten, sehen Sie sich die Liste der Veranstaltungen unten an und f\u00fcr weitere Informationen zum Programm <a href=\"https:\/\/visitslavoniabaranja.com\/dogadaji\/\" target=\"_blank\" rel=\"noopener\">klicken Sie auf den Link und finden Sie das Festival, das Ihnen gef\u00e4llt<\/a>!<\/p>\n\n\n<figure class=\"wp-block-image\"><img decoding=\"async\" src=\"https:\/\/visitslavoniabaranja.com\/wp-content\/uploads\/2025\/01\/Adriana-Loncarevic-30.-Dakovacki-busari-1024x683.jpg\" alt=\"Ova slika ima prazan alt atribut ; naziv datoteke je Adriana-Loncarevic-30.-Dakovacki-busari-1024x683.jpg\" \/><\/figure>\n\n\n\n<p><strong>FEBRUAR 2026<\/strong><\/p>\n\n\n\n<p><strong><strong>2.\/2026.<\/strong>, Weinprobe im Verkostungsraum von Wine&amp;Friends<\/strong>, Donnerstags um 19:30 Uhr, Weine von den bekanntesten kroatischen, europ\u00e4ischen und weltweit renommierten Weinproduzenten., Osijek,&nbsp;<a href=\"https:\/\/www.facebook.com\/lumaekskluzivosijek\" target=\"_blank\" rel=\"noreferrer noopener\">www.facebook.com\/lumaekskluzivosijek<\/a><\/p>\n\n\n\n<p><strong>2.\/2026., Weinproben im Weinladen und Verkostungsraum Ba\u010dva<\/strong> \u2013 Weinliebhaber k\u00f6nnen jeden Freitag, Samstag oder Sonntag um 19 Uhr unter fachkundiger Anleitung eines Sommeliers Weine slawonischer, kroatischer, europ\u00e4ischer und internationaler Winzer verkosten, mit Schwerpunkt auf Weinen aus den lokalen Weinbergen von \u0110akovo; \u0110akovo,&nbsp;<a href=\"https:\/\/www.facebook.com\/profile.php?id=61561130956054\" target=\"_blank\" rel=\"noreferrer noopener\">FB Vinoteka Ba\u010dva<\/a><\/p>\n\n\n\n<p><strong>2.\/2026., Cipelcugom po Osijeku \u2013 erz\u00e4hlende &#8222;Storytelling&#8220; Stadtf\u00fchrungen<\/strong>, Osijek,&nbsp;<a href=\"https:\/\/www.facebook.com\/artinaobrt\" target=\"_blank\" rel=\"noreferrer noopener\">www.facebook.com\/artinaobrt<\/a><\/p>\n\n\n\n<p><strong>2.\/2026., Live-Auftritte, DJ- und Stand-up-Comedy jede Woche im Club Oxigene<\/strong> \u2013 vielleicht haben Sie ja w\u00e4hrend Ihres Aufenthalts in Osijek die Gelegenheit, sich im Club Oxigene musikalisch oder abwechslungsreich unterhalten zu lassen. Der Club Oxigene befindet sich direkt neben dem Kroatischen Nationaltheater und bietet ein abwechslungsreiches Programm mit Live-Konzerten und Auftritten bekannter und aufstrebender Bands sowie DJ-Sets \u2013 von Jazz bis elektronischer Musik, Osijek,&nbsp;<a href=\"https:\/\/www.facebook.com\/oxygene.hr\" target=\"_blank\" rel=\"noreferrer noopener\">www.facebook.com\/oxygene.hr<\/a><\/p>\n\n\n\n<figure class=\"wp-block-image size-full\"><img loading=\"lazy\" decoding=\"async\" width=\"1024\" height=\"684\" src=\"https:\/\/visitslavoniabaranja.com\/wp-content\/uploads\/2024\/06\/image-18.png\" alt=\"\" class=\"wp-image-13510\" srcset=\"https:\/\/visitslavoniabaranja.com\/wp-content\/uploads\/2024\/06\/image-18.png 1024w, https:\/\/visitslavoniabaranja.com\/wp-content\/uploads\/2024\/06\/image-18-440x294.png 440w, https:\/\/visitslavoniabaranja.com\/wp-content\/uploads\/2024\/06\/image-18-768x513.png 768w\" sizes=\"auto, (max-width: 1024px) 100vw, 1024px\" \/><\/figure>\n\n\n\n<p><strong>M\u00c4RZ 2026<\/strong><\/p>\n\n\n\n<p><strong>7.3., Antiquit\u00e4tenmarkt<\/strong>, Osijek,&nbsp;<a href=\"https:\/\/trznicaos.hr\/\" target=\"_blank\" rel=\"noreferrer noopener\">www.trznicaos.hr<\/a><\/p>\n\n\n\n<p><strong><strong><strong>3.\/2026.<\/strong><\/strong>, Uskrsni korzo&nbsp;\u2013 Ostermarkt<\/strong>, Beli Manastir (Baranja),&nbsp;<a href=\"https:\/\/tzbaranje.hr\/\" target=\"_blank\" rel=\"noreferrer noopener\">www.tzbaranje.hr<\/a><\/p>\n\n\n\n<p><strong><strong><strong>3.\/2026.<\/strong><\/strong>, Oster-Gastrofest<\/strong>&nbsp;\u2013 Vor-Osterfest, \u0110akovo,&nbsp;<a href=\"https:\/\/visitdjakovo.com\/Dogadanja\/manifestacije\" target=\"_blank\" rel=\"noreferrer noopener\">www.visitdjakovo.com\/Dogadanja\/manifestacije<\/a><\/p>\n\n\n\n<p><strong>3.\/2026., Oster-Familienabenteuer auf dem Bauernhof Stipino<\/strong> \u2013 verbringen Sie den Palmsonntag mit einem Familienausflug auf dem Bauernhof OPG Stipino, \u010ceminac (Baranja),&nbsp;<a href=\"https:\/\/stipino.com\/uskrsna-obiteljska-avantura-2025\/\" target=\"_blank\" rel=\"noreferrer noopener\">www.stipino.com<\/a><\/p>\n\n\n\n<p><strong><strong><strong><strong>3.\/2026.<\/strong><\/strong><\/strong>, Fr\u00fchlingsmarkt in Karanac<\/strong> \u2013 Messe f\u00fcr lokale Produkte und traditionelle Baranja-K\u00fcche mit einem Wettbewerb der Speckproduzenten, Karanac (Baranja),&nbsp;<a href=\"https:\/\/tzbaranje.hr\/\" target=\"_blank\" rel=\"noreferrer noopener\">www.tzbaranje.hr<\/a><\/p>\n\n\n\n<p><strong><strong><strong><strong>3.\/2026.<\/strong><\/strong><\/strong>, Ususret Uskrsu i prolje\u0107u&nbsp;\u2013 Ostermarkt<\/strong>, Donji Miholjac,&nbsp;<a href=\"https:\/\/www.tz-donjimiholjac.hr\/\" target=\"_blank\" rel=\"noreferrer noopener\">www.tz-donjimiholjac.hr<\/a><\/p>\n\n\n\n<p><strong><strong><strong><strong><strong>3.\/2026.<\/strong><\/strong><\/strong><\/strong>, Ostern: <strong>Zekoslavne pri\u010de u Vrtnoj bajci<\/strong>&nbsp;<strong>\u2013<\/strong><\/strong> <strong>Hasengeschichten im Gartenm\u00e4rchen<\/strong> \u2013 lustige Aktivit\u00e4ten f\u00fcr Kinder und Familien, \u010cepin,&nbsp;<a href=\"https:\/\/www.vrtnabajka.com\/index.html\" target=\"_blank\" rel=\"noreferrer noopener\">www.vrtnabajka.com<\/a><\/p>\n\n\n\n<p><strong><strong><strong><strong><strong>3.\/2026.<\/strong><\/strong><\/strong><\/strong>, Zeko-express<\/strong>&nbsp;<strong>\u2013 Osterhasen-Express<\/strong>, fr\u00f6hliche Ostern Zugfahrten f\u00fcr Kinder in der Gespanschaft Osijek-Baranja,&nbsp;<a href=\"https:\/\/www.hzpp.hr\/djecji-uskrsni-vlakovi?p=271\" target=\"_blank\" rel=\"noreferrer noopener\">www.hzpp.hr<\/a><\/p>\n\n\n\n<p><strong><strong><strong><strong><strong>3.\/2026.<\/strong><\/strong><\/strong><\/strong>, Ostern in Valpovo<\/strong> \u2013 Osterfest,&nbsp;<a href=\"https:\/\/www.facebook.com\/visitvalpovo\" target=\"_blank\" rel=\"noreferrer noopener\">www.facebook.com\/visitvalpovo<\/a><\/p>\n\n\n\n<p><strong><strong><strong><strong><strong>3.\/2026.<\/strong><\/strong><\/strong><\/strong>, Uskrs na ergeli<\/strong> &#8211; <strong>Ostern im Gest\u00fct<\/strong> \u2013 Vor\u00f6sterliche Veranstaltung im staatlichen Lipizzanergest\u00fct \u0110akovo, <a href=\"https:\/\/www.facebook.com\/Drzavna.ergela.Djakovo\" target=\"_blank\" rel=\"noreferrer noopener\">www.facebook.com\/Drzavna.ergela.Djakovo<\/a><\/p>\n\n\n\n<p><strong><strong><strong><strong><strong>3.\/2026.<\/strong><\/strong><\/strong><\/strong>, Ostern in Beli\u0161\u0107e&nbsp;<\/strong>\u2013 Osterfest,&nbsp;<a href=\"https:\/\/www.facebook.com\/tzbelisce.net\" target=\"_blank\" rel=\"noreferrer noopener\">www.facebook.com\/tzbelisce.net<\/a><\/p>\n\n\n\n<p><strong><strong><strong><strong><strong>3.\/2026.<\/strong><\/strong><\/strong><\/strong>, Osterspielzimmer in Na\u0161ice<\/strong> \u2013 Vorosterprogramm f\u00fcr Kinder,&nbsp;<a href=\"https:\/\/www.facebook.com\/visitnasice\" target=\"_blank\" rel=\"noreferrer noopener\">www.facebook.com\/visitnasice<\/a><\/p>\n\n\n\n<p><strong><strong><strong><strong><strong>3.\/2026.<\/strong><\/strong><\/strong><\/strong>, Ostern in Osijek<\/strong>: <strong>Ostermarkt<\/strong>&nbsp;\u2013 vor\u00f6sterliches Fest,&nbsp;<a href=\"https:\/\/www.tzosijek.hr\/\" target=\"_blank\" rel=\"noreferrer noopener\">www.tzosijek.hr<\/a><\/p>\n\n\n\n<p><strong><strong><strong><strong><strong>3.\/2026.<\/strong><\/strong><\/strong><\/strong>, Ostern in Osijek: Motozeke\/Motohasen<\/strong>&nbsp;\u2013 Programm f\u00fcr Kinder,&nbsp;<a href=\"http:\/\/www.mk-osijek.com\" target=\"_blank\" rel=\"noreferrer noopener\">www.mk-osijek.com<\/a><\/p>\n\n\n\n<p><strong><strong><strong><strong><strong><strong>3\/2026.<\/strong><\/strong><\/strong><\/strong><\/strong>, Ostern Tisch<\/strong>, Pr\u00e4sentation der Volkstraditionen von D\u00f6rfern und nationalen Minderheiten, \u0110akovo, <a href=\"https:\/\/www.facebook.com\/profile.php?id=100075679337184\" target=\"_blank\" rel=\"noreferrer noopener\">FB Kud &#8222;Sklad&#8220; \u0110akovo<\/a><\/p>\n\n\n\n<p><strong>4.\/2026., \u201eU Budrovci, na Nedilju bilu\u201c&nbsp;<\/strong>\u2013 vor\u00f6sterliche Folkloreveranstaltung, Budrovci (\u0110akovo),&nbsp;<a href=\"https:\/\/visitdjakovo.com\/Dogadanja\/manifestacije\" target=\"_blank\" rel=\"noreferrer noopener\">www.visitdjakovo.com\/Dogadanja\/manifestacije<\/a><\/p>\n\n\n\n<p><strong>3.\/2026., Osterkorb in Tvr\u0111a<\/strong>, der Verein \u201eETNO Centar Osijek\u201c organisiert die Veranstaltung und pr\u00e4sentiert das traditionelle Erbe des Volksbrauchs der Osterkorbweihe in der St.-Michael-Kirche. Neben der Pr\u00e4sentation der Osterkorbweihe gibt es auf dem Platz vor der Kirche St\u00e4nde mit ausgestellten Osterk\u00f6rben, Karpfeneiern, Kuchen und Blumen sowie ein Tamburizza- und Folkloreprogramm; Osijek \u2013 Tvr\u0111a, <a href=\"https:\/\/www.facebook.com\/ETNOCentarOsijek\" target=\"_blank\" rel=\"noreferrer noopener\">www.facebook.com\/ETNOCentarOsijek<\/a><\/p>\n\n\n\n<p><strong><strong><strong><strong>3.\/2026.<\/strong><\/strong><\/strong>, Europameisterschaft im Bogenschie\u00dfen \u2013 EPSO<\/strong>, Osijek,&nbsp;<a href=\"http:\/\/www.osijek1784.hr\/\" target=\"_blank\" rel=\"noreferrer noopener\">www.osijek1784.hr<\/a><\/p>\n\n\n\n<p><strong><strong><strong><strong>3.\/2026.<\/strong><\/strong><\/strong>, Sch\u00f6nheits- und Gesundheitsmesse<\/strong>, Osijek,&nbsp;<a href=\"https:\/\/gospodarskicentarobz.hr\/sajmovi\/\" target=\"_blank\" rel=\"noreferrer noopener\">www.gospodarskicentarobz.hr\/sajmovi<\/a><\/p>\n\n\n\n<p><strong><strong><strong><strong><strong>3.\/2026.<\/strong><\/strong><\/strong><\/strong>, Dioniz festival&nbsp;<\/strong>\u2013 Internationales Festival der Theaterakademien, \u0110akovo,&nbsp;<a href=\"https:\/\/www.facebook.com\/Festival.Dioniz\" target=\"_blank\" rel=\"noreferrer noopener\">www.facebook.com\/Festival.Dioniz<\/a><\/p>\n\n\n\n<p><strong>3.\/2026., Baranja-Honigtag<\/strong> \u2013 Messe, Beli Manastir (Baranja),&nbsp;<a href=\"https:\/\/www.facebook.com\/p\/P%C4%8Delarska-udruga-Baranja-Beli-Manastir-100069944064705\/?_rdr\" target=\"_blank\" rel=\"noreferrer noopener\">FB P\u010delarska udruga Baranja<\/a><\/p>\n\n\n\n<p><strong><strong>3.\/2026.<\/strong>, Sun\u010dana ve\u010dera &#8211; Sonniges Abendessen &#8211; <\/strong>Weinproben mit Sommelier \u017deljko Garmaz und kulinarische Kreationen von K\u00fcchenchef Marko Alilovi\u0107, Mittwochs um 19 Uhr, Osijek, <a href=\"https:\/\/www.facebook.com\/lulu.fusion.bistro\" target=\"_blank\" rel=\"noreferrer noopener\">www.facebook.com\/lulu.fusion.bistro<\/a><\/p>\n\n\n\n<p><strong><strong>3.\/2026.<\/strong>, Weinprobe im Verkostungsraum von Wine&amp;Friends<\/strong>, Donnerstags um 19:30 Uhr, Weine von den bekanntesten kroatischen, europ\u00e4ischen und weltweit renommierten Weinproduzenten., Osijek,&nbsp;<a href=\"https:\/\/www.facebook.com\/lumaekskluzivosijek\" target=\"_blank\" rel=\"noreferrer noopener\">www.facebook.com\/lumaekskluzivosijek<\/a><\/p>\n\n\n\n<p><strong>3.\/2026., Weinproben im Weinladen und Verkostungsraum Ba\u010dva<\/strong> \u2013 Weinliebhaber k\u00f6nnen jeden Freitag, Samstag oder Sonntag um 19 Uhr unter fachkundiger Anleitung eines Sommeliers Weine slawonischer, kroatischer, europ\u00e4ischer und internationaler Winzer verkosten, mit Schwerpunkt auf Weinen aus den lokalen Weinbergen von \u0110akovo; \u0110akovo,&nbsp;<a href=\"https:\/\/www.facebook.com\/profile.php?id=61561130956054\" target=\"_blank\" rel=\"noreferrer noopener\">FB Vinoteka Ba\u010dva<\/a><\/p>\n\n\n\n<p><strong>3.\/2026., Cipelcugom po Osijeku \u2013 erz\u00e4hlende &#8222;Storytelling&#8220; Stadtf\u00fchrungen<\/strong>, Osijek,&nbsp;<a href=\"https:\/\/www.facebook.com\/artinaobrt\" target=\"_blank\" rel=\"noreferrer noopener\">www.facebook.com\/artinaobrt<\/a><\/p>\n\n\n\n<p><strong>3.\/2026., Live-Auftritte, DJ- und Stand-up-Comedy jede Woche im Club Oxigene<\/strong> \u2013 vielleicht haben Sie ja w\u00e4hrend Ihres Aufenthalts in Osijek die Gelegenheit, sich im Club Oxigene musikalisch oder abwechslungsreich unterhalten zu lassen. Der Club Oxigene befindet sich direkt neben dem Kroatischen Nationaltheater und bietet ein abwechslungsreiches Programm mit Live-Konzerten und Auftritten bekannter und aufstrebender Bands sowie DJ-Sets \u2013 von Jazz bis elektronischer Musik, Osijek,&nbsp;<a href=\"https:\/\/www.facebook.com\/oxygene.hr\" target=\"_blank\" rel=\"noreferrer noopener\">www.facebook.com\/oxygene.hr<\/a><\/p>\n\n\n\n<figure class=\"wp-block-image size-full\"><img loading=\"lazy\" decoding=\"async\" width=\"1000\" height=\"667\" src=\"https:\/\/visitslavoniabaranja.com\/wp-content\/uploads\/2024\/06\/image-21.png\" alt=\"\" class=\"wp-image-13981\" srcset=\"https:\/\/visitslavoniabaranja.com\/wp-content\/uploads\/2024\/06\/image-21.png 1000w, https:\/\/visitslavoniabaranja.com\/wp-content\/uploads\/2024\/06\/image-21-440x293.png 440w, https:\/\/visitslavoniabaranja.com\/wp-content\/uploads\/2024\/06\/image-21-768x512.png 768w\" sizes=\"auto, (max-width: 1000px) 100vw, 1000px\" \/><\/figure>\n\n\n\n<p><strong>APRIL<\/strong> <strong>2026<\/strong><\/p>\n\n\n\n<p><strong>3.4., Antiquit\u00e4tenmarkt<\/strong>, Osijek,&nbsp;<a href=\"https:\/\/trznicaos.hr\/\" target=\"_blank\" rel=\"noreferrer noopener\">www.trznicaos.hr<\/a><\/p>\n\n\n\n<p><strong>4.\/2026., Vina Erdut Wine and Walk<\/strong>, Wein- und Freizeitfestival in Erdut, <a href=\"https:\/\/www.facebook.com\/vinaerdut\" target=\"_blank\" rel=\"noreferrer noopener\">www.facebook.com\/vinaerdut<\/a>; <a href=\"https:\/\/www.erdutski-vinogradi.hr\/\" target=\"_blank\" rel=\"noreferrer noopener\">www.erdutski-vinogradi.hr<\/a><\/p>\n\n\n\n<p><strong>4.\/2026., Fr\u00fchlingsmarkt in Bijelo Brdo<\/strong>&nbsp;\u2013 Messe f\u00fcr lokale Produkte und Kunsthandwerk, Erdut-Gebiet,&nbsp;<a href=\"https:\/\/tz.opcina-erdut.hr\/\" target=\"_blank\" rel=\"noreferrer noopener\">www.tz.opcina-erdut.hr<\/a><\/p>\n\n\n\n<p><strong><strong>4.\/2026.<\/strong>, Turn-Weltcup \u2013 Dobro World Cup Osijek<\/strong>,&nbsp;<a href=\"https:\/\/www.facebook.com\/OsijekGymnasticsCup\" target=\"_blank\" rel=\"noreferrer noopener\">www.facebook.com\/OsijekGymnasticsCup<\/a><\/p>\n\n\n\n<p><strong><strong><strong>4.\/2026.<\/strong><\/strong>, Osijek &#8222;Ferivi&#8220; Halbmarathon<\/strong>&nbsp;\u2013 Freizeitlauf,&nbsp;<a href=\"https:\/\/www.facebook.com\/osjecki.ferivi.polumaraton\/\" target=\"_blank\" rel=\"noreferrer noopener\">www.facebook.com\/osjecki.ferivi.polumaraton<\/a><\/p>\n\n\n\n<p><strong><strong><strong>4.\/2026.<\/strong><\/strong>, Blumenmarkt<\/strong>, Dalj (Erdut area),&nbsp;<a href=\"https:\/\/www.facebook.com\/tzerdut\" target=\"_blank\" rel=\"noreferrer noopener\">www.facebook.com\/tzerdut<\/a><\/p>\n\n\n\n<p><strong><strong><strong><strong><strong>4.\/2026.<\/strong><\/strong><\/strong><\/strong>, Internationales Oldtimertreffen in Na\u0161ice,<\/strong> Motorsport,&nbsp;<a href=\"https:\/\/www.facebook.com\/visitnasice\" target=\"_blank\" rel=\"noreferrer noopener\">www.facebook.com\/visitnasice<\/a><\/p>\n\n\n\n<p><strong><strong><strong><strong><strong><strong>4.\/2026.<\/strong><\/strong><\/strong><\/strong><\/strong>, SALORI&nbsp;\u2013 Jagd-, Angel- und Tourismusmesse<\/strong>, Osijek&nbsp;<a href=\"https:\/\/gospodarskicentarobz.hr\/sajmovi\/\" target=\"_blank\" rel=\"noreferrer noopener\">www.gospodarskicentarobz.hr\/sajmovi<\/a><\/p>\n\n\n\n<p><strong><strong><strong><strong><strong><strong>4.\/2026.<\/strong><\/strong><\/strong><\/strong><\/strong>, Festival cvije\u0107a i drve\u0107a<\/strong> <strong>&#8211; Blumen- und Baumfestival<\/strong> \u2013 ein Markt f\u00fcr Setzlinge, Blumen und Zierpflanzen mit unterhaltsamen und lehrreichen Workshops und Auftritten junger Musiker und T\u00e4nzer, Osijek, <a href=\"http:\/\/www.tzosijek.hr\" target=\"_blank\" rel=\"noreferrer noopener\">www.tzosijek.hr<\/a><\/p>\n\n\n\n<p><strong><strong><strong><strong><strong><strong>4.\/2026.<\/strong><\/strong><\/strong><\/strong><\/strong>, Deer &amp; Bike Baranja<\/strong>, touristische und lehrreiche Radtour mit einer Tour durch die Donauw\u00e4lder und S\u00fcmpfe, und die Aussichtspunkte des Bansko Brdo und der weiten Ebenen, mit Verkostung traditioneller Gerichte und Kennenlernen des kulturellen Erbes, Dra\u017e, <a href=\"https:\/\/www.facebook.com\/LandranjeBaranjom\" target=\"_blank\" rel=\"noreferrer noopener\">www.facebook.com\/LandranjeBaranjom<\/a><\/p>\n\n\n\n<p><strong><strong><strong><strong><strong><strong>4.\/2026.<\/strong><\/strong><\/strong><\/strong><\/strong>, &#8222;Sport Weekend&#8220; in Beli\u0161\u0107e<\/strong>&nbsp;\u2013 zwei Freizeitrennen: \u201cBeli\u0161\u0107anski cener\u201d i \u201eJugova\u010da trail\u201d,&nbsp;<a href=\"https:\/\/www.facebook.com\/baraber.extreme.team\" target=\"_blank\" rel=\"noreferrer noopener\">www.facebook.com\/baraber.extreme.team<\/a>,&nbsp;<a href=\"https:\/\/srkbaraber.hr\/\" target=\"_blank\" rel=\"noreferrer noopener\">www.srkbaraber.hr<\/a><\/p>\n\n\n\n<p><strong><strong><strong><strong><strong><strong>4.\/2026.<\/strong><\/strong><\/strong><\/strong><\/strong>, Vinska \u0161etnja muzejima<\/strong> <strong>&#8211; Weinspaziergang in Museen<\/strong> \u2013 eine Veranstaltung f\u00fcr Liebhaber von Kunst, erstklassigem Essen und ausgew\u00e4hlten Weinen, die das Museum der Sch\u00f6nen K\u00fcnste, das Arch\u00e4ologische Museum und das Museum Slawoniens verbindet, <a href=\"https:\/\/www.facebook.com\/mlu.osijek\" target=\"_blank\" rel=\"noreferrer noopener\">www.facebook.com\/mlu.osijek<\/a>; <a href=\"https:\/\/www.facebook.com\/arheoloskiosijek\" target=\"_blank\" rel=\"noreferrer noopener\">www.facebook.com\/arheoloskiosijek<\/a>; <a href=\"https:\/\/www.facebook.com\/muzejslavonije\" target=\"_blank\" rel=\"noreferrer noopener\">www.facebook.com\/muzejslavonije<\/a><\/p>\n\n\n\n<p><strong>4.\/2026., Koncertni ciklus &#8222;Crveno&#8220; \/ Konzertzyklus &#8222;Rot<\/strong>&#8220; \u2013 Konzerte der Akademie der K\u00fcnste und Kultur in Osijek, <a href=\"https:\/\/www.facebook.com\/AUKOsijek\/\" target=\"_blank\" rel=\"noreferrer noopener\">www.facebook.com\/AUKOsijek<\/a><\/p>\n\n\n\n<p><strong>4.\/2026., Majpan u Dalju &#8211; Mai Baum in Dalj<\/strong>, die traditionelle Manifestation des Aufstellens des Maibaums, Dalj, <a href=\"https:\/\/www.facebook.com\/Majpan\" target=\"_blank\" rel=\"noreferrer noopener\">www.facebook.com\/Majpan<\/a><\/p>\n\n\n\n<p><strong><strong>4.\/2026.<\/strong>, Sun\u010dana ve\u010dera &#8211; Sonniges Abendessen &#8211; <\/strong>Weinproben mit Sommelier \u017deljko Garmaz und kulinarische Kreationen von K\u00fcchenchef Marko Alilovi\u0107, Mittwochs um 19 Uhr, Osijek, <a href=\"https:\/\/www.facebook.com\/lulu.fusion.bistro\" target=\"_blank\" rel=\"noreferrer noopener\">www.facebook.com\/lulu.fusion.bistro<\/a><\/p>\n\n\n\n<p><strong><strong>4.\/2026.<\/strong>, Weinprobe im Verkostungsraum von Wine&amp;Friends<\/strong>, Donnerstags um 19:30 Uhr, Weine von den bekanntesten kroatischen, europ\u00e4ischen und weltweit renommierten Weinproduzenten., Osijek,&nbsp;<a href=\"https:\/\/www.facebook.com\/lumaekskluzivosijek\" target=\"_blank\" rel=\"noreferrer noopener\">www.facebook.com\/lumaekskluzivosijek<\/a><\/p>\n\n\n\n<p><strong>4.\/2026., Weinproben im Weinladen und Verkostungsraum Ba\u010dva<\/strong> \u2013 Weinliebhaber k\u00f6nnen jeden Freitag, Samstag oder Sonntag um 19 Uhr unter fachkundiger Anleitung eines Sommeliers Weine slawonischer, kroatischer, europ\u00e4ischer und internationaler Winzer verkosten, mit Schwerpunkt auf Weinen aus den lokalen Weinbergen von \u0110akovo; \u0110akovo,&nbsp;<a href=\"https:\/\/www.facebook.com\/profile.php?id=61561130956054\" target=\"_blank\" rel=\"noreferrer noopener\">FB Vinoteka Ba\u010dva<\/a><\/p>\n\n\n\n<p><strong>4.\/2026., Cipelcugom po Osijeku \u2013 erz\u00e4hlende &#8222;Storytelling&#8220; Stadtf\u00fchrungen<\/strong>, Osijek,&nbsp;<a href=\"https:\/\/www.facebook.com\/artinaobrt\" target=\"_blank\" rel=\"noreferrer noopener\">www.facebook.com\/artinaobrt<\/a><\/p>\n\n\n\n<p><strong>4.\/2026., Live-Auftritte, DJ- und Stand-up-Comedy jede Woche im Club Oxigene<\/strong> \u2013 vielleicht haben Sie ja w\u00e4hrend Ihres Aufenthalts in Osijek die Gelegenheit, sich im Club Oxigene musikalisch oder abwechslungsreich unterhalten zu lassen. Der Club Oxigene befindet sich direkt neben dem Kroatischen Nationaltheater und bietet ein abwechslungsreiches Programm mit Live-Konzerten und Auftritten bekannter und aufstrebender Bands sowie DJ-Sets \u2013 von Jazz bis elektronischer Musik, Osijek,&nbsp;<a href=\"https:\/\/www.facebook.com\/oxygene.hr\" target=\"_blank\" rel=\"noreferrer noopener\">www.facebook.com\/oxygene.hr<\/a><\/p>\n\n\n\n<figure class=\"wp-block-image size-large\"><img loading=\"lazy\" decoding=\"async\" width=\"1024\" height=\"683\" src=\"https:\/\/visitslavoniabaranja.com\/wp-content\/uploads\/2023\/04\/Vinatlon-2023-posjetitelji-1024x683.jpg\" alt=\"\" class=\"wp-image-7012\" srcset=\"https:\/\/visitslavoniabaranja.com\/wp-content\/uploads\/2023\/04\/Vinatlon-2023-posjetitelji-1024x683.jpg 1024w, https:\/\/visitslavoniabaranja.com\/wp-content\/uploads\/2023\/04\/Vinatlon-2023-posjetitelji-440x293.jpg 440w, https:\/\/visitslavoniabaranja.com\/wp-content\/uploads\/2023\/04\/Vinatlon-2023-posjetitelji-768x512.jpg 768w, https:\/\/visitslavoniabaranja.com\/wp-content\/uploads\/2023\/04\/Vinatlon-2023-posjetitelji-1536x1024.jpg 1536w, https:\/\/visitslavoniabaranja.com\/wp-content\/uploads\/2023\/04\/Vinatlon-2023-posjetitelji.jpg 2048w\" sizes=\"auto, (max-width: 1024px) 100vw, 1024px\" \/><\/figure>\n\n\n\n<p><strong>MAI 2026<\/strong><\/p>\n\n\n\n<p><strong>1.1., Ersten Mai-Feier<\/strong> am \u0160e\u0107eransko-See, Beli Manastir,&nbsp;<a href=\"https:\/\/www.facebook.com\/turisticka.baranje\" target=\"_blank\" rel=\"noreferrer noopener\">www.facebook.com\/turisticka.baranje<\/a><\/p>\n\n\n\n<p><strong>1.1., Ersten Mai-Feier celebration <\/strong>in Osijek,&nbsp;<a href=\"https:\/\/www.facebook.com\/gradosijekofficial\" target=\"_blank\" rel=\"noreferrer noopener\">www.facebook.com\/gradosijekofficial<\/a><\/p>\n\n\n\n<p><strong>2.5., Antiquit\u00e4tenmarkt<\/strong>, Osijek,&nbsp;<a href=\"https:\/\/trznicaos.hr\/\" target=\"_blank\" rel=\"noreferrer noopener\">www.trznicaos.hr<\/a><\/p>\n\n\n\n<p><strong><strong>14.-17.5.<\/strong>, Internationales Festival f\u00fcr k\u00fcnstlerische Tamburitza-Musik<\/strong>, Osijek,&nbsp;<a href=\"http:\/\/htso.hr\/\" target=\"_blank\" rel=\"noreferrer noopener\">www.htso.hr<\/a><\/p>\n\n\n\n<p><strong>5.\/2026., Donna Ladies Tennis Tournament<\/strong>, Osijek,&nbsp;<a href=\"https:\/\/www.facebook.com\/premiertennisshow\" target=\"_blank\" rel=\"noreferrer noopener\">www.facebook.com\/premiertennisshow<\/a><\/p>\n\n\n\n<p><strong>5.\/2026., Wein spaciergang durch Museums<\/strong>,&nbsp;<a href=\"https:\/\/www.facebook.com\/mlu.osijek\" target=\"_blank\" rel=\"noreferrer noopener\">www.facebook.com\/mlu.osijek<\/a><\/p>\n\n\n\n<p><strong><strong>5.\/2026.<\/strong>, Weinmonat im Osijek-Baranja Geschpanschaft<\/strong> \u2013 Weinveranstaltungen: Valpovo, Osijek, Dra\u017e (Baranja), Zmajevac (Baranja), Bansko Brdo \u2013 Kamenac (Baranja), Aljma\u0161 (Erdut Gebiet), Mandi\u0107evac (\u0110akovo Gebiet), Trnava (\u0110akovo Gebiet),&nbsp;<a href=\"https:\/\/visitslavoniabaranja.com\/dogadaji\/\" target=\"_blank\" rel=\"noreferrer noopener\">www.visitslavoniabaranja.com\/dogadaji<\/a><\/p>\n\n\n\n<p><strong><strong>5.\/2026.<\/strong>, Osijek Craft Beer Festival<\/strong>,&nbsp;<a href=\"https:\/\/www.facebook.com\/oscbf\" target=\"_blank\" rel=\"noreferrer noopener\">www.facebook.com\/oscbf<\/a><\/p>\n\n\n\n<p><strong>5.\/2026., Wein- und K\u00e4sefest<\/strong>, Valpovo,&nbsp;<a href=\"https:\/\/www.facebook.com\/visitvalpovo\" target=\"_blank\" rel=\"noreferrer noopener\">www.facebook.com\/visitvalpovo<\/a><\/p>\n\n\n\n<p><strong><strong>5.\/2026.<\/strong>, Osijek Wine and Walk &amp; Urban Wine Party<\/strong>, Weinveranstaltung,&nbsp;<a href=\"https:\/\/www.tzosijek.hr\/\" target=\"_blank\" rel=\"noreferrer noopener\">www.tzosijek.hr<\/a><\/p>\n\n\n\n<p><strong><strong>5.\/2026.<\/strong>, Vintage\/24 \u2013 Weinveranstaltung<\/strong> und Pr\u00e4sentation der neuen Jahrg\u00e4nge des Weinguts Enosophia: Trs No.5, Matarouge und Nobleman im Garten des Hotels Kurije Mihalovi\u0107 ab 18 Uhr. Genie\u00dfen Sie Live-Musik, Spitzenweine und leckeres Fingerfood; Feri\u010danci (Region Na\u0161ice),&nbsp;<a href=\"https:\/\/www.facebook.com\/enosophia.croatia\" target=\"_blank\" rel=\"noreferrer noopener\">www.facebook.com\/enosophia.croatia<\/a><\/p>\n\n\n\n<p><strong><strong>5.\/2026.<\/strong>, Vina Erdut Picnic &amp; Bubbles<\/strong>, ein einzigartiges Naturerlebnis mit Blick auf die Donau auf dem wundersch\u00f6nen Anwesen Vina Erdut. Die G\u00e4ste bringen ihr eigenes Essen und eine eigene Matte f\u00fcr das Picknick mit und Vina Erdut bereitet einen Snack mit Canap\u00e9s, Erdbeeren und Meandar-Sekt zu. Begleitet wird das Picknick von einem Auftritt des bekannten DJs Andy Boy, der mit Musik f\u00fcr eine entspannte Atmosph\u00e4re sorgt. Das Programm umfasst Bildungsinhalte wie die Kleine Weinschule in der Natur, eine F\u00fchrung durch das Weingut,&nbsp;<a href=\"https:\/\/erdutski-vinogradi.hr\/hr\/novosti\/88-vina-erdut-picnic-bubbles-i-vina-erdut-wine-art-proljece-uz-pjenusac-kreativnost-i-dunav\" target=\"_blank\" rel=\"noreferrer noopener\">www.erdutski-vinogradi.hr<\/a><\/p>\n\n\n\n<p><strong><strong>5.\/2026.<\/strong>, J\u00e4gertreffen in Vardarac<\/strong> (Baranja), <a href=\"https:\/\/www.facebook.com\/profile.php?id=61575320151980\" target=\"_blank\" rel=\"noreferrer noopener\">FB Lova\u010dki susreti u Vardarcu<\/a><\/p>\n\n\n\n<p><strong><strong>5.\/2026.<\/strong>, Pannonisches Buchfestival<\/strong> \u2013 die gr\u00f6\u00dfte Buchmesse in Slawonien, Osijek, <a href=\"https:\/\/pfk.hr\/\" target=\"_blank\" rel=\"noreferrer noopener\">www.pfk.hr<\/a><\/p>\n\n\n\n<p><strong><strong>5.\/2026.<\/strong>, Matija fest<\/strong>, kulturelle Veranstaltung, Valpovo,&nbsp;<a href=\"https:\/\/www.facebook.com\/visitvalpovo\" target=\"_blank\" rel=\"noreferrer noopener\">www.facebook.com\/visitvalpovo<\/a><\/p>\n\n\n\n<p><strong><strong>5.\/2026.<\/strong>, Moto-Treffen \u2013 MK Racing Na\u0161ice<\/strong>,&nbsp;<a href=\"https:\/\/www.facebook.com\/visitnasice\" target=\"_blank\" rel=\"noreferrer noopener\">www.facebook.com\/visitnasice<\/a><\/p>\n\n\n\n<p><strong><strong>5.\/2026.<\/strong>, Pannonian Challenge<\/strong>, Weltwettbewerb im BMX, Inline und Skateboarden, Osijek,&nbsp;<a href=\"https:\/\/pannonian.hr\/\" target=\"_blank\" rel=\"noreferrer noopener\">www.pannonian.hr<\/a><\/p>\n\n\n\n<p><strong><strong>5.\/2026.<\/strong>, Ve\u010der vina i umjetnosti \/ Wein- und Kunstnacht \u2013 Weine aus Slavonija und Kroatische Donau Region<\/strong>, Osijek,&nbsp;<a href=\"https:\/\/www.facebook.com\/Vino.Umjetnost\" target=\"_blank\" rel=\"noreferrer noopener\">www.facebook.com\/Vino.Umjetnost<\/a><\/p>\n\n\n\n<p><strong><strong>5.\/2026.<\/strong>, CAC \u0110akovo <\/strong>\u2013 Hundeausstellung, \u0110akovo,&nbsp;<a href=\"https:\/\/kd-djakovo.hr\/\" target=\"_blank\" rel=\"noreferrer noopener\">www.kd-djakovo.hr<\/a><\/p>\n\n\n\n<p><strong><strong>5.\/2026.<\/strong>., Vinatlon <\/strong>\u2013 Weinfest, Zmajevac (Baranja),&nbsp;<a href=\"https:\/\/www.facebook.com\/vinatlon\" target=\"_blank\" rel=\"noreferrer noopener\">www.facebook.com\/vinatlon<\/a><\/p>\n\n\n\n<p><strong><strong>5.\/2026.<\/strong>, Osijek Street race show<\/strong>, Motorsport,&nbsp;<a href=\"https:\/\/www.ak-slavonija.com.hr\/\" target=\"_blank\" rel=\"noreferrer noopener\">www.ak-slavonija.com.hr<\/a><\/p>\n\n\n\n<p><strong><strong>5.\/2026.<\/strong>, DJ Fedde Le Grand<\/strong>, Konzert elektronischer Musik im Stadion Opus Arena, Osijek,&nbsp;<a href=\"https:\/\/www.eventim.hr\/hr\/ulaznice\/fedde-le-grand-osijek-opus-arena-665343\/event.html\" target=\"_blank\" rel=\"noreferrer noopener\">www.eventim.hr\/hr\/ulaznice<\/a><\/p>\n\n\n\n<p><strong><strong>5.\/2026.<\/strong>, Na\u0161i\u010dka vite\u0161ka pri\u010da \/ Die Rittergeschichte von Na\u0161ice<\/strong>, festival der historischen Rittergruppen, Martin (Na\u0161ice),&nbsp;<a href=\"https:\/\/www.facebook.com\/visitnasice\" target=\"_blank\" rel=\"noreferrer noopener\">www.facebook.com\/visitnasice<\/a><\/p>\n\n\n\n<p><strong>5.\/2026., Tage von Milutin Milankovi\u0107 <\/strong>\u2013 beliebt Wissenschaft, Dalj (Erdut Gebiet),&nbsp;<a href=\"https:\/\/www.facebook.com\/tzerdut\" target=\"_blank\" rel=\"noreferrer noopener\">www.facebook.com\/tzerdut<\/a><\/p>\n\n\n\n<p><strong>5.\/2026., Gastro fest Bocanjevci&nbsp;<\/strong>\u2013 traditionelle Gastronomie, Bocanjevci (Donji Miholjac),&nbsp;<a href=\"https:\/\/www.facebook.com\/es.bocanjevci\" target=\"_blank\" rel=\"noreferrer noopener\">www.facebook.com\/es.bocanjevci<\/a><\/p>\n\n\n\n<p><strong>5.\/2026., Prandau festival&nbsp;<\/strong>\u2013 klassische Musik, Donji Miholjac,&nbsp;<a href=\"https:\/\/www.prandau-festival.com\/\" target=\"_blank\" rel=\"noreferrer noopener\">www.prandau-festival.com<\/a><\/p>\n\n\n\n<p><strong>5.\/2026., \u0110akovo biciklira&nbsp;<\/strong>\u2013 Radfahren Erholung, \u0110akovo,&nbsp;<a href=\"https:\/\/visitdjakovo.com\/\" target=\"_blank\" rel=\"noreferrer noopener\">www.visitdjakovo.com<\/a><\/p>\n\n\n\n<p><strong>5.\/2026., Folklorefestival im Gebiet \u0110akovo<\/strong>, \u0110akovo,&nbsp;<a href=\"https:\/\/visitdjakovo.com\/\" target=\"_blank\" rel=\"noreferrer noopener\">www.visitdjakovo.com<\/a><\/p>\n\n\n\n<p><strong><strong>5.\/2026.<\/strong>, Ve\u010dera kod Stipe<\/strong> <strong>&#8211; Abendessen bei Stipe<\/strong> \u2013 eine lustige \u201ehalbtraditionelles\u201c Abendessen im Baranja-Stil im Haus des Gastgebers, \u010ceminac (Baranja), <a href=\"https:\/\/stipino.com\/vecera-kod-stipe\/paul-bradbury-i-80-disasters-around-the-world-2025-4-11\/\">www.stipino.com<\/a><\/p>\n\n\n\n<p><strong>5.\/2026., Majpan u Dalju &#8211; Mai Baum in Dalj<\/strong>, die traditionelle Manifestation des Abrei\u00dfens des Maibaums, Dalj, <a href=\"https:\/\/www.facebook.com\/Majpan\" target=\"_blank\" rel=\"noreferrer noopener\">www.facebook.com\/Majpan<\/a><\/p>\n\n\n\n<p><strong><strong>5.\/2026.<\/strong>, Sun\u010dana ve\u010dera &#8211; Sonniges Abendessen &#8211; <\/strong>Weinproben mit Sommelier \u017deljko Garmaz und kulinarische Kreationen von K\u00fcchenchef Marko Alilovi\u0107, Mittwochs um 19 Uhr, Osijek, <a href=\"https:\/\/www.facebook.com\/lulu.fusion.bistro\" target=\"_blank\" rel=\"noreferrer noopener\">www.facebook.com\/lulu.fusion.bistro<\/a><\/p>\n\n\n\n<p><strong><strong>5.\/2026.<\/strong>, Weinprobe im Verkostungsraum von Wine&amp;Friends<\/strong>, Donnerstags um 19:30 Uhr, Weine von den bekanntesten kroatischen, europ\u00e4ischen und weltweit renommierten Weinproduzenten., Osijek,&nbsp;<a href=\"https:\/\/www.facebook.com\/lumaekskluzivosijek\" target=\"_blank\" rel=\"noreferrer noopener\">www.facebook.com\/lumaekskluzivosijek<\/a><\/p>\n\n\n\n<p><strong>5.\/2026., Weinproben im Weinladen und Verkostungsraum Ba\u010dva<\/strong> \u2013 Weinliebhaber k\u00f6nnen jeden Freitag, Samstag oder Sonntag um 19 Uhr unter fachkundiger Anleitung eines Sommeliers Weine slawonischer, kroatischer, europ\u00e4ischer und internationaler Winzer verkosten, mit Schwerpunkt auf Weinen aus den lokalen Weinbergen von \u0110akovo; \u0110akovo,&nbsp;<a href=\"https:\/\/www.facebook.com\/profile.php?id=61561130956054\" target=\"_blank\" rel=\"noreferrer noopener\">FB Vinoteka Ba\u010dva<\/a><\/p>\n\n\n\n<p><strong>5.\/2026., Cipelcugom po Osijeku \u2013 erz\u00e4hlende &#8222;Storytelling&#8220; Stadtf\u00fchrungen<\/strong>, Osijek,&nbsp;<a href=\"https:\/\/www.facebook.com\/artinaobrt\" target=\"_blank\" rel=\"noreferrer noopener\">www.facebook.com\/artinaobrt<\/a><\/p>\n\n\n\n<p><strong>5.\/2026., Live-Auftritte, DJ- und Stand-up-Comedy jede Woche im Club Oxigene<\/strong> \u2013 vielleicht haben Sie ja w\u00e4hrend Ihres Aufenthalts in Osijek die Gelegenheit, sich im Club Oxigene musikalisch oder abwechslungsreich unterhalten zu lassen. Der Club Oxigene befindet sich direkt neben dem Kroatischen Nationaltheater und bietet ein abwechslungsreiches Programm mit Live-Konzerten und Auftritten bekannter und aufstrebender Bands sowie DJ-Sets \u2013 von Jazz bis elektronischer Musik, Osijek,&nbsp;<a href=\"https:\/\/www.facebook.com\/oxygene.hr\" target=\"_blank\" rel=\"noreferrer noopener\">www.facebook.com\/oxygene.hr<\/a><\/p>\n\n\n\n<figure class=\"wp-block-image size-large\"><img loading=\"lazy\" decoding=\"async\" width=\"1024\" height=\"684\" src=\"https:\/\/visitslavoniabaranja.com\/wp-content\/uploads\/2024\/12\/Baranja-Wine-And-Walk-foto-Nenad-Milic-1024x684.jpg\" alt=\"\" class=\"wp-image-12439\" srcset=\"https:\/\/visitslavoniabaranja.com\/wp-content\/uploads\/2024\/12\/Baranja-Wine-And-Walk-foto-Nenad-Milic-1024x684.jpg 1024w, https:\/\/visitslavoniabaranja.com\/wp-content\/uploads\/2024\/12\/Baranja-Wine-And-Walk-foto-Nenad-Milic-440x294.jpg 440w, https:\/\/visitslavoniabaranja.com\/wp-content\/uploads\/2024\/12\/Baranja-Wine-And-Walk-foto-Nenad-Milic-768x513.jpg 768w, https:\/\/visitslavoniabaranja.com\/wp-content\/uploads\/2024\/12\/Baranja-Wine-And-Walk-foto-Nenad-Milic-1536x1025.jpg 1536w, https:\/\/visitslavoniabaranja.com\/wp-content\/uploads\/2024\/12\/Baranja-Wine-And-Walk-foto-Nenad-Milic.jpg 2000w\" sizes=\"auto, (max-width: 1024px) 100vw, 1024px\" \/><\/figure>\n\n\n\n<p><strong>JUNI 2026<\/strong><\/p>\n\n\n\n<p><strong><strong><strong><strong>6.6.<\/strong><\/strong><\/strong>, Antiquit\u00e4tenmarkt<\/strong>, Osijek,&nbsp;<a href=\"https:\/\/trznicaos.hr\/\" target=\"_blank\" rel=\"noreferrer noopener\">www.trznicaos.hr<\/a><\/p>\n\n\n\n<p><strong><strong><strong><strong>6.6.<\/strong><\/strong><\/strong>, Baranja Wine &amp; Walk<\/strong>, Wein- und Erholungs Festival auf dem H\u00fcgel Bansko Brdo (Kamenac, Baranja-Gebiet),&nbsp;<a href=\"https:\/\/tzbaranje.hr\/\" target=\"_blank\" rel=\"noreferrer noopener\">www.tzbaranje.hr<\/a><\/p>\n\n\n\n<p><strong><strong><strong>6.\/2026.<\/strong><\/strong>, Treffen der Puppenspieler und Puppentheater Kroatiens<\/strong>, Osijek,&nbsp;<a href=\"https:\/\/sluk.hr\/\" target=\"_blank\" rel=\"noreferrer noopener\">www.sluk.hr<\/a><\/p>\n\n\n\n<p><strong><strong><strong><strong>6.\/2026.<\/strong><\/strong><\/strong>, Baranjski be\u0107arac: Wein und Tamburitza<\/strong>, ein traditionelles Wein- und Musikfestival, Topolje (Baranja),&nbsp;<a href=\"https:\/\/www.facebook.com\/LandranjeBaranjom\" target=\"_blank\" rel=\"noreferrer noopener\">www.facebook.com\/LandranjeBaranjom<\/a>; <a href=\"https:\/\/www.facebook.com\/profile.php?id=100067014120748\" target=\"_blank\" rel=\"noreferrer noopener\">FB Dra\u017e info<\/a><\/p>\n\n\n\n<p><strong><strong><strong><strong>6.\/2026.<\/strong><\/strong><\/strong>, CAI Feri\u010danci 2025.<\/strong>, Pferdewettbewerb f\u00fcr Ein-, Zwei- und Viersp\u00e4nner-Gespannfahren, Feri\u010danci, <a href=\"https:\/\/www.facebook.com\/kknexe\" target=\"_blank\" rel=\"noreferrer noopener\">www.facebook.com\/kknexe<\/a><\/p>\n\n\n\n<p><strong><strong><strong><strong>6.\/2026.<\/strong><\/strong><\/strong>, Baranjski be\u0107arac: Festival tista<\/strong> <strong>\/ Teig- und Geb\u00e4ckfest<\/strong>, traditionelles gastronomisches Festival,&nbsp;<a href=\"https:\/\/www.facebook.com\/LandranjeBaranjom\" target=\"_blank\" rel=\"noreferrer noopener\">www.facebook.com\/LandranjeBaranjom<\/a>; <a href=\"https:\/\/www.facebook.com\/profile.php?id=100067014120748\" target=\"_blank\" rel=\"noreferrer noopener\">FB Dra\u017e info<\/a><\/p>\n\n\n\n<p><strong><strong><strong><strong>6.\/2026.<\/strong><\/strong><\/strong>, Kajak-Liga<\/strong>, Jo\u0161ava-See (\u0110akovo Bereich),&nbsp;<a href=\"https:\/\/visitdjakovo.com\/Dogadanja\/manifestacije\" target=\"_blank\" rel=\"noreferrer noopener\">www.visitdjakovo.com\/Dogadanja\/manifestacije<\/a><\/p>\n\n\n\n<p><strong><strong><strong><strong>6.\/2026.<\/strong><\/strong><\/strong>, Fr\u00fchlingsprozession der K\u00f6niginnen oder &#8222;Ljelje&#8220; aus Gorjani<\/strong>, Gorjani (\u0110akovo area),&nbsp;<a href=\"https:\/\/www.facebook.com\/p\/Kud-Gorjanac-Gorjani-100042666102268\/?locale=hr_HR\" target=\"_blank\" rel=\"noreferrer noopener\">FB Kud Gorjanac Gorjani<\/a><\/p>\n\n\n\n<p><strong><strong><strong><strong><strong>6.\/2026.<\/strong><\/strong><\/strong><\/strong>, Kroatische Meisterschaft im Kunstturnen der M\u00e4nner und Frauen<\/strong>, Osijek,&nbsp;<a href=\"https:\/\/www.gdosijek.hr\/\" target=\"_blank\" rel=\"noreferrer noopener\">www.gdosijek.hr<\/a><\/p>\n\n\n\n<p><strong><strong><strong><strong><strong>6.\/2026.<\/strong><\/strong><\/strong><\/strong>, Antunovo in Tvr\u0111a \u2013 Fest des Heiligen Antonius<\/strong>, Osijek,&nbsp;<a href=\"https:\/\/franjevci.com\/\" target=\"_blank\" rel=\"noreferrer noopener\">www.franjevci.com<\/a><\/p>\n\n\n\n<p><strong><strong><strong><strong><strong>6.\/2026.<\/strong><\/strong><\/strong><\/strong>, Antunovo in Na\u0161ice \u2013 <strong>Fest des Heiligen Antonius<\/strong><\/strong> <strong>und Stadttag<\/strong>, Na\u0161ice,&nbsp;<a href=\"https:\/\/www.facebook.com\/visitnasice\" target=\"_blank\" rel=\"noreferrer noopener\">www.facebook.com\/visitnasice<\/a><\/p>\n\n\n\n<p><strong><strong><strong><strong><strong>6.\/2026.<\/strong><\/strong><\/strong><\/strong>, Internationale Ethnotreffen<\/strong>, Bilje (Baranja),&nbsp;<a href=\"https:\/\/tzo-bilje.hr\/etno\/medunarodni-etno-susreti-dunav-drava-u-bilju\/\" target=\"_blank\" rel=\"noreferrer noopener\">www.tzo-bilje.hr<\/a><\/p>\n\n\n\n<p><strong><strong><strong><strong><strong>6.\/2026.<\/strong><\/strong><\/strong><\/strong>, BRUT \u2013 Baranja-Landweg, Freizeitrennen, <\/strong>Bansko Brdo Berg (Beli Manastir),&nbsp;<a href=\"https:\/\/www.facebook.com\/Baranjaruraltrail\/\" target=\"_blank\" rel=\"noreferrer noopener\">www.facebook.com\/Baranjaruraltrail<\/a><\/p>\n\n\n\n<p><strong><strong><strong><strong><strong>6.\/2026.<\/strong><\/strong><\/strong><\/strong>, Kroatische Nationalmeisterschaft &#8222;10 T\u00e4nzen&#8220;<\/strong>, Osijek,&nbsp;<a href=\"https:\/\/www.facebook.com\/spufeniksosijek\/\" target=\"_blank\" rel=\"noreferrer noopener\">www.facebook.com\/spufeniksosijek<\/a><\/p>\n\n\n\n<p><strong><strong><strong><strong><strong><strong><strong>6.\/2026.<\/strong><\/strong><\/strong><\/strong>, <\/strong><\/strong>Fi\u0161 &amp; Aljma\u0161&nbsp;<\/strong>&#8211; Traditionelle Gastronomie im Donauraum, Aljma\u0161 (Gebiet Erdut),&nbsp;<a href=\"https:\/\/www.facebook.com\/tzerdut\" target=\"_blank\" rel=\"noreferrer noopener\">www.facebook.com\/tzerdut<\/a><\/p>\n\n\n\n<p><strong><strong><strong><strong><strong><strong><strong><strong>6.\/2026.<\/strong><\/strong><\/strong><\/strong><\/strong><\/strong><\/strong>, Adriatic Challenge: Kroatischer Landesmeister im Springreiten<\/strong>, Osijek,&nbsp;<a href=\"https:\/\/www.facebook.com\/hipodromosijek\" target=\"_blank\" rel=\"noreferrer noopener\">www.facebook.com\/hipodromosijek<\/a><\/p>\n\n\n\n<p><strong><strong><strong><strong><strong><strong><strong><strong>6.\/2026.<\/strong><\/strong><\/strong><\/strong><\/strong><\/strong><\/strong>, Galoop \u2013 Urban- und Rockmusikfestival<\/strong>, \u0110akovo,&nbsp;<a href=\"https:\/\/www.facebook.com\/udrugaarla\" target=\"_blank\" rel=\"noreferrer noopener\">www.facebook.com\/udrugaarla<\/a><\/p>\n\n\n\n<p><strong><strong><strong><strong><strong><strong><strong><strong>6.\/2026.<\/strong><\/strong><\/strong><\/strong><\/strong><\/strong><\/strong>, Tage der offenen Keller der \u0110akovo-Weinberge und Bonavita \u2013 Weinfest<\/strong>, Mandi\u0107evac i Trnava (\u0110akovo Gebiet),&nbsp;<a href=\"https:\/\/visitdjakovo.com\/Dogadanja\/manifestacije\" target=\"_blank\" rel=\"noreferrer noopener\">www.visitdjakovo.com\/Dogadanja\/manifestacije<\/a><\/p>\n\n\n\n<p><strong><strong><strong><strong><strong><strong><strong><strong>6.\/2026.<\/strong><\/strong><\/strong><\/strong><\/strong><\/strong><\/strong>, Internationalen Deutschsprachigen Theaterfestival<\/strong>, Osijek, <a href=\"https:\/\/deutsche-gemeinschaft.eu\/de\/24-internationalen-deutschsprachigen-theaterfestival\/\" target=\"_blank\" rel=\"noreferrer noopener\">www.deutsche-gemeinschaft.eu<\/a><\/p>\n\n\n\n<p><strong><strong><strong><strong><strong><strong><strong><strong><strong><strong>6.\/2026.<\/strong><\/strong><\/strong><\/strong><\/strong><\/strong><\/strong><\/strong><\/strong>, Ljeto valpova\u010dko &#8211; traditionelles und unterhaltsames Festival<\/strong>, Valpovo,&nbsp;<a href=\"https:\/\/www.facebook.com\/visitvalpovo\" target=\"_blank\" rel=\"noreferrer noopener\">www.facebook.com\/visitvalpovo<\/a><\/p>\n\n\n\n<p><strong><strong><strong><strong><strong><strong><strong><strong><strong><strong>6.\/2026.<\/strong><\/strong><\/strong><\/strong><\/strong><\/strong><\/strong><\/strong><\/strong>,&nbsp;Oscans graffiti jam&nbsp;\u2013 Festival der Urbane Kulturbewegung<\/strong>, Osijek,&nbsp;<a href=\"https:\/\/www.facebook.com\/osjecka.tvornica.ideja\" target=\"_blank\" rel=\"noreferrer noopener\">www.facebook.com\/osjecka.tvornica.ideja<\/a><\/p>\n\n\n\n<p><strong><strong><strong><strong><strong><strong><strong><strong><strong><strong>6.\/2026.<\/strong><\/strong><\/strong><\/strong><\/strong><\/strong><\/strong><\/strong><\/strong>, Moto susreti \/ Moto-Treffen in Osijek<\/strong>, Moto-Sport,&nbsp;<a href=\"http:\/\/www.mk-osijek.com\" target=\"_blank\" rel=\"noreferrer noopener\">www.mk-osijek.com<\/a><\/p>\n\n\n\n<p><strong><strong><strong><strong><strong><strong><strong><strong><strong><strong>6.\/2026.<\/strong><\/strong><\/strong><\/strong><\/strong><\/strong><\/strong><\/strong><\/strong>,&nbsp;Drito iz Osijeka&nbsp;\u2013 Musikfestival<\/strong>,&nbsp;<a href=\"https:\/\/www.yem.hr\/\" target=\"_blank\" rel=\"noreferrer noopener\">www.yem.hr<\/a><\/p>\n\n\n\n<p><strong><strong><strong><strong><strong><strong><strong><strong><strong><strong>6.\/2026.<\/strong><\/strong><\/strong><\/strong><\/strong><\/strong><\/strong><\/strong><\/strong>, Offene Kroatische Meisterschaft im 3\u00d73-Basketball<\/strong>, Wettbewerb, competition, Osijek,&nbsp;<a href=\"https:\/\/ksobz.hr\/\" target=\"_blank\" rel=\"noreferrer noopener\">www.ksobz.hr<\/a><\/p>\n\n\n\n<p><strong><strong><strong><strong><strong><strong><strong><strong><strong><strong>6.\/2026.<\/strong><\/strong><\/strong><\/strong><\/strong><\/strong><\/strong><\/strong><\/strong>, I. Osje\u010dka ljetna no\u0107&nbsp;\/ Osijek Sommernacht<\/strong> \u2013 Stra\u00dfenfest,&nbsp;<a href=\"http:\/\/www.tzosijek.hr\/\" target=\"_blank\" rel=\"noreferrer noopener\">www.tzosijek.hr<\/a><\/p>\n\n\n\n<p><strong><strong><strong><strong><strong><strong><strong><strong><strong><strong>6.\/2026.<\/strong><\/strong><\/strong><\/strong><\/strong><\/strong><\/strong><\/strong><\/strong>, Kup Borovik &#8211; Ruderbootsrennen<\/strong>, nautische Veranstaltung, Borovik See (\u0110akovo Gebiet),&nbsp;<a href=\"https:\/\/www.facebook.com\/kupborovik\" target=\"_blank\" rel=\"noreferrer noopener\">www.facebook.com\/kupborovik<\/a><\/p>\n\n\n\n<p><strong><strong><strong><strong><strong><strong><strong><strong><strong><strong>6.\/2026.<\/strong><\/strong><\/strong><\/strong><\/strong><\/strong><\/strong><\/strong><\/strong>, Osijek drift show &amp; Croatia drift challenge&nbsp;\u2013 Leichtathletik<\/strong>,&nbsp;<a href=\"https:\/\/www.facebook.com\/akslavonija\" target=\"_blank\" rel=\"noreferrer noopener\">www.facebook.com\/akslavonija<\/a><\/p>\n\n\n\n<p><strong><strong><strong><strong><strong><strong><strong><strong><strong><strong>6.\/2026.<\/strong><\/strong><\/strong><\/strong><\/strong><\/strong><\/strong><\/strong><\/strong>, Feier des Festes St. Peter und Paul \u2013 Schutzheilige von Osijek<\/strong>,&nbsp;<a href=\"http:\/\/www.osijek.hr\/\" target=\"_blank\" rel=\"noreferrer noopener\">www.osijek.hr<\/a><\/p>\n\n\n\n<p><strong><strong><strong><strong><strong><strong><strong><strong><strong><strong>6.\/2026.<\/strong><\/strong><\/strong><\/strong><\/strong><\/strong><\/strong><\/strong><\/strong>, Miholja\u010dko sijelo&nbsp;\u2013 Volkstanzfestival<\/strong>, Donji Miholjac,&nbsp;<a href=\"https:\/\/www.facebook.com\/miholjackosijelo\" target=\"_blank\" rel=\"noreferrer noopener\">www.facebook.com\/miholjackosijelo<\/a><\/p>\n\n\n\n<p><strong>6.\/2026., Visit Osijek&nbsp;\/ Besuchen Sie Osijek <\/strong>\u2013 anl\u00e4sslich des 70. Jahrestages des organisierten Tourismus in der Stadt,&nbsp;<a href=\"http:\/\/www.tzosijek.hr\/\" target=\"_blank\" rel=\"noreferrer noopener\">www.tzosijek.hr<\/a><\/p>\n\n\n\n<p><strong>6.\/2026., \u201cMali grad \u2013 veliki ljetni do\u017eivljaj\u201d&nbsp;<\/strong>\u2013 Sommerfest,&nbsp;<a href=\"https:\/\/www.facebook.com\/tzbelisce.net\" target=\"_blank\" rel=\"noreferrer noopener\">www.facebook.com\/tzbelisce.net<\/a><\/p>\n\n\n\n<p><strong>6.\/2026., Croatia Cup Endurance&nbsp;und Kroatische Nationalmeisterschaft im Distanzreiten <\/strong>\u2013 equestrian sport, Vardarac (Baranja),&nbsp;<a href=\"https:\/\/kkhercules.hr\/\" target=\"_blank\" rel=\"noreferrer noopener\">www.kkhercules.hr<\/a><\/p>\n\n\n\n<p><strong>6.\/2026., Dan Dunava&nbsp;\u2013 Internationaler Donautag<\/strong>,&nbsp;<a href=\"http:\/\/www.obz-zastita-prirode.hr\/\" target=\"_blank\" rel=\"noreferrer noopener\">www.obz-zastita-prirode.hr<\/a><\/p>\n\n\n\n<p><strong>6.\/2026., Bilje-Triathlon \u2013 Freizeitrennen<\/strong>, Bilje (Baranja),&nbsp;<a href=\"https:\/\/www.facebook.com\/TriatlonklubTriTim\" target=\"_blank\" rel=\"noreferrer noopener\">www.facebook.com\/TriatlonklubTriTim<\/a><\/p>\n\n\n\n<p><strong>6.\/2026., \u0110akovo Expo \u201cZlatne ruke\u201d&nbsp;\u2013 Messe f\u00fcr Landwirtschaft, Handwerk und Wirtschaft<\/strong>, \u0110akovo,&nbsp;<a href=\"https:\/\/visitdjakovo.com\/\" target=\"_blank\" rel=\"noreferrer noopener\">www.visitdjakovo.com<\/a><\/p>\n\n\n\n<p><strong>6.\/2026., Moto susreti \/ Moto-Treffen in \u0110akovo, Moto-Sport<\/strong>, moto-sport,&nbsp;<a href=\"https:\/\/visitdjakovo.com\/\" target=\"_blank\" rel=\"noreferrer noopener\">www.visitdjakovo.com<\/a><\/p>\n\n\n\n<p><strong>6.\/2026., Internationales Oldtimertreffen<\/strong>, Motorsport, \u0110akovo,&nbsp;<a href=\"https:\/\/www.facebook.com\/OtkDakovo\" target=\"_blank\" rel=\"noreferrer noopener\">www.facebook.com\/OtkDakovo<\/a><\/p>\n\n\n\n<p><strong><strong>6.\/2026.<\/strong>, Sun\u010dana ve\u010dera &#8211; Sonniges Abendessen &#8211; <\/strong>Weinproben mit Sommelier \u017deljko Garmaz und kulinarische Kreationen von K\u00fcchenchef Marko Alilovi\u0107, Mittwochs um 19 Uhr, Osijek, <a href=\"https:\/\/www.facebook.com\/lulu.fusion.bistro\" target=\"_blank\" rel=\"noreferrer noopener\">www.facebook.com\/lulu.fusion.bistro<\/a><\/p>\n\n\n\n<p><strong><strong>6.\/2026.<\/strong>, Weinprobe im Verkostungsraum von Wine&amp;Friends<\/strong>, Donnerstags um 19:30 Uhr, Weine von den bekanntesten kroatischen, europ\u00e4ischen und weltweit renommierten Weinproduzenten., Osijek,&nbsp;<a href=\"https:\/\/www.facebook.com\/lumaekskluzivosijek\" target=\"_blank\" rel=\"noreferrer noopener\">www.facebook.com\/lumaekskluzivosijek<\/a><\/p>\n\n\n\n<p><strong>6.\/2026., Weinproben im Weinladen und Verkostungsraum Ba\u010dva<\/strong> \u2013 Weinliebhaber k\u00f6nnen jeden Freitag, Samstag oder Sonntag um 19 Uhr unter fachkundiger Anleitung eines Sommeliers Weine slawonischer, kroatischer, europ\u00e4ischer und internationaler Winzer verkosten, mit Schwerpunkt auf Weinen aus den lokalen Weinbergen von \u0110akovo; \u0110akovo,&nbsp;<a href=\"https:\/\/www.facebook.com\/profile.php?id=61561130956054\" target=\"_blank\" rel=\"noreferrer noopener\">FB Vinoteka Ba\u010dva<\/a><\/p>\n\n\n\n<p><strong>6.\/2026., Cipelcugom po Osijeku \u2013 erz\u00e4hlende &#8222;Storytelling&#8220; Stadtf\u00fchrungen<\/strong>, Osijek,&nbsp;<a href=\"https:\/\/www.facebook.com\/artinaobrt\" target=\"_blank\" rel=\"noreferrer noopener\">www.facebook.com\/artinaobrt<\/a><\/p>\n\n\n\n<p><strong>6.\/2026., Live-Auftritte, DJ- und Stand-up-Comedy jede Woche im Club Oxigene<\/strong> \u2013 vielleicht haben Sie ja w\u00e4hrend Ihres Aufenthalts in Osijek die Gelegenheit, sich im Club Oxigene musikalisch oder abwechslungsreich unterhalten zu lassen. Der Club Oxigene befindet sich direkt neben dem Kroatischen Nationaltheater und bietet ein abwechslungsreiches Programm mit Live-Konzerten und Auftritten bekannter und aufstrebender Bands sowie DJ-Sets \u2013 von Jazz bis elektronischer Musik, Osijek,&nbsp;<a href=\"https:\/\/www.facebook.com\/oxygene.hr\" target=\"_blank\" rel=\"noreferrer noopener\">www.facebook.com\/oxygene.hr<\/a><\/p>\n\n\n\n<figure class=\"wp-block-image size-large\"><img loading=\"lazy\" decoding=\"async\" width=\"1024\" height=\"683\" src=\"https:\/\/visitslavoniabaranja.com\/wp-content\/uploads\/2023\/05\/Vecer-vina-i-umjetnosti-foto-InDaSofa-1024x683.jpg\" alt=\"\" class=\"wp-image-7288\" srcset=\"https:\/\/visitslavoniabaranja.com\/wp-content\/uploads\/2023\/05\/Vecer-vina-i-umjetnosti-foto-InDaSofa-1024x683.jpg 1024w, https:\/\/visitslavoniabaranja.com\/wp-content\/uploads\/2023\/05\/Vecer-vina-i-umjetnosti-foto-InDaSofa-440x293.jpg 440w, https:\/\/visitslavoniabaranja.com\/wp-content\/uploads\/2023\/05\/Vecer-vina-i-umjetnosti-foto-InDaSofa-768x512.jpg 768w, https:\/\/visitslavoniabaranja.com\/wp-content\/uploads\/2023\/05\/Vecer-vina-i-umjetnosti-foto-InDaSofa-1536x1024.jpg 1536w, https:\/\/visitslavoniabaranja.com\/wp-content\/uploads\/2023\/05\/Vecer-vina-i-umjetnosti-foto-InDaSofa.jpg 2048w\" sizes=\"auto, (max-width: 1024px) 100vw, 1024px\" \/><\/figure>\n\n\n\n<p><strong>JULI<\/strong> <strong>2026<\/strong><\/p>\n\n\n\n<p><strong>4.7., Antiquit\u00e4tenmarkt<\/strong>, Osijek,&nbsp;<a href=\"https:\/\/trznicaos.hr\/\" target=\"_blank\" rel=\"noreferrer noopener\">www.trznicaos.hr<\/a><\/p>\n\n\n\n<p><strong>7.\/2026., \u0110akova\u010dki vezovi&nbsp;\/ \u0110akovo-Stickerei<\/strong> <strong>\u2013 Internationales Festival authentischer Volkstraditionen<\/strong>, \u0110akovo,&nbsp;<a href=\"https:\/\/djakovacki-vezovi.hr\/\" target=\"_blank\" rel=\"noreferrer noopener\">www.djakovacki-vezovi.hr<\/a><\/p>\n\n\n\n<p><strong><strong>7.\/2026.<\/strong>, Wein- und Kunstn\u00e4chte \u2013 Weine aus Slavonija und Kroatische Donau Region<\/strong>, Osijek,&nbsp;<a href=\"https:\/\/www.facebook.com\/Vino.Umjetnost\" target=\"_blank\" rel=\"noreferrer noopener\">www.facebook.com\/Vino.Umjetnost<\/a><\/p>\n\n\n\n<p><strong>7.\/2026., Kolo oko bare&nbsp;\u2013 <strong>kulturelle Manifestation<\/strong><\/strong>, Radikovci (Donji Miholjac),&nbsp;<a href=\"https:\/\/www.tz-donjimiholjac.hr\/\" target=\"_blank\" rel=\"noreferrer noopener\">www.tz-donjimiholjac.hr<\/a><\/p>\n\n\n\n<p><strong><strong>7.\/2026.<\/strong>, Triatlon Borovik&nbsp;\u2013 Freizeitrennen<\/strong>,&nbsp;<a href=\"https:\/\/www.facebook.com\/people\/Triatlon-Borovik\/100057649231709\/\">www.facebook.com\/people\/Triatlon-Borovik<\/a><\/p>\n\n\n\n<p><strong><strong>7.\/2026.<\/strong>, Street Ball \u0110akovo&nbsp;<\/strong>\u2013 Sportturnier,&nbsp;<a href=\"https:\/\/visitdjakovo.com\/\" target=\"_blank\" rel=\"noreferrer noopener\">www.visitdjakovo.com<\/a><\/p>\n\n\n\n<p><strong><strong>7.\/2026.<\/strong>, Grand Slam u Osijeku&nbsp;<\/strong>\u2013 Tennisturnier,&nbsp;<a href=\"https:\/\/www.facebook.com\/premiertennisshow\/\" target=\"_blank\" rel=\"noreferrer noopener\">www.facebook.com\/premiertennisshow<\/a><\/p>\n\n\n\n<p><strong><strong>7.\/2026.<\/strong>, Rock\u2019a\u2019raj fest&nbsp;<\/strong>\u2013 Musikfestival, Valpovo,&nbsp;<a href=\"https:\/\/www.facebook.com\/visitvalpovo\" target=\"_blank\" rel=\"noreferrer noopener\">www.facebook.com\/visitvalpovo<\/a><\/p>\n\n\n\n<p><strong><strong>7.\/2026.<\/strong>, White Sunset Party<\/strong>&nbsp;\u2013 Party \u201ein Wei\u00df\u201c mit Sonnenuntergang im Weinberg mit Blick auf den Zusammenfluss von Drau und Donau und Wei\u00dfweinen des Weinguts &#8222;K55&#8220;, Aljma\u0161 (Erdut-Region),&nbsp;<a href=\"https:\/\/k55.hr\/\" target=\"_blank\" rel=\"noreferrer noopener\">www.k55.hr<\/a><\/p>\n\n\n\n<p><strong><strong><strong><strong>7.\/2026.<\/strong><\/strong><\/strong>, Osje\u010dko ljeto kulture&nbsp;\/ Osijeker Kultursommer&nbsp;\u2013 Konzerte, Ausstellungen, Film, Theater\u2026<\/strong>,&nbsp;<a href=\"https:\/\/www.facebook.com\/oljkosijek\" target=\"_blank\" rel=\"noreferrer noopener\">www.facebook.com\/oljkosijek<\/a><\/p>\n\n\n\n<p><strong><strong><strong>7.\/2026.<\/strong><\/strong>, II. Osje\u010dka ljetna no\u0107&nbsp;\/ Sommernacht von Osijek<\/strong> \u2013 Stra\u00dfenfest, Osijek,&nbsp;<a href=\"http:\/\/www.tzosijek.hr\/\" target=\"_blank\" rel=\"noreferrer noopener\">www.tzosijek.hr<\/a><\/p>\n\n\n\n<p><strong><strong><strong>7.\/2026.<\/strong><\/strong>, \u0160oka\u010dka alka&nbsp;<\/strong>\u2013 Festival alter Spiele, Selci \u0110akova\u010dki (\u0110akovo),&nbsp;<a href=\"https:\/\/visitdjakovo.com\/\" target=\"_blank\" rel=\"noreferrer noopener\">www.visitdjakovo.com<\/a><\/p>\n\n\n\n<p><strong>7.\/2026., Croatia Cup&nbsp;\u2013<\/strong> <strong>Reitturnier,<\/strong> \u0110akovo,&nbsp;<a href=\"https:\/\/dedl.hr\/hr\/pocetna\" target=\"_blank\" rel=\"noreferrer noopener\">www.dedl.hr<\/a><\/p>\n\n\n\n<p><strong>7.\/2026., Akademija blata \/&nbsp;Schlammakademie<\/strong> \u2013 Workshops zu alten Hausbautechniken, Karanac (Baranja),&nbsp;<a href=\"https:\/\/tzbaranje.hr\/\" target=\"_blank\" rel=\"noreferrer noopener\">www.tzbaranje.hr<\/a><\/p>\n\n\n\n<p><strong>7.\/2026., Suljo\u0161ko ljeto&nbsp;\u2013 Sommerfest<\/strong>, Kne\u017eevi Vinogradi (Baranja),&nbsp;<a href=\"https:\/\/www.knezevi-parkovi.hr\/\" target=\"_blank\" rel=\"noreferrer noopener\">www.knezevi-parkovi.hr<\/a><\/p>\n\n\n\n<p><strong>7.\/2026., Ivanjske vatre&nbsp;\/ Mittsommernacht<\/strong> \u2013 traditionelles Fest, Dalj (Erdut),&nbsp;<a href=\"https:\/\/tz.opcina-erdut.hr\/istrazi-i-dozivi-opcinu-erdut\/kalendar-zbivanja\/\" target=\"_blank\" rel=\"noreferrer noopener\">www.tz.opcina-erdut.hr<\/a><\/p>\n\n\n\n<p><strong>7.\/2026., Internationale Donau-Drau-Regatta&nbsp;<\/strong>\u2013 nautical event, Aljma\u0161 (Erdut),&nbsp;<a href=\"https:\/\/tz.opcina-erdut.hr\/istrazi-i-dozivi-opcinu-erdut\/kalendar-zbivanja\/\" target=\"_blank\" rel=\"noreferrer noopener\">www.tz.opcina-erdut.hr<\/a><\/p>\n\n\n\n<p><strong>7.\/2026., Daljsko ljeto kulture&nbsp;\u2013 Sommerfestival<\/strong>, Dalj (Erdut),&nbsp;<a href=\"https:\/\/tz.opcina-erdut.hr\/istrazi-i-dozivi-opcinu-erdut\/kalendar-zbivanja\/\" target=\"_blank\" rel=\"noreferrer noopener\">www.tz.opcina-erdut.hr<\/a><\/p>\n\n\n\n<p><strong>7.\/2026., Dan op\u0107ine Bilje&nbsp;\u2013 Sommerfestival<\/strong>, Bilje (Baranja),&nbsp;<a href=\"https:\/\/tzo-bilje.hr\/\" target=\"_blank\" rel=\"noreferrer noopener\">www.tzo-bilje.hr<\/a><\/p>\n\n\n\n<p><strong>7.\/2026., \u0110akova\u010dko ljeto&nbsp;\u2013 Sommerfestival<\/strong>, \u0110akovo,&nbsp;<a href=\"https:\/\/www.djakovo.hr\/\" target=\"_blank\" rel=\"noreferrer noopener\">www.djakovo.hr<\/a><\/p>\n\n\n\n<p><strong>7.\/2026., Ljetne ve\u010deri u Na\u0161icama&nbsp;\u2013 Sommerfestival<\/strong>, Na\u0161ice,&nbsp;<a href=\"https:\/\/tznasice.hr\/\" target=\"_blank\" rel=\"noreferrer noopener\">www.tznasice.hr<\/a><\/p>\n\n\n\n<p><strong><strong>7.\/2026.<\/strong>, Sun\u010dana ve\u010dera &#8211; Sonniges Abendessen &#8211; <\/strong>Weinproben mit Sommelier \u017deljko Garmaz und kulinarische Kreationen von K\u00fcchenchef Marko Alilovi\u0107, Mittwochs um 19 Uhr, Osijek, <a href=\"https:\/\/www.facebook.com\/lulu.fusion.bistro\" target=\"_blank\" rel=\"noreferrer noopener\">www.facebook.com\/lulu.fusion.bistro<\/a><\/p>\n\n\n\n<p><strong><strong>7.\/2026.<\/strong>, Weinprobe im Verkostungsraum von Wine&amp;Friends<\/strong>, Donnerstags um 19:30 Uhr, Weine von den bekanntesten kroatischen, europ\u00e4ischen und weltweit renommierten Weinproduzenten., Osijek,&nbsp;<a href=\"https:\/\/www.facebook.com\/lumaekskluzivosijek\" target=\"_blank\" rel=\"noreferrer noopener\">www.facebook.com\/lumaekskluzivosijek<\/a><\/p>\n\n\n\n<p><strong>7.\/2026., Weinproben im Weinladen und Verkostungsraum Ba\u010dva<\/strong> \u2013 Weinliebhaber k\u00f6nnen jeden Freitag, Samstag oder Sonntag um 19 Uhr unter fachkundiger Anleitung eines Sommeliers Weine slawonischer, kroatischer, europ\u00e4ischer und internationaler Winzer verkosten, mit Schwerpunkt auf Weinen aus den lokalen Weinbergen von \u0110akovo; \u0110akovo,&nbsp;<a href=\"https:\/\/www.facebook.com\/profile.php?id=61561130956054\" target=\"_blank\" rel=\"noreferrer noopener\">FB Vinoteka Ba\u010dva<\/a><\/p>\n\n\n\n<p><strong>7.\/2026., Cipelcugom po Osijeku \u2013 erz\u00e4hlende &#8222;Storytelling&#8220; Stadtf\u00fchrungen<\/strong>, Osijek,&nbsp;<a href=\"https:\/\/www.facebook.com\/artinaobrt\" target=\"_blank\" rel=\"noreferrer noopener\">www.facebook.com\/artinaobrt<\/a><\/p>\n\n\n\n<p><strong>7.\/2026., Live-Auftritte, DJ- und Stand-up-Comedy jede Woche im Club Oxigene<\/strong> \u2013 vielleicht haben Sie ja w\u00e4hrend Ihres Aufenthalts in Osijek die Gelegenheit, sich im Club Oxigene musikalisch oder abwechslungsreich unterhalten zu lassen. Der Club Oxigene befindet sich direkt neben dem Kroatischen Nationaltheater und bietet ein abwechslungsreiches Programm mit Live-Konzerten und Auftritten bekannter und aufstrebender Bands sowie DJ-Sets \u2013 von Jazz bis elektronischer Musik, Osijek,&nbsp;<a href=\"https:\/\/www.facebook.com\/oxygene.hr\" target=\"_blank\" rel=\"noreferrer noopener\">www.facebook.com\/oxygene.hr<\/a><\/p>\n\n\n\n<figure class=\"wp-block-image size-full\"><img loading=\"lazy\" decoding=\"async\" width=\"800\" height=\"600\" src=\"https:\/\/visitslavoniabaranja.com\/wp-content\/uploads\/2023\/08\/Osjecka-ljetna-noc.jpg\" alt=\"\" class=\"wp-image-8042\" srcset=\"https:\/\/visitslavoniabaranja.com\/wp-content\/uploads\/2023\/08\/Osjecka-ljetna-noc.jpg 800w, https:\/\/visitslavoniabaranja.com\/wp-content\/uploads\/2023\/08\/Osjecka-ljetna-noc-440x330.jpg 440w, https:\/\/visitslavoniabaranja.com\/wp-content\/uploads\/2023\/08\/Osjecka-ljetna-noc-768x576.jpg 768w\" sizes=\"auto, (max-width: 800px) 100vw, 800px\" \/><\/figure>\n\n\n\n<p><strong>AUGUST 2025<\/strong><\/p>\n\n\n\n<p><strong>1.8., <strong>Antiquit\u00e4tenmarkt<\/strong><\/strong>, Osijek,&nbsp;<a href=\"https:\/\/trznicaos.hr\/\" target=\"_blank\" rel=\"noreferrer noopener\">www.trznicaos.hr<\/a><\/p>\n\n\n\n<p><strong><strong>8.\/2026.<\/strong>, \u201ePile i trganci\u201c &#8211; traditioneller Kochwettbewerb f\u00fcr H\u00fchnereintopf<\/strong>, Beli Manastir,&nbsp;<a href=\"http:\/\/www.tzbaranje.hr\/\" target=\"_blank\" rel=\"noreferrer noopener\">www.tzbaranje.hr<\/a><\/p>\n\n\n\n<p><strong><strong><strong>8.\/2026.<\/strong><\/strong>, Kolonie der Naiven Bildhauer<\/strong>&nbsp;\u2013&nbsp;<strong>Kolonija kipara naivaca<\/strong>, Ernestinovo (Osijek, Umgebung),&nbsp;<a href=\"https:\/\/www.facebook.com\/kolonija.ernestinovo\/\" target=\"_blank\" rel=\"noreferrer noopener\">www.facebook.com\/kolonija.ernestinovo<\/a><\/p>\n\n\n\n<p><strong><strong><strong>8.\/2026.<\/strong><\/strong>, Kukuruzijada u Josipovcu<\/strong> <strong>&#8211; Maisfest in Josipovac<\/strong>, famili\u00e4res und geselliges Beisammensein mit \u201eFast-Food\u201c-Maisgerichten, Josipovac (Osijek), <a href=\"https:\/\/www.facebook.com\/profile.php?id=100089072869365\" target=\"_blank\" rel=\"noreferrer noopener\">FB Udruga Josipovac<\/a><\/p>\n\n\n\n<p><strong>8.\/2026., Slama Land Art Festival&nbsp;\u2013<\/strong> <strong>Internationale Strohkunstkolonie und Open-Air-Festival<\/strong>, Bilje (Baranja),&nbsp;<a href=\"https:\/\/www.facebook.com\/slama.land.art3\/\" target=\"_blank\" rel=\"noreferrer noopener\">www.facebook.com\/slama.land.art3<\/a><\/p>\n\n\n\n<p><strong>8.\/2026., \u201cU Podgajci pokraj Drave\u201d&nbsp;\u2013 kulturelle Manifestation<\/strong>, Podgajci Podravski (Donji Miholjac),&nbsp;<a href=\"https:\/\/www.tz-donjimiholjac.hr\/\" target=\"_blank\" rel=\"noreferrer noopener\">www.tz-donjimiholjac.hr<\/a><\/p>\n\n\n\n<p><strong><strong>8.\/2026.<\/strong>, Mari\u00e4 Himmelfahrt<\/strong> \u2013 Wallfahrt zum Marienheiligtum in Aljma\u0161 (Gebiet Erdut),&nbsp;<a href=\"https:\/\/www.facebook.com\/tzerdut\" target=\"_blank\" rel=\"noreferrer noopener\">www.facebook.com\/tzerdut<\/a><\/p>\n\n\n\n<p><strong>8.\/2026., Regata Beli\u0161\u0107e-Aljma\u0161-Beli\u0161\u0107e \u2013 nautische Aktivit\u00e4ten<\/strong> <strong>auf den Fl\u00fcssen Drau und Donau<\/strong>, Beli\u0161\u0107e und Aljma\u0161,&nbsp;<a href=\"https:\/\/srkbaraber.hr\/\" target=\"_blank\" rel=\"noreferrer noopener\">www.srkbaraber.hr<\/a><\/p>\n\n\n\n<p><strong>8.\/2026., Craft beer festival in Na\u0161ice<\/strong>,&nbsp;<a href=\"https:\/\/www.facebook.com\/visitnasice\" target=\"_blank\" rel=\"noreferrer noopener\">www.facebook.com\/visitnasice<\/a><\/p>\n\n\n\n<p><strong>8.\/2026., Alpe Adria JetSki Tour \u2013 Osijek Race<\/strong>, European Jet Ski Cup on the Drava River, Osijek,&nbsp;<a href=\"https:\/\/alpeadriatour.eu\/races\/osijek-2025\" target=\"_blank\" rel=\"noreferrer noopener\">www.alpeadriatour.eu\/races\/osijek-2025<\/a><\/p>\n\n\n\n<p><strong>8.\/2026., Swamp JetSki Event #Mo\u010dvara\/Swamp<\/strong>, gathering of jet ski enthusiasts on the Drava and Danube rivers (during the Alpe Adria JetSki Tour), Osijek-Aljma\u0161,&nbsp;<a href=\"https:\/\/www.facebook.com\/p\/JET-SKI-HR-100063635287666\/\" target=\"_blank\" rel=\"noreferrer noopener\">FB: Jet ski hr<\/a><\/p>\n\n\n\n<p><strong><strong>8.\/2026.<\/strong>, Sunset run Osijek&nbsp;\u2013 Freizeitlauf<\/strong>, Osijek,&nbsp;<a href=\"http:\/\/www.facebook.com\/run4funosijek\" target=\"_blank\" rel=\"noreferrer noopener\">www.facebook.com\/run4funosijek<\/a><\/p>\n\n\n\n<p><strong><strong>8.\/2026.<\/strong>, In da Brunch &#8211; Samstag auf dem Hauptmarkt in Osijek<\/strong>, ein unterhaltsames Musik- und Gastronomieevent,&nbsp;<a href=\"https:\/\/www.facebook.com\/BarcelonaPubOsijek\" target=\"_blank\" rel=\"noreferrer noopener\">www.facebook.com\/BarcelonaPubOsijek<\/a><\/p>\n\n\n\n<p><strong><strong>8.\/2026.<\/strong>, Nationale Meisterschaft im Flachwasserkajak und Kanu<\/strong>, \u0110akovo,&nbsp;<a href=\"https:\/\/visitdjakovo.com\/\" target=\"_blank\" rel=\"noreferrer noopener\">www.visitdjakovo.com<\/a><\/p>\n\n\n\n<p><strong><strong>8.\/2026.<\/strong>, Mali grad velikog srca&nbsp;\u2013<\/strong> <strong>humanit\u00e4re Unterhaltungsveranstaltung<\/strong>, Na\u0161ice,&nbsp;<a href=\"https:\/\/www.facebook.com\/visitnasice\" target=\"_blank\" rel=\"noreferrer noopener\">www.facebook.com\/visitnasice<\/a><\/p>\n\n\n\n<p><strong><strong><strong>8.\/2026.<\/strong><\/strong>, Osje\u010dko ljeto kulture&nbsp;\/ Kultursommer von Osijek<\/strong> \u2013 Konzerte, Ausstellungen, Film, Theater\u2026,&nbsp;<a href=\"https:\/\/www.facebook.com\/oljkosijek\" target=\"_blank\" rel=\"noreferrer noopener\">www.facebook.com\/oljkosijek<\/a><\/p>\n\n\n\n<p><strong><strong><strong>8.\/2026.<\/strong><\/strong>, Dani prvog hrvatskog piva<\/strong> <strong>\/ Tage des ersten kroatischen Bieres<\/strong> \u2013 traditionelles Festival der Osijeker Brauerei, Osijek \u2013 linkes Drauufer, <a href=\"https:\/\/www.facebook.com\/DaniPrvogHrvatskogPiva\" target=\"_blank\" rel=\"noreferrer noopener\">www.facebook.com\/DaniPrvogHrvatskogPiva<\/a><\/p>\n\n\n\n<p><strong><strong><strong>8.\/2026.<\/strong><\/strong>, Pi\u0161koreva\u010dki sokaci&nbsp;\u2013 Folkloreveranstaltung<\/strong>, Pi\u0161korevci (\u0110akov\u0161tina),&nbsp;<a href=\"https:\/\/visitdjakovo.com\/\" target=\"_blank\" rel=\"noreferrer noopener\">www.visitdjakovo.com<\/a><\/p>\n\n\n\n<p><strong><strong><strong>8.\/2026.<\/strong><\/strong>, Olimpijada starih \u0161portova<\/strong>&nbsp;<strong>\/ <\/strong>Olympiade der alten Sportarten \u2013 traditionelle Folklore-, Unterhaltungs- und Sportveranstaltung, Bro\u0111anci (Osijek &#8211; Umland),&nbsp;<a href=\"https:\/\/www.facebook.com\/oss.brodanci\" target=\"_blank\" rel=\"noreferrer noopener\">www.facebook.com\/oss.brodanci<\/a><\/p>\n\n\n\n<p><strong><strong><strong>8.\/2026.<\/strong><\/strong>, Dani baranjskog bauhausa<\/strong>&nbsp;<strong>&#8211; Tage des Baranja Bauhaus<\/strong>, Festival f\u00fcr Kunst und Kreativit\u00e4t, Kne\u017eevi Vinogradi (Baranja),&nbsp;<a href=\"https:\/\/www.facebook.com\/udrugafantast\" target=\"_blank\" rel=\"noreferrer noopener\">www.facebook.com\/udrugafantast<\/a><\/p>\n\n\n\n<p><strong><strong><strong>8.\/2026.<\/strong><\/strong>, Fi\u0161ijada u Nardu&nbsp;\/ Fischpaprikasch <strong>Kochwettbewerb<\/strong>&nbsp;<\/strong>\u2013 traditionelle Gastronomie, Nard (Valpovo),&nbsp;<a href=\"https:\/\/www.facebook.com\/visitvalpovo\" target=\"_blank\" rel=\"noreferrer noopener\">www.facebook.com\/visitvalpovo<\/a><\/p>\n\n\n\n<p><strong><strong><strong>8.\/2026.<\/strong><\/strong>, III. Osje\u010dka ljetna no\u0107&nbsp;\/ Sommernacht von Osijek<\/strong> \u2013 Stra\u00dfenfest, Osijek,&nbsp;<a href=\"http:\/\/www.tzosijek.hr\/\" target=\"_blank\" rel=\"noreferrer noopener\">www.tzosijek.hr<\/a><\/p>\n\n\n\n<p><strong><strong><strong>8.\/2026.<\/strong><\/strong>, In da Sofa<\/strong>&nbsp;\u2013 Food and Lounge Sommer-Special, beliebte &#8222;Pop-up&#8220; Street Lounge Bar, Osijek,&nbsp;<a href=\"https:\/\/www.facebook.com\/BarcelonaPubOsijek\" target=\"_blank\" rel=\"noreferrer noopener\">www.facebook.com\/BarcelonaPubOsijek<\/a><\/p>\n\n\n\n<p><strong>8.\/2026., Ljeto u Beli\u0161\u0107u<\/strong>&nbsp;\/ Sommer in Beli\u0161\u0107e&nbsp;\u2013 sommer festival, Beli\u0161\u0107e,&nbsp;<a href=\"https:\/\/tzbelisce.net\/\" target=\"_blank\" rel=\"noreferrer noopener\">www.tzbelisce.net<\/a><\/p>\n\n\n\n<p><strong>8.\/2026., \u201cErdutska ve\u010der\u201d &#8211; Kochwettbewerb f\u00fcr den Sch\u00e4fereintopf \u201e\u010cobanac\u201c <\/strong>\u2013 traditionelle Gastronomie, Erdut,&nbsp;<a href=\"https:\/\/www.facebook.com\/tzerdut\" target=\"_blank\" rel=\"noreferrer noopener\">www.facebook.com\/tzerdut<\/a><\/p>\n\n\n\n<p><strong><strong>8.\/2026.<\/strong>, Sun\u010dana ve\u010dera &#8211; Sonniges Abendessen &#8211; <\/strong>Weinproben mit Sommelier \u017deljko Garmaz und kulinarische Kreationen von K\u00fcchenchef Marko Alilovi\u0107, Mittwochs um 19 Uhr, Osijek, <a href=\"https:\/\/www.facebook.com\/lulu.fusion.bistro\" target=\"_blank\" rel=\"noreferrer noopener\">www.facebook.com\/lulu.fusion.bistro<\/a><\/p>\n\n\n\n<p><strong><strong>8.\/2026.<\/strong>, Weinprobe im Verkostungsraum von Wine&amp;Friends<\/strong>, Donnerstags um 19:30 Uhr, Weine von den bekanntesten kroatischen, europ\u00e4ischen und weltweit renommierten Weinproduzenten., Osijek,&nbsp;<a href=\"https:\/\/www.facebook.com\/lumaekskluzivosijek\" target=\"_blank\" rel=\"noreferrer noopener\">www.facebook.com\/lumaekskluzivosijek<\/a><\/p>\n\n\n\n<p><strong>8.\/2026., Weinproben im Weinladen und Verkostungsraum Ba\u010dva<\/strong> \u2013 Weinliebhaber k\u00f6nnen jeden Freitag, Samstag oder Sonntag um 19 Uhr unter fachkundiger Anleitung eines Sommeliers Weine slawonischer, kroatischer, europ\u00e4ischer und internationaler Winzer verkosten, mit Schwerpunkt auf Weinen aus den lokalen Weinbergen von \u0110akovo; \u0110akovo,&nbsp;<a href=\"https:\/\/www.facebook.com\/profile.php?id=61561130956054\" target=\"_blank\" rel=\"noreferrer noopener\">FB Vinoteka Ba\u010dva<\/a><\/p>\n\n\n\n<p><strong>8.\/2026., Cipelcugom po Osijeku \u2013 erz\u00e4hlende &#8222;Storytelling&#8220; Stadtf\u00fchrungen<\/strong>, Osijek,&nbsp;<a href=\"https:\/\/www.facebook.com\/artinaobrt\" target=\"_blank\" rel=\"noreferrer noopener\">www.facebook.com\/artinaobrt<\/a><\/p>\n\n\n\n<p><strong>8.\/2026., Live-Auftritte, DJ- und Stand-up-Comedy jede Woche im Club Oxigene<\/strong> \u2013 vielleicht haben Sie ja w\u00e4hrend Ihres Aufenthalts in Osijek die Gelegenheit, sich im Club Oxigene musikalisch oder abwechslungsreich unterhalten zu lassen. Der Club Oxigene befindet sich direkt neben dem Kroatischen Nationaltheater und bietet ein abwechslungsreiches Programm mit Live-Konzerten und Auftritten bekannter und aufstrebender Bands sowie DJ-Sets \u2013 von Jazz bis elektronischer Musik, Osijek,&nbsp;<a href=\"https:\/\/www.facebook.com\/oxygene.hr\" target=\"_blank\" rel=\"noreferrer noopener\">www.facebook.com\/oxygene.hr<\/a><\/p>\n\n\n\n<figure class=\"wp-block-image size-large\"><img loading=\"lazy\" decoding=\"async\" width=\"1024\" height=\"681\" src=\"https:\/\/visitslavoniabaranja.com\/wp-content\/uploads\/2025\/04\/Dakovo-Craft-Beer-Festival-foto-by-Adriana-Loncarevic-1024x681.jpg\" alt=\"\" class=\"wp-image-14264\" srcset=\"https:\/\/visitslavoniabaranja.com\/wp-content\/uploads\/2025\/04\/Dakovo-Craft-Beer-Festival-foto-by-Adriana-Loncarevic-1024x681.jpg 1024w, https:\/\/visitslavoniabaranja.com\/wp-content\/uploads\/2025\/04\/Dakovo-Craft-Beer-Festival-foto-by-Adriana-Loncarevic-440x293.jpg 440w, https:\/\/visitslavoniabaranja.com\/wp-content\/uploads\/2025\/04\/Dakovo-Craft-Beer-Festival-foto-by-Adriana-Loncarevic-768x511.jpg 768w, https:\/\/visitslavoniabaranja.com\/wp-content\/uploads\/2025\/04\/Dakovo-Craft-Beer-Festival-foto-by-Adriana-Loncarevic-1536x1022.jpg 1536w, https:\/\/visitslavoniabaranja.com\/wp-content\/uploads\/2025\/04\/Dakovo-Craft-Beer-Festival-foto-by-Adriana-Loncarevic.jpg 2000w\" sizes=\"auto, (max-width: 1024px) 100vw, 1024px\" \/><\/figure>\n\n\n\n<p><strong>SEPTEMBER<\/strong> <strong>2026<\/strong><\/p>\n\n\n\n<p><strong>2.-5.9., 71. Weltmeisterschaft im Pfl\u00fcgen<\/strong>, Osijek &#8211; Grabovac\/Mitrovac Bauernhof (Baranja), <a href=\"https:\/\/poljoprivreda.gov.hr\/\" target=\"_blank\" rel=\"noreferrer noopener\">www.poljoprivreda.gov.hr<\/a>; <a href=\"https:\/\/www.obz.hr\/\" target=\"_blank\" rel=\"noreferrer noopener\">www.obz.hr<\/a>; <a href=\"https:\/\/worldploughing.org\/\" target=\"_blank\" rel=\"noreferrer noopener\">www.worldploughing.org<\/a><\/p>\n\n\n\n<p><strong>5.9., Antiquit\u00e4tenmarkt<\/strong>, Osijek,&nbsp;<a href=\"https:\/\/trznicaos.hr\/\" target=\"_blank\" rel=\"noreferrer noopener\">www.trznicaos.hr<\/a><\/p>\n\n\n\n<p><strong>9.\/2026., \u201cSlavonijo u jesen si zlatna\u201d &#8211; &#8222;Slawonien, du bist im Herbst golden&#8220;&nbsp;<\/strong>\u2013 kulturelles und traditionelles Festival, Tenja (Osijek),&nbsp;<a href=\"https:\/\/www.facebook.com\/kudjosipsosic.tenja\" target=\"_blank\" rel=\"noreferrer noopener\">www.facebook.com\/kudjosipsosic.tenja<\/a><\/p>\n\n\n\n<p><strong>9.\/2026., Wine&amp;Bike Tour&nbsp;<\/strong>\u2013 Unterhaltungs- und Freizeitweinfestival, Erdut,&nbsp;<a href=\"https:\/\/www.facebook.com\/WineBikeTourErdut\/\" target=\"_blank\" rel=\"noreferrer noopener\">www.facebook.com\/WineBikeTourErdut<\/a><\/p>\n\n\n\n<p><strong><strong>9.\/2026.<\/strong>, \u0110akovo Craft Beer festival<\/strong>,&nbsp;<a href=\"https:\/\/visitdjakovo.com\/\" target=\"_blank\" rel=\"noreferrer noopener\">www.visitdjakovo.com<\/a><\/p>\n\n\n\n<p><strong><strong>9.\/2026.<\/strong>, Osijek street race show&nbsp;\/ Stra\u00dfenrennshow in Osijek&nbsp;<\/strong>\u2013 Motorsport,&nbsp;<a href=\"https:\/\/www.ak-slavonija.com.hr\/\" target=\"_blank\" rel=\"noreferrer noopener\">www.ak-slavonija.com.hr<\/a><\/p>\n\n\n\n<p><strong><strong><strong><strong><strong>9.\/2026.<\/strong><\/strong><\/strong><\/strong>, White Sunset Party<\/strong>&nbsp;\u2013 Party \u201ein Wei\u00df\u201c mit Sonnenuntergang im Weinberg mit Blick auf den Zusammenfluss von Drau und Donau und Wei\u00dfweinen des Weinguts &#8222;K55&#8220;, Aljma\u0161 (Erdut-Region),&nbsp;<a href=\"https:\/\/k55.hr\/\" target=\"_blank\" rel=\"noreferrer noopener\">www.k55.hr<\/a><\/p>\n\n\n\n<p><strong>9.\/2026., &#8222;Enzita&#8220; no\u0107ni cener najdu\u017eom ulicom u Hrvatskoj<\/strong> <strong>\/ Nachtrennen auf der l\u00e4ngsten Stra\u00dfe Kroatiens<\/strong>, recreational competition, Strizivojna (\u0110akov\u0161tina),&nbsp;<a href=\"https:\/\/nocnicener.strizivojna.hr\/\" target=\"_blank\" rel=\"noreferrer noopener\">www.nocnicener.strizivojna.hr<\/a><\/p>\n\n\n\n<p><strong>9.\/2026., Najve\u0107a hrvatska fi\u0161ijada&nbsp;\u2013 traditioneller Fischeintopf-Kochwettbewerb<\/strong>, Beli Manastir (Baranja),&nbsp;<a href=\"http:\/\/www.tzbaranje.hr\/\" target=\"_blank\" rel=\"noreferrer noopener\">www.tzbaranje.hr<\/a><\/p>\n\n\n\n<p><strong>9.\/2026., Pudarina&nbsp;&#8211; traditionelle Weinveranstaltung<\/strong>, Bijelo Brdo &#8211; Ethno-Haus um 16 Uhr, &#8211; Kulturzentrum um 19 Uhr (Gebiet Erdut),&nbsp;<a href=\"https:\/\/www.facebook.com\/skud.jovanjovanoviczmaj\" target=\"_blank\" rel=\"noreferrer noopener\">www.facebook.com\/skud.jovanjovanoviczmaj<\/a><\/p>\n\n\n\n<p><strong><strong>9.\/2026.<\/strong>, Pudarina<\/strong>&nbsp;<strong>\u2013 traditionelle Weinveranstaltung<\/strong>, Gaji\u0107 \u2013 Kirche St. Philipp und Jakob um 10 Uhr, Bunari\u0107 dol um 12 Uhr (Baranja),&nbsp;<em>Udruga vinogradara i vinara \u201cMartinovo brdo\u201d<\/em><\/p>\n\n\n\n<p><strong>9.\/2026., No\u0107 \u0161i\u0161mi\u0161a&nbsp;<\/strong>&#8211; Fledermausnacht \u2013 Bildungs- und Unterhaltungsprogramm f\u00fcr Kinder und Familien, ZOO 19\u201321 Uh, Osijek,&nbsp;<a href=\"https:\/\/www.facebook.com\/zooloskivrtosijek\" target=\"_blank\" rel=\"noreferrer noopener\">www.facebook.com\/zooloskivrtosijek<\/a><\/p>\n\n\n\n<p><strong>9.\/2026., Pra\u0107kijada&nbsp;\u2013 Slawonische Meisterschaft im Schleuderschie\u00dfen<\/strong>, Radikovci (Donji Miholjac),&nbsp;<a href=\"https:\/\/www.facebook.com\/prackijada.radikovci\" target=\"_blank\" rel=\"noreferrer noopener\">www.facebook.com\/prackijada.radikovci<\/a><\/p>\n\n\n\n<p><strong>9.\/2026., \u201c\u010cudesna \u0161uma<\/strong> <strong>\u2013 Wundervoller Wald\u201c<\/strong> \u2013 ein Festival f\u00fcr Erholungssuchende, Wanderer, Naturliebhaber und Familien mit Kindern, Zlatna Greda (Baranja), <a href=\"https:\/\/www.zeleni-osijek.hr\/slajd\/festival-cudesna-suma-u-zlatnoj-gredi\/\" target=\"_blank\" rel=\"noreferrer noopener\">www.zeleni-osijek.hr\/slajd\/festival-cudesna-suma-u-zlatnoj-gredi<\/a><\/p>\n\n\n\n<p><strong>9.\/2026., Dan Ma\u0111ara<\/strong> <strong>&#8211; Ungarischer Tag<\/strong> \u2013 traditionelle Veranstaltung, Auftritte ungarischer Kulturorganisationen, Messe lokaler Produkte auf dem Hauptplatz, Osijek, <a href=\"https:\/\/mkdnepkor.hr\/\">www.mkdnepkor.hr<\/a><\/p>\n\n\n\n<p><strong><strong>9.\/2026.<\/strong>, Pferdeshow des Staatsgest\u00fcts \u0110akovo<\/strong>, Reithalle geschlossen um 10 Uhr,&nbsp;<a href=\"https:\/\/www.facebook.com\/Drzavna.ergela.Djakovo\" target=\"_blank\" rel=\"noreferrer noopener\">www.facebook.com\/Drzavna.ergela.Djakovo<\/a><\/p>\n\n\n\n<p><strong><strong><strong>9.\/2026.<\/strong><\/strong>, Verteidigungs- und Sicherheitsmesse DEFCROS<\/strong>, Osijek,&nbsp;<a href=\"https:\/\/gospodarskicentarobz.hr\/sajmovi\/\" target=\"_blank\" rel=\"noreferrer noopener\">www.gospodarskicentarobz.hr\/sajmovi<\/a><\/p>\n\n\n\n<p><strong><strong><strong>9.\/2026.<\/strong><\/strong>, Osje\u010dko ljeto mladih<\/strong> <strong>&#8211; Osijeker Sommer der Jugend<\/strong>, Konzerte, Sport- und Kulturprogramme der Studentenvereinigung der Universit\u00e4t Osijek, Osijek, <a href=\"https:\/\/www.facebook.com\/osjecko.ljeto.mladih\" target=\"_blank\" rel=\"noreferrer noopener\">www.facebook.com\/osjecko.ljeto.mladih<\/a><\/p>\n\n\n\n<p><strong><strong><strong><strong>9.\/2026.<\/strong><\/strong><\/strong>, Dani slavonske \u0161ume \/ Tage des Slawonischen Waldes <\/strong>\u2013 Unterhaltungsfestival f\u00fcr F\u00e4higkeiten und Techniken in der Forstwirtschaft, Na\u0161ice,&nbsp;<a href=\"https:\/\/www.facebook.com\/visitnasice\" target=\"_blank\" rel=\"noreferrer noopener\">www.facebook.com\/visitnasice<\/a><\/p>\n\n\n\n<p><strong><strong><strong>9.\/2026.<\/strong><\/strong>, Forest Art<\/strong>&nbsp;&#8211; Festival f\u00fcr Musik, Kunst und Kreativit\u00e4t, Beli\u0161\u0107e,&nbsp;<a href=\"https:\/\/www.facebook.com\/IKZvono\" target=\"_blank\" rel=\"noreferrer noopener\">www.facebook.com\/IKZvono<\/a><\/p>\n\n\n\n<p><strong><strong><strong>9.\/2026.<\/strong><\/strong>, Davis Cup Kroatien vs. Frankreich<\/strong>, Tennis-Weltmeisterschaft, Osijek,&nbsp;<a href=\"https:\/\/hts.hr\/\" target=\"_blank\" rel=\"noreferrer noopener\">www.hts.hr<\/a><\/p>\n\n\n\n<p><strong><strong><strong>9.\/2026.<\/strong><\/strong>, Valpovo Craft Beer Fest<\/strong>,&nbsp;<a href=\"https:\/\/www.facebook.com\/visitvalpovo\" target=\"_blank\" rel=\"noreferrer noopener\">www.facebook.com\/visitvalpovo<\/a><\/p>\n\n\n\n<p><strong><strong><strong>9.\/2026.<\/strong><\/strong>, Theater Festival Zvonimir Torjanac<\/strong>, Donji Miholjac,&nbsp;<a href=\"https:\/\/www.tz-donjimiholjac.hr\/\" target=\"_blank\" rel=\"noreferrer noopener\">www.tz-donjimiholjac.hr<\/a><\/p>\n\n\n\n<p><strong><strong><strong>9.\/2026.<\/strong><\/strong>, PLANTida&nbsp;\u2013 \u00d6ko-Festival, Osijek<\/strong>,&nbsp;<a href=\"https:\/\/www.facebook.com\/udrugaplantaza\" target=\"_blank\" rel=\"noreferrer noopener\">www.facebook.com\/udrugaplantaza<\/a><\/p>\n\n\n\n<p><strong><strong><strong>9.\/2026.<\/strong><\/strong>, Ribarski dani u Kopa\u010devu&nbsp;\/ Fischertage in Kopa\u010devo<\/strong> \u2013 Festival der traditionellen Gastronomie, Kopa\u010devo (Baranja),&nbsp;<a href=\"https:\/\/tzo-bilje.hr\/\" target=\"_blank\" rel=\"noreferrer noopener\">www.tzo-bilje.hr<\/a><\/p>\n\n\n\n<p><strong><strong><strong>9.\/2026.<\/strong><\/strong>, Vina Erdut Wine &amp; Sushi<\/strong>, Sushi-Workshops, Weinwanderungen und Picknicks entlang der Donau, Halloween-Malerei, Weincocktail-Workshops, Podiumsdiskussionen zu Herausforderungen im Weinbau und eine glamour\u00f6se Party \u2013 Herbst auf dem Weingut Vina Erdut, Erdut, <a href=\"https:\/\/erdutski-vinogradi.hr\/hr\/turizam\/erdut-wine-paint-and-art\" target=\"_blank\" rel=\"noreferrer noopener\">www.erdutski-vinogradi.hr<\/a><\/p>\n\n\n\n<p><strong><strong><strong>9.\/2026.<\/strong><\/strong>, Ta\u010dkijada \/ Teigtaschen Fest&nbsp;<\/strong>\u2013 traditionelles Festival des slawonischen s\u00fc\u00dfen teigtaschen-Geb\u00e4cks, Pi\u0161korevci (\u0110akov\u0161tina),&nbsp;<a href=\"https:\/\/www.facebook.com\/kudzora\" target=\"_blank\" rel=\"noreferrer noopener\">www.facebook.com\/kudzora<\/a><\/p>\n\n\n\n<p><strong><strong><strong>9.\/2026.<\/strong><\/strong>, Hochzeitskutschenparade<\/strong>&nbsp;\u2013 traditionelles Reiterfest, Branjin Vrh\/Beli Manastir (Baranja),&nbsp;<a href=\"http:\/\/www.tzbaranje.hr\/\" target=\"_blank\" rel=\"noreferrer noopener\">www.tzbaranje.hr<\/a><\/p>\n\n\n\n<p><strong><strong><strong><strong>9.\/2026.<\/strong><\/strong><\/strong>, Weltmeisterschaft im Angeln<\/strong>, \u0110akovo,&nbsp;<a href=\"https:\/\/visitdjakovo.com\/\" target=\"_blank\" rel=\"noreferrer noopener\">www.visitdjakovo.com<\/a><\/p>\n\n\n\n<p><strong><strong><strong><strong>9.\/2026.<\/strong><\/strong><\/strong>, Tag des Gest\u00fcts \u0110akovo und Reitshow in der Reithalle<\/strong> \u2013 Reitveranstaltung zum 519. Jahrestag des Gest\u00fcts,&nbsp;<a href=\"https:\/\/www.facebook.com\/Drzavna.ergela.Djakovo\" target=\"_blank\" rel=\"noreferrer noopener\">www.facebook.com\/Drzavna.ergela.Djakovo<\/a><\/p>\n\n\n\n<p><strong><strong><strong><strong>9.\/2026.<\/strong><\/strong><\/strong>, Beli\u0161\u0107anska zlatna jesen \/ Goldenen Herbst in Beli\u0161\u0107e&nbsp;<\/strong>\u2013 traditionelles und Unterhaltungsfestival, Beli\u0161\u0107e,&nbsp;<a href=\"https:\/\/www.facebook.com\/tzbelisce.net\" target=\"_blank\" rel=\"noreferrer noopener\">www.facebook.com\/tzbelisce.net<\/a><\/p>\n\n\n\n<p><strong><strong><strong><strong>9.\/2026.<\/strong><\/strong><\/strong>, CubOs<\/strong> &#8211; Tanz- und Gastronomietreffen Kubas und Slawoniens, Tenja (Osijek), <a href=\"https:\/\/cub-os.company.site\/\" target=\"_blank\" rel=\"noreferrer noopener\">www.cub-os.company.site<\/a><\/p>\n\n\n\n<p><strong><strong><strong><strong>9.\/2026.<\/strong><\/strong><\/strong>, Vina Erdut Wine &amp; Walk<\/strong>, Sushi-Workshops, Weinwanderungen und Picknicks entlang der Donau, Halloween-Malerei, Weincocktail-Workshops, Podiumsdiskussionen zu Herausforderungen im Weinbau und eine glamour\u00f6se Party \u2013 Herbst auf dem Weingut Vina Erdut,, Erdut,&nbsp;<a href=\"https:\/\/erdutski-vinogradi.hr\/hr\/turizam\/erdut-wine-paint-and-art\" target=\"_blank\" rel=\"noreferrer noopener\">www.erdutski-vinogradi.hr<\/a><\/p>\n\n\n\n<p><strong>9.\/2026., Miholja\u010dka strijela i Ustanak hrvatskih velika\u0161a&nbsp;<\/strong>\u2013 Lebendige Geschichte Mittelalterfest, Donji Miholjac,&nbsp;<a href=\"https:\/\/www.tz-donjimiholjac.hr\/\" target=\"_blank\" rel=\"noreferrer noopener\">www.tz-donjimiholjac.hr<\/a><\/p>\n\n\n\n<p><strong><strong><strong><strong>9.\/2026.<\/strong><\/strong><\/strong>, Dan Drave&nbsp;\u2013 Internationaler Tag der Drau<\/strong>,&nbsp;<a href=\"http:\/\/www.obz-zastita-prirode.hr\/\" target=\"_blank\" rel=\"noreferrer noopener\">www.obz-zastita-prirode.hr<\/a><\/p>\n\n\n\n<p><strong><strong><strong><strong><strong>9.\/2026.<\/strong><\/strong><\/strong><\/strong>, Picknick im Weinberg des Weinguts &#8222;K55<\/strong>&#8222;, Jeden Samstag im September und Oktober organisiert das Weingut ein Picknick in seinem weitl\u00e4ufigen Weinberg. Das Picknick eignet sich perfekt f\u00fcr romantische Zusammenk\u00fcnfte, Familienausfl\u00fcge und Feiern mit Freunden. Alle Besucher k\u00f6nnen erstklassige Weine und lokale K\u00f6stlichkeiten genie\u00dfen, an verschiedenen Aktivit\u00e4ten teilnehmen, durch Weinreben spazieren und einen unbezahlbaren Blick auf die Donau entdecken, Aljma\u0161 an der Donau, <a href=\"https:\/\/k55.hr\/\" target=\"_blank\" rel=\"noreferrer noopener\">www.k55.hr<\/a><\/p>\n\n\n\n<p><strong><strong><strong><strong><strong>9.\/2026.<\/strong><\/strong><\/strong><\/strong>,<\/strong> <strong>J\u00fcdischer Kulturmonat<\/strong>, Osijek, <a href=\"https:\/\/www.zo-osijek.hr\/\" target=\"_blank\" rel=\"noreferrer noopener\">www.zo-osijek.hr<\/a><\/p>\n\n\n\n<p><strong><strong><strong><strong><strong>9.\/2026.<\/strong><\/strong><\/strong><\/strong>, Internationales Symposium Kopa\u010dki rit Gestern, Heute, Morgen<\/strong>; Fakult\u00e4t f\u00fcr Agrarbiotechnik in Osijek,&nbsp;<a href=\"https:\/\/www.facebook.com\/kopacki.rit\/\" target=\"_blank\" rel=\"noreferrer noopener\">www.facebook.com\/kopacki.rit<\/a><\/p>\n\n\n\n<p><strong><strong><strong><strong><strong>9.\/2026.<\/strong><\/strong><\/strong><\/strong>, Wine Maraton&nbsp;\u2013<\/strong> <strong>Unterhaltungsfestival f\u00fcr Wein, Gastronomie und Musik<\/strong>, Zmajevac (Baranja),&nbsp;<a href=\"https:\/\/www.facebook.com\/vinskiwinemaraton\" target=\"_blank\" rel=\"noreferrer noopener\">www.facebook.com\/vinskiwinemaraton<\/a><\/p>\n\n\n\n<p><strong><strong><strong><strong><strong>9.\/2026.<\/strong><\/strong><\/strong><\/strong>, Festival frankovke &#8211; Blaufr\u00e4nkisches Festival und Bike &amp; Wine<\/strong> \u2013 Weinveranstaltung und Freizeit-Radsportveranstaltung, Feri\u010danci,&nbsp;<a href=\"https:\/\/www.facebook.com\/festivalfrankovke\" target=\"_blank\" rel=\"noreferrer noopener\">www.facebook.com\/festivalfrankovke<\/a>;&nbsp;<a href=\"https:\/\/bk-nasice.hr\/\" target=\"_blank\" rel=\"noreferrer noopener\">www.bk-nasice.hr<\/a><\/p>\n\n\n\n<p><strong><strong><strong><strong><strong>9.\/2026.<\/strong><\/strong><\/strong><\/strong>, Herbstmesse in Osijek<\/strong>&nbsp;\u2013 Messe f\u00fcr Landwirtschaft, Lebensmittel, Handwerk, Bauwesen und Wohnungsbau,&nbsp;<a href=\"https:\/\/gospodarskicentarobz.hr\/sajmovi\/\" target=\"_blank\" rel=\"noreferrer noopener\">www.gospodarskicentarobz.hr\/sajmovi<\/a><\/p>\n\n\n\n<p><strong><strong><strong><strong><strong><strong><strong>9.\/2026.<\/strong><\/strong><\/strong><\/strong><\/strong><\/strong>, Zemlja bez granica \/ Land ohne Grenzen<\/strong>&nbsp;\u2013 Kinder- und Familienfest, Ernestinovo, Valpovo, Osijek,&nbsp;<a href=\"https:\/\/www.zemljabezgranica.com\/\" target=\"_blank\" rel=\"noreferrer noopener\">www.zemljabezgranica.com<\/a><\/p>\n\n\n\n<p><strong><strong><strong><strong><strong>9.\/2026.<\/strong><\/strong><\/strong><\/strong>, Baranja Ferivi Halbmarathon<\/strong> \u2013 Freizeitrennen,&nbsp;<a href=\"https:\/\/www.facebook.com\/baranjski.polumaraton\" target=\"_blank\" rel=\"noreferrer noopener\">www.facebook.com\/baranjski.polumaraton<\/a><\/p>\n\n\n\n<p><strong><strong><strong><strong><strong>9.\/2026.<\/strong><\/strong><\/strong><\/strong>, Valpova\u010dka staza zdravlja&nbsp;<\/strong>\u2013 Freizeitfestival, Valpovo,&nbsp;<a href=\"https:\/\/www.facebook.com\/visitvalpovo\" target=\"_blank\" rel=\"noreferrer noopener\">www.facebook.com\/visitvalpovo<\/a><\/p>\n\n\n\n<p><strong><strong><strong><strong><strong>9.\/2026.<\/strong><\/strong><\/strong><\/strong>, Zlatni Wineend&nbsp;\/ Goldenes Weenend<\/strong> \u2013 Weinfest, Trnava<strong> <\/strong>(Gebiet \u0110akovo),&nbsp;<a href=\"https:\/\/www.facebook.com\/zlatni.wineend\/\" target=\"_blank\" rel=\"noreferrer noopener\">www.facebook.com\/zlatni.wineend<\/a><\/p>\n\n\n\n<p><strong><strong><strong><strong><strong>9.\/2026.<\/strong><\/strong><\/strong><\/strong>, &#8222;Konjogojske zaprege&#8220;&nbsp;\/ &#8222;Pferdekutschen&#8220; \u2013 traditionelle Pferdez\u00fcchterveranstaltung<\/strong>, Bijelo Brdo (Erdut area),&nbsp;<a href=\"https:\/\/www.facebook.com\/tzerdut\" target=\"_blank\" rel=\"noreferrer noopener\">www.facebook.com\/tzerdut<\/a><\/p>\n\n\n\n<p><strong>9.\/2026., Musikfestival DMFEST&nbsp;\u2013 Amateurs\u00e4ngerfestival<\/strong>, Donji Miholjac,&nbsp;<a href=\"https:\/\/www.tz-donjimiholjac.hr\/\" target=\"_blank\" rel=\"noreferrer noopener\">www.tz-donjimiholjac.hr<\/a><\/p>\n\n\n\n<p><strong>9.\/2026., Osijek Gourmet&nbsp;\u2013 Tage der lokalen Gastronomie<\/strong>, Osijek,&nbsp;<a href=\"http:\/\/www.tzosijek.hr\/\" target=\"_blank\" rel=\"noreferrer noopener\">www.tzosijek.hr<\/a><\/p>\n\n\n\n<p><strong>9.\/2026., Gradska fi\u0161ijada &#8211; Fischeintopf-Kochwettbewerb<\/strong>, Donji Miholjac,&nbsp;<a href=\"https:\/\/www.tz-donjimiholjac.hr\/\" target=\"_blank\" rel=\"noreferrer noopener\">www.tz-donjimiholjac.hr<\/a><\/p>\n\n\n\n<p><strong>9.\/2026., Stravianae Challenge&nbsp;\u2013 Kroatische nationale Meisterschaft im Motorsport<\/strong>, Na\u0161ice,&nbsp;<a href=\"https:\/\/www.facebook.com\/AkPanonija\" target=\"_blank\" rel=\"noreferrer noopener\">www.facebook.com\/AkPanonija<\/a><\/p>\n\n\n\n<p><strong><strong>9.\/2026.<\/strong>, Sun\u010dana ve\u010dera &#8211; Sonniges Abendessen &#8211; <\/strong>Weinproben mit Sommelier \u017deljko Garmaz und kulinarische Kreationen von K\u00fcchenchef Marko Alilovi\u0107, Mittwochs um 19 Uhr, Osijek, <a href=\"https:\/\/www.facebook.com\/lulu.fusion.bistro\" target=\"_blank\" rel=\"noreferrer noopener\">www.facebook.com\/lulu.fusion.bistro<\/a><\/p>\n\n\n\n<p><strong><strong>9.\/2026.<\/strong>, Weinprobe im Verkostungsraum von Wine&amp;Friends<\/strong>, Donnerstags um 19:30 Uhr, Weine von den bekanntesten kroatischen, europ\u00e4ischen und weltweit renommierten Weinproduzenten., Osijek,&nbsp;<a href=\"https:\/\/www.facebook.com\/lumaekskluzivosijek\" target=\"_blank\" rel=\"noreferrer noopener\">www.facebook.com\/lumaekskluzivosijek<\/a><\/p>\n\n\n\n<p><strong>9.\/2026., Weinproben im Weinladen und Verkostungsraum Ba\u010dva<\/strong> \u2013 Weinliebhaber k\u00f6nnen jeden Freitag, Samstag oder Sonntag um 19 Uhr unter fachkundiger Anleitung eines Sommeliers Weine slawonischer, kroatischer, europ\u00e4ischer und internationaler Winzer verkosten, mit Schwerpunkt auf Weinen aus den lokalen Weinbergen von \u0110akovo; \u0110akovo,&nbsp;<a href=\"https:\/\/www.facebook.com\/profile.php?id=61561130956054\" target=\"_blank\" rel=\"noreferrer noopener\">FB Vinoteka Ba\u010dva<\/a><\/p>\n\n\n\n<p><strong>9.\/2026., Cipelcugom po Osijeku \u2013 erz\u00e4hlende &#8222;Storytelling&#8220; Stadtf\u00fchrungen<\/strong>, Osijek,&nbsp;<a href=\"https:\/\/www.facebook.com\/artinaobrt\" target=\"_blank\" rel=\"noreferrer noopener\">www.facebook.com\/artinaobrt<\/a><\/p>\n\n\n\n<p><strong>9.\/2026., Live-Auftritte, DJ- und Stand-up-Comedy jede Woche im Club Oxigene<\/strong> \u2013 vielleicht haben Sie ja w\u00e4hrend Ihres Aufenthalts in Osijek die Gelegenheit, sich im Club Oxigene musikalisch oder abwechslungsreich unterhalten zu lassen. Der Club Oxigene befindet sich direkt neben dem Kroatischen Nationaltheater und bietet ein abwechslungsreiches Programm mit Live-Konzerten und Auftritten bekannter und aufstrebender Bands sowie DJ-Sets \u2013 von Jazz bis elektronischer Musik, Osijek,&nbsp;<a href=\"https:\/\/www.facebook.com\/oxygene.hr\" target=\"_blank\" rel=\"noreferrer noopener\">www.facebook.com\/oxygene.hr<\/a><\/p>\n\n\n\n<figure class=\"wp-block-image size-large\"><img loading=\"lazy\" decoding=\"async\" width=\"1024\" height=\"683\" src=\"https:\/\/visitslavoniabaranja.com\/wp-content\/uploads\/2024\/07\/HeadOnEast-festival-svjetla-1024x683.jpg\" alt=\"\" class=\"wp-image-10963\" srcset=\"https:\/\/visitslavoniabaranja.com\/wp-content\/uploads\/2024\/07\/HeadOnEast-festival-svjetla-1024x683.jpg 1024w, https:\/\/visitslavoniabaranja.com\/wp-content\/uploads\/2024\/07\/HeadOnEast-festival-svjetla-440x293.jpg 440w, https:\/\/visitslavoniabaranja.com\/wp-content\/uploads\/2024\/07\/HeadOnEast-festival-svjetla-768x512.jpg 768w, https:\/\/visitslavoniabaranja.com\/wp-content\/uploads\/2024\/07\/HeadOnEast-festival-svjetla-1536x1025.jpg 1536w, https:\/\/visitslavoniabaranja.com\/wp-content\/uploads\/2024\/07\/HeadOnEast-festival-svjetla.jpg 2000w\" sizes=\"auto, (max-width: 1024px) 100vw, 1024px\" \/><\/figure>\n\n\n\n<p><strong>OKTOBER<\/strong> <strong>2026<\/strong><\/p>\n\n\n\n<p><strong>3.10., Antiquit\u00e4tenmarkt,<\/strong> Osijek,&nbsp;<a href=\"https:\/\/trznicaos.hr\/\" target=\"_blank\" rel=\"noreferrer noopener\">www.trznicaos.hr<\/a><\/p>\n\n\n\n<p><strong><strong>10.\/2026.<\/strong>, Matija Petar Katan\u010di\u0107 Days&nbsp;\u2013 Kulturfestival<\/strong>, Valpovo,&nbsp;<a href=\"https:\/\/www.facebook.com\/visitvalpovo\" target=\"_blank\" rel=\"noreferrer noopener\">www.facebook.com\/visitvalpovo<\/a><\/p>\n\n\n\n<p><strong><strong><strong>10.\/2026.<\/strong><\/strong>,&nbsp;The Geek Gathering&nbsp;\u2013 j\u00e4hrliches IT-Expertentreffen<\/strong>, Osijek,&nbsp;<a href=\"https:\/\/thegeekgathering.org\/\" target=\"_blank\" rel=\"noreferrer noopener\">www.thegeekgathering.org<\/a><\/p>\n\n\n\n<p><strong><strong><strong>10.\/2026.<\/strong><\/strong>, HeadOnEast&nbsp;\u2013 Stra\u00dfenfest f\u00fcr slawonische Weine, Biere, Schnaps und Gastronomie<\/strong>, Osijek,&nbsp;<a href=\"https:\/\/headoneastcroatia.com\/\" target=\"_blank\" rel=\"noreferrer noopener\">www.headoneastcroatia.com<\/a><\/p>\n\n\n\n<p><strong><strong><strong>10.\/2026.<\/strong><\/strong>, Vina Erdut Wine &amp; Picnic<\/strong>, Sushi-Workshops, Weinwanderungen und Picknicks entlang der Donau, Halloween-Malerei, Weincocktail-Workshops, Podiumsdiskussion zu Herausforderungen im Weinbau und eine glamour\u00f6se Party \u2013 Herbst auf dem Weingut Vina Erdut, Erdut,&nbsp;<a href=\"https:\/\/erdutski-vinogradi.hr\/hr\/turizam\/erdut-wine-paint-and-art\" target=\"_blank\" rel=\"noreferrer noopener\">www.erdutski-vinogradi.hr<\/a><\/p>\n\n\n\n<p><strong><strong><strong>10.\/2026.<\/strong><\/strong>, Podunavlje trail&nbsp;\u2013 Freizeitrennen<\/strong>, Aljma\u0161 i Erdut,&nbsp;<a href=\"https:\/\/www.facebook.com\/zuti.sesir\/\" target=\"_blank\" rel=\"noreferrer noopener\">www.facebook.com\/zuti.sesir<\/a><\/p>\n\n\n\n<p><strong><strong><strong>10.\/2026.<\/strong><\/strong>, Gu\u017evarijada&nbsp;\u2013 \u00d6ko-Ethno-Markt<\/strong>, traditionelle K\u00fcche und Wettbewerb um den besten Kuchen \u2013 \u201eGu\u017evara\u201c, die Walnuss und Mohn Rollen, Erdut,&nbsp;<a href=\"https:\/\/www.facebook.com\/tzerdut\" target=\"_blank\" rel=\"noreferrer noopener\">www.facebook.com\/tzerdut<\/a><\/p>\n\n\n\n<p><strong><strong><strong>10.\/2026.<\/strong><\/strong>, Paprikafest&nbsp;\u2013 traditionelle Gastronomie aus Baranja<\/strong>, Lug (Baranja),&nbsp;<a href=\"https:\/\/www.facebook.com\/p\/Paprikafest-Paprikafesztiv%C3%A1l-100075988656563\/\" target=\"_blank\" rel=\"noreferrer noopener\">FB Paprikafest \u2013 Paprikafesztiv\u00e1l<\/a><\/p>\n\n\n\n<p><strong><strong><strong>10.\/2026.<\/strong><\/strong>, Belomanastirski va\u0161ar \/ Messe Beli Manastir<\/strong>, Markt f\u00fcr traditionelle Produkte, Beli Manastir (Baranja), kontakt: \u0110ur\u0111a Marton, tel. 0911882808<\/p>\n\n\n\n<p><strong><strong><strong>10.\/2026.<\/strong><\/strong>, Dobar grah daleko se \u010duje&nbsp;\u2013 traditioneller Bohnenkochwettbewerb<\/strong>, Ke\u0161inci (\u0110akovo area),&nbsp;<a href=\"https:\/\/www.facebook.com\/vatrogasci.kesinci\" target=\"_blank\" rel=\"noreferrer noopener\">www.facebook.com\/vatrogasci.kesinci<\/a><\/p>\n\n\n\n<p><strong><strong><strong>10.\/2026.<\/strong><\/strong>, XXVI. Memorial Matija Gregi\u0107&nbsp;\u2013 Tischtennisturnier<\/strong>, Osijek,&nbsp;<a href=\"https:\/\/stk-vodovod-osijek.com\/\" target=\"_blank\" rel=\"noreferrer noopener\">www.stk-vodovod-osijek.com<\/a><\/p>\n\n\n\n<p><strong><strong><strong>10.\/2026.<\/strong><\/strong>, Tajne Koro\u0111varskih zidina<\/strong> <strong>&#8211; Geheimnisse der Koro\u0111var-Mauern<\/strong>, Unterhaltungsveranstaltung in historischen Kost\u00fcmen, mittelalterliche Festung Koro\u0111var (Ivanovac\/\u010cepin), <em>FB Ritter des Goldenen Marders<\/em> &#8211;&nbsp;<a href=\"https:\/\/www.facebook.com\/profile.php?id=61561349796803\" target=\"_blank\" rel=\"noreferrer noopener\">FB Vitezovi Zlatne Kune<\/a><\/p>\n\n\n\n<p><strong><strong><strong>10.\/2026.<\/strong><\/strong>, Vina Erdut Wine &amp; Mix<\/strong>, Sushi-Workshops, Weinwanderungen und Picknicks entlang der Donau, Halloween-Malerei, Weincocktail-Workshops, Podiumsdiskussion zu Herausforderungen im Weinbau und eine glamour\u00f6se Party \u2013 Herbst auf dem Weingut Vina Erdut, Erdut,&nbsp;<a href=\"https:\/\/erdutski-vinogradi.hr\/hr\/turizam\/erdut-wine-paint-and-art\" target=\"_blank\" rel=\"noreferrer noopener\">www.erdutski-vinogradi.hr<\/a><\/p>\n\n\n\n<p><strong><strong><strong>10.\/2026.<\/strong><\/strong>, Filmska Runda&nbsp;\u2013 Kroatisches Kurzfilmfestival<\/strong>,&nbsp;<a href=\"https:\/\/filmskarunda.com\/\" target=\"_blank\" rel=\"noreferrer noopener\">www.filmskarunda.com<\/a><\/p>\n\n\n\n<p><strong><strong><strong>10.\/2026.<\/strong><\/strong>, Tehnicoolum&nbsp;\u2013 Messe f\u00fcr technische Kultur und Wissenschaft<\/strong>, Osijek&nbsp;<a href=\"https:\/\/gospodarskicentarobz.hr\/sajmovi\/\" target=\"_blank\" rel=\"noreferrer noopener\">www.gospodarskicentarobz.hr\/sajmovi<\/a><\/p>\n\n\n\n<p><strong><strong><strong>10.\/2026.<\/strong><\/strong>, Vina Erdut Wine &amp; Art \u2013 Halloween Edition<\/strong>, Sushi-Workshops, Weinwanderungen und Picknicks entlang der Donau, Halloween-Malerei, Weincocktail-Workshops, Podiumsdiskussion zu Herausforderungen im Weinbau und eine glamour\u00f6se Party \u2013 Herbst auf dem Weingut Vina Erdut, Erdut,&nbsp;<a href=\"https:\/\/erdutski-vinogradi.hr\/hr\/turizam\/erdut-wine-paint-and-art\" target=\"_blank\" rel=\"noreferrer noopener\">www.erdutski-vinogradi.hr<\/a><\/p>\n\n\n\n<p><strong>10.\/2026., Baranjska u\u017e\u2019na&nbsp;\u2013 traditionelle Gastronomie<\/strong>, Jagodnjak (Baranja),&nbsp;<a href=\"https:\/\/www.facebook.com\/sretneispretne\" target=\"_blank\" rel=\"noreferrer noopener\">www.facebook.com\/sretneispretne<\/a><\/p>\n\n\n\n<p><strong>10.\/2026., Monat der Baranja-K\u00fcche<\/strong>, Verkostungsworkshops der traditionellen Gastronomie von Mehrfamilienbetrieben (OPGs) in der Baranja,&nbsp;<a href=\"http:\/\/www.tzbaranje.hr\/\" target=\"_blank\" rel=\"noreferrer noopener\">www.tzbaranje.hr<\/a><\/p>\n\n\n\n<p><strong>10.\/2026., Zlatna berba&nbsp;\/ Goldene Ernte&nbsp;\u2013 authentisches Folklorefestival,<\/strong>, Rakitovica (Donji Miholjac),&nbsp;<a href=\"https:\/\/www.tz-donjimiholjac.hr\/\" target=\"_blank\" rel=\"noreferrer noopener\">www.tz-donjimiholjac.hr<\/a><\/p>\n\n\n\n<p><strong>10.\/2026., Strossmayer-Tage \u2013 kulturelles und wissenschaftliches Festival<\/strong>, \u0110akovo,&nbsp;<a href=\"https:\/\/www.djakovo.hr\/\" target=\"_blank\" rel=\"noreferrer noopener\">www.djakovo.hr<\/a><\/p>\n\n\n\n<p><strong>10.\/2026., \u201eRubina zlatne jeseni\u201c&nbsp;\u2013 Kinderfolklorefestival<\/strong>,&nbsp;<a href=\"https:\/\/visitdjakovo.com\/\" target=\"_blank\" rel=\"noreferrer noopener\">www.visitdjakovo.com<\/a><\/p>\n\n\n\n<p><strong>10.\/2026., Kroatische Meisterschaft im Motocross und Quadcross und Slawonische Motocross-Liga<\/strong>, Vi\u0161kovci (Gebiet \u0110akovo),&nbsp;<a href=\"https:\/\/www.facebook.com\/p\/Slavonska-motocross-liga-100063507641794\/\" target=\"_blank\" rel=\"noreferrer noopener\">FB Slavonska motocross liga<\/a>;&nbsp;<a href=\"https:\/\/www.facebook.com\/mkviskovci\" target=\"_blank\" rel=\"noreferrer noopener\">www.facebook.com\/mkviskovci<\/a><\/p>\n\n\n\n<p><strong>10.\/2026., Krila Oluje&nbsp;\u2013 Flugschau mit Kunstfl\u00fcgen<\/strong>, Ausstellung von Waffen und Ausr\u00fcstung der kroatischen Armee, Na\u0161ice,&nbsp;<a href=\"https:\/\/www.facebook.com\/visitnasice\" target=\"_blank\" rel=\"noreferrer noopener\">www.facebook.com\/visitnasice<\/a><\/p>\n\n\n\n<p><strong>10.\/2026., Na\u0161ice-Herbstfest&nbsp;<\/strong>\u2013 Markt f\u00fcr traditionelle und handwerkliche Produkte, Na\u0161ice,&nbsp;<a href=\"https:\/\/www.facebook.com\/visitnasice\" target=\"_blank\" rel=\"noreferrer noopener\">www.facebook.com\/visitnasice<\/a><\/p>\n\n\n\n<p><strong>10.\/2026., \u201c\u010cobanijada\u201d Festival des Hirteneintopfs<\/strong>, traditionelle Gastronomie, Marjan\u010daci (Region Valpovo),&nbsp;<a href=\"https:\/\/www.facebook.com\/visitvalpovo\" target=\"_blank\" rel=\"noreferrer noopener\">www.facebook.com\/visitvalpovo<\/a><\/p>\n\n\n\n<p><strong><strong>10.\/2026.<\/strong>, Sun\u010dana ve\u010dera &#8211; Sonniges Abendessen &#8211; <\/strong>Weinproben mit Sommelier \u017deljko Garmaz und kulinarische Kreationen von K\u00fcchenchef Marko Alilovi\u0107, Mittwochs um 19 Uhr, Osijek, <a href=\"https:\/\/www.facebook.com\/lulu.fusion.bistro\" target=\"_blank\" rel=\"noreferrer noopener\">www.facebook.com\/lulu.fusion.bistro<\/a><\/p>\n\n\n\n<p><strong><strong>10.\/2026.<\/strong>, Weinprobe im Verkostungsraum von Wine&amp;Friends<\/strong>, Donnerstags um 19:30 Uhr, Weine von den bekanntesten kroatischen, europ\u00e4ischen und weltweit renommierten Weinproduzenten., Osijek,&nbsp;<a href=\"https:\/\/www.facebook.com\/lumaekskluzivosijek\" target=\"_blank\" rel=\"noreferrer noopener\">www.facebook.com\/lumaekskluzivosijek<\/a><\/p>\n\n\n\n<p><strong>10.\/2026., Weinproben im Weinladen und Verkostungsraum Ba\u010dva<\/strong> \u2013 Weinliebhaber k\u00f6nnen jeden Freitag, Samstag oder Sonntag um 19 Uhr unter fachkundiger Anleitung eines Sommeliers Weine slawonischer, kroatischer, europ\u00e4ischer und internationaler Winzer verkosten, mit Schwerpunkt auf Weinen aus den lokalen Weinbergen von \u0110akovo; \u0110akovo,&nbsp;<a href=\"https:\/\/www.facebook.com\/profile.php?id=61561130956054\" target=\"_blank\" rel=\"noreferrer noopener\">FB Vinoteka Ba\u010dva<\/a><\/p>\n\n\n\n<p><strong>10.\/2026., Cipelcugom po Osijeku \u2013 erz\u00e4hlende &#8222;Storytelling&#8220; Stadtf\u00fchrungen<\/strong>, Osijek,&nbsp;<a href=\"https:\/\/www.facebook.com\/artinaobrt\" target=\"_blank\" rel=\"noreferrer noopener\">www.facebook.com\/artinaobrt<\/a><\/p>\n\n\n\n<p><strong>10.\/2026., Live-Auftritte, DJ- und Stand-up-Comedy jede Woche im Club Oxigene<\/strong> \u2013 vielleicht haben Sie ja w\u00e4hrend Ihres Aufenthalts in Osijek die Gelegenheit, sich im Club Oxigene musikalisch oder abwechslungsreich unterhalten zu lassen. Der Club Oxigene befindet sich direkt neben dem Kroatischen Nationaltheater und bietet ein abwechslungsreiches Programm mit Live-Konzerten und Auftritten bekannter und aufstrebender Bands sowie DJ-Sets \u2013 von Jazz bis elektronischer Musik, Osijek,&nbsp;<a href=\"https:\/\/www.facebook.com\/oxygene.hr\" target=\"_blank\" rel=\"noreferrer noopener\">www.facebook.com\/oxygene.hr<\/a><\/p>\n\n\n\n<figure class=\"wp-block-image size-large\"><img loading=\"lazy\" decoding=\"async\" width=\"1024\" height=\"684\" src=\"https:\/\/visitslavoniabaranja.com\/wp-content\/uploads\/event-manager-uploads\/event_banner\/2022\/08\/DSC0168-1024x684.jpg\" alt=\"\" class=\"wp-image-5655\" srcset=\"https:\/\/visitslavoniabaranja.com\/wp-content\/uploads\/event-manager-uploads\/event_banner\/2022\/08\/DSC0168-1024x684.jpg 1024w, https:\/\/visitslavoniabaranja.com\/wp-content\/uploads\/event-manager-uploads\/event_banner\/2022\/08\/DSC0168-440x294.jpg 440w, https:\/\/visitslavoniabaranja.com\/wp-content\/uploads\/event-manager-uploads\/event_banner\/2022\/08\/DSC0168-768x513.jpg 768w, https:\/\/visitslavoniabaranja.com\/wp-content\/uploads\/event-manager-uploads\/event_banner\/2022\/08\/DSC0168.jpg 1200w\" sizes=\"auto, (max-width: 1024px) 100vw, 1024px\" \/><\/figure>\n\n\n\n<p><strong>NOVEMBER<\/strong> <strong>2026<\/strong><\/p>\n\n\n\n<p><strong>7.11., <strong><strong><strong><strong>Antiquit\u00e4tenmarkt<\/strong><\/strong><\/strong><\/strong><\/strong>, Osijek,&nbsp;<a href=\"https:\/\/trznicaos.hr\/\" target=\"_blank\" rel=\"noreferrer noopener\">www.trznicaos.hr<\/a> <em>(Aufgrund von Allerheiligen besteht die M\u00f6glichkeit, das Datum des Marktes zu \u00e4ndern. Neuer\/n\u00e4chster Termin: 6. Dezember 2025.)<\/em><\/p>\n\n\n\n<p><strong>11.\/2026., Memorijal Darko Luki\u0107 &#8211; Gedenkveranstaltung &#8211; internationales Treffen junger Pianisten<\/strong> im Arch\u00e4ologischen Museum in Osijek (Altstadt Tvr\u0111a), alle Konzertabende beginnen um 19:00 Uhr, Osijek, <a href=\"https:\/\/glazbenamladezosijek.weebly.com\/\" target=\"_blank\" rel=\"noreferrer noopener\">www.glazbenamladezosijek.weebly.com<\/a><\/p>\n\n\n\n<p><strong><strong>11.\/2026.<\/strong>, Ve\u010dera kod Stipe<\/strong> <strong>&#8211; Abendessen bei Stipe<\/strong> \u2013 klicken Sie auf den Link, sehen Sie sich die k\u00f6stliche Speisekarte der Region Baranja an und reservieren Sie rechtzeitig einen Platz, denn bei Stipe sitzt man gem\u00fctlich mit anderen G\u00e4sten an einem Tisch! Hab viel Spa\u00df und lernen Sie interessante neue Leute kennen, darunter den legend\u00e4ren kroatischen Briten Paul Bradbury, der Ihnen beim Abendessen von seinen Abenteuern auf seinen Reisen durch 82 L\u00e4nder erz\u00e4hlen wird! Wir sehen uns bei Stipe auf seinem Familienbauernhof in \u010ceminac bei Osijek (Baranja), <a href=\"https:\/\/www.facebook.com\/agroturizam.stipino\" target=\"_blank\" rel=\"noreferrer noopener\">www.facebook.com\/agroturizam.stipino<\/a>; <a href=\"https:\/\/stipino.com\/\" target=\"_blank\" rel=\"noreferrer noopener\">www.stipino.com<\/a><\/p>\n\n\n\n<p><strong><strong>11.\/2026.<\/strong>, Kunstzyklus Vier Jahreszeiten: Herbst \u2013 Laub rechen<\/strong>, der Osijeker \u201eLand Art\u201c-K\u00fcnstler Nikola Faller und Projektleiter pr\u00e4sentiert die Herbstausgabe des Zyklus \u201eVier Jahreszeiten\u201c, bei dem nat\u00fcrliche Materialien wie Bl\u00e4tter, Gras und Erde in verg\u00e4ngliche Kunstinstallationen im \u00f6ffentlichen Raum verwandelt werden. Das Projekt wird durch eine herbstliche Tanzperformance des Shine Dance Studios bereichert, begleitet von Musik von Sch\u00fclern der Musikschule Batorek. Von 10:00 bis 12:00 Uhr, im <em>Perivoj kralja Tomislava<\/em> Park (neben den Tennispl\u00e4tzen), Osijek, <a href=\"https:\/\/www.facebook.com\/slama.land.art3\" target=\"_blank\" rel=\"noreferrer noopener\">www.facebook.com\/slama.land.art3<\/a>, <a href=\"http:\/\/projekt \u0107e obogatiti Plesni studio Shine svojom koreografijom i jesenskim performansom, uz glazbenu pratnju u\u010denika Glazbene \u0161kole Batorek\" target=\"_blank\" rel=\"noreferrer noopener\">FB doga\u0111aj 4 godi\u0161nja doba<\/a><\/p>\n\n\n\n<p><strong>11.\/2026.<\/strong>,&nbsp;<strong>Dani divlja\u010di<\/strong>&nbsp;<strong>&#8211; Tage der Wildgerichte der kroatischen W\u00e4lder<\/strong> \u2013 Gastronomieveranstaltung in den Restaurants der Jagdh\u00fctten der kroatischen W\u00e4lder,&nbsp;<a href=\"https:\/\/www.hrsume.hr\/turizam\/dani-divljaci\/\" target=\"_blank\" rel=\"noreferrer noopener\">www.hrsume.hr\/turizam\/dani-divljaci<\/a><\/p>\n\n\n\n<p><strong><strong>11.\/2026.<\/strong>, Dani okusa Slavonije i Baranje<\/strong> <strong>&#8211; Tage des Geschmacks von Slawonien und Baranja<\/strong> \u2013 Projekt \u201eGeschm\u00e4cker der kroatischen Tradition in Restaurants des Landkreises Osijek-Baranja\u201c. Zahlreiche Restaurants pr\u00e4sentieren die Vielfalt der Geschm\u00e4cker und Aromen der slawonisch-baranischen K\u00fcche mit speziell kreierten Men\u00fcs, die ausschlie\u00dflich lokale und regionale Zutaten verwenden, <a href=\"https:\/\/www.okusi.hr\/vijesti.html\" target=\"_blank\" rel=\"noreferrer noopener\">www.okusi.hr<\/a><\/p>\n\n\n\n<p><strong><strong>11.\/2026.<\/strong>, Martinsfest \u2013 Markt mit regionalen Produkten anl\u00e4sslich des Stadtfestes von Beli Manastir <\/strong>mit einem gastronomischen Angebot f\u00fcr alle Besucher auf dem Hauptplatz (Trg Slobode) von 8:00 bis 15:00 Uhr und einem Abendkonzert der beliebten Pop-Rock-Band \u201ePrljavo kazali\u0161te\u201c, Beli Manastir (Baranja), <a href=\"https:\/\/www.facebook.com\/turisticka.baranje\" target=\"_blank\" rel=\"noreferrer noopener\">www.facebook.com\/turisticka.baranje<\/a><\/p>\n\n\n\n<p><strong><strong>11.\/2026.<\/strong>, Martinsfest in der Vinothek und im Verkostungsraum Ba\u010dva in \u0110akovo<\/strong>: Sonderangebot der Weine Apostol Limited Edition Gra\u0161evina und Dualis, und f\u00fcr alle, die ihren Namenstag (Martina oder Martin) feiern \u2013 ein Glas Getr\u00e4nk gratis; \u0110akovo, <a href=\"https:\/\/www.facebook.com\/profile.php?id=61561130956054\" target=\"_blank\" rel=\"noreferrer noopener\">FB Vinoteka Ba\u010dva<\/a><\/p>\n\n\n\n<p><strong><strong>11.\/2026.<\/strong>, Martinsfest \u2013 Sip &amp; Paint im Weingut Enosophia<\/strong>: Kreatives Beisammensein und Feiern des Martinsfestes mit einem Glas Wein und einer Leinwand, Feri\u010danci, <a href=\"https:\/\/enosophia.hr\/\" target=\"_blank\" rel=\"noreferrer noopener\">www.enosophia.hr<\/a>, <a href=\"https:\/\/www.facebook.com\/enosophia.croatia\" target=\"_blank\" rel=\"noreferrer noopener\">www.facebook.com\/enosophia.croatia<\/a><\/p>\n\n\n\n<p><strong><strong>11.\/2026.<\/strong>, <strong>Martinsfest \u2013 Tag der offenen Weinkeller des Winzerverbandes<\/strong><\/strong>, von 10 bis 18 Uhr, Termine sind erforderlich, in Aljma\u0161, Erdut und Dalj, <a href=\"https:\/\/www.facebook.com\/tzerdut\" target=\"_blank\" rel=\"noreferrer noopener\">www.facebook.com\/tzerdut<\/a><\/p>\n\n\n\n<p><strong><strong>11.\/2026.<\/strong>, Martinsfest \u2013 Weingut Vina Erdut<\/strong>, im Rahmen des Tages der offenen Weinkeller des Winzerverbandes Erdut finden um 10:00, 12:00, 14:00 und 16:00 Uhr F\u00fchrungen durch das Weingut statt. Verkosten Sie Weine und genie\u00dfen Sie die herbstliche Atmosph\u00e4re am Ufer der Donau, Erdut, <a href=\"https:\/\/erdutski-vinogradi.hr\/hr\/novosti\/130-dani-otvorenih-vrata-erdutskog-vinogorja-povodom-martinja\" target=\"_blank\" rel=\"noreferrer noopener\">www.erdutski-vinogradi.hr<\/a><\/p>\n\n\n\n<p><strong><strong>11.\/2026.<\/strong>, Martinsfest \u2013 Weingut K55<\/strong>, im Rahmen des Tages der offenen Weinkeller des Winzerverbandes Erdut k\u00f6nnen Sie Weine verkosten und sich mit traditionellen slawonischen Snacks wie Schmalzbrot und ger\u00e4ucherten Spezialit\u00e4ten st\u00e4rken. Zum Mittagessen gibt es \u010cobanac oder gebratene W\u00fcrstchen mit Sauerkraut, Aljma\u0161 (region Erdut), <a href=\"https:\/\/www.facebook.com\/k55vinarijaidestilerija\" target=\"_blank\" rel=\"noreferrer noopener\">www.facebook.com\/k55vinarijaidestilerija<\/a>, <a href=\"https:\/\/k55.hr\/\" target=\"_blank\" rel=\"noreferrer noopener\">www.k55.hr<\/a><\/p>\n\n\n\n<p><strong><strong>11.\/2026.<\/strong>, Vina Erdut Wine &amp; Open Cellar<\/strong>, Sushi-Workshops, Weinwanderungen und Picknicks entlang der Donau, Halloween-Malerei, Weincocktail-Workshops, Podiumsdiskussionen zu Herausforderungen im Weinbau und eine glamour\u00f6se Party \u2013 Herbst im Weingut Vina Erdut, Erdut,&nbsp;<a href=\"https:\/\/erdutski-vinogradi.hr\/hr\/turizam\/erdut-wine-paint-and-art\" target=\"_blank\" rel=\"noreferrer noopener\">www.erdutski-vinogradi.hr<\/a><\/p>\n\n\n\n<p><strong><strong>11.\/2026.<\/strong>, Vina Erdut Wine &amp; Future<\/strong>, Sushi-Workshops, Weinwanderungen und Picknicks entlang der Donau, Halloween-Malerei, Weincocktail-Workshops, Podiumsdiskussionen zu Herausforderungen im Weinbau und eine glamour\u00f6se Party \u2013 Herbst im Weingut Vina Erdut, Erdut,&nbsp;<a href=\"https:\/\/erdutski-vinogradi.hr\/hr\/turizam\/erdut-wine-paint-and-art\" target=\"_blank\" rel=\"noreferrer noopener\">www.erdutski-vinogradi.hr<\/a><\/p>\n\n\n\n<p><strong><strong>11.\/2026.<\/strong>, DravaBlues &#8211; Osijek rock &amp; blues festival<\/strong>, die dritte Ausgabe des Festivals mit Blues und Rock, Jazz und Soul, im Oxygen Club (Adresse: \u017dupanijska 7, Geb\u00e4ude des Kroatischen Nationaltheaters), Osijek, <a href=\"https:\/\/www.facebook.com\/partwishudruga\" target=\"_blank\" rel=\"noreferrer noopener\">www.facebook.com\/partwishudruga<\/a>; <a href=\"http:\/\/www.facebook.com\/oxygene.hr\" target=\"_blank\" rel=\"noreferrer noopener\">www.facebook.com\/oxygene.hr<\/a><\/p>\n\n\n\n<p><strong><strong>11.\/2026.<\/strong>, LegOs Jazz Festival<\/strong>, Osijek,&nbsp;<a href=\"http:\/\/www.facebook.com\/oxygene.hr\" target=\"_blank\" rel=\"noreferrer noopener\">www.facebook.com\/oxygene.hr<\/a><\/p>\n\n\n\n<p><strong>11.\/2026., Festival der historischen und b\u00fcrgerlichen T\u00e4nze und alten Stadtlieder Kroatiens<\/strong>, \u0110akovo,&nbsp;<a href=\"https:\/\/visitdjakovo.com\/\" target=\"_blank\" rel=\"noreferrer noopener\">www.visitdjakovo.com<\/a><\/p>\n\n\n\n<p><strong><strong>11.\/2026.<\/strong>, Jahreskonzert der slawonischen Tamburica-Gesellschaft Pajo Kolari\u0107<\/strong>, um 19:00 Uhr im Konzertsaal Franjo Kre\u017ema, Kulturzentrum Osijek \u2013 Kulturni centar Osijek,&nbsp;<a href=\"https:\/\/kulturni-centar.hr\/dogadjanja\/godinji-koncert-std-pajo-kolari\" target=\"_blank\" rel=\"noreferrer noopener\">www.kulturni-centar.hr\/dogadjanja<\/a><\/p>\n\n\n\n<p><strong><strong>11.\/2026.<\/strong>, Heferer Orgelfestival <\/strong>&#8211; Wanderkonzertprogramm in Kirchen mit Orgeln der kroatischen Orgelwerkstatt \u201eHeferer&#8220;, <a href=\"https:\/\/www.facebook.com\/heferer\" target=\"_blank\" rel=\"noreferrer noopener\">www.facebook.com\/heferer<\/a><\/p>\n\n\n\n<p><strong><strong>11.\/2026.<\/strong>, Wintermarkt und \u010cvarakfest\/Griebenfest <\/strong>\u2013 traditionelle Gastronomie- und Handwerksmesse und Wettbewerb in der Zubereitung von Grieben, Karanac (Baranja),&nbsp;<a href=\"http:\/\/www.tzbaranje.hr\/\" target=\"_blank\" rel=\"noreferrer noopener\">www.tzbaranje.hr<\/a><\/p>\n\n\n\n<p><strong><strong>11.\/2026.<\/strong>, Hochzeitsmesse<\/strong>, Osijek,&nbsp;<a href=\"https:\/\/gospodarskicentarobz.hr\/sajmovi\/\" target=\"_blank\" rel=\"noreferrer noopener\">www.gospodarskicentarobz.hr\/sajmovi<\/a><\/p>\n\n\n\n<p><strong><strong>11.\/2026.<\/strong>, Sun\u010dana ve\u010dera &#8211; Sonniges Abendessen &#8211; <\/strong>Weinproben mit Sommelier \u017deljko Garmaz und kulinarische Kreationen von K\u00fcchenchef Marko Alilovi\u0107, Mittwochs um 19 Uhr, Osijek, <a href=\"https:\/\/www.facebook.com\/lulu.fusion.bistro\" target=\"_blank\" rel=\"noreferrer noopener\">www.facebook.com\/lulu.fusion.bistro<\/a><\/p>\n\n\n\n<p><strong><strong>11.\/2026.<\/strong>, Weinprobe im Verkostungsraum von Wine&amp;Friends<\/strong>, Donnerstags um 19:30 Uhr, Weine von den bekanntesten kroatischen, europ\u00e4ischen und weltweit renommierten Weinproduzenten., Osijek,&nbsp;<a href=\"https:\/\/www.facebook.com\/lumaekskluzivosijek\" target=\"_blank\" rel=\"noreferrer noopener\">www.facebook.com\/lumaekskluzivosijek<\/a><\/p>\n\n\n\n<p><strong>11.\/2026., Weinproben im Weinladen und Verkostungsraum Ba\u010dva<\/strong> \u2013 Weinliebhaber k\u00f6nnen jeden Freitag, Samstag oder Sonntag um 19 Uhr unter fachkundiger Anleitung eines Sommeliers Weine slawonischer, kroatischer, europ\u00e4ischer und internationaler Winzer verkosten, mit Schwerpunkt auf Weinen aus den lokalen Weinbergen von \u0110akovo; \u0110akovo,&nbsp;<a href=\"https:\/\/www.facebook.com\/profile.php?id=61561130956054\" target=\"_blank\" rel=\"noreferrer noopener\">FB Vinoteka Ba\u010dva<\/a><\/p>\n\n\n\n<p><strong>11.\/2026., Cipelcugom po Osijeku \u2013 erz\u00e4hlende &#8222;Storytelling&#8220; Stadtf\u00fchrungen<\/strong>, Osijek,&nbsp;<a href=\"https:\/\/www.facebook.com\/artinaobrt\" target=\"_blank\" rel=\"noreferrer noopener\">www.facebook.com\/artinaobrt<\/a><\/p>\n\n\n\n<p><strong>11.\/2026., Live-Auftritte, DJ- und Stand-up-Comedy jede Woche im Club Oxigene<\/strong> \u2013 vielleicht haben Sie ja w\u00e4hrend Ihres Aufenthalts in Osijek die Gelegenheit, sich im Club Oxigene musikalisch oder abwechslungsreich unterhalten zu lassen. Der Club Oxigene befindet sich direkt neben dem Kroatischen Nationaltheater und bietet ein abwechslungsreiches Programm mit Live-Konzerten und Auftritten bekannter und aufstrebender Bands sowie DJ-Sets \u2013 von Jazz bis elektronischer Musik, Osijek,&nbsp;<a href=\"https:\/\/www.facebook.com\/oxygene.hr\" target=\"_blank\" rel=\"noreferrer noopener\">www.facebook.com\/oxygene.hr<\/a><\/p>\n\n\n\n<figure class=\"wp-block-image size-large\"><img loading=\"lazy\" decoding=\"async\" width=\"1024\" height=\"683\" src=\"https:\/\/visitslavoniabaranja.com\/wp-content\/uploads\/2024\/11\/Advent-2022.-Horizont-solutions-85-1024x683.jpg\" alt=\"\" class=\"wp-image-17060\" srcset=\"https:\/\/visitslavoniabaranja.com\/wp-content\/uploads\/2024\/11\/Advent-2022.-Horizont-solutions-85-1024x683.jpg 1024w, https:\/\/visitslavoniabaranja.com\/wp-content\/uploads\/2024\/11\/Advent-2022.-Horizont-solutions-85-440x293.jpg 440w, https:\/\/visitslavoniabaranja.com\/wp-content\/uploads\/2024\/11\/Advent-2022.-Horizont-solutions-85-768x512.jpg 768w, https:\/\/visitslavoniabaranja.com\/wp-content\/uploads\/2024\/11\/Advent-2022.-Horizont-solutions-85-1536x1024.jpg 1536w, https:\/\/visitslavoniabaranja.com\/wp-content\/uploads\/2024\/11\/Advent-2022.-Horizont-solutions-85-2048x1365.jpg 2048w\" sizes=\"auto, (max-width: 1024px) 100vw, 1024px\" \/><\/figure>\n\n\n\n<p><strong>DEZEMBER<\/strong> <strong>2026<\/strong><\/p>\n\n\n\n<p><strong>5.12., Antiquit\u00e4tenmarkt<\/strong>, Osijek,&nbsp;<a href=\"https:\/\/trznicaos.hr\/\" target=\"_blank\" rel=\"noreferrer noopener\">www.trznicaos.hr<\/a><\/p>\n\n\n\n<p><strong>25.12., Weihnachtskonzert des Kroatischen Gesangsvereins \u201eLipa\u201c<\/strong>, traditionelles humanit\u00e4res Weihnachtskonzert in der Pfarrkirche St. Michael des Erzengels in Tvr\u0111a um 19:30 Uhr, Osijek, <a href=\"https:\/\/www.facebook.com\/hpdlipa\" target=\"_blank\" rel=\"noreferrer noopener\">www.facebook.com\/hpdlipa<\/a><\/p>\n\n\n\n<p><strong>31.12., Silvester&nbsp;<\/strong>\u2013 Begr\u00fc\u00dfung des neuen Jahres mit einem abendlichen Unterhaltungs- und Konzertprogramm auf den Pl\u00e4tzen mehrerer Orte im Osijek-Baranja Gespanschaft<\/p>\n\n\n\n<p><strong><strong><strong>12.\/2026.<\/strong><\/strong>, Neujahrskonzerte des Kroatischen Nationaltheaters Osijek<\/strong>, 20:00 Uhr im Kroatischen Nationaltheater Osijek,&nbsp;<a href=\"https:\/\/hnk-osijek.hr\/show\/novogodisnji-koncert-2025\/\" target=\"_blank\" rel=\"noreferrer noopener\">www.hnk-osijek.hr<\/a><\/p>\n\n\n\n<p><strong><strong><strong>12.\/2026.<\/strong><\/strong>, Weihnachtsmanns Haus<\/strong> in \u010cepin \u2013 Besuchen Sie das zauberhafte Weihnachtshaus vom <strong>29.11. bis 30.12.<\/strong> In der Zeit dazwischen, vom <strong>15. bis 22.12.<\/strong>, findet in \u201eVrtna Bajka\u201c ein Weihnachtsmarkt statt, ein gem\u00fctlicher Garten Adventsmarkt f\u00fcr die ganze Familie; \u010cepin, <a href=\"https:\/\/www.vrtnabajka.com\/kucica-djeda-mraza\" target=\"_blank\" rel=\"noreferrer noopener\">www.vrtnabajka.com\/kucica-djeda-mraza<\/a><\/p>\n\n\n\n<p><strong><strong><strong>12.\/2026.<\/strong><\/strong>, Pjenu\u0161ac i tambure<\/strong> \/<strong>Sekt und Tamburitza-Musik<\/strong> \u2013 Neujahrskonzert des Tamburitza-Orchesters des Kulturzentrums Osijek um 20:00 Uhr,&nbsp;<a href=\"https:\/\/kulturni-centar.hr\" target=\"_blank\" rel=\"noreferrer noopener\">www.kulturni-centar.hr<\/a><\/p>\n\n\n\n<p><strong>12.\/2026., Neujahrsmarkt<\/strong> \u2013 traditioneller Kunst- und Handwerksmarkt, Dalj (Gebiet Erdut),&nbsp;<a href=\"https:\/\/www.facebook.com\/tzerdut\" target=\"_blank\" rel=\"noreferrer noopener\">www.facebook.com\/tzerdut<\/a><\/p>\n\n\n\n<p><strong><strong><strong>12.\/2026.<\/strong><\/strong>, Advent in Valpovo<\/strong> \u2013 vorweihnachtliches Fest, Valpovo,&nbsp;<a href=\"https:\/\/www.facebook.com\/visitvalpovo\" target=\"_blank\" rel=\"noreferrer noopener\">www.facebook.com\/visitvalpovo<\/a><\/p>\n\n\n\n<p><strong><strong><strong><strong>12.\/2026.<\/strong><\/strong><\/strong>, Advent in Osijek <\/strong>\u2013 Vorweihnachtsfest und Weihnachtsmarkt,&nbsp;<a href=\"http:\/\/www.tzosijek.hr\/\" target=\"_blank\" rel=\"noreferrer noopener\">www.tzosijek.hr<\/a><\/p>\n\n\n\n<p><strong><strong><strong><strong><strong>12.\/2026.<\/strong><\/strong><\/strong>, Advent in <\/strong>\u0110akovo&nbsp;<\/strong>\u2013 Vorweihnachtsfest, \u0110akovo,&nbsp;<a href=\"https:\/\/visitdjakovo.com\/\" target=\"_blank\" rel=\"noreferrer noopener\">www.visitdjakovo.com<\/a><\/p>\n\n\n\n<p><strong>12.\/2026., <strong>Advent<\/strong> in Beli\u0161\u0107e&nbsp;<\/strong>\u2013 Vorweihnachtsfest, Beli\u0161\u0107e,&nbsp;<a href=\"https:\/\/www.facebook.com\/tzbelisce.net\" target=\"_blank\" rel=\"noreferrer noopener\">www.facebook.com\/tzbelisce.net<\/a><\/p>\n\n\n\n<p><strong><strong><strong><strong>12.\/2026.<\/strong><\/strong><\/strong>, <strong>Advent<\/strong> in Na\u0161ice&nbsp;<\/strong>\u2013 Vorweihnachtsfest, Na\u0161ice,&nbsp;<a href=\"https:\/\/www.facebook.com\/visitnasice\" target=\"_blank\" rel=\"noreferrer noopener\">www.facebook.com\/visitnasice<\/a><\/p>\n\n\n\n<p><strong><strong><strong>12.\/2026.<\/strong><\/strong>, Traditionelle Weihnachts- und Neujahrskonzerte<\/strong>, Liste der Konzerte in Theatern, Konzerth\u00e4usern, Kirchen, Schulen und Vereinen in der Gespanschaft Osijek-Baranja, <a href=\"https:\/\/visitslavoniabaranja.com\/event\/tradicijski-bozicni-koncerti-u-osjecko-baranjskoj-zupaniji\/\" target=\"_blank\" rel=\"noreferrer noopener\">www.visitslavoniabaranja.com<\/a><\/p>\n\n\n\n<p><strong><strong><strong>12.\/2026.<\/strong><\/strong>, Tin-express<\/strong> &#8211; Fr\u00f6hliche vorweihnachtliche Zugfahrten f\u00fcr Kinder in der Gespanschaft Osijek-Baranja, <a href=\"https:\/\/www.hzpp.hr\/hr\/od-30-studenoga-putujte-tin-expressom\" target=\"_blank\" rel=\"noreferrer noopener\">www.hzpp.hr<\/a><\/p>\n\n\n\n<p><strong>12.\/2026., Vina Erdut Wine &amp; Glam<\/strong>, Sushi-Workshops, Weinwanderungen und Picknicks entlang der Donau, Halloween-Malerei, Weincocktail-Workshops, Podiumsdiskussionen zu Herausforderungen im Weinbau und eine glamour\u00f6se Party \u2013 Herbst im Weingut Vina Erdut, Erdut,&nbsp;<a href=\"https:\/\/erdutski-vinogradi.hr\/hr\/turizam\/erdut-wine-paint-and-art\" target=\"_blank\" rel=\"noreferrer noopener\">www.erdutski-vinogradi.hr<\/a><\/p>\n\n\n\n<p><strong><strong>12.\/2026.<\/strong>, Adventsbrunch samstags im Weingut K55<\/strong> \u2013 in festlicher Atmosph\u00e4re, mit der W\u00e4rme des Kamins, den Kl\u00e4ngen von Weihnachtsliedern, erlesenen Weinen und Speisen, die an besondere Momente erinnern. Jeden Samstag bis Weihnachten, von 11 bis 16 Uhr, genie\u00dfen Sie Brunchgerichte, s\u00fc\u00dfe Snacks, hei\u00dfe Getr\u00e4nke und unbegrenzt K55-Wein, Aljma\u0161,&nbsp;<a href=\"https:\/\/www.facebook.com\/k55vinarijaidestilerija\" target=\"_blank\" rel=\"noreferrer noopener\">www.facebook.com\/k55vinarijaidestilerija<\/a>,&nbsp;<a href=\"https:\/\/k55.hr\/\" target=\"_blank\" rel=\"noreferrer noopener\">www.k55.hr<\/a><\/p>\n\n\n\n<p><strong><strong>12.\/2026.<\/strong>, Adventsworkshop im Hotel Materra<\/strong> mit fachkundiger Anleitung \u2013 Basteln von Weihnachtsdekorationen und Adventskr\u00e4nzen in gem\u00fctlicher und kreativer Atmosph\u00e4re. Hotel Materra, \u010cepin (Osijek),&nbsp;<a href=\"https:\/\/hotelmaterra.com\/ekskluzivne-ponude\/\" target=\"_blank\" rel=\"noreferrer noopener\">www.hotelmaterra.com\/ekskluzivne-ponude<\/a><\/p>\n\n\n\n<p><strong><strong>12.\/2026.<\/strong>, Adventi\u0107 &#8211; Kleiner Advent auf dem Bauernhof Du\u0161a Baranja<\/strong>, Familientreffen mit dem Weihnachtsmann und kleinen Nutztieren, <a href=\"https:\/\/www.facebook.com\/dusabaranje\" target=\"_blank\" rel=\"noreferrer noopener\">www.facebook.com\/dusabaranje<\/a>, Bilje (Baranja)<\/p>\n\n\n\n<p><strong><strong>12.\/2026.<\/strong>, Advent in Baranja <\/strong>\u2013 vorweihnachtliche Veranstaltung an verschiedenen Orten in Baranja: am 7.12. in Petlovac, am 14.12. in Kne\u017eevi Vinogradi und vom 19. bis 21.12. in Beli Manastir,&nbsp;<a href=\"http:\/\/www.tzbaranje.hr\/\" target=\"_blank\" rel=\"noreferrer noopener\">www.tzbaranje.hr<\/a><\/p>\n\n\n\n<p><strong>12.\/2026., Bo\u017ei\u0107ni bal lipicanaca&nbsp;\/ Lipizzaner Weihnachtsball<\/strong>&nbsp;\u2013 Reittanz und musikalische Darbietung des Staatsgest\u00fcts um 17 und 20 Uhr, \u0110akovo,&nbsp;<a href=\"https:\/\/www.facebook.com\/Drzavna.ergela.Djakovo\" target=\"_blank\" rel=\"noreferrer noopener\">www.facebook.com\/Drzavna.ergela.Djakovo<\/a><\/p>\n\n\n\n<p><strong><strong>12.\/2026.<\/strong>, Advent in Donji Miholjac&nbsp;<\/strong>\u2013 Vorweihnachtsfest, Donji Miholjac,&nbsp;<a href=\"https:\/\/www.tz-donjimiholjac.hr\/\" target=\"_blank\" rel=\"noreferrer noopener\">www.tz-donjimiholjac.hr<\/a><\/p>\n\n\n\n<p><strong><strong>12.\/2026.<\/strong>, Green Matrix Summit&nbsp;\u2013 j\u00e4hrliche globale Konferenz zu nachhaltiger Entwicklung und gr\u00fcnen Technologien<\/strong>, Osijek,&nbsp;<a href=\"https:\/\/gospodarskicentarobz.hr\/sajmovi\/\" target=\"_blank\" rel=\"noreferrer noopener\">www.gospodarskicentarobz.hr\/sajmovi<\/a>;&nbsp;<a href=\"https:\/\/greenmatrixsummit.eu\/\" target=\"_blank\" rel=\"noreferrer noopener\">www.greenmatrixsummit.eu<\/a><\/p>\n\n\n\n<p><strong>12.\/2026., <strong>Advent<\/strong> in Erdut&nbsp;<\/strong>\u2013 Vorweihnachtsfest, Erdut,&nbsp;<a href=\"https:\/\/www.facebook.com\/tzerdut\" target=\"_blank\" rel=\"noreferrer noopener\">www.facebook.com\/tzerdut<\/a><\/p>\n\n\n\n<p><strong><strong>12.\/2026.<\/strong>, Weihnachtsmarkt in \u010cepin<\/strong> \u2013 Vorweihnachtsveranstaltung und Weihnachtsmarkt, \u010cepin (Region Osijek), <a href=\"https:\/\/www.facebook.com\/Opcina.Cepin\/\" target=\"_blank\" rel=\"noreferrer noopener\">www.facebook.com\/Opcina.Cepin<\/a>; <a href=\"https:\/\/www.facebook.com\/Iz.Cepina.S.Ljubavlju\" target=\"_blank\" rel=\"noreferrer noopener\">www.facebook.com\/Iz.Cepina.S.Ljubavlju<\/a><\/p>\n\n\n\n<p><strong>12.\/2026., <strong>Advent<\/strong> in Bilje&nbsp;<\/strong>\u2013 Vorweihnachtsfest, Bilje (Baranja),&nbsp;<a href=\"https:\/\/tzo-bilje.hr\/\" target=\"_blank\" rel=\"noreferrer noopener\">www.tzo-bilje.hr<\/a><\/p>\n\n\n\n<p><strong>12.\/2026., \u0110akovo Christmas race <\/strong>\u2013 Freizeitrennen, \u0110akovo,&nbsp;<a href=\"https:\/\/visitdjakovo.com\/\" target=\"_blank\" rel=\"noreferrer noopener\">www.visitdjakovo.com<\/a><\/p>\n\n\n\n<p><strong>12.\/2026., Motomrazovi u Osijeku&nbsp;\/ Weihnachtsm\u00e4nner auf Motorr\u00e4dern<\/strong> \u2013 Schenkung f\u00fcr Kinder am Nikolaustag, Osijek,&nbsp;<a href=\"http:\/\/www.mk-osijek.com\" target=\"_blank\" rel=\"noreferrer noopener\">www.mk-osijek.com<\/a><\/p>\n\n\n\n<p><strong>12.\/2026., Sveta Lucija \u2013 St. Lucia&nbsp;<\/strong>\u2013 traditionelle vorweihnachtliche Manifestation, \u0110akovo,&nbsp;<a href=\"https:\/\/www.facebook.com\/kudzora\" target=\"_blank\" rel=\"noreferrer noopener\">www.facebook.com\/kudzora<\/a><\/p>\n\n\n\n<p><strong><strong>12.\/2026.<\/strong>, Sun\u010dana ve\u010dera &#8211; Sonniges Abendessen &#8211; <\/strong>Weinproben mit Sommelier \u017deljko Garmaz und kulinarische Kreationen von K\u00fcchenchef Marko Alilovi\u0107, Mittwochs um 19 Uhr, Osijek, <a href=\"https:\/\/www.facebook.com\/lulu.fusion.bistro\" target=\"_blank\" rel=\"noreferrer noopener\">www.facebook.com\/lulu.fusion.bistro<\/a><\/p>\n\n\n\n<p><strong><strong>12.\/2026.<\/strong>, Weinprobe im Verkostungsraum von Wine&amp;Friends<\/strong>, Donnerstags um 19:30 Uhr, Weine von den bekanntesten kroatischen, europ\u00e4ischen und weltweit renommierten Weinproduzenten., Osijek,&nbsp;<a href=\"https:\/\/www.facebook.com\/lumaekskluzivosijek\" target=\"_blank\" rel=\"noreferrer noopener\">www.facebook.com\/lumaekskluzivosijek<\/a><\/p>\n\n\n\n<p><strong>12.\/2026., Weinproben im Weinladen und Verkostungsraum Ba\u010dva<\/strong> \u2013 Weinliebhaber k\u00f6nnen jeden Freitag, Samstag oder Sonntag um 19 Uhr unter fachkundiger Anleitung eines Sommeliers Weine slawonischer, kroatischer, europ\u00e4ischer und internationaler Winzer verkosten, mit Schwerpunkt auf Weinen aus den lokalen Weinbergen von \u0110akovo; \u0110akovo,&nbsp;<a href=\"https:\/\/www.facebook.com\/profile.php?id=61561130956054\" target=\"_blank\" rel=\"noreferrer noopener\">FB Vinoteka Ba\u010dva<\/a><\/p>\n\n\n\n<p><strong>12.\/2026., Cipelcugom po Osijeku \u2013 erz\u00e4hlende &#8222;Storytelling&#8220; Stadtf\u00fchrungen<\/strong>, Osijek,&nbsp;<a href=\"https:\/\/www.facebook.com\/artinaobrt\" target=\"_blank\" rel=\"noreferrer noopener\">www.facebook.com\/artinaobrt<\/a><\/p>\n\n\n\n<p><strong>12.\/2026., Live-Auftritte, DJ- und Stand-up-Comedy jede Woche im Club Oxigene<\/strong> \u2013 vielleicht haben Sie ja w\u00e4hrend Ihres Aufenthalts in Osijek die Gelegenheit, sich im Club Oxigene musikalisch oder abwechslungsreich unterhalten zu lassen. Der Club Oxigene befindet sich direkt neben dem Kroatischen Nationaltheater und bietet ein abwechslungsreiches Programm mit Live-Konzerten und Auftritten bekannter und aufstrebender Bands sowie DJ-Sets \u2013 von Jazz bis elektronischer Musik, Osijek,&nbsp;<a href=\"https:\/\/www.facebook.com\/oxygene.hr\" target=\"_blank\" rel=\"noreferrer noopener\">www.facebook.com\/oxygene.hr<\/a><\/p>\n\n\n\n<figure class=\"wp-block-image size-large\"><img loading=\"lazy\" decoding=\"async\" width=\"1024\" height=\"683\" src=\"https:\/\/visitslavoniabaranja.com\/wp-content\/uploads\/2023\/01\/Mario-Romulic-Vinceska-2-Croatia_Baranja_Belje_Vineyard_0186-1024x683.jpg\" alt=\"Tradicija u vinogradu uz sv. Vinka, foto: Mario Romuli\u0107\" class=\"wp-image-6125\" srcset=\"https:\/\/visitslavoniabaranja.com\/wp-content\/uploads\/2023\/01\/Mario-Romulic-Vinceska-2-Croatia_Baranja_Belje_Vineyard_0186-1024x683.jpg 1024w, https:\/\/visitslavoniabaranja.com\/wp-content\/uploads\/2023\/01\/Mario-Romulic-Vinceska-2-Croatia_Baranja_Belje_Vineyard_0186-440x293.jpg 440w, https:\/\/visitslavoniabaranja.com\/wp-content\/uploads\/2023\/01\/Mario-Romulic-Vinceska-2-Croatia_Baranja_Belje_Vineyard_0186-768x512.jpg 768w, https:\/\/visitslavoniabaranja.com\/wp-content\/uploads\/2023\/01\/Mario-Romulic-Vinceska-2-Croatia_Baranja_Belje_Vineyard_0186-1536x1024.jpg 1536w, https:\/\/visitslavoniabaranja.com\/wp-content\/uploads\/2023\/01\/Mario-Romulic-Vinceska-2-Croatia_Baranja_Belje_Vineyard_0186-2048x1365.jpg 2048w\" sizes=\"auto, (max-width: 1024px) 100vw, 1024px\" \/><\/figure>\n\n\n\n<p><strong>JANUAR 2027<\/strong><\/p>\n\n\n\n<p><strong><strong>22.1.<\/strong>, Vince\u0161ka \u2013 Vincekovo \u2013 Vinkovo, Traditionelle Feier des St. Vinzenz-Tages in den Weinbergen Slawoniens und der Baranja <\/strong>(Feri\u010danci, \u0110akovo, Erdut, Baranja),\u00a0<a href=\"https:\/\/visitslavoniabaranja.com\/vidi-i-dozivi\/vinski-obicaji-proslava-tradicije-i-zajednistva\/\" target=\"_blank\" rel=\"noreferrer noopener\">www.visitslavoniabaranja.com<\/a><\/p>\n\n\n\n<p><strong>1.\/2027., Pjenu\u0161ac i tambure<\/strong> \/<strong>Sekt und Tamburitza-Musik<\/strong> \u2013 Neujahrskonzert des Tamburitza-Orchesters des Kulturzentrums Osijek,&nbsp;<a href=\"https:\/\/kulturni-centar.hr\" target=\"_blank\" rel=\"noreferrer noopener\">www.kulturni-centar.hr<\/a><\/p>\n\n\n\n<p><strong>1.\/2027., Weihnachtskonzert des Chors der Heiligsten Mari\u00e4 in Osijek<\/strong>, in der Pfarrkirche der Heiligsten Mari\u00e4, Osijek-Donji grad,&nbsp;<a href=\"https:\/\/www.facebook.com\/zbor.PIM\" target=\"_blank\" rel=\"noreferrer noopener\">www.facebook.com\/zbor.PIM<\/a><\/p>\n\n\n\n<p><strong><strong>1.\/2027.<\/strong>, Karneval in Slawonien: Karnevalsreiten in Bistrinci \u2013 Karnevalsveranstaltung<\/strong>, Bistrinci (Beli\u0161\u0107e),\u00a0<a href=\"https:\/\/www.facebook.com\/tzbelisce.net\" target=\"_blank\" rel=\"noreferrer noopener\">www.facebook.com\/tzbelisce.net<\/a><\/p>\n\n\n\n<p><strong><strong>1.\/2027.<\/strong>, WineOS 11\u00a0\u2013 Messe f\u00fcr Wein, Delikatessen und angenehmes Leben<\/strong>, Osijek,\u00a0<a href=\"https:\/\/wineos.biz\/\" target=\"_blank\" rel=\"noreferrer noopener\">www.wineos.biz<\/a><\/p>\n\n\n\n<p><strong><strong>1.\/2027.<\/strong>, St. Vincenz in Baranja im OPG Martinov<\/strong>, Zmajevac (Baranja). Wein- und Gastronomietradition der Baranja mit geselligem Beisammensein, lokalen Br\u00e4uchen und Weinkellern. Live-Musik und traditionelle Wintergerichte wie Sauerkraut, Lammhaxe, Bohnen im Glas und Sarma werden angeboten. Speisen und Getr\u00e4nke werden gem\u00e4\u00df Preisliste berechnet, traditionelle Desserts sind inklusive. <em>Reservierung erforderlich:\u00a0<a href=\"https:\/\/www.etnokucamartinov.com.hr\/\" target=\"_blank\" rel=\"noreferrer noopener\">www.etnokucamartinov.com.hr<\/a>,\u00a0<a href=\"https:\/\/www.facebook.com\/opgmartinov\" target=\"_blank\" rel=\"noreferrer noopener\">www.facebook.com\/opgmartinov<\/a><\/em><\/p>\n\n\n\n<p><strong><strong>1.\/2027.<\/strong>, Ve\u010der vina u perivoju<\/strong> <strong>&#8211; Weinabend in den G\u00e4rten des Peja\u010devi\u0107-Herrenhauses in Na\u0161ice<\/strong>, erleben Sie einen unvergesslichen Abend voller Geschichten, Musik und Weine aus der Region Na\u0161ice, Na\u0161ice, <a href=\"https:\/\/www.facebook.com\/visitnasice\" target=\"_blank\" rel=\"noreferrer noopener\">www.facebook.com\/visitnasice<\/a><\/p>\n\n\n\n<p><strong><strong>1.\/2027.<\/strong>, Upoznaj svoju zemlju \/ Lerne dein Land kennen\u00a0\u2013 kostenlose Stadtf\u00fchrungen anl\u00e4sslich des Jahrestages der internationalen Anerkennung Kroatiens<\/strong>, Osijek, \u0110akovo,\u00a0<a href=\"https:\/\/www.facebook.com\/ZDTVH\" target=\"_blank\" rel=\"noreferrer noopener\">www.facebook.com\/ZDTVH<\/a><\/p>\n\n\n\n<p><strong><strong>1.\/2027.<\/strong>, St. Vincenz in Baranja im Weingut und Restaurant Josi\u0107<\/strong>, Zmajevac (Baranja). Traditionell zum St.-Vinzenz-Tag veranstaltet das Weingut und Restaurant Josi\u0107 ein besonderes Programm mit Live-Musik und einem speziellen Men\u00fc. <em>Reservierung erforderlich:\u00a0<a href=\"https:\/\/josic.hr\/\" target=\"_blank\" rel=\"noreferrer noopener\">www.josic.hr<\/a>,\u00a0<a href=\"https:\/\/www.facebook.com\/restoranjosic\">www.facebook.com\/restoranjosic<\/a><\/em><\/p>\n\n\n\n<p><strong><strong>1.\/2027.<\/strong>,<\/strong> <strong>St. Vincenz in den Weinbergen von Erdut<\/strong>, Dalj (Region Erdut). Der Verband der Winzer und Weinbauern \u201eErdut na Dunavu\u201c und das Tourismusb\u00fcro der Gemeinde Erdut veranstalten am Samstag, den 24. Januar 2026, ab 18:00 Uhr im Restaurant Stari mlin in Dalj das Weinfest Vinkovo. Alle G\u00e4ste erwartet ein Begr\u00fc\u00dfungsgetr\u00e4nk in Form von Gl\u00fchwein, ein Abendessen mit einer reichhaltigen Auswahl an regionalen Spezialit\u00e4ten (Suppe, herzhafte Platten mit verschiedenen Fleischsorten wie Schweinshaxe, W\u00fcrstchen und H\u00e4hnchen sowie eine Auswahl an Sauerkraut- und Kartoffelbeilagen mit saisonalen Salaten) und erlesene Weine lokaler Winzer. F\u00fcr musikalische Unterhaltung bis 1:00 Uhr sorgt die Band &#8222;StoPosto&#8220;. <em>Informationen und Reservierungen:\u00a000385 92 123 92 93 (Marko); 00385 95 338 36 36 (Ivana),\u00a0<a href=\"https:\/\/www.facebook.com\/erdut.na.dunavu\" target=\"_blank\" rel=\"noreferrer noopener\">www.facebook.com\/erdut.na.dunavu<\/a><\/em><\/p>\n\n\n\n<p><strong><strong><strong>1.\/2027.<\/strong><\/strong>, \u00d6sterreichischer Ball in Osijek<\/strong> \u2013 ein traditionelles gesellschaftliches Ereignis, veranstaltet vom \u00d6sterreichischen Zentrum Osijek, ab 19:30 Uhr im Kroatischen Nationaltheater Osijek. <em>Informationen und Tickets: <a href=\"https:\/\/www.facebook.com\/austrijskicentar.hr\/\" target=\"_blank\" rel=\"noreferrer noopener\">www.facebook.com\/austrijskicentar.hr<\/a>; <a href=\"https:\/\/www.austrijskicentar.hr\/\" target=\"_blank\" rel=\"noreferrer noopener\">www.austrijskicentar.hr<\/a>; <a href=\"https:\/\/www.eventim.hr\/eventseries\/amadeus-austrijski-bal-osijek-4068011\/\" target=\"_blank\" rel=\"noreferrer noopener\">www.eventim.hr<\/a><\/em><\/p>\n\n\n\n<p><strong>1.\/2027., Museumsnacht \u2013 Kultur- und Unterhaltungsfestival<\/strong>, Osijek, \u0110akovo, Na\u0161ice, Valpovo, Kopa\u010dki rit\u2026,\u00a0<a href=\"https:\/\/hrmud.hr\/\" target=\"_blank\" rel=\"noreferrer noopener\">www.hrmud.hr<\/a><\/p>\n\n\n\n<p><strong><strong>1.\/2027.<\/strong>, Sun\u010dana ve\u010dera &#8211; Sonniges Abendessen &#8211; <\/strong>Weinproben mit Sommelier \u017deljko Garmaz und kulinarische Kreationen von K\u00fcchenchef Marko Alilovi\u0107, Mittwochs um 19 Uhr, Osijek, <a href=\"https:\/\/www.facebook.com\/lulu.fusion.bistro\" target=\"_blank\" rel=\"noreferrer noopener\">www.facebook.com\/lulu.fusion.bistro<\/a><\/p>\n\n\n\n<p><strong><strong>1.\/2027.<\/strong>, Weinprobe im Verkostungsraum von Wine&amp;Friends<\/strong>, Donnerstags um 19:30 Uhr, Weine von den bekanntesten kroatischen, europ\u00e4ischen und weltweit renommierten Weinproduzenten., Osijek,\u00a0<a href=\"https:\/\/www.facebook.com\/lumaekskluzivosijek\" target=\"_blank\" rel=\"noreferrer noopener\">www.facebook.com\/lumaekskluzivosijek<\/a><\/p>\n\n\n\n<p><strong>1.\/2027., Weinproben im Weinladen und Verkostungsraum Ba\u010dva<\/strong> \u2013 Weinliebhaber k\u00f6nnen jeden Freitag, Samstag oder Sonntag um 19 Uhr unter fachkundiger Anleitung eines Sommeliers Weine slawonischer, kroatischer, europ\u00e4ischer und internationaler Winzer verkosten, mit Schwerpunkt auf Weinen aus den lokalen Weinbergen von \u0110akovo; \u0110akovo,\u00a0<a href=\"https:\/\/www.facebook.com\/profile.php?id=61561130956054\" target=\"_blank\" rel=\"noreferrer noopener\">FB Vinoteka Ba\u010dva<\/a><\/p>\n\n\n\n<p><strong>1.\/2027., Cipelcugom po Osijeku \u2013 erz\u00e4hlende &#8222;Storytelling&#8220; Stadtf\u00fchrungen<\/strong>, Osijek,\u00a0<a href=\"https:\/\/www.facebook.com\/artinaobrt\" target=\"_blank\" rel=\"noreferrer noopener\">www.facebook.com\/artinaobrt<\/a><\/p>\n\n\n\n<p><strong>1.\/2027., Live-Auftritte, DJ- und Stand-up-Comedy jede Woche im Club Oxigene<\/strong> \u2013 vielleicht haben Sie ja w\u00e4hrend Ihres Aufenthalts in Osijek die Gelegenheit, sich im Club Oxigene musikalisch oder abwechslungsreich unterhalten zu lassen. Der Club Oxigene befindet sich direkt neben dem Kroatischen Nationaltheater und bietet ein abwechslungsreiches Programm mit Live-Konzerten und Auftritten bekannter und aufstrebender Bands sowie DJ-Sets \u2013 von Jazz bis elektronischer Musik, Osijek,\u00a0<a href=\"https:\/\/www.facebook.com\/oxygene.hr\" target=\"_blank\" rel=\"noreferrer noopener\">www.facebook.com\/oxygene.hr<\/a><\/p>\n\n\n\n<figure class=\"wp-block-image size-large\"><img loading=\"lazy\" decoding=\"async\" width=\"1024\" height=\"684\" src=\"https:\/\/visitslavoniabaranja.com\/wp-content\/uploads\/2026\/01\/Baranjske-buse-Strasne-2-by-Dubravko-Franjin-1024x684.jpg\" alt=\"\" class=\"wp-image-18184\" srcset=\"https:\/\/visitslavoniabaranja.com\/wp-content\/uploads\/2026\/01\/Baranjske-buse-Strasne-2-by-Dubravko-Franjin-1024x684.jpg 1024w, https:\/\/visitslavoniabaranja.com\/wp-content\/uploads\/2026\/01\/Baranjske-buse-Strasne-2-by-Dubravko-Franjin-440x294.jpg 440w, https:\/\/visitslavoniabaranja.com\/wp-content\/uploads\/2026\/01\/Baranjske-buse-Strasne-2-by-Dubravko-Franjin-768x513.jpg 768w, https:\/\/visitslavoniabaranja.com\/wp-content\/uploads\/2026\/01\/Baranjske-buse-Strasne-2-by-Dubravko-Franjin-1536x1026.jpg 1536w, https:\/\/visitslavoniabaranja.com\/wp-content\/uploads\/2026\/01\/Baranjske-buse-Strasne-2-by-Dubravko-Franjin.jpg 1600w\" sizes=\"auto, (max-width: 1024px) 100vw, 1024px\" \/><\/figure>\n\n\n\n<p><strong>FEBRUAR 2027<\/strong><\/p>\n\n\n\n<p><strong>6.2.2027., Antiquit\u00e4tenmarkt<\/strong>, Osijek,\u00a0<a href=\"https:\/\/trznicaos.hr\/\" target=\"_blank\" rel=\"noreferrer noopener\">www.trznicaos.hr<\/a><\/p>\n\n\n\n<p><strong><strong><strong>2.\/2027.<\/strong><\/strong>, Karneval in Slawonien: \u0110akova\u010dki bu\u0161ari<\/strong>\u00a0\u2013 das gr\u00f6\u00dfte Karnevalsfest in Ostkroatien,\u00a0<a href=\"https:\/\/visitdjakovo.com\/index\/detaljiDogadaj\/165?p=16541&amp;s=41\" target=\"_blank\" rel=\"noreferrer noopener\">www.visitdjakovo.com<\/a>, <a href=\"https:\/\/www.facebook.com\/djakovacki.busari\">https:\/\/www.facebook.com\/djakovacki.busari<\/a><\/p>\n\n\n\n<p><strong><strong><strong><strong><strong><strong><strong>2.\/2027.<\/strong><\/strong><\/strong><\/strong><\/strong><\/strong>, Karneval in der Baranja:\u00a0Fa\u0161ange \u2013 Baranjske bu\u0161e<\/strong>, Dra\u017e, Gaji\u0107, Topolje, Dubo\u0161evica (Baranja),\u00a0<a href=\"https:\/\/www.facebook.com\/events\/1315894942793442\/?acontext=%7B%22event_action_history%22%3A%5b%7B%22surface%22%3A%22external_search_engine%22%7D%2C%7B%22mechanism%22%3A%22attachment%22%2C%22surface%22%3A%22newsfeed%22%7D%5d%2C%22ref_notif_type%22%3Anull%7D\" target=\"_blank\" rel=\"noreferrer noopener\">www.tz-draz.hr<\/a>; <a href=\"https:\/\/www.facebook.com\/people\/Dra%C5%BE-info\/100067014120748\/\" target=\"_blank\" rel=\"noreferrer noopener\">FB Dra\u017e info<\/a><\/p>\n\n\n\n<p><strong><strong><strong><strong><strong>2.\/2027.<\/strong><\/strong><\/strong><\/strong>, Baranja Winter Wine &amp; Walk<\/strong>, Wein- und Freizeitfestival in der Baranja (Suza, Zmajevac),\u00a0<a href=\"https:\/\/tzbaranje.hr\/event\/winter-wine-walk\/\" target=\"_blank\" rel=\"noreferrer noopener\">www.tzbaranje.hr<\/a><\/p>\n\n\n\n<p><strong>2.\/2027., Karneval in Slawonien: Vukojeva\u010dki starcevi<\/strong>, Vukojevci (Na\u0161ice\/Podgora\u010d),\u00a0<a href=\"https:\/\/www.facebook.com\/visitnasice\" target=\"_blank\" rel=\"noreferrer noopener\">www.facebook.com\/visitnasice<\/a><\/p>\n\n\n\n<p><strong>2.\/2027., Karneval in Slawonien: &#8222;Medvjedi<\/strong>&#8222;<strong>\/ &#8222;B\u00e4ren&#8220;<\/strong>, Josipovac Punitova\u010dki (Punitovci),\u00a0<a href=\"https:\/\/msjosipovac.hr\/\" target=\"_blank\" rel=\"noreferrer noopener\">www.msjosipovac.hr<\/a><\/p>\n\n\n\n<p><strong>2.\/2027., Karneval in Slawonien:<\/strong> <strong>\u201cU Varo\u0161 na poklade\u201d\u00a0\u2013 traditionelles Karnevalsfest<\/strong>, Sveti \u0110ura\u0111 (Donji Miholjac),\u00a0<a href=\"https:\/\/www.tz-donjimiholjac.hr\/\" target=\"_blank\" rel=\"noreferrer noopener\">www.tz-donjimiholjac.hr<\/a><\/p>\n\n\n\n<p><strong>2.\/2027., <strong>Karneval in Slawonien<\/strong><\/strong>: <strong>Karnevalsreiten<\/strong>, Petrijevci<\/p>\n\n\n\n<p><strong>2.\/2027., <strong>Karneval in Slawonien<\/strong><\/strong>: <strong>Karnevalsreiten<\/strong>, \u010cepin,\u00a0<a href=\"https:\/\/www.facebook.com\/Opcina.Cepin\" target=\"_blank\" rel=\"noreferrer noopener\">www.facebook.com\/kudjosipsosic.tenja<\/a><\/p>\n\n\n\n<p><strong><strong><strong>2.\/2027.<\/strong><\/strong>, Fr\u00fchlingsmesse in Osijek<\/strong>\u00a0\u2013 Landwirtschaft, Lebensmittel und Kunsthandwerk,\u00a0<a href=\"https:\/\/gospodarskicentarobz.hr\/sajmovi\/\" target=\"_blank\" rel=\"noreferrer noopener\">www.gospodarskicentarobz.hr\/sajmovi<\/a><\/p>\n\n\n\n<p><strong><strong><strong>2.\/2027.<\/strong><\/strong>,\u00a0Karneval in Slawonien: Ledina \u2013\u00a0Karnevalsfest der Republik Kara\u0161ica Beli\u0161\u0107e und Valpovo<\/strong>, Valpovo and Beli\u0161\u0107e,\u00a0<a href=\"https:\/\/karasicka-republika.hr\/\" target=\"_blank\" rel=\"noreferrer noopener\">www.karasicka-republika.hr<\/a>;\u00a0<a href=\"https:\/\/www.facebook.com\/republika.karasica\/\" target=\"_blank\" rel=\"noreferrer noopener\">www.facebook.com\/republika.karasica<\/a><\/p>\n\n\n\n<p><strong><strong><strong>2.\/2027.<\/strong><\/strong>, Karneval in Slawonien: Kinderkarneval\u00a0in Valpovo \u2013 Karnevalsfest <\/strong>\u2013 carnival festival, Valpovo,\u00a0<a href=\"https:\/\/www.facebook.com\/visitvalpovo\" target=\"_blank\" rel=\"noreferrer noopener\">www.facebook.com\/visitvalpovo<\/a><\/p>\n\n\n\n<p><strong><strong><strong><strong>2.\/2027.<\/strong><\/strong><\/strong>, Karneval in der Baranja:\u00a0Petara\u010dke Bu\u0161e<\/strong>, Baranjsko Petrovo Selo (Baranja),\u00a0<a href=\"https:\/\/www.facebook.com\/petarackebuse\" target=\"_blank\" rel=\"noreferrer noopener\">www.facebook.com\/petarackebuse<\/a><\/p>\n\n\n\n<p><strong><strong><strong><strong>2.\/2027.<\/strong><\/strong><\/strong>, Dudelsackfestival in Baranja \u2013 traditionelle Musik<\/strong>,\u00a0<a href=\"https:\/\/www.facebook.com\/events\/1315894942793442\/?acontext=%7B%22event_action_history%22%3A%5b%7B%22surface%22%3A%22external_search_engine%22%7D%2C%7B%22mechanism%22%3A%22attachment%22%2C%22surface%22%3A%22newsfeed%22%7D%5d%2C%22ref_notif_type%22%3Anull%7D\" target=\"_blank\" rel=\"noreferrer noopener\">www.tz-draz.hr<\/a>; <a href=\"https:\/\/www.facebook.com\/people\/Dra%C5%BE-info\/100067014120748\/\" target=\"_blank\" rel=\"noreferrer noopener\">FB Dra\u017e info<\/a><\/p>\n\n\n\n<p><strong><strong><strong><strong>2.\/2027.<\/strong><\/strong><\/strong>, Kindermaskerade in Na\u0161ice &#8211; Karnevalsveranstaltung<\/strong>, Na\u0161ice,\u00a0<a href=\"https:\/\/www.facebook.com\/visitnasice\" target=\"_blank\" rel=\"noreferrer noopener\">www.facebook.com\/visitnasice<\/a><\/p>\n\n\n\n<p><strong><strong>2.\/2027.<\/strong>, Sun\u010dana ve\u010dera &#8211; Sonniges Abendessen &#8211; <\/strong>Weinproben mit Sommelier \u017deljko Garmaz und kulinarische Kreationen von K\u00fcchenchef Marko Alilovi\u0107, Mittwochs um 19 Uhr, Osijek, <a href=\"https:\/\/www.facebook.com\/lulu.fusion.bistro\" target=\"_blank\" rel=\"noreferrer noopener\">www.facebook.com\/lulu.fusion.bistro<\/a><\/p>\n\n\n\n<p><strong>2.\/2027., Karneval in Baranja: Karnevalsreiten mit Bu\u0161e<\/strong>, Branjin Vrh (Beli Manastir),\u00a0<a href=\"https:\/\/tzbaranje.hr\/event\/pokladno-jahanje-s-busama-u\/\" target=\"_blank\" rel=\"noreferrer noopener\">www.tzbaranje.hr<\/a><\/p>\n\n\n\n<p><strong><strong>2.\/2027.<\/strong>, Karneval in Slawonien: Tre\u0161kara Ma\u0161kara<\/strong> &#8211; Maskenball Party im Trash-Stil im Schloss Valpovo, Valpovo, <a href=\"https:\/\/www.facebook.com\/republika.karasica\" target=\"_blank\" rel=\"noreferrer noopener\">www.facebook.com\/republika.karasica<\/a><\/p>\n\n\n\n<p><strong><strong>2.\/2027.<\/strong>, Karneval in der Baranja: Kakas\u00fct\u00e9s\u00a0\u2013 Karnevalsfest<\/strong>, Vardarac (Bilje),\u00a0<a href=\"https:\/\/tzo-bilje.hr\/etno\/kakasutes-u-vardarcu\" target=\"_blank\" rel=\"noreferrer noopener\">www.tzo-bilje.hr\/etno\/kakasutes-u-vardarcu<\/a>; <a href=\"https:\/\/www.facebook.com\/vardarocmke.kudvardarac\">https:\/\/www.facebook.com\/vardarocmke.kudvardarac<\/a><\/p>\n\n\n\n<p><strong><strong><strong>2.\/2027.<\/strong><\/strong>,\u00a0Karneval in der Baranja:\u00a0Petara\u010dke bu\u0161e\u00a0\u2013 Karnevalsfest<\/strong>,\u00a0Baranjsko Petrovo Selo (Baranja),\u00a0<a href=\"https:\/\/www.facebook.com\/petarackebuse\" target=\"_blank\" rel=\"noreferrer noopener\">www.facebook.com\/petarackebuse<\/a><\/p>\n\n\n\n<p><strong><strong><strong>2.\/2027.<\/strong><\/strong>, Karneval in der Baranja: Karnevalsreiten in Popovac\u00a0\u2013 Karnevalsfest<\/strong>, Popovac (Baranja),\u00a0<a href=\"https:\/\/tzbaranje.hr\/event\/pokladno-jahanje-u-popovcu\/\" target=\"_blank\" rel=\"noreferrer noopener\">www.tzbaranje.hr<\/a><\/p>\n","protected":false},"featured_media":10475,"template":"","meta":[],"event_listing_category":[388,390,387,385,389,478,391,386,473,392],"event_listing_type":[],"class_list":["post-11171","event_listing","type-event_listing","status-expired","has-post-thumbnail","hentry","event_listing_category-ausstellung","event_listing_category-erholung","event_listing_category-essen-und-trinken","event_listing_category-festival-de","event_listing_category-fuhrung","event_listing_category-kazaliste-de","event_listing_category-messe","event_listing_category-musik","event_listing_category-outdoors-de","event_listing_category-tradition-de"],"acf":[],"yoast_head":"<!-- This site is optimized with the Yoast SEO plugin v25.0 - https:\/\/yoast.com\/wordpress\/plugins\/seo\/ -->\n<title>Kommende Veranstaltungen\u2026 - Turisti\u010dka zajednica Osje\u010dko-baranjske \u017eupanije<\/title>\n<meta name=\"robots\" content=\"index, follow, max-snippet:-1, max-image-preview:large, max-video-preview:-1\" \/>\n<link rel=\"canonical\" href=\"https:\/\/visitslavoniabaranja.com\/de\/event\/dogadanja-koja-nam-slijede\/\" \/>\n<meta property=\"og:locale\" content=\"de_DE\" \/>\n<meta property=\"og:type\" content=\"article\" \/>\n<meta property=\"og:title\" content=\"Kommende Veranstaltungen\u2026 - Turisti\u010dka zajednica Osje\u010dko-baranjske \u017eupanije\" \/>\n<meta property=\"og:description\" content=\"Wenn Sie sich fragen, wann die beste Reisezeit f\u00fcr Slawonien und Baranja ist oder genauer gesagt, wann die beliebtesten Veranstaltungen stattfinden, mag die Antwort allgemein erscheinen, ist aber genau richtig: Sie sind immer willkommen! Das ganze Jahr \u00fcber gibt es viele Veranstaltungen f\u00fcr jeden. Egal, ob Sie ein Liebhaber slawonischer Traditionen sind oder urbane Kl\u00e4nge, [&hellip;]\" \/>\n<meta property=\"og:url\" content=\"https:\/\/visitslavoniabaranja.com\/de\/event\/dogadanja-koja-nam-slijede\/\" \/>\n<meta property=\"og:site_name\" content=\"Turisti\u010dka zajednica Osje\u010dko-baranjske \u017eupanije\" \/>\n<meta property=\"article:modified_time\" content=\"2026-04-13T10:04:54+00:00\" \/>\n<meta property=\"og:image\" content=\"https:\/\/visitslavoniabaranja.com\/wp-content\/uploads\/event-manager-uploads\/event_banner\/2024\/06\/WINE-BIKE-TOUR-ERDUT-Foto-Lux-produkcija-by-Marko-Banic-3.jpg\" \/>\n\t<meta property=\"og:image:width\" content=\"2000\" \/>\n\t<meta property=\"og:image:height\" content=\"1333\" \/>\n\t<meta property=\"og:image:type\" content=\"image\/jpeg\" \/>\n<meta name=\"twitter:card\" content=\"summary_large_image\" \/>\n<meta name=\"twitter:label1\" content=\"Gesch\u00e4tzte Lesezeit\" \/>\n\t<meta name=\"twitter:data1\" content=\"41\u00a0Minuten\" \/>\n<script type=\"application\/ld+json\" class=\"yoast-schema-graph\">{\"@context\":\"https:\/\/schema.org\",\"@graph\":[{\"@type\":\"WebPage\",\"@id\":\"https:\/\/visitslavoniabaranja.com\/de\/event\/dogadanja-koja-nam-slijede\/\",\"url\":\"https:\/\/visitslavoniabaranja.com\/de\/event\/dogadanja-koja-nam-slijede\/\",\"name\":\"Kommende Veranstaltungen\u2026 - Turisti\u010dka zajednica Osje\u010dko-baranjske \u017eupanije\",\"isPartOf\":{\"@id\":\"https:\/\/visitslavoniabaranja.com\/#website\"},\"primaryImageOfPage\":{\"@id\":\"https:\/\/visitslavoniabaranja.com\/de\/event\/dogadanja-koja-nam-slijede\/#primaryimage\"},\"image\":{\"@id\":\"https:\/\/visitslavoniabaranja.com\/de\/event\/dogadanja-koja-nam-slijede\/#primaryimage\"},\"thumbnailUrl\":\"https:\/\/visitslavoniabaranja.com\/wp-content\/uploads\/event-manager-uploads\/event_banner\/2024\/06\/WINE-BIKE-TOUR-ERDUT-Foto-Lux-produkcija-by-Marko-Banic-3.jpg\",\"datePublished\":\"2026-01-27T10:54:52+00:00\",\"dateModified\":\"2026-04-13T10:04:54+00:00\",\"breadcrumb\":{\"@id\":\"https:\/\/visitslavoniabaranja.com\/de\/event\/dogadanja-koja-nam-slijede\/#breadcrumb\"},\"inLanguage\":\"de\",\"potentialAction\":[{\"@type\":\"ReadAction\",\"target\":[\"https:\/\/visitslavoniabaranja.com\/de\/event\/dogadanja-koja-nam-slijede\/\"]}]},{\"@type\":\"ImageObject\",\"inLanguage\":\"de\",\"@id\":\"https:\/\/visitslavoniabaranja.com\/de\/event\/dogadanja-koja-nam-slijede\/#primaryimage\",\"url\":\"https:\/\/visitslavoniabaranja.com\/wp-content\/uploads\/event-manager-uploads\/event_banner\/2024\/06\/WINE-BIKE-TOUR-ERDUT-Foto-Lux-produkcija-by-Marko-Banic-3.jpg\",\"contentUrl\":\"https:\/\/visitslavoniabaranja.com\/wp-content\/uploads\/event-manager-uploads\/event_banner\/2024\/06\/WINE-BIKE-TOUR-ERDUT-Foto-Lux-produkcija-by-Marko-Banic-3.jpg\",\"width\":2000,\"height\":1333},{\"@type\":\"BreadcrumbList\",\"@id\":\"https:\/\/visitslavoniabaranja.com\/de\/event\/dogadanja-koja-nam-slijede\/#breadcrumb\",\"itemListElement\":[{\"@type\":\"ListItem\",\"position\":1,\"name\":\"Po\u010detna stranica\",\"item\":\"https:\/\/visitslavoniabaranja.com\/de\/\"},{\"@type\":\"ListItem\",\"position\":2,\"name\":\"Kommende Veranstaltungen\u2026\"}]},{\"@type\":\"WebSite\",\"@id\":\"https:\/\/visitslavoniabaranja.com\/#website\",\"url\":\"https:\/\/visitslavoniabaranja.com\/\",\"name\":\"Turisti\u010dka zajednica Osje\u010dko-baranjske \u017eupanije\",\"description\":\"\",\"potentialAction\":[{\"@type\":\"SearchAction\",\"target\":{\"@type\":\"EntryPoint\",\"urlTemplate\":\"https:\/\/visitslavoniabaranja.com\/?s={search_term_string}\"},\"query-input\":{\"@type\":\"PropertyValueSpecification\",\"valueRequired\":true,\"valueName\":\"search_term_string\"}}],\"inLanguage\":\"de\"}]}<\/script>\n<!-- \/ Yoast SEO plugin. -->","yoast_head_json":{"title":"Kommende Veranstaltungen\u2026 - Turisti\u010dka zajednica Osje\u010dko-baranjske \u017eupanije","robots":{"index":"index","follow":"follow","max-snippet":"max-snippet:-1","max-image-preview":"max-image-preview:large","max-video-preview":"max-video-preview:-1"},"canonical":"https:\/\/visitslavoniabaranja.com\/de\/event\/dogadanja-koja-nam-slijede\/","og_locale":"de_DE","og_type":"article","og_title":"Kommende Veranstaltungen\u2026 - Turisti\u010dka zajednica Osje\u010dko-baranjske \u017eupanije","og_description":"Wenn Sie sich fragen, wann die beste Reisezeit f\u00fcr Slawonien und Baranja ist oder genauer gesagt, wann die beliebtesten Veranstaltungen stattfinden, mag die Antwort allgemein erscheinen, ist aber genau richtig: Sie sind immer willkommen! Das ganze Jahr \u00fcber gibt es viele Veranstaltungen f\u00fcr jeden. Egal, ob Sie ein Liebhaber slawonischer Traditionen sind oder urbane Kl\u00e4nge, [&hellip;]","og_url":"https:\/\/visitslavoniabaranja.com\/de\/event\/dogadanja-koja-nam-slijede\/","og_site_name":"Turisti\u010dka zajednica Osje\u010dko-baranjske \u017eupanije","article_modified_time":"2026-04-13T10:04:54+00:00","og_image":[{"width":2000,"height":1333,"url":"https:\/\/visitslavoniabaranja.com\/wp-content\/uploads\/event-manager-uploads\/event_banner\/2024\/06\/WINE-BIKE-TOUR-ERDUT-Foto-Lux-produkcija-by-Marko-Banic-3.jpg","type":"image\/jpeg"}],"twitter_card":"summary_large_image","twitter_misc":{"Gesch\u00e4tzte Lesezeit":"41\u00a0Minuten"},"schema":{"@context":"https:\/\/schema.org","@graph":[{"@type":"WebPage","@id":"https:\/\/visitslavoniabaranja.com\/de\/event\/dogadanja-koja-nam-slijede\/","url":"https:\/\/visitslavoniabaranja.com\/de\/event\/dogadanja-koja-nam-slijede\/","name":"Kommende Veranstaltungen\u2026 - Turisti\u010dka zajednica Osje\u010dko-baranjske \u017eupanije","isPartOf":{"@id":"https:\/\/visitslavoniabaranja.com\/#website"},"primaryImageOfPage":{"@id":"https:\/\/visitslavoniabaranja.com\/de\/event\/dogadanja-koja-nam-slijede\/#primaryimage"},"image":{"@id":"https:\/\/visitslavoniabaranja.com\/de\/event\/dogadanja-koja-nam-slijede\/#primaryimage"},"thumbnailUrl":"https:\/\/visitslavoniabaranja.com\/wp-content\/uploads\/event-manager-uploads\/event_banner\/2024\/06\/WINE-BIKE-TOUR-ERDUT-Foto-Lux-produkcija-by-Marko-Banic-3.jpg","datePublished":"2026-01-27T10:54:52+00:00","dateModified":"2026-04-13T10:04:54+00:00","breadcrumb":{"@id":"https:\/\/visitslavoniabaranja.com\/de\/event\/dogadanja-koja-nam-slijede\/#breadcrumb"},"inLanguage":"de","potentialAction":[{"@type":"ReadAction","target":["https:\/\/visitslavoniabaranja.com\/de\/event\/dogadanja-koja-nam-slijede\/"]}]},{"@type":"ImageObject","inLanguage":"de","@id":"https:\/\/visitslavoniabaranja.com\/de\/event\/dogadanja-koja-nam-slijede\/#primaryimage","url":"https:\/\/visitslavoniabaranja.com\/wp-content\/uploads\/event-manager-uploads\/event_banner\/2024\/06\/WINE-BIKE-TOUR-ERDUT-Foto-Lux-produkcija-by-Marko-Banic-3.jpg","contentUrl":"https:\/\/visitslavoniabaranja.com\/wp-content\/uploads\/event-manager-uploads\/event_banner\/2024\/06\/WINE-BIKE-TOUR-ERDUT-Foto-Lux-produkcija-by-Marko-Banic-3.jpg","width":2000,"height":1333},{"@type":"BreadcrumbList","@id":"https:\/\/visitslavoniabaranja.com\/de\/event\/dogadanja-koja-nam-slijede\/#breadcrumb","itemListElement":[{"@type":"ListItem","position":1,"name":"Po\u010detna stranica","item":"https:\/\/visitslavoniabaranja.com\/de\/"},{"@type":"ListItem","position":2,"name":"Kommende Veranstaltungen\u2026"}]},{"@type":"WebSite","@id":"https:\/\/visitslavoniabaranja.com\/#website","url":"https:\/\/visitslavoniabaranja.com\/","name":"Turisti\u010dka zajednica Osje\u010dko-baranjske \u017eupanije","description":"","potentialAction":[{"@type":"SearchAction","target":{"@type":"EntryPoint","urlTemplate":"https:\/\/visitslavoniabaranja.com\/?s={search_term_string}"},"query-input":{"@type":"PropertyValueSpecification","valueRequired":true,"valueName":"search_term_string"}}],"inLanguage":"de"}]}},"_links":{"self":[{"href":"https:\/\/visitslavoniabaranja.com\/de\/wp-json\/wp\/v2\/event_listing\/11171","targetHints":{"allow":["GET"]}}],"collection":[{"href":"https:\/\/visitslavoniabaranja.com\/de\/wp-json\/wp\/v2\/event_listing"}],"about":[{"href":"https:\/\/visitslavoniabaranja.com\/de\/wp-json\/wp\/v2\/types\/event_listing"}],"wp:featuredmedia":[{"embeddable":true,"href":"https:\/\/visitslavoniabaranja.com\/de\/wp-json\/wp\/v2\/media\/10475"}],"wp:attachment":[{"href":"https:\/\/visitslavoniabaranja.com\/de\/wp-json\/wp\/v2\/media?parent=11171"}],"wp:term":[{"taxonomy":"event_listing_category","embeddable":true,"href":"https:\/\/visitslavoniabaranja.com\/de\/wp-json\/wp\/v2\/event_listing_category?post=11171"},{"taxonomy":"event_listing_type","embeddable":true,"href":"https:\/\/visitslavoniabaranja.com\/de\/wp-json\/wp\/v2\/event_listing_type?post=11171"}],"curies":[{"name":"wp","href":"https:\/\/api.w.org\/{rel}","templated":true}]}}