
{"version":"1.0","provider_name":"Turisti\u010dka zajednica Osje\u010dko-baranjske \u017eupanije","provider_url":"https:\/\/visitslavoniabaranja.com\/de\/","author_name":"Turisti\u010dka zajednica Osje\u010dko-baranjske \u017eupanije","author_url":"https:\/\/visitslavoniabaranja.com\/de\/","title":"Karnevalsfest \u201eFa\u0161ange\u201c in der Baranja - Turisti\u010dka zajednica Osje\u010dko-baranjske \u017eupanije","type":"rich","width":600,"height":338,"html":"<blockquote class=\"wp-embedded-content\" data-secret=\"PB8KVsOYP2\"><a href=\"https:\/\/visitslavoniabaranja.com\/de\/event\/fasange-2024\/\">Karnevalsfest \u201eFa\u0161ange\u201c in der Baranja<\/a><\/blockquote><iframe sandbox=\"allow-scripts\" security=\"restricted\" src=\"https:\/\/visitslavoniabaranja.com\/de\/event\/fasange-2024\/embed\/#?secret=PB8KVsOYP2\" width=\"600\" height=\"338\" title=\"&#8222;Karnevalsfest \u201eFa\u0161ange\u201c in der Baranja&#8220; &#8211; Turisti\u010dka zajednica Osje\u010dko-baranjske \u017eupanije\" data-secret=\"PB8KVsOYP2\" frameborder=\"0\" marginwidth=\"0\" marginheight=\"0\" scrolling=\"no\" class=\"wp-embedded-content\"><\/iframe><script type=\"text\/javascript\">\n\/* <![CDATA[ *\/\n\/*! This file is auto-generated *\/\n!function(d,l){\"use strict\";l.querySelector&&d.addEventListener&&\"undefined\"!=typeof URL&&(d.wp=d.wp||{},d.wp.receiveEmbedMessage||(d.wp.receiveEmbedMessage=function(e){var t=e.data;if((t||t.secret||t.message||t.value)&&!\/[^a-zA-Z0-9]\/.test(t.secret)){for(var s,r,n,a=l.querySelectorAll('iframe[data-secret=\"'+t.secret+'\"]'),o=l.querySelectorAll('blockquote[data-secret=\"'+t.secret+'\"]'),c=new RegExp(\"^https?:$\",\"i\"),i=0;i<o.length;i++)o[i].style.display=\"none\";for(i=0;i<a.length;i++)s=a[i],e.source===s.contentWindow&&(s.removeAttribute(\"style\"),\"height\"===t.message?(1e3<(r=parseInt(t.value,10))?r=1e3:~~r<200&&(r=200),s.height=r):\"link\"===t.message&&(r=new URL(s.getAttribute(\"src\")),n=new URL(t.value),c.test(n.protocol))&&n.host===r.host&&l.activeElement===s&&(d.top.location.href=t.value))}},d.addEventListener(\"message\",d.wp.receiveEmbedMessage,!1),l.addEventListener(\"DOMContentLoaded\",function(){for(var e,t,s=l.querySelectorAll(\"iframe.wp-embedded-content\"),r=0;r<s.length;r++)(t=(e=s[r]).getAttribute(\"data-secret\"))||(t=Math.random().toString(36).substring(2,12),e.src+=\"#?secret=\"+t,e.setAttribute(\"data-secret\",t)),e.contentWindow.postMessage({message:\"ready\",secret:t},\"*\")},!1)))}(window,document);\n\/\/# sourceURL=https:\/\/visitslavoniabaranja.com\/wp-includes\/js\/wp-embed.min.js\n\/* ]]> *\/\n<\/script>\n","thumbnail_url":"https:\/\/visitslavoniabaranja.com\/wp-content\/uploads\/2023\/02\/Buse-Fasange-2025.jpg","thumbnail_width":1920,"thumbnail_height":1005,"description":"Die gr\u00f6\u00dfte Karnevalsveranstaltung in der Baranja wird wieder einmal die \u201eSch\u00f6nen\u201c und \u201eBistigen\u201c Bu\u0161e (Lipe i Stra\u0161ne Bu\u0161e) sowie die besten Dudelsackspieler der Region zusammenbringen. Das Programm beginnt am 9. Februar mit einer Er\u00f6ffnungskonferenz und Podiumsdiskussion \u00fcber die Stellung von Dudels\u00e4cken und Dudelsackspielern in Europa und Kroatien im Museum von Slawonien in Osijek. Am selben [&hellip;]"}